{"id":2,"date":"2016-05-10T03:48:21","date_gmt":"2016-05-10T03:48:21","guid":{"rendered":"http:\/\/2020.hans-werner-meyer.de\/?page_id=2"},"modified":"2026-03-19T18:17:47","modified_gmt":"2026-03-19T18:17:47","slug":"sample-page","status":"publish","type":"page","link":"https:\/\/www.hans-werner-meyer.de\/","title":{"rendered":"HOME"},"content":{"rendered":"<div class=\"wpb-content-wrapper\"><p>[vc_row equal_height=&#8220;&#8220; shift_y=&#8220;0&#8243; z_index=&#8220;0&#8243; css=&#8220;.vc_custom_1593366582066{margin-top: 0px !important;padding-top: 0px !important;}&#8220;][vc_column shift_x=&#8220;0&#8243; shift_y=&#8220;0&#8243; z_index=&#8220;0&#8243;]\n\t\t\t<!-- START Slider 1 REVOLUTION SLIDER 6.6.8 --><p class=\"rs-p-wp-fix\"><\/p>\n\t\t\t<rs-module-wrap id=\"rev_slider_1_1_wrapper\" data-source=\"gallery\" style=\"visibility:hidden;background:transparent;padding:0;margin:0px auto;margin-top:0;margin-bottom:0;\">\n\t\t\t\t<rs-module id=\"rev_slider_1_1\" style=\"\" data-version=\"6.6.8\">\n\t\t\t\t\t<rs-slides style=\"overflow: hidden; position: absolute;\">\n\t\t\t\t\t\t<rs-slide style=\"position: absolute;\" data-key=\"rs-1\" data-title=\"Slide\" data-anim=\"ms:1000;r:0;\" data-in=\"o:0;\" data-out=\"a:false;\">\n\t\t\t\t\t\t\t<img decoding=\"async\" src=\"\/\/www.hans-werner-meyer.de\/wp-content\/plugins\/revslider\/public\/assets\/assets\/dummy.png\" alt=\"\" title=\"SliderheaderHWM-min2\" width=\"2400\" height=\"1636\" class=\"rev-slidebg tp-rs-img rs-lazyload\" data-lazyload=\"\/\/www.hans-werner-meyer.de\/wp-content\/uploads\/2020\/06\/SliderheaderHWM-min2.jpg\" data-bg=\"p:right top;\" data-no-retina>\n<!--\n\t\t\t\t\t\t\t--><rs-layer\n\t\t\t\t\t\t\t\tid=\"slider-1-slide-1-layer-0\" \n\t\t\t\t\t\t\t\tdata-type=\"text\"\n\t\t\t\t\t\t\t\tdata-color=\"#fff\"\n\t\t\t\t\t\t\t\tdata-rsp_ch=\"on\"\n\t\t\t\t\t\t\t\tdata-xy=\"x:50px;y:50px;\"\n\t\t\t\t\t\t\t\tdata-text=\"w:normal;s:35;l:45;ls:2;fw:300;\"\n\t\t\t\t\t\t\t\tdata-dim=\"minh:0px;\"\n\t\t\t\t\t\t\t\tdata-frame_999=\"o:0;st:w;\"\n\t\t\t\t\t\t\t\tstyle=\"z-index:5;font-family:'Raleway';\"\n\t\t\t\t\t\t\t> \n\t\t\t\t\t\t\t<\/rs-layer><!--\n\n\t\t\t\t\t\t\t--><rs-layer\n\t\t\t\t\t\t\t\tid=\"slider-1-slide-1-layer-1\" \n\t\t\t\t\t\t\t\tdata-type=\"text\"\n\t\t\t\t\t\t\t\tdata-color=\"#fff\"\n\t\t\t\t\t\t\t\tdata-rsp_ch=\"on\"\n\t\t\t\t\t\t\t\tdata-xy=\"x:r;xo:970px;y:551px;\"\n\t\t\t\t\t\t\t\tdata-text=\"s:59;l:63;ls:30;\"\n\t\t\t\t\t\t\t\tdata-dim=\"w:1052px;minh:0;\"\n\t\t\t\t\t\t\t\tdata-frame_0=\"x:left;\"\n\t\t\t\t\t\t\t\tdata-frame_1=\"sp:3000;\"\n\t\t\t\t\t\t\t\tdata-frame_999=\"o:0;st:w;\"\n\t\t\t\t\t\t\t\tstyle=\"z-index:6;font-family:'Dosis';text-transform:uppercase;\"\n\t\t\t\t\t\t\t>Hans-werner meyer \n\t\t\t\t\t\t\t<\/rs-layer><!--\n\n\t\t\t\t\t\t\t--><rs-layer\n\t\t\t\t\t\t\t\tid=\"slider-1-slide-1-layer-2\" \n\t\t\t\t\t\t\t\tdata-type=\"text\"\n\t\t\t\t\t\t\t\tdata-color=\"#fff\"\n\t\t\t\t\t\t\t\tdata-rsp_ch=\"on\"\n\t\t\t\t\t\t\t\tdata-xy=\"x:r;xo:1013px;y:642px;\"\n\t\t\t\t\t\t\t\tdata-text=\"w:normal;s:46;l:36;ls:5;fw:200;\"\n\t\t\t\t\t\t\t\tdata-dim=\"minh:0;\"\n\t\t\t\t\t\t\t\tdata-frame_0=\"x:left;\"\n\t\t\t\t\t\t\t\tdata-frame_1=\"sp:3000;\"\n\t\t\t\t\t\t\t\tdata-frame_999=\"o:0;st:w;\"\n\t\t\t\t\t\t\t\tstyle=\"z-index:7;font-family:'Dosis';\"\n\t\t\t\t\t\t\t>Schauspieler & K\u00fcnstler aus Berlin \n\t\t\t\t\t\t\t<\/rs-layer><!--\n-->\t\t\t\t\t\t<\/rs-slide>\n\t\t\t\t\t<\/rs-slides>\n\t\t\t\t<\/rs-module>\n\t\t\t\t<script>\n\t\t\t\t\tsetREVStartSize({c: 'rev_slider_1_1',rl:[1240,1024,778,480],el:[1636],gw:[2400],gh:[1636],type:'standard',justify:'',layout:'fullwidth',mh:\"0\"});if (window.RS_MODULES!==undefined && window.RS_MODULES.modules!==undefined && window.RS_MODULES.modules[\"revslider11\"]!==undefined) {window.RS_MODULES.modules[\"revslider11\"].once = false;window.revapi1 = undefined;if (window.RS_MODULES.checkMinimal!==undefined) window.RS_MODULES.checkMinimal()}\n\t\t\t\t<\/script>\n\t\t\t<\/rs-module-wrap>\n\t\t\t<!-- END REVOLUTION SLIDER -->\n[\/vc_column][\/vc_row][vc_row equal_height=&#8220;&#8220; shift_y=&#8220;0&#8243; z_index=&#8220;0&#8243; row_name=&#8220;News&#8220; css=&#8220;.vc_custom_1593439092212{padding-top: 0px !important;padding-bottom: 30px !important;}&#8220;][vc_column][vc_column_text]<\/p>\n<h2 class=\"section-title align-left mb-70 mb-sm-40\">NEWS<\/h2>\n<p>[\/vc_column_text][wvc_post_index el_id=&#8220;index-93363&#8243; post_display=&#8220;grid_classic&#8220; post_module=&#8220;carousel&#8220; post_display_elements=&#8220;show_thumbnail,show_text,show_category&#8220; pagination=&#8220;load_more&#8220; item_animation=&#8220;fade-up&#8220; orderby=&#8220;&#8220; order=&#8220;&#8220;][\/vc_column][\/vc_row][vc_row equal_height=&#8220;&#8220; font_color=&#8220;light&#8220; background_type=&#8220;image&#8220; background_img=&#8220;647&#8243; background_img_lazyload=&#8220;1&#8243; shift_y=&#8220;0&#8243; z_index=&#8220;0&#8243; row_name=&#8220;BIOGRAPHIE&#8220;][vc_column][vc_column_text]<\/p>\n<h2 class=\"section-title align-left mb-70 mb-sm-40\">BIOGRAPHIE<\/h2>\n<p>Hans-Werner Meyer<br \/>\nSchauspieler<\/p>\n<p>Der geb\u00fcrtige Hamburger beginnt seine Schauspielkarriere am Residenztheter in M\u00fcnchen und wechselt sp\u00e4ter an die Berliner Schaub\u00fchne.<\/p>\n<p>Sein Filmdeb\u00fct gibt Hans-Werner Meyer 1994 als Englischlehrer Jochen in Joseph Vilsmaiers CHARLIE &amp; LOUISE &#8211; DAS DOPPELTE LOTTCHEN. Seitdem spielt er in \u00fcber 200 Film- und Fernsehproduktionen, darunter die Hauptrollen in Thomas Bergers Fernsehpreis-pr\u00e4miertem Zweiteiler WIR SIND DAS VOLK, die Titelrolle des Marathonl\u00e4ufers Dieter Bauman in der ARD-Produktion ICH WILL LAUFEN &#8211; DER FALL DIETER BAUMANN oder der Polizeipsychologe Dominik Born in der preisgekr\u00f6nten Serie DIE CLEVEREN. F\u00fcr Joseph Vilsmaiers MARLENE spielt er 2009 den Regisseur Josef von Sternberg, f\u00fcr Bertrand Taernier in LAISSEZ-PASSER den Herrn von Schertell und in Franziska Buchs Kinofilm ADIEU PARIS die Hauptrolle des Frank Berndssen. Seit 2012 pr\u00e4gt er als Oliver Radek die ZDF Krimireihe \u201eLetzte Spur Berlin\u201c.<\/p>\n<p>Als H\u00f6rbuchsprecher gewinnt er mit seinem ersten H\u00f6rbuch SPIDER 2007 den H\u00f6rbuchpreis Ohrkanus und nimmt seitdem regelm\u00e4\u00dfig H\u00f6rb\u00fcche auf, unter anderen die beliebte Reihe um den frankokanadischen Kommissar Armand Gamache von Louise Penny. 2009 erscheint im S\u00fcdwest Verlag sein Buch DURCHS WILDE KINDISTAN \u00fcber Abenteuer und Abgr\u00fcnde der v\u00e4terlichen Elternzeit. Mit der vierk\u00f6pfigen A-Capella-Gruppe MEIER &amp; DIE GEIER tritt er regelm\u00e4\u00dfig auf, zuletzt mit seinem Bruder, dem Kabarretisten Chin Meyer und dem Programm KLANGRAZZIA.<\/p>\n<p>Als Vorstandsmitglied des von ihm 2006 mit gegr\u00fcndeten Bundesverbandes Schauspiel BFFS setzt sich der Schauspieler f\u00fcr die Interessen seiner Kolleg*innen ein.[\/vc_column_text][\/vc_column][\/vc_row][vc_row equal_height=&#8220;&#8220; shift_y=&#8220;0&#8243; z_index=&#8220;0&#8243; row_name=&#8220;Termine&#8220;][vc_column][vc_column_text]<\/p>\n<h1>TERMINE<\/h1>\n<p>[\/vc_column_text][vc_row_inner][vc_column_inner][vc_column_text]<!-- EventON Calendar --><div id='evcal_calendar_898' class='list_cal ajde_evcal_calendar sev cev color esty_2 ul etttc_custom ' data-cal=''><div id='evcal_head' class='calendar_header evcal_nosort' ><div class='evo_cal_above evodfx evofx_dr_r marb5 evofx_ww'><button class='cal_head_btn evo-gototoday-btn' style='' data-mo='5' data-yr='2026' data-dy='' aria-label='Go to today'>Current Month<\/button><\/div><div class='evo_cal_above_content'><\/div><div class='evo_header_title '><\/div><\/div><div class='evo_filter_bar evo_main_filter_bar eventon_sorting_section vis'><div class='evo_filter_container evodfx evo_fx_ai_c'><div class='evo_filter_container_in'><div class='eventon_filter_line' ><div class='evo_loading_bar_holder h100 loading_filters swipe' style='min-height:30px;'><div class='nesthold r g10'><div class='evo_loading_bar wid_100% hi_30px' style='width:100%; height:30px; margin-bottom:1px;'><\/div><div class='evo_loading_bar wid_100% hi_30px' style='width:100%; height:30px; margin-bottom:1px;'><\/div><div class='evo_loading_bar wid_100% hi_30px' style='width:100%; height:30px; margin-bottom:1px;'><\/div><div class='evo_loading_bar wid_100% hi_30px' style='width:100%; height:30px; margin-bottom:1px;'><\/div><div class='evo_loading_bar wid_100% hi_30px' style='width:100%; height:30px; margin-bottom:1px;'><\/div><\/div><\/div><\/div><\/div><div class='evo_filter_nav evo_filter_l'><i class='fa fa-chevron-left'><\/i><\/div><div class='evo_filter_nav evo_filter_r'><i class='fa fa-chevron-right'><\/i><\/div><\/div><div class='evo_filter_aply_btns'><\/div><div class='evo_filter_menu'><\/div><\/div><div id='eventon_loadbar_section'><div id='eventon_loadbar'><\/div><\/div><!-- Events List --><div class='evo_events_list_box'><div id='evcal_list' class='eventon_events_list sep_months evcal_list_month'><div class='evcal_month_line' data-d='eml_5_2026' data-su='1777590000'><p>Mai 2026<\/p><\/div><div class='sep_month_events ' data-d='eml_5_2026' data-range='1777590000_1780268399'><div id=\"event_588_0\" class=\"eventon_list_event evo_eventtop scheduled  event clrW no_et event_588_0\" data-event_id=\"588\" data-ri=\"0r\" data-time=\"1777752000-1777753860\" data-colr=\"#4bb5d8\" itemscope itemtype='http:\/\/schema.org\/Event'><div class=\"evo_event_schema\" style=\"display:none\" ><a itemprop='url'  href='https:\/\/www.hans-werner-meyer.de\/?ajde_events=galgenlieder-11'><\/a><meta itemprop='image' content=\"https:\/\/www.hans-werner-meyer.de\/wp-content\/uploads\/2025\/07\/OB25_CDTD_2704_Fin02-1.jpg\" \/><meta itemprop='startDate' content=\"2026-5-2T20:00+0:00\" \/><meta itemprop='endDate' content=\"2026-5-2T20:31+0:00\" \/><meta itemprop='eventStatus' content=\"https:\/\/schema.org\/EventScheduled\" \/><meta itemprop='eventAttendanceMode'   itemscope itemtype=\"https:\/\/schema.org\/OfflineEventAttendanceMode\"\/><div style=\"display:none\" itemprop=\"location\" itemscope itemtype=\"http:\/\/schema.org\/Place\"><span itemprop=\"name\">Potsdam \/ Lindenpark<\/span><span itemprop=\"address\" itemscope itemtype=\"http:\/\/schema.org\/PostalAddress\"><item itemprop=\"streetAddress\">Stahnsdorfer Stra\u00dfe 76, 14482 Potsdam<\/item><\/span><\/div><script type=\"application\/ld+json\">{\"@context\": \"http:\/\/schema.org\",\"@type\": \"Event\",\n\t\t\t\t\"@id\": \"event_588_0\",\n\t\t\t\t\"eventAttendanceMode\":\"https:\/\/schema.org\/OfflineEventAttendanceMode\",\n\t\t\t\t\"eventStatus\":\"https:\/\/schema.org\/EventScheduled\",\n\t\t\t\t\"name\": \"Galgenlieder\",\n\t\t\t\t\"url\": \"https:\/\/www.hans-werner-meyer.de\/?ajde_events=galgenlieder-11\",\n\t\t\t\t\"startDate\": \"2026-5-2T20:00+0:00\",\n\t\t\t\t\"endDate\": \"2026-5-2T20:31+0:00\",\n\t\t\t\t\"image\":\"https:\/\/www.hans-werner-meyer.de\/wp-content\/uploads\/2025\/07\/OB25_CDTD_2704_Fin02-1.jpg\", \n\t\t\t\t\"description\":\"<p><a href='https:\/\/www.hans-werner-meyer.de\/wp-content\/uploads\/2025\/10\/IMG_2526.jpeg'><img class='alignnone size-medium wp-image-575' src='https:\/\/www.hans-werner-meyer.de\/wp-content\/uploads\/2025\/10\/IMG_2526-300x298.jpeg' alt='' width='300' height='298' \/><\/a><\/p> \",\"location\":[{\"@type\":\"Place\",\"name\":\"Potsdam \/ Lindenpark\",\"address\":{\"@type\": \"PostalAddress\",\"streetAddress\":\"Stahnsdorfer Stra\u00dfe 76, 14482 Potsdam\"}}]}<\/script><\/div>\r\n\t\t\t\t<p class=\"desc_trig_outter\" style=\"\"><a data-gmap_status=\"null\" data-exlk=\"0\" style=\"background-color: #4bb5d8;\" id=\"evc_1777752000588\" href=\"#\" class=\"desc_trig sin_val evcal_list_a\" data-ux_val=\"1\" data-ux_val_mob=\"-\"  ><span class='evoet_in'><span class='evoet_c2 evoet_cx '><span class='evoet_dayblock evcal_cblock ' data-bgcolor='#4bb5d8' data-smon='Mai' data-syr='2026' data-bub=''><span class='evo_start  evofxdrc'><em class='date'>02<\/em><em class='month'>may<\/em><em class='time'>20:00<\/em><\/span><\/span><\/span><span class='evoet_c3 evoet_cx evcal_desc hide_eventtopdata '><span class='evoet_title evcal_desc2 evcal_event_title ' itemprop='name'>Galgenlieder<\/span><span class='event_location_attrs evodni'  data-location_address=\"Stahnsdorfer Stra\u00dfe 76, 14482 Potsdam\" data-location_type=\"address\" data-location_name=\"Potsdam \/ Lindenpark\" data-location_url=\"https:\/\/www.hans-werner-meyer.de\/?event_location=potsdam-lindenpark\" data-location_status=\"true\" data-locid=\"43\"><\/span><span class='evoet_cy evoet_subtitle evo_below_title' ><span class='evcal_event_subtitle ' >Potsdam<\/span><\/span><\/span><\/span><span class='evoet_data' style='display:none' data-d=\"{&quot;loc.n&quot;:&quot;Potsdam \\\/ Lindenpark&quot;,&quot;orgs&quot;:[],&quot;tags&quot;:[]}\" data-bgc=\"#4bb5d8\" data-bggrad=\"\" ><\/span><\/a><\/p><div class='event_description evcal_eventcard ' style=\"display:none\"><div class='evocard_row'><div id='event_ftimage' class='evocard_box ftimage' data-c='' \n\t\t\t\t\tstyle=''><div class='evocard_main_image_hold' data-t='Loading Image..'><div class='evocard_main_image evo_img_triglb evocd_img_def evobr15 evobgsc evobgpc evodfx evofx_jc_c evofx_ai_c evofz48 def' style='height:400px; background-image:url(https:\/\/www.hans-werner-meyer.de\/wp-content\/uploads\/2025\/07\/OB25_CDTD_2704_Fin02-1.jpg);' data-f=\"https:\/\/www.hans-werner-meyer.de\/wp-content\/uploads\/2025\/07\/OB25_CDTD_2704_Fin02-1.jpg\" data-h=\"1195\" data-w=\"2003\" data-ratio=\"0.59660509236146\" data-event_id=\"588\" data-ri=\"0\"  data-t='Loading Image..'><\/div><\/div><\/div><\/div><!-- row close --><div class='evocard_row'><div id='event_eventdetails' class='evocard_box eventdetails' data-c='' \n\t\t\t\t\tstyle=''><div class=\"evo_metarow_details evorow evcal_evdata_row evcal_event_details\">\n    <div class=\"event_excerpt\" style=\"display:none\"><h3 class=\"padb5 evo_h3\">Event Details<\/h3><p><\/p><\/div><span class='evcal_evdata_icons'><i class='fa fa-align-justify'><\/i><\/span>    <div class=\"evcal_evdata_cell \">\n        <div class=\"eventon_full_description\">\n            <h3 class=\"padb5 evo_h3\"><span class='evcal_evdata_icons'><i class='fa fa-align-justify'><\/i><\/span>Event Details<\/h3>\n            <div class=\"eventon_desc_in\" itemprop=\"description\">\n                <p><a href=\"https:\/\/www.hans-werner-meyer.de\/wp-content\/uploads\/2025\/10\/IMG_2526.jpeg\"><img loading=\"lazy\" decoding=\"async\" class=\"alignnone size-medium wp-image-575\" src=\"https:\/\/www.hans-werner-meyer.de\/wp-content\/uploads\/2025\/10\/IMG_2526-300x298.jpeg\" alt=\"\" width=\"300\" height=\"298\" srcset=\"https:\/\/www.hans-werner-meyer.de\/wp-content\/uploads\/2025\/10\/IMG_2526-300x298.jpeg 300w, https:\/\/www.hans-werner-meyer.de\/wp-content\/uploads\/2025\/10\/IMG_2526-1024x1016.jpeg 1024w, https:\/\/www.hans-werner-meyer.de\/wp-content\/uploads\/2025\/10\/IMG_2526-150x150.jpeg 150w, https:\/\/www.hans-werner-meyer.de\/wp-content\/uploads\/2025\/10\/IMG_2526-768x762.jpeg 768w, https:\/\/www.hans-werner-meyer.de\/wp-content\/uploads\/2025\/10\/IMG_2526-500x496.jpeg 500w, https:\/\/www.hans-werner-meyer.de\/wp-content\/uploads\/2025\/10\/IMG_2526-550x546.jpeg 550w, https:\/\/www.hans-werner-meyer.de\/wp-content\/uploads\/2025\/10\/IMG_2526-400x397.jpeg 400w, https:\/\/www.hans-werner-meyer.de\/wp-content\/uploads\/2025\/10\/IMG_2526-1200x1190.jpeg 1200w, https:\/\/www.hans-werner-meyer.de\/wp-content\/uploads\/2025\/10\/IMG_2526.jpeg 1257w\" sizes=\"auto, (max-width: 300px) 100vw, 300px\" \/><\/a><\/p>\n            <\/div>\n            <div class='clear'><\/div>        <\/div>\n    <\/div>\n<\/div><\/div><\/div><!-- row close --><div class='evocard_row bx2 bx'><div id='event_time' class='evocard_box time' data-c='' \n\t\t\t\t\tstyle=''><div class='evo_metarow_time evorow evcal_evdata_row evcal_evrow_sm '>\n\t\t<span class='evcal_evdata_icons'><i class='fa fa-clock'><\/i><\/span>\n\t\t<div class='evcal_evdata_cell'>\t\t\t\t\t\t\t\n\t\t\t<h3 class='evo_h3'><span class='evcal_evdata_icons'><i class='fa fa-clock'><\/i><\/span>Uhrzeit<\/h3><div><span class='evo_eventcard_time_t evogap5 evofxww'><span class=\"start\">Mai 2, 2026<\/span> <span class=\"stime\">20:00<\/span><\/span><span class='evo_tz marr5'>(GMT+00:00)<\/span><\/div>\n\t\t<\/div>\n\t<\/div><\/div><div id='event_location' class='evocard_box location' data-c='' \n\t\t\t\t\tstyle=''><div class='evcal_evdata_row evo_metarow_time_location evorow '>\n\t\t\n\t\t\t<span class='evcal_evdata_icons'><i class='fa fa-map-marker'><\/i><\/span>\n\t\t\t<div class='evcal_evdata_cell' data-loc_tax_id='43'><h3 class='evo_h3 evodfx'><span class='evcal_evdata_icons'><i class='fa fa-map-marker'><\/i><\/span><a target=\"\" href=\"https:\/\/lindenpark.de\/\">Veranstalter<\/a><\/h3><p class='evo_location_name'><a target=\"\" href=\"https:\/\/lindenpark.de\/\">Potsdam \/ Lindenpark<\/a><\/p><p class='evo_location_address evodfxi evogap10'><a target=\"\" href=\"https:\/\/lindenpark.de\/\">Stahnsdorfer Stra\u00dfe 76, 14482 Potsdam<\/a><\/p><div class='padt10'><span class='evo_btn_arr evolb_trigger' data-lbvals=\"{&quot;lbdata&quot;:{&quot;class&quot;:&quot;evo_location_lb_43&quot;,&quot;additional_class&quot;:&quot;lb_max&quot;,&quot;title&quot;:&quot;Potsdam \\\/ Lindenpark&quot;},&quot;adata&quot;:{&quot;a&quot;:&quot;eventon_get_tax_card_content&quot;,&quot;end&quot;:&quot;client&quot;,&quot;data&quot;:{&quot;lang&quot;:&quot;L1&quot;,&quot;term_id&quot;:43,&quot;tax&quot;:&quot;event_location&quot;,&quot;load_lbcontent&quot;:true}},&quot;uid&quot;:&quot;eventon_get_tax_card_content&quot;}\" >Other Events<i class='fa fa-chevron-right' aria-hidden='true'><\/i><\/span><\/div><\/div>\n\t\t\n\t<\/div><\/div><\/div><!-- row close --><div class='evocard_row'><div id='event_customfield1' class='evocard_box customfield1' data-c='' \n\t\t\t\t\tstyle=''><div class='evo_metarow_cusF1 evorow evcal_evdata_row evcal_evrow_sm '>\n\t\t\t<span class='evcal_evdata_icons'><i class='fa fa-ticket'><\/i><\/span>\n\t\t\t<div class='evcal_evdata_cell'>\t\t\t\t\t\t\t\n\t\t\t\t<h3 class='evo_h3'>Ticket kaufen<\/h3><div class='evo_custom_content evo_data_val evodfx evofx_dr_r evofx_ww evogap20'><div class='evo_custom_content_in'><a href='https:\/\/www.eventim.de\/event\/club-der-toten-dichter-galgenlieder-christian-morgenstern-neu-vertont-lindenpark-potsdam-20747602\/' target=\"_blank\" class='evcal_btn evo_cusmeta_btn'>Tickets<\/a><\/div><\/div><\/div><\/div><\/div><\/div><!-- row close --><div class='evocard_row'><div id='event_addtocal' class='evocard_box addtocal' data-c='' \n\t\t\t\t\tstyle=''><div class='evo_metarow_ICS evorow evcal_evdata_row'>\n\t\t\t<span class='evcal_evdata_icons'><i class='fa fa-calendar-o'><\/i><\/span>\n\t\t\t<div class='evcal_evdata_cell'>\n\t\t\t\t<p><a href='https:\/\/www.hans-werner-meyer.de\/?export-events=single&event_id=588&repeat_interval=0&key=6b2826c17a' rel='nofollow' class='evo_ics_nCal' title='Add to your calendar'>Calendar<\/a><a href='https:\/\/www.google.com\/calendar\/event?action=TEMPLATE&text=Galgenlieder&dates=20260502T200000Z\/20260502T203100Z&ctz=UTC&details=Galgenlieder&location=Potsdam%20%2F%20Lindenpark%20Stahnsdorfer%20Stra%C3%9Fe%2076%2C%2014482%20Potsdam' target='_blank' rel='nofollow' class='evo_ics_gCal' title='Add to google calendar'>GoogleCal<\/a><\/p>\t\n\t\t\t<\/div>\n\t\t<\/div><\/div><\/div><!-- row close --><div class='evocard_row'><div id='event_getdirection' class='evocard_box getdirection' data-c='' \n\t\t\t\t\tstyle=''><div class='evo_metarow_getDr evorow evcal_evdata_row evcal_evrow_sm getdirections'>\n\t\t<form action='https:\/\/maps.google.com\/maps' method='get' target='_blank'>\n\t\t\t<input type='hidden' name='daddr' value=\"Stahnsdorfer Stra\u00dfe 76, 14482 Potsdam\"\/> \n\t\t\t<div class='evo_get_direction_content evo_fx_dr_r evogap10'>\n\t\t\t\t<span class='evogetdir_header evodfx evofxdrr evofxaic evogap10'>\n\t\t\t\t\t<i class='mainicon fa fa-road evofz24i'><\/i> \n\t\t\t\t\t<h3 class='evo_h3 evopad0i' style='padding-bottom:5px;'>Route planen<\/h3>\n\t\t\t\t<\/span>\n\t\t\t\t<span class='evogetdir_field evodfx evofx_1_1 evow100p'>\t\n\t\t\t\t\t<label for='69f5be0ccdf64' class='evo_aria_ready sr-only'>Address - Galgenlieder []<\/label>\t\t\t\t\n\t\t\t\t\t<input id='69f5be0ccdf64' class='evo_aria_ready_match evoInput2 evobr10 evow100p evopad10 evoff_2 evofz14i evobrdB1 evoboxbb' type='text' name='saddr' placeholder='Geben Sie Ihre Adresse zur Routenplanung zur Veranstaltung ein' value='' style='' aria-label='Address - Galgenlieder []' \/>\n\t\t\t\t<\/span>\n\t\t\t\t<div class='evodfx evofxdrr evofxaic evogap10'>\n\t\t\t\t\t<i class='fa fa-location-dot'><\/i>\n\t\t\t\t\t<div class='evoposr evofx_1 evoh100p'><label for='69f5be0ccdf64' class='evo_aria_ready sr-only'>Destination Address - Galgenlieder []<\/label>\t\t\n\t\t\t\t\t\t<input id='69f5be0ccdf64' class='evo_aria_ready_match evoInput2 evobr10 evow100p evopad5-10 evoff_2 evofz14i evobrdB1 evoop5 evoboxbb evoh100p' type='text' style='' readonly value='Stahnsdorfer Stra\u00dfe 76, 14482 Potsdam' aria-label='Destination Address - Galgenlieder []'\/><button class='evo_copy_address evobuttonA evocurp evohoop7 evoposa evopad5' style='right: 3px; top: 4px; background-color: #fff;' data-txt='Stahnsdorfer Stra\u00dfe 76, 14482 Potsdam' data-t='Address copied to clipboard!'><i class='far fa-copy evofz16i' title='Copy Destination Address!'><\/i><\/button>\n\t\t\t\t\t<\/div>\n\t\t\t\t\t<button type='submit' class='evo_get_direction_button evcal_btn dfx evofxaic evocurp evohoop7' title='Click here to get directions' style='    padding: 10px 15px !important;'><i class='fa fa-chevron-right'><\/i> <\/button>\n\t\t\t\t<\/div>\n\t\t\t<\/div>\n\t\t<\/form>\n\t<\/div><\/div><\/div><!-- row close --><button class='evo_card_row_end evcal_close' title='Close'><\/button><\/div><div class='clear end'><\/div><\/div><div id=\"event_589_0\" class=\"eventon_list_event evo_eventtop scheduled  event clrW no_et event_589_0\" data-event_id=\"589\" data-ri=\"0r\" data-time=\"1777834800-1777840440\" data-colr=\"#4bb5d8\" itemscope itemtype='http:\/\/schema.org\/Event'><div class=\"evo_event_schema\" style=\"display:none\" ><a itemprop='url'  href='https:\/\/www.hans-werner-meyer.de\/?ajde_events=galgenlieder-12'><\/a><meta itemprop='image' content=\"https:\/\/www.hans-werner-meyer.de\/wp-content\/uploads\/2025\/07\/OB25_CDTD_2704_Fin02-1.jpg\" \/><meta itemprop='startDate' content=\"2026-5-3T19:00+0:00\" \/><meta itemprop='endDate' content=\"2026-5-3T20:34+0:00\" \/><meta itemprop='eventStatus' content=\"https:\/\/schema.org\/EventScheduled\" \/><meta itemprop='eventAttendanceMode'   itemscope itemtype=\"https:\/\/schema.org\/OfflineEventAttendanceMode\"\/><div style=\"display:none\" itemprop=\"location\" itemscope itemtype=\"http:\/\/schema.org\/Place\"><span itemprop=\"name\">B\u00f6rnicke \/ Kulturspeicher<\/span><span itemprop=\"address\" itemscope itemtype=\"http:\/\/schema.org\/PostalAddress\"><item itemprop=\"streetAddress\">Enst-Th\u00e4lmann-Stra\u00dfe 2 c, 16321 Bernau<\/item><\/span><\/div><script type=\"application\/ld+json\">{\"@context\": \"http:\/\/schema.org\",\"@type\": \"Event\",\n\t\t\t\t\"@id\": \"event_589_0\",\n\t\t\t\t\"eventAttendanceMode\":\"https:\/\/schema.org\/OfflineEventAttendanceMode\",\n\t\t\t\t\"eventStatus\":\"https:\/\/schema.org\/EventScheduled\",\n\t\t\t\t\"name\": \"Galgenlieder\",\n\t\t\t\t\"url\": \"https:\/\/www.hans-werner-meyer.de\/?ajde_events=galgenlieder-12\",\n\t\t\t\t\"startDate\": \"2026-5-3T19:00+0:00\",\n\t\t\t\t\"endDate\": \"2026-5-3T20:34+0:00\",\n\t\t\t\t\"image\":\"https:\/\/www.hans-werner-meyer.de\/wp-content\/uploads\/2025\/07\/OB25_CDTD_2704_Fin02-1.jpg\", \n\t\t\t\t\"description\":\"<p><a href='https:\/\/www.hans-werner-meyer.de\/wp-content\/uploads\/2025\/10\/IMG_2526.jpeg'><img class='alignnone size-medium wp-image-575' src='https:\/\/www.hans-werner-meyer.de\/wp-content\/uploads\/2025\/10\/IMG_2526-300x298.jpeg' alt='' width='300' height='298' \/><\/a><\/p> <p>&nbsp;<\/p> <p>&nbsp;<\/p> \",\"location\":[{\"@type\":\"Place\",\"name\":\"B\u00f6rnicke \/ Kulturspeicher\",\"address\":{\"@type\": \"PostalAddress\",\"streetAddress\":\"Enst-Th\u00e4lmann-Stra\u00dfe 2 c, 16321 Bernau\"}}]}<\/script><\/div>\r\n\t\t\t\t<p class=\"desc_trig_outter\" style=\"\"><a data-gmap_status=\"null\" data-exlk=\"0\" style=\"background-color: #4bb5d8;\" id=\"evc_1777834800589\" href=\"#\" class=\"desc_trig sin_val evcal_list_a\" data-ux_val=\"1\" data-ux_val_mob=\"-\"  ><span class='evoet_in'><span class='evoet_c2 evoet_cx '><span class='evoet_dayblock evcal_cblock ' data-bgcolor='#4bb5d8' data-smon='Mai' data-syr='2026' data-bub=''><span class='evo_start  evofxdrc'><em class='date'>03<\/em><em class='month'>may<\/em><em class='time'>19:00<\/em><\/span><\/span><\/span><span class='evoet_c3 evoet_cx evcal_desc hide_eventtopdata '><span class='evoet_title evcal_desc2 evcal_event_title ' itemprop='name'>Galgenlieder<\/span><span class='event_location_attrs evodni'  data-location_address=\"Enst-Th\u00e4lmann-Stra\u00dfe 2 c, 16321 Bernau\" data-location_type=\"address\" data-location_name=\"B\u00f6rnicke \/ Kulturspeicher\" data-location_url=\"https:\/\/www.hans-werner-meyer.de\/?event_location=boernicke-kulturspeicher\" data-location_status=\"true\" data-locid=\"44\"><\/span><span class='evoet_cy evoet_subtitle evo_below_title' ><span class='evcal_event_subtitle ' >B\u00f6rnicke \/ Bernau<\/span><\/span><\/span><\/span><span class='evoet_data' style='display:none' data-d=\"{&quot;loc.n&quot;:&quot;B\\u00f6rnicke \\\/ Kulturspeicher&quot;,&quot;orgs&quot;:[],&quot;tags&quot;:[]}\" data-bgc=\"#4bb5d8\" data-bggrad=\"\" ><\/span><\/a><\/p><div class='event_description evcal_eventcard ' style=\"display:none\"><div class='evocard_row'><div id='event_ftimage' class='evocard_box ftimage' data-c='' \n\t\t\t\t\tstyle=''><div class='evocard_main_image_hold' data-t='Loading Image..'><div class='evocard_main_image evo_img_triglb evocd_img_def evobr15 evobgsc evobgpc evodfx evofx_jc_c evofx_ai_c evofz48 def' style='height:400px; background-image:url(https:\/\/www.hans-werner-meyer.de\/wp-content\/uploads\/2025\/07\/OB25_CDTD_2704_Fin02-1.jpg);' data-f=\"https:\/\/www.hans-werner-meyer.de\/wp-content\/uploads\/2025\/07\/OB25_CDTD_2704_Fin02-1.jpg\" data-h=\"1195\" data-w=\"2003\" data-ratio=\"0.59660509236146\" data-event_id=\"589\" data-ri=\"0\"  data-t='Loading Image..'><\/div><\/div><\/div><\/div><!-- row close --><div class='evocard_row'><div id='event_eventdetails' class='evocard_box eventdetails' data-c='' \n\t\t\t\t\tstyle=''><div class=\"evo_metarow_details evorow evcal_evdata_row evcal_event_details\">\n    <div class=\"event_excerpt\" style=\"display:none\"><h3 class=\"padb5 evo_h3\">Event Details<\/h3><p>&nbsp;\n&nbsp;<\/p><\/div><span class='evcal_evdata_icons'><i class='fa fa-align-justify'><\/i><\/span>    <div class=\"evcal_evdata_cell \">\n        <div class=\"eventon_full_description\">\n            <h3 class=\"padb5 evo_h3\"><span class='evcal_evdata_icons'><i class='fa fa-align-justify'><\/i><\/span>Event Details<\/h3>\n            <div class=\"eventon_desc_in\" itemprop=\"description\">\n                <p><a href=\"https:\/\/www.hans-werner-meyer.de\/wp-content\/uploads\/2025\/10\/IMG_2526.jpeg\"><img loading=\"lazy\" decoding=\"async\" class=\"alignnone size-medium wp-image-575\" src=\"https:\/\/www.hans-werner-meyer.de\/wp-content\/uploads\/2025\/10\/IMG_2526-300x298.jpeg\" alt=\"\" width=\"300\" height=\"298\" srcset=\"https:\/\/www.hans-werner-meyer.de\/wp-content\/uploads\/2025\/10\/IMG_2526-300x298.jpeg 300w, https:\/\/www.hans-werner-meyer.de\/wp-content\/uploads\/2025\/10\/IMG_2526-1024x1016.jpeg 1024w, https:\/\/www.hans-werner-meyer.de\/wp-content\/uploads\/2025\/10\/IMG_2526-150x150.jpeg 150w, https:\/\/www.hans-werner-meyer.de\/wp-content\/uploads\/2025\/10\/IMG_2526-768x762.jpeg 768w, https:\/\/www.hans-werner-meyer.de\/wp-content\/uploads\/2025\/10\/IMG_2526-500x496.jpeg 500w, https:\/\/www.hans-werner-meyer.de\/wp-content\/uploads\/2025\/10\/IMG_2526-550x546.jpeg 550w, https:\/\/www.hans-werner-meyer.de\/wp-content\/uploads\/2025\/10\/IMG_2526-400x397.jpeg 400w, https:\/\/www.hans-werner-meyer.de\/wp-content\/uploads\/2025\/10\/IMG_2526-1200x1190.jpeg 1200w, https:\/\/www.hans-werner-meyer.de\/wp-content\/uploads\/2025\/10\/IMG_2526.jpeg 1257w\" sizes=\"auto, (max-width: 300px) 100vw, 300px\" \/><\/a><\/p>\n<p>&nbsp;<\/p>\n<p>&nbsp;<\/p>\n            <\/div>\n            <div class='clear'><\/div>        <\/div>\n    <\/div>\n<\/div><\/div><\/div><!-- row close --><div class='evocard_row bx2 bx'><div id='event_time' class='evocard_box time' data-c='' \n\t\t\t\t\tstyle=''><div class='evo_metarow_time evorow evcal_evdata_row evcal_evrow_sm '>\n\t\t<span class='evcal_evdata_icons'><i class='fa fa-clock'><\/i><\/span>\n\t\t<div class='evcal_evdata_cell'>\t\t\t\t\t\t\t\n\t\t\t<h3 class='evo_h3'><span class='evcal_evdata_icons'><i class='fa fa-clock'><\/i><\/span>Uhrzeit<\/h3><div><span class='evo_eventcard_time_t evogap5 evofxww'><span class=\"start\">Mai 3, 2026<\/span> <span class=\"stime\">19:00<\/span><\/span><span class='evo_tz marr5'>(GMT+00:00)<\/span><\/div>\n\t\t<\/div>\n\t<\/div><\/div><div id='event_location' class='evocard_box location' data-c='' \n\t\t\t\t\tstyle=''><div class='evcal_evdata_row evo_metarow_time_location evorow '>\n\t\t\n\t\t\t<span class='evcal_evdata_icons'><i class='fa fa-map-marker'><\/i><\/span>\n\t\t\t<div class='evcal_evdata_cell' data-loc_tax_id='44'><h3 class='evo_h3 evodfx'><span class='evcal_evdata_icons'><i class='fa fa-map-marker'><\/i><\/span>Veranstalter<\/h3><p class='evo_location_name'>B\u00f6rnicke \/ Kulturspeicher<\/p><p class='evo_location_address evodfxi evogap10'>Enst-Th\u00e4lmann-Stra\u00dfe 2 c, 16321 Bernau<\/p><div class='padt10'><span class='evo_btn_arr evolb_trigger' data-lbvals=\"{&quot;lbdata&quot;:{&quot;class&quot;:&quot;evo_location_lb_44&quot;,&quot;additional_class&quot;:&quot;lb_max&quot;,&quot;title&quot;:&quot;B\\u00f6rnicke \\\/ Kulturspeicher&quot;},&quot;adata&quot;:{&quot;a&quot;:&quot;eventon_get_tax_card_content&quot;,&quot;end&quot;:&quot;client&quot;,&quot;data&quot;:{&quot;lang&quot;:&quot;L1&quot;,&quot;term_id&quot;:44,&quot;tax&quot;:&quot;event_location&quot;,&quot;load_lbcontent&quot;:true}},&quot;uid&quot;:&quot;eventon_get_tax_card_content&quot;}\" >Other Events<i class='fa fa-chevron-right' aria-hidden='true'><\/i><\/span><\/div><\/div>\n\t\t\n\t<\/div><\/div><\/div><!-- row close --><div class='evocard_row'><div id='event_customfield1' class='evocard_box customfield1' data-c='' \n\t\t\t\t\tstyle=''><div class='evo_metarow_cusF1 evorow evcal_evdata_row evcal_evrow_sm '>\n\t\t\t<span class='evcal_evdata_icons'><i class='fa fa-ticket'><\/i><\/span>\n\t\t\t<div class='evcal_evdata_cell'>\t\t\t\t\t\t\t\n\t\t\t\t<h3 class='evo_h3'>Ticket kaufen<\/h3><div class='evo_custom_content evo_data_val evodfx evofx_dr_r evofx_ww evogap20'><div class='evo_custom_content_in'><a href='https:\/\/www.public-tickets-shop.de\/produkte\/223-tickets-club-der-toten-dichter-galgenlieder-kulturspeicher-auf-dem-gutshof-boernicke-bernau-boernicke-am-03-05-2026' target=\"_blank\" class='evcal_btn evo_cusmeta_btn'>Tickets<\/a><\/div><\/div><\/div><\/div><\/div><\/div><!-- row close --><div class='evocard_row'><div id='event_addtocal' class='evocard_box addtocal' data-c='' \n\t\t\t\t\tstyle=''><div class='evo_metarow_ICS evorow evcal_evdata_row'>\n\t\t\t<span class='evcal_evdata_icons'><i class='fa fa-calendar-o'><\/i><\/span>\n\t\t\t<div class='evcal_evdata_cell'>\n\t\t\t\t<p><a href='https:\/\/www.hans-werner-meyer.de\/?export-events=single&event_id=589&repeat_interval=0&key=6b2826c17a' rel='nofollow' class='evo_ics_nCal' title='Add to your calendar'>Calendar<\/a><a href='https:\/\/www.google.com\/calendar\/event?action=TEMPLATE&text=Galgenlieder&dates=20260503T190000Z\/20260503T203400Z&ctz=UTC&details=Galgenlieder&location=B%C3%B6rnicke%20%2F%20Kulturspeicher%20Enst-Th%C3%A4lmann-Stra%C3%9Fe%202%20c%2C%2016321%20Bernau' target='_blank' rel='nofollow' class='evo_ics_gCal' title='Add to google calendar'>GoogleCal<\/a><\/p>\t\n\t\t\t<\/div>\n\t\t<\/div><\/div><\/div><!-- row close --><div class='evocard_row'><div id='event_getdirection' class='evocard_box getdirection' data-c='' \n\t\t\t\t\tstyle=''><div class='evo_metarow_getDr evorow evcal_evdata_row evcal_evrow_sm getdirections'>\n\t\t<form action='https:\/\/maps.google.com\/maps' method='get' target='_blank'>\n\t\t\t<input type='hidden' name='daddr' value=\"Enst-Th\u00e4lmann-Stra\u00dfe 2 c, 16321 Bernau\"\/> \n\t\t\t<div class='evo_get_direction_content evo_fx_dr_r evogap10'>\n\t\t\t\t<span class='evogetdir_header evodfx evofxdrr evofxaic evogap10'>\n\t\t\t\t\t<i class='mainicon fa fa-road evofz24i'><\/i> \n\t\t\t\t\t<h3 class='evo_h3 evopad0i' style='padding-bottom:5px;'>Route planen<\/h3>\n\t\t\t\t<\/span>\n\t\t\t\t<span class='evogetdir_field evodfx evofx_1_1 evow100p'>\t\n\t\t\t\t\t<label for='69f5be0ccfb33' class='evo_aria_ready sr-only'>Address - Galgenlieder []<\/label>\t\t\t\t\n\t\t\t\t\t<input id='69f5be0ccfb33' class='evo_aria_ready_match evoInput2 evobr10 evow100p evopad10 evoff_2 evofz14i evobrdB1 evoboxbb' type='text' name='saddr' placeholder='Geben Sie Ihre Adresse zur Routenplanung zur Veranstaltung ein' value='' style='' aria-label='Address - Galgenlieder []' \/>\n\t\t\t\t<\/span>\n\t\t\t\t<div class='evodfx evofxdrr evofxaic evogap10'>\n\t\t\t\t\t<i class='fa fa-location-dot'><\/i>\n\t\t\t\t\t<div class='evoposr evofx_1 evoh100p'><label for='69f5be0ccfb33' class='evo_aria_ready sr-only'>Destination Address - Galgenlieder []<\/label>\t\t\n\t\t\t\t\t\t<input id='69f5be0ccfb33' class='evo_aria_ready_match evoInput2 evobr10 evow100p evopad5-10 evoff_2 evofz14i evobrdB1 evoop5 evoboxbb evoh100p' type='text' style='' readonly value='Enst-Th\u00e4lmann-Stra\u00dfe 2 c, 16321 Bernau' aria-label='Destination Address - Galgenlieder []'\/><button class='evo_copy_address evobuttonA evocurp evohoop7 evoposa evopad5' style='right: 3px; top: 4px; background-color: #fff;' data-txt='Enst-Th\u00e4lmann-Stra\u00dfe 2 c, 16321 Bernau' data-t='Address copied to clipboard!'><i class='far fa-copy evofz16i' title='Copy Destination Address!'><\/i><\/button>\n\t\t\t\t\t<\/div>\n\t\t\t\t\t<button type='submit' class='evo_get_direction_button evcal_btn dfx evofxaic evocurp evohoop7' title='Click here to get directions' style='    padding: 10px 15px !important;'><i class='fa fa-chevron-right'><\/i> <\/button>\n\t\t\t\t<\/div>\n\t\t\t<\/div>\n\t\t<\/form>\n\t<\/div><\/div><\/div><!-- row close --><button class='evo_card_row_end evcal_close' title='Close'><\/button><\/div><div class='clear end'><\/div><\/div><div id=\"event_590_0\" class=\"eventon_list_event evo_eventtop scheduled  event clrW no_et event_590_0\" data-event_id=\"590\" data-ri=\"0r\" data-time=\"1778268600-1778272980\" data-colr=\"#4bb5d8\" itemscope itemtype='http:\/\/schema.org\/Event'><div class=\"evo_event_schema\" style=\"display:none\" ><a itemprop='url'  href='https:\/\/www.hans-werner-meyer.de\/?ajde_events=galgenlieder-13'><\/a><meta itemprop='image' content=\"https:\/\/www.hans-werner-meyer.de\/wp-content\/uploads\/2025\/07\/OB25_CDTD_2704_Fin02-1.jpg\" \/><meta itemprop='startDate' content=\"2026-5-8T19:30+0:00\" \/><meta itemprop='endDate' content=\"2026-5-8T20:43+0:00\" \/><meta itemprop='eventStatus' content=\"https:\/\/schema.org\/EventScheduled\" \/><meta itemprop='eventAttendanceMode'   itemscope itemtype=\"https:\/\/schema.org\/OfflineEventAttendanceMode\"\/><div style=\"display:none\" itemprop=\"location\" itemscope itemtype=\"http:\/\/schema.org\/Place\"><span itemprop=\"name\">Dresden \/ Filmtheater Schauburg<\/span><span itemprop=\"address\" itemscope itemtype=\"http:\/\/schema.org\/PostalAddress\"><item itemprop=\"streetAddress\">K\u00f6nigsbr\u00fccker Stra\u00dfe 55, 01099 Dresden<\/item><\/span><\/div><script type=\"application\/ld+json\">{\"@context\": \"http:\/\/schema.org\",\"@type\": \"Event\",\n\t\t\t\t\"@id\": \"event_590_0\",\n\t\t\t\t\"eventAttendanceMode\":\"https:\/\/schema.org\/OfflineEventAttendanceMode\",\n\t\t\t\t\"eventStatus\":\"https:\/\/schema.org\/EventScheduled\",\n\t\t\t\t\"name\": \"Galgenlieder\",\n\t\t\t\t\"url\": \"https:\/\/www.hans-werner-meyer.de\/?ajde_events=galgenlieder-13\",\n\t\t\t\t\"startDate\": \"2026-5-8T19:30+0:00\",\n\t\t\t\t\"endDate\": \"2026-5-8T20:43+0:00\",\n\t\t\t\t\"image\":\"https:\/\/www.hans-werner-meyer.de\/wp-content\/uploads\/2025\/07\/OB25_CDTD_2704_Fin02-1.jpg\", \n\t\t\t\t\"description\":\"<p><a href='https:\/\/www.hans-werner-meyer.de\/wp-content\/uploads\/2025\/10\/IMG_2526.jpeg'><img class='alignnone size-medium wp-image-575' src='https:\/\/www.hans-werner-meyer.de\/wp-content\/uploads\/2025\/10\/IMG_2526-300x298.jpeg' alt='' width='300' height='298' \/><\/a><\/p> <p>&nbsp;<\/p> <p>&nbsp;<\/p> \",\"location\":[{\"@type\":\"Place\",\"name\":\"Dresden \/ Filmtheater Schauburg\",\"address\":{\"@type\": \"PostalAddress\",\"streetAddress\":\"K\u00f6nigsbr\u00fccker Stra\u00dfe 55, 01099 Dresden\"}}]}<\/script><\/div>\r\n\t\t\t\t<p class=\"desc_trig_outter\" style=\"\"><a data-gmap_status=\"null\" data-exlk=\"0\" style=\"background-color: #4bb5d8;\" id=\"evc_1778268600590\" href=\"#\" class=\"desc_trig sin_val evcal_list_a\" data-ux_val=\"1\" data-ux_val_mob=\"-\"  ><span class='evoet_in'><span class='evoet_c2 evoet_cx '><span class='evoet_dayblock evcal_cblock ' data-bgcolor='#4bb5d8' data-smon='Mai' data-syr='2026' data-bub=''><span class='evo_start  evofxdrc'><em class='date'>08<\/em><em class='month'>may<\/em><em class='time'>19:30<\/em><\/span><\/span><\/span><span class='evoet_c3 evoet_cx evcal_desc hide_eventtopdata '><span class='evoet_title evcal_desc2 evcal_event_title ' itemprop='name'>Galgenlieder<\/span><span class='event_location_attrs evodni'  data-location_address=\"K\u00f6nigsbr\u00fccker Stra\u00dfe 55, 01099 Dresden\" data-location_type=\"address\" data-location_name=\"Dresden \/ Filmtheater Schauburg\" data-location_url=\"https:\/\/www.hans-werner-meyer.de\/?event_location=dresden-filmtheater-schauburg\" data-location_status=\"true\" data-locid=\"45\"><\/span><span class='evoet_cy evoet_subtitle evo_below_title' ><span class='evcal_event_subtitle ' >Dresden<\/span><\/span><\/span><\/span><span class='evoet_data' style='display:none' data-d=\"{&quot;loc.n&quot;:&quot;Dresden \\\/ Filmtheater Schauburg&quot;,&quot;orgs&quot;:[],&quot;tags&quot;:[]}\" data-bgc=\"#4bb5d8\" data-bggrad=\"\" ><\/span><\/a><\/p><div class='event_description evcal_eventcard ' style=\"display:none\"><div class='evocard_row'><div id='event_ftimage' class='evocard_box ftimage' data-c='' \n\t\t\t\t\tstyle=''><div class='evocard_main_image_hold' data-t='Loading Image..'><div class='evocard_main_image evo_img_triglb evocd_img_def evobr15 evobgsc evobgpc evodfx evofx_jc_c evofx_ai_c evofz48 def' style='height:400px; background-image:url(https:\/\/www.hans-werner-meyer.de\/wp-content\/uploads\/2025\/07\/OB25_CDTD_2704_Fin02-1.jpg);' data-f=\"https:\/\/www.hans-werner-meyer.de\/wp-content\/uploads\/2025\/07\/OB25_CDTD_2704_Fin02-1.jpg\" data-h=\"1195\" data-w=\"2003\" data-ratio=\"0.59660509236146\" data-event_id=\"590\" data-ri=\"0\"  data-t='Loading Image..'><\/div><\/div><\/div><\/div><!-- row close --><div class='evocard_row'><div id='event_eventdetails' class='evocard_box eventdetails' data-c='' \n\t\t\t\t\tstyle=''><div class=\"evo_metarow_details evorow evcal_evdata_row evcal_event_details\">\n    <div class=\"event_excerpt\" style=\"display:none\"><h3 class=\"padb5 evo_h3\">Event Details<\/h3><p>&nbsp;\n&nbsp;<\/p><\/div><span class='evcal_evdata_icons'><i class='fa fa-align-justify'><\/i><\/span>    <div class=\"evcal_evdata_cell \">\n        <div class=\"eventon_full_description\">\n            <h3 class=\"padb5 evo_h3\"><span class='evcal_evdata_icons'><i class='fa fa-align-justify'><\/i><\/span>Event Details<\/h3>\n            <div class=\"eventon_desc_in\" itemprop=\"description\">\n                <p><a href=\"https:\/\/www.hans-werner-meyer.de\/wp-content\/uploads\/2025\/10\/IMG_2526.jpeg\"><img loading=\"lazy\" decoding=\"async\" class=\"alignnone size-medium wp-image-575\" src=\"https:\/\/www.hans-werner-meyer.de\/wp-content\/uploads\/2025\/10\/IMG_2526-300x298.jpeg\" alt=\"\" width=\"300\" height=\"298\" srcset=\"https:\/\/www.hans-werner-meyer.de\/wp-content\/uploads\/2025\/10\/IMG_2526-300x298.jpeg 300w, https:\/\/www.hans-werner-meyer.de\/wp-content\/uploads\/2025\/10\/IMG_2526-1024x1016.jpeg 1024w, https:\/\/www.hans-werner-meyer.de\/wp-content\/uploads\/2025\/10\/IMG_2526-150x150.jpeg 150w, https:\/\/www.hans-werner-meyer.de\/wp-content\/uploads\/2025\/10\/IMG_2526-768x762.jpeg 768w, https:\/\/www.hans-werner-meyer.de\/wp-content\/uploads\/2025\/10\/IMG_2526-500x496.jpeg 500w, https:\/\/www.hans-werner-meyer.de\/wp-content\/uploads\/2025\/10\/IMG_2526-550x546.jpeg 550w, https:\/\/www.hans-werner-meyer.de\/wp-content\/uploads\/2025\/10\/IMG_2526-400x397.jpeg 400w, https:\/\/www.hans-werner-meyer.de\/wp-content\/uploads\/2025\/10\/IMG_2526-1200x1190.jpeg 1200w, https:\/\/www.hans-werner-meyer.de\/wp-content\/uploads\/2025\/10\/IMG_2526.jpeg 1257w\" sizes=\"auto, (max-width: 300px) 100vw, 300px\" \/><\/a><\/p>\n<p>&nbsp;<\/p>\n<p>&nbsp;<\/p>\n            <\/div>\n            <div class='clear'><\/div>        <\/div>\n    <\/div>\n<\/div><\/div><\/div><!-- row close --><div class='evocard_row bx2 bx'><div id='event_time' class='evocard_box time' data-c='' \n\t\t\t\t\tstyle=''><div class='evo_metarow_time evorow evcal_evdata_row evcal_evrow_sm '>\n\t\t<span class='evcal_evdata_icons'><i class='fa fa-clock'><\/i><\/span>\n\t\t<div class='evcal_evdata_cell'>\t\t\t\t\t\t\t\n\t\t\t<h3 class='evo_h3'><span class='evcal_evdata_icons'><i class='fa fa-clock'><\/i><\/span>Uhrzeit<\/h3><div><span class='evo_eventcard_time_t evogap5 evofxww'><span class=\"start\">Mai 8, 2026<\/span> <span class=\"stime\">19:30<\/span><\/span><span class='evo_tz marr5'>(GMT+00:00)<\/span><\/div>\n\t\t<\/div>\n\t<\/div><\/div><div id='event_location' class='evocard_box location' data-c='' \n\t\t\t\t\tstyle=''><div class='evcal_evdata_row evo_metarow_time_location evorow '>\n\t\t\n\t\t\t<span class='evcal_evdata_icons'><i class='fa fa-map-marker'><\/i><\/span>\n\t\t\t<div class='evcal_evdata_cell' data-loc_tax_id='45'><h3 class='evo_h3 evodfx'><span class='evcal_evdata_icons'><i class='fa fa-map-marker'><\/i><\/span><a target=\"\" href=\"https:\/\/www.schauburg-dresden.de\/\">Veranstalter<\/a><\/h3><p class='evo_location_name'><a target=\"\" href=\"https:\/\/www.schauburg-dresden.de\/\">Dresden \/ Filmtheater Schauburg<\/a><\/p><p class='evo_location_address evodfxi evogap10'><a target=\"\" href=\"https:\/\/www.schauburg-dresden.de\/\">K\u00f6nigsbr\u00fccker Stra\u00dfe 55, 01099 Dresden<\/a><\/p><div class='padt10'><span class='evo_btn_arr evolb_trigger' data-lbvals=\"{&quot;lbdata&quot;:{&quot;class&quot;:&quot;evo_location_lb_45&quot;,&quot;additional_class&quot;:&quot;lb_max&quot;,&quot;title&quot;:&quot;Dresden \\\/ Filmtheater Schauburg&quot;},&quot;adata&quot;:{&quot;a&quot;:&quot;eventon_get_tax_card_content&quot;,&quot;end&quot;:&quot;client&quot;,&quot;data&quot;:{&quot;lang&quot;:&quot;L1&quot;,&quot;term_id&quot;:45,&quot;tax&quot;:&quot;event_location&quot;,&quot;load_lbcontent&quot;:true}},&quot;uid&quot;:&quot;eventon_get_tax_card_content&quot;}\" >Other Events<i class='fa fa-chevron-right' aria-hidden='true'><\/i><\/span><\/div><\/div>\n\t\t\n\t<\/div><\/div><\/div><!-- row close --><div class='evocard_row'><div id='event_customfield1' class='evocard_box customfield1' data-c='' \n\t\t\t\t\tstyle=''><div class='evo_metarow_cusF1 evorow evcal_evdata_row evcal_evrow_sm '>\n\t\t\t<span class='evcal_evdata_icons'><i class='fa fa-ticket'><\/i><\/span>\n\t\t\t<div class='evcal_evdata_cell'>\t\t\t\t\t\t\t\n\t\t\t\t<h3 class='evo_h3'>Ticket kaufen<\/h3><div class='evo_custom_content evo_data_val evodfx evofx_dr_r evofx_ww evogap20'><div class='evo_custom_content_in'><a href='https:\/\/www.eventim.de\/event\/club-der-toten-dichter-galgenlieder-christian-morgenstern-neu-vertont-filmtheater-schauburg-20703249\/' target=\"_blank\" class='evcal_btn evo_cusmeta_btn'>Tickets<\/a><\/div><\/div><\/div><\/div><\/div><\/div><!-- row close --><div class='evocard_row'><div id='event_addtocal' class='evocard_box addtocal' data-c='' \n\t\t\t\t\tstyle=''><div class='evo_metarow_ICS evorow evcal_evdata_row'>\n\t\t\t<span class='evcal_evdata_icons'><i class='fa fa-calendar-o'><\/i><\/span>\n\t\t\t<div class='evcal_evdata_cell'>\n\t\t\t\t<p><a href='https:\/\/www.hans-werner-meyer.de\/?export-events=single&event_id=590&repeat_interval=0&key=6b2826c17a' rel='nofollow' class='evo_ics_nCal' title='Add to your calendar'>Calendar<\/a><a href='https:\/\/www.google.com\/calendar\/event?action=TEMPLATE&text=Galgenlieder&dates=20260508T193000Z\/20260508T204300Z&ctz=UTC&details=Galgenlieder&location=Dresden%20%2F%20Filmtheater%20Schauburg%20K%C3%B6nigsbr%C3%BCcker%20Stra%C3%9Fe%2055%2C%2001099%20Dresden' target='_blank' rel='nofollow' class='evo_ics_gCal' title='Add to google calendar'>GoogleCal<\/a><\/p>\t\n\t\t\t<\/div>\n\t\t<\/div><\/div><\/div><!-- row close --><div class='evocard_row'><div id='event_getdirection' class='evocard_box getdirection' data-c='' \n\t\t\t\t\tstyle=''><div class='evo_metarow_getDr evorow evcal_evdata_row evcal_evrow_sm getdirections'>\n\t\t<form action='https:\/\/maps.google.com\/maps' method='get' target='_blank'>\n\t\t\t<input type='hidden' name='daddr' value=\"K\u00f6nigsbr\u00fccker Stra\u00dfe 55, 01099 Dresden\"\/> \n\t\t\t<div class='evo_get_direction_content evo_fx_dr_r evogap10'>\n\t\t\t\t<span class='evogetdir_header evodfx evofxdrr evofxaic evogap10'>\n\t\t\t\t\t<i class='mainicon fa fa-road evofz24i'><\/i> \n\t\t\t\t\t<h3 class='evo_h3 evopad0i' style='padding-bottom:5px;'>Route planen<\/h3>\n\t\t\t\t<\/span>\n\t\t\t\t<span class='evogetdir_field evodfx evofx_1_1 evow100p'>\t\n\t\t\t\t\t<label for='69f5be0cd16a1' class='evo_aria_ready sr-only'>Address - Galgenlieder []<\/label>\t\t\t\t\n\t\t\t\t\t<input id='69f5be0cd16a1' class='evo_aria_ready_match evoInput2 evobr10 evow100p evopad10 evoff_2 evofz14i evobrdB1 evoboxbb' type='text' name='saddr' placeholder='Geben Sie Ihre Adresse zur Routenplanung zur Veranstaltung ein' value='' style='' aria-label='Address - Galgenlieder []' \/>\n\t\t\t\t<\/span>\n\t\t\t\t<div class='evodfx evofxdrr evofxaic evogap10'>\n\t\t\t\t\t<i class='fa fa-location-dot'><\/i>\n\t\t\t\t\t<div class='evoposr evofx_1 evoh100p'><label for='69f5be0cd16a1' class='evo_aria_ready sr-only'>Destination Address - Galgenlieder []<\/label>\t\t\n\t\t\t\t\t\t<input id='69f5be0cd16a1' class='evo_aria_ready_match evoInput2 evobr10 evow100p evopad5-10 evoff_2 evofz14i evobrdB1 evoop5 evoboxbb evoh100p' type='text' style='' readonly value='K\u00f6nigsbr\u00fccker Stra\u00dfe 55, 01099 Dresden' aria-label='Destination Address - Galgenlieder []'\/><button class='evo_copy_address evobuttonA evocurp evohoop7 evoposa evopad5' style='right: 3px; top: 4px; background-color: #fff;' data-txt='K\u00f6nigsbr\u00fccker Stra\u00dfe 55, 01099 Dresden' data-t='Address copied to clipboard!'><i class='far fa-copy evofz16i' title='Copy Destination Address!'><\/i><\/button>\n\t\t\t\t\t<\/div>\n\t\t\t\t\t<button type='submit' class='evo_get_direction_button evcal_btn dfx evofxaic evocurp evohoop7' title='Click here to get directions' style='    padding: 10px 15px !important;'><i class='fa fa-chevron-right'><\/i> <\/button>\n\t\t\t\t<\/div>\n\t\t\t<\/div>\n\t\t<\/form>\n\t<\/div><\/div><\/div><!-- row close --><button class='evo_card_row_end evcal_close' title='Close'><\/button><\/div><div class='clear end'><\/div><\/div><div id=\"event_721_0\" class=\"eventon_list_event evo_eventtop scheduled  event clrW no_et event_721_0\" data-event_id=\"721\" data-ri=\"0r\" data-time=\"1778360400-1778371140\" data-colr=\"#4bb5d8\" itemscope itemtype='http:\/\/schema.org\/Event'><div class=\"evo_event_schema\" style=\"display:none\" ><a itemprop='url'  href='https:\/\/www.hans-werner-meyer.de\/?ajde_events=galgenlieder-27'><\/a><meta itemprop='image' content=\"https:\/\/www.hans-werner-meyer.de\/wp-content\/uploads\/2025\/07\/OB25_CDTD_2704_Fin02-1.jpg\" \/><meta itemprop='startDate' content=\"2026-5-9T21:00+0:00\" \/><meta itemprop='endDate' content=\"2026-5-9T23:59+0:00\" \/><meta itemprop='eventStatus' content=\"https:\/\/schema.org\/EventScheduled\" \/><meta itemprop='eventAttendanceMode'   itemscope itemtype=\"https:\/\/schema.org\/OfflineEventAttendanceMode\"\/><div style=\"display:none\" itemprop=\"location\" itemscope itemtype=\"http:\/\/schema.org\/Place\"><span itemprop=\"name\">Anker<\/span><span itemprop=\"address\" itemscope itemtype=\"http:\/\/schema.org\/PostalAddress\"><item itemprop=\"streetAddress\">Renftstra\u00dfe 1, 04159 Leipzig<\/item><\/span><\/div><script type=\"application\/ld+json\">{\"@context\": \"http:\/\/schema.org\",\"@type\": \"Event\",\n\t\t\t\t\"@id\": \"event_721_0\",\n\t\t\t\t\"eventAttendanceMode\":\"https:\/\/schema.org\/OfflineEventAttendanceMode\",\n\t\t\t\t\"eventStatus\":\"https:\/\/schema.org\/EventScheduled\",\n\t\t\t\t\"name\": \"Galgenlieder\",\n\t\t\t\t\"url\": \"https:\/\/www.hans-werner-meyer.de\/?ajde_events=galgenlieder-27\",\n\t\t\t\t\"startDate\": \"2026-5-9T21:00+0:00\",\n\t\t\t\t\"endDate\": \"2026-5-9T23:59+0:00\",\n\t\t\t\t\"image\":\"https:\/\/www.hans-werner-meyer.de\/wp-content\/uploads\/2025\/07\/OB25_CDTD_2704_Fin02-1.jpg\", \n\t\t\t\t\"description\":\"<p><a href='https:\/\/www.hans-werner-meyer.de\/wp-content\/uploads\/2025\/10\/IMG_2526.jpeg'><img class='alignnone size-medium wp-image-575' src='https:\/\/www.hans-werner-meyer.de\/wp-content\/uploads\/2025\/10\/IMG_2526-300x298.jpeg' alt='' width='300' height='298' \/><\/a><\/p> \",\"location\":[{\"@type\":\"Place\",\"name\":\"Anker\",\"address\":{\"@type\": \"PostalAddress\",\"streetAddress\":\"Renftstra\u00dfe 1, 04159 Leipzig\"}}]}<\/script><\/div>\r\n\t\t\t\t<p class=\"desc_trig_outter\" style=\"\"><a data-gmap_status=\"null\" data-exlk=\"0\" style=\"background-color: #4bb5d8;\" id=\"evc_1778360400721\" href=\"#\" class=\"desc_trig sin_val evcal_list_a\" data-ux_val=\"1\" data-ux_val_mob=\"-\"  ><span class='evoet_in'><span class='evoet_c2 evoet_cx '><span class='evoet_dayblock evcal_cblock ' data-bgcolor='#4bb5d8' data-smon='Mai' data-syr='2026' data-bub=''><span class='evo_start  evofxdrc'><em class='date'>09<\/em><em class='month'>may<\/em><em class='time'>21:00<\/em><\/span><\/span><\/span><span class='evoet_c3 evoet_cx evcal_desc hide_eventtopdata '><span class='evoet_title evcal_desc2 evcal_event_title ' itemprop='name'>Galgenlieder<\/span><span class='event_location_attrs evodni'  data-location_address=\"Renftstra\u00dfe 1, 04159 Leipzig\" data-location_type=\"address\" data-location_name=\"Anker\" data-location_url=\"https:\/\/www.hans-werner-meyer.de\/?event_location=anker\" data-location_status=\"true\" data-locid=\"67\"><\/span><span class='evoet_cy evoet_subtitle evo_below_title' ><span class='evcal_event_subtitle ' >Leipzig<\/span><\/span><\/span><\/span><span class='evoet_data' style='display:none' data-d=\"{&quot;loc.n&quot;:&quot;Anker&quot;,&quot;orgs&quot;:[],&quot;tags&quot;:[]}\" data-bgc=\"#4bb5d8\" data-bggrad=\"\" ><\/span><\/a><\/p><div class='event_description evcal_eventcard ' style=\"display:none\"><div class='evocard_row'><div id='event_ftimage' class='evocard_box ftimage' data-c='' \n\t\t\t\t\tstyle=''><div class='evocard_main_image_hold' data-t='Loading Image..'><div class='evocard_main_image evo_img_triglb evocd_img_def evobr15 evobgsc evobgpc evodfx evofx_jc_c evofx_ai_c evofz48 def' style='height:400px; background-image:url(https:\/\/www.hans-werner-meyer.de\/wp-content\/uploads\/2025\/07\/OB25_CDTD_2704_Fin02-1.jpg);' data-f=\"https:\/\/www.hans-werner-meyer.de\/wp-content\/uploads\/2025\/07\/OB25_CDTD_2704_Fin02-1.jpg\" data-h=\"1195\" data-w=\"2003\" data-ratio=\"0.59660509236146\" data-event_id=\"721\" data-ri=\"0\"  data-t='Loading Image..'><\/div><\/div><\/div><\/div><!-- row close --><div class='evocard_row'><div id='event_eventdetails' class='evocard_box eventdetails' data-c='' \n\t\t\t\t\tstyle=''><div class=\"evo_metarow_details evorow evcal_evdata_row evcal_event_details\">\n    <div class=\"event_excerpt\" style=\"display:none\"><h3 class=\"padb5 evo_h3\">Event Details<\/h3><p><\/p><\/div><span class='evcal_evdata_icons'><i class='fa fa-align-justify'><\/i><\/span>    <div class=\"evcal_evdata_cell \">\n        <div class=\"eventon_full_description\">\n            <h3 class=\"padb5 evo_h3\"><span class='evcal_evdata_icons'><i class='fa fa-align-justify'><\/i><\/span>Event Details<\/h3>\n            <div class=\"eventon_desc_in\" itemprop=\"description\">\n                <p><a href=\"https:\/\/www.hans-werner-meyer.de\/wp-content\/uploads\/2025\/10\/IMG_2526.jpeg\"><img loading=\"lazy\" decoding=\"async\" class=\"alignnone size-medium wp-image-575\" src=\"https:\/\/www.hans-werner-meyer.de\/wp-content\/uploads\/2025\/10\/IMG_2526-300x298.jpeg\" alt=\"\" width=\"300\" height=\"298\" srcset=\"https:\/\/www.hans-werner-meyer.de\/wp-content\/uploads\/2025\/10\/IMG_2526-300x298.jpeg 300w, https:\/\/www.hans-werner-meyer.de\/wp-content\/uploads\/2025\/10\/IMG_2526-1024x1016.jpeg 1024w, https:\/\/www.hans-werner-meyer.de\/wp-content\/uploads\/2025\/10\/IMG_2526-150x150.jpeg 150w, https:\/\/www.hans-werner-meyer.de\/wp-content\/uploads\/2025\/10\/IMG_2526-768x762.jpeg 768w, https:\/\/www.hans-werner-meyer.de\/wp-content\/uploads\/2025\/10\/IMG_2526-500x496.jpeg 500w, https:\/\/www.hans-werner-meyer.de\/wp-content\/uploads\/2025\/10\/IMG_2526-550x546.jpeg 550w, https:\/\/www.hans-werner-meyer.de\/wp-content\/uploads\/2025\/10\/IMG_2526-400x397.jpeg 400w, https:\/\/www.hans-werner-meyer.de\/wp-content\/uploads\/2025\/10\/IMG_2526-1200x1190.jpeg 1200w, https:\/\/www.hans-werner-meyer.de\/wp-content\/uploads\/2025\/10\/IMG_2526.jpeg 1257w\" sizes=\"auto, (max-width: 300px) 100vw, 300px\" \/><\/a><\/p>\n            <\/div>\n            <div class='clear'><\/div>        <\/div>\n    <\/div>\n<\/div><\/div><\/div><!-- row close --><div class='evocard_row bx2 bx'><div id='event_time' class='evocard_box time' data-c='' \n\t\t\t\t\tstyle=''><div class='evo_metarow_time evorow evcal_evdata_row evcal_evrow_sm '>\n\t\t<span class='evcal_evdata_icons'><i class='fa fa-clock'><\/i><\/span>\n\t\t<div class='evcal_evdata_cell'>\t\t\t\t\t\t\t\n\t\t\t<h3 class='evo_h3'><span class='evcal_evdata_icons'><i class='fa fa-clock'><\/i><\/span>Uhrzeit<\/h3><div><span class='evo_eventcard_time_t evogap5 evofxww'><span class=\"start\">Mai 9, 2026<\/span> <span class=\"stime\">21:00<\/span><\/span><span class='evo_tz marr5'>(GMT+00:00)<\/span><\/div>\n\t\t<\/div>\n\t<\/div><\/div><div id='event_location' class='evocard_box location' data-c='' \n\t\t\t\t\tstyle=''><div class='evcal_evdata_row evo_metarow_time_location evorow '>\n\t\t\n\t\t\t<span class='evcal_evdata_icons'><i class='fa fa-map-marker'><\/i><\/span>\n\t\t\t<div class='evcal_evdata_cell' data-loc_tax_id='67'><h3 class='evo_h3 evodfx'><span class='evcal_evdata_icons'><i class='fa fa-map-marker'><\/i><\/span><a target=\"\" href=\"https:\/\/anker-leipzig.de\/veranstaltung\/club-der-toten-dichter-galgenlieder-christian-morgenstern-neu-vertont\/\">Veranstalter<\/a><\/h3><p class='evo_location_name'><a target=\"\" href=\"https:\/\/anker-leipzig.de\/veranstaltung\/club-der-toten-dichter-galgenlieder-christian-morgenstern-neu-vertont\/\">Anker<\/a><\/p><p class='evo_location_address evodfxi evogap10'><a target=\"\" href=\"https:\/\/anker-leipzig.de\/veranstaltung\/club-der-toten-dichter-galgenlieder-christian-morgenstern-neu-vertont\/\">Renftstra\u00dfe 1, 04159 Leipzig<\/a><\/p><div class='padt10'><span class='evo_btn_arr evolb_trigger' data-lbvals=\"{&quot;lbdata&quot;:{&quot;class&quot;:&quot;evo_location_lb_67&quot;,&quot;additional_class&quot;:&quot;lb_max&quot;,&quot;title&quot;:&quot;Anker&quot;},&quot;adata&quot;:{&quot;a&quot;:&quot;eventon_get_tax_card_content&quot;,&quot;end&quot;:&quot;client&quot;,&quot;data&quot;:{&quot;lang&quot;:&quot;L1&quot;,&quot;term_id&quot;:67,&quot;tax&quot;:&quot;event_location&quot;,&quot;load_lbcontent&quot;:true}},&quot;uid&quot;:&quot;eventon_get_tax_card_content&quot;}\" >Other Events<i class='fa fa-chevron-right' aria-hidden='true'><\/i><\/span><\/div><\/div>\n\t\t\n\t<\/div><\/div><\/div><!-- row close --><div class='evocard_row'><div id='event_addtocal' class='evocard_box addtocal' data-c='' \n\t\t\t\t\tstyle=''><div class='evo_metarow_ICS evorow evcal_evdata_row'>\n\t\t\t<span class='evcal_evdata_icons'><i class='fa fa-calendar-o'><\/i><\/span>\n\t\t\t<div class='evcal_evdata_cell'>\n\t\t\t\t<p><a href='https:\/\/www.hans-werner-meyer.de\/?export-events=single&event_id=721&repeat_interval=0&key=6b2826c17a' rel='nofollow' class='evo_ics_nCal' title='Add to your calendar'>Calendar<\/a><a href='https:\/\/www.google.com\/calendar\/event?action=TEMPLATE&text=Galgenlieder&dates=20260509T210000Z\/20260509T235900Z&ctz=UTC&details=Galgenlieder&location=Anker%20Renftstra%C3%9Fe%201%2C%2004159%20Leipzig' target='_blank' rel='nofollow' class='evo_ics_gCal' title='Add to google calendar'>GoogleCal<\/a><\/p>\t\n\t\t\t<\/div>\n\t\t<\/div><\/div><\/div><!-- row close --><div class='evocard_row'><div id='event_getdirection' class='evocard_box getdirection' data-c='' \n\t\t\t\t\tstyle=''><div class='evo_metarow_getDr evorow evcal_evdata_row evcal_evrow_sm getdirections'>\n\t\t<form action='https:\/\/maps.google.com\/maps' method='get' target='_blank'>\n\t\t\t<input type='hidden' name='daddr' value=\"Renftstra\u00dfe 1, 04159 Leipzig\"\/> \n\t\t\t<div class='evo_get_direction_content evo_fx_dr_r evogap10'>\n\t\t\t\t<span class='evogetdir_header evodfx evofxdrr evofxaic evogap10'>\n\t\t\t\t\t<i class='mainicon fa fa-road evofz24i'><\/i> \n\t\t\t\t\t<h3 class='evo_h3 evopad0i' style='padding-bottom:5px;'>Route planen<\/h3>\n\t\t\t\t<\/span>\n\t\t\t\t<span class='evogetdir_field evodfx evofx_1_1 evow100p'>\t\n\t\t\t\t\t<label for='69f5be0cd3042' class='evo_aria_ready sr-only'>Address - Galgenlieder []<\/label>\t\t\t\t\n\t\t\t\t\t<input id='69f5be0cd3042' class='evo_aria_ready_match evoInput2 evobr10 evow100p evopad10 evoff_2 evofz14i evobrdB1 evoboxbb' type='text' name='saddr' placeholder='Geben Sie Ihre Adresse zur Routenplanung zur Veranstaltung ein' value='' style='' aria-label='Address - Galgenlieder []' \/>\n\t\t\t\t<\/span>\n\t\t\t\t<div class='evodfx evofxdrr evofxaic evogap10'>\n\t\t\t\t\t<i class='fa fa-location-dot'><\/i>\n\t\t\t\t\t<div class='evoposr evofx_1 evoh100p'><label for='69f5be0cd3042' class='evo_aria_ready sr-only'>Destination Address - Galgenlieder []<\/label>\t\t\n\t\t\t\t\t\t<input id='69f5be0cd3042' class='evo_aria_ready_match evoInput2 evobr10 evow100p evopad5-10 evoff_2 evofz14i evobrdB1 evoop5 evoboxbb evoh100p' type='text' style='' readonly value='Renftstra\u00dfe 1, 04159 Leipzig' aria-label='Destination Address - Galgenlieder []'\/><button class='evo_copy_address evobuttonA evocurp evohoop7 evoposa evopad5' style='right: 3px; top: 4px; background-color: #fff;' data-txt='Renftstra\u00dfe 1, 04159 Leipzig' data-t='Address copied to clipboard!'><i class='far fa-copy evofz16i' title='Copy Destination Address!'><\/i><\/button>\n\t\t\t\t\t<\/div>\n\t\t\t\t\t<button type='submit' class='evo_get_direction_button evcal_btn dfx evofxaic evocurp evohoop7' title='Click here to get directions' style='    padding: 10px 15px !important;'><i class='fa fa-chevron-right'><\/i> <\/button>\n\t\t\t\t<\/div>\n\t\t\t<\/div>\n\t\t<\/form>\n\t<\/div><\/div><\/div><!-- row close --><button class='evo_card_row_end evcal_close' title='Close'><\/button><\/div><div class='clear end'><\/div><\/div><div id=\"event_592_0\" class=\"eventon_list_event evo_eventtop scheduled  event clrW no_et event_592_0\" data-event_id=\"592\" data-ri=\"0r\" data-time=\"1778439600-1778446440\" data-colr=\"#4bb5d8\" itemscope itemtype='http:\/\/schema.org\/Event'><div class=\"evo_event_schema\" style=\"display:none\" ><a itemprop='url'  href='https:\/\/www.hans-werner-meyer.de\/?ajde_events=galgenlieder-15'><\/a><meta itemprop='image' content=\"https:\/\/www.hans-werner-meyer.de\/wp-content\/uploads\/2025\/07\/OB25_CDTD_2704_Fin02-1.jpg\" \/><meta itemprop='startDate' content=\"2026-5-10T19:00+0:00\" \/><meta itemprop='endDate' content=\"2026-5-10T20:54+0:00\" \/><meta itemprop='eventStatus' content=\"https:\/\/schema.org\/EventScheduled\" \/><meta itemprop='eventAttendanceMode'   itemscope itemtype=\"https:\/\/schema.org\/OfflineEventAttendanceMode\"\/><div style=\"display:none\" itemprop=\"location\" itemscope itemtype=\"http:\/\/schema.org\/Place\"><span itemprop=\"name\">Bad Elster \/ K\u00f6nig Albert Theater<\/span><span itemprop=\"address\" itemscope itemtype=\"http:\/\/schema.org\/PostalAddress\"><item itemprop=\"streetAddress\">Theaterplatz 1, 08645 Bad Elster<\/item><\/span><\/div><script type=\"application\/ld+json\">{\"@context\": \"http:\/\/schema.org\",\"@type\": \"Event\",\n\t\t\t\t\"@id\": \"event_592_0\",\n\t\t\t\t\"eventAttendanceMode\":\"https:\/\/schema.org\/OfflineEventAttendanceMode\",\n\t\t\t\t\"eventStatus\":\"https:\/\/schema.org\/EventScheduled\",\n\t\t\t\t\"name\": \"Galgenlieder\",\n\t\t\t\t\"url\": \"https:\/\/www.hans-werner-meyer.de\/?ajde_events=galgenlieder-15\",\n\t\t\t\t\"startDate\": \"2026-5-10T19:00+0:00\",\n\t\t\t\t\"endDate\": \"2026-5-10T20:54+0:00\",\n\t\t\t\t\"image\":\"https:\/\/www.hans-werner-meyer.de\/wp-content\/uploads\/2025\/07\/OB25_CDTD_2704_Fin02-1.jpg\", \n\t\t\t\t\"description\":\"<p><a href='https:\/\/www.hans-werner-meyer.de\/wp-content\/uploads\/2025\/10\/IMG_2526.jpeg'><img class='alignnone size-medium wp-image-575' src='https:\/\/www.hans-werner-meyer.de\/wp-content\/uploads\/2025\/10\/IMG_2526-300x298.jpeg' alt='' width='300' height='298' \/><\/a><\/p> <p>&nbsp;<\/p> \",\"location\":[{\"@type\":\"Place\",\"name\":\"Bad Elster \/ K\u00f6nig Albert Theater\",\"address\":{\"@type\": \"PostalAddress\",\"streetAddress\":\"Theaterplatz 1, 08645 Bad Elster\"}}]}<\/script><\/div>\r\n\t\t\t\t<p class=\"desc_trig_outter\" style=\"\"><a data-gmap_status=\"null\" data-exlk=\"0\" style=\"background-color: #4bb5d8;\" id=\"evc_1778439600592\" href=\"#\" class=\"desc_trig sin_val evcal_list_a\" data-ux_val=\"1\" data-ux_val_mob=\"-\"  ><span class='evoet_in'><span class='evoet_c2 evoet_cx '><span class='evoet_dayblock evcal_cblock ' data-bgcolor='#4bb5d8' data-smon='Mai' data-syr='2026' data-bub=''><span class='evo_start  evofxdrc'><em class='date'>10<\/em><em class='month'>may<\/em><em class='time'>19:00<\/em><\/span><\/span><\/span><span class='evoet_c3 evoet_cx evcal_desc hide_eventtopdata '><span class='evoet_title evcal_desc2 evcal_event_title ' itemprop='name'>Galgenlieder<\/span><span class='event_location_attrs evodni'  data-location_address=\"Theaterplatz 1, 08645 Bad Elster\" data-location_type=\"address\" data-location_name=\"Bad Elster \/ K\u00f6nig Albert Theater\" data-location_url=\"https:\/\/www.hans-werner-meyer.de\/?event_location=bad-elster-koenig-albert-theater\" data-location_status=\"true\" data-locid=\"47\"><\/span><span class='evoet_cy evoet_subtitle evo_below_title' ><span class='evcal_event_subtitle ' >Bad Elster<\/span><\/span><\/span><\/span><span class='evoet_data' style='display:none' data-d=\"{&quot;loc.n&quot;:&quot;Bad Elster \\\/ K\\u00f6nig Albert Theater&quot;,&quot;orgs&quot;:[],&quot;tags&quot;:[]}\" data-bgc=\"#4bb5d8\" data-bggrad=\"\" ><\/span><\/a><\/p><div class='event_description evcal_eventcard ' style=\"display:none\"><div class='evocard_row'><div id='event_ftimage' class='evocard_box ftimage' data-c='' \n\t\t\t\t\tstyle=''><div class='evocard_main_image_hold' data-t='Loading Image..'><div class='evocard_main_image evo_img_triglb evocd_img_def evobr15 evobgsc evobgpc evodfx evofx_jc_c evofx_ai_c evofz48 def' style='height:400px; background-image:url(https:\/\/www.hans-werner-meyer.de\/wp-content\/uploads\/2025\/07\/OB25_CDTD_2704_Fin02-1.jpg);' data-f=\"https:\/\/www.hans-werner-meyer.de\/wp-content\/uploads\/2025\/07\/OB25_CDTD_2704_Fin02-1.jpg\" data-h=\"1195\" data-w=\"2003\" data-ratio=\"0.59660509236146\" data-event_id=\"592\" data-ri=\"0\"  data-t='Loading Image..'><\/div><\/div><\/div><\/div><!-- row close --><div class='evocard_row'><div id='event_eventdetails' class='evocard_box eventdetails' data-c='' \n\t\t\t\t\tstyle=''><div class=\"evo_metarow_details evorow evcal_evdata_row evcal_event_details\">\n    <div class=\"event_excerpt\" style=\"display:none\"><h3 class=\"padb5 evo_h3\">Event Details<\/h3><p>&nbsp;<\/p><\/div><span class='evcal_evdata_icons'><i class='fa fa-align-justify'><\/i><\/span>    <div class=\"evcal_evdata_cell \">\n        <div class=\"eventon_full_description\">\n            <h3 class=\"padb5 evo_h3\"><span class='evcal_evdata_icons'><i class='fa fa-align-justify'><\/i><\/span>Event Details<\/h3>\n            <div class=\"eventon_desc_in\" itemprop=\"description\">\n                <p><a href=\"https:\/\/www.hans-werner-meyer.de\/wp-content\/uploads\/2025\/10\/IMG_2526.jpeg\"><img loading=\"lazy\" decoding=\"async\" class=\"alignnone size-medium wp-image-575\" src=\"https:\/\/www.hans-werner-meyer.de\/wp-content\/uploads\/2025\/10\/IMG_2526-300x298.jpeg\" alt=\"\" width=\"300\" height=\"298\" srcset=\"https:\/\/www.hans-werner-meyer.de\/wp-content\/uploads\/2025\/10\/IMG_2526-300x298.jpeg 300w, https:\/\/www.hans-werner-meyer.de\/wp-content\/uploads\/2025\/10\/IMG_2526-1024x1016.jpeg 1024w, https:\/\/www.hans-werner-meyer.de\/wp-content\/uploads\/2025\/10\/IMG_2526-150x150.jpeg 150w, https:\/\/www.hans-werner-meyer.de\/wp-content\/uploads\/2025\/10\/IMG_2526-768x762.jpeg 768w, https:\/\/www.hans-werner-meyer.de\/wp-content\/uploads\/2025\/10\/IMG_2526-500x496.jpeg 500w, https:\/\/www.hans-werner-meyer.de\/wp-content\/uploads\/2025\/10\/IMG_2526-550x546.jpeg 550w, https:\/\/www.hans-werner-meyer.de\/wp-content\/uploads\/2025\/10\/IMG_2526-400x397.jpeg 400w, https:\/\/www.hans-werner-meyer.de\/wp-content\/uploads\/2025\/10\/IMG_2526-1200x1190.jpeg 1200w, https:\/\/www.hans-werner-meyer.de\/wp-content\/uploads\/2025\/10\/IMG_2526.jpeg 1257w\" sizes=\"auto, (max-width: 300px) 100vw, 300px\" \/><\/a><\/p>\n<p>&nbsp;<\/p>\n            <\/div>\n            <div class='clear'><\/div>        <\/div>\n    <\/div>\n<\/div><\/div><\/div><!-- row close --><div class='evocard_row bx2 bx'><div id='event_time' class='evocard_box time' data-c='' \n\t\t\t\t\tstyle=''><div class='evo_metarow_time evorow evcal_evdata_row evcal_evrow_sm '>\n\t\t<span class='evcal_evdata_icons'><i class='fa fa-clock'><\/i><\/span>\n\t\t<div class='evcal_evdata_cell'>\t\t\t\t\t\t\t\n\t\t\t<h3 class='evo_h3'><span class='evcal_evdata_icons'><i class='fa fa-clock'><\/i><\/span>Uhrzeit<\/h3><div><span class='evo_eventcard_time_t evogap5 evofxww'><span class=\"start\">Mai 10, 2026<\/span> <span class=\"stime\">19:00<\/span><\/span><span class='evo_tz marr5'>(GMT+00:00)<\/span><\/div>\n\t\t<\/div>\n\t<\/div><\/div><div id='event_location' class='evocard_box location' data-c='' \n\t\t\t\t\tstyle=''><div class='evcal_evdata_row evo_metarow_time_location evorow '>\n\t\t\n\t\t\t<span class='evcal_evdata_icons'><i class='fa fa-map-marker'><\/i><\/span>\n\t\t\t<div class='evcal_evdata_cell' data-loc_tax_id='47'><h3 class='evo_h3 evodfx'><span class='evcal_evdata_icons'><i class='fa fa-map-marker'><\/i><\/span><a target=\"\" href=\"https:\/\/koenig-albert-theater.de\/\">Veranstalter<\/a><\/h3><p class='evo_location_name'><a target=\"\" href=\"https:\/\/koenig-albert-theater.de\/\">Bad Elster \/ K\u00f6nig Albert Theater<\/a><\/p><p class='evo_location_address evodfxi evogap10'><a target=\"\" href=\"https:\/\/koenig-albert-theater.de\/\">Theaterplatz 1, 08645 Bad Elster<\/a><\/p><div class='padt10'><span class='evo_btn_arr evolb_trigger' data-lbvals=\"{&quot;lbdata&quot;:{&quot;class&quot;:&quot;evo_location_lb_47&quot;,&quot;additional_class&quot;:&quot;lb_max&quot;,&quot;title&quot;:&quot;Bad Elster \\\/ K\\u00f6nig Albert Theater&quot;},&quot;adata&quot;:{&quot;a&quot;:&quot;eventon_get_tax_card_content&quot;,&quot;end&quot;:&quot;client&quot;,&quot;data&quot;:{&quot;lang&quot;:&quot;L1&quot;,&quot;term_id&quot;:47,&quot;tax&quot;:&quot;event_location&quot;,&quot;load_lbcontent&quot;:true}},&quot;uid&quot;:&quot;eventon_get_tax_card_content&quot;}\" >Other Events<i class='fa fa-chevron-right' aria-hidden='true'><\/i><\/span><\/div><\/div>\n\t\t\n\t<\/div><\/div><\/div><!-- row close --><div class='evocard_row'><div id='event_customfield1' class='evocard_box customfield1' data-c='' \n\t\t\t\t\tstyle=''><div class='evo_metarow_cusF1 evorow evcal_evdata_row evcal_evrow_sm '>\n\t\t\t<span class='evcal_evdata_icons'><i class='fa fa-ticket'><\/i><\/span>\n\t\t\t<div class='evcal_evdata_cell'>\t\t\t\t\t\t\t\n\t\t\t\t<h3 class='evo_h3'>Ticket kaufen<\/h3><div class='evo_custom_content evo_data_val evodfx evofx_dr_r evofx_ww evogap20'><div class='evo_custom_content_in'><a href='https:\/\/tickets.vibus.de\/shop\/-\/Bad_Elster\/Knig_Albert_Theater\/Saal\/CLUB_DER_TOTEN_DICHTER\/-\/00100067000000\/vstdetails.aspx?VstKey=10006700001175005' target=\"_blank\" class='evcal_btn evo_cusmeta_btn'>Tickets<\/a><\/div><\/div><\/div><\/div><\/div><\/div><!-- row close --><div class='evocard_row'><div id='event_addtocal' class='evocard_box addtocal' data-c='' \n\t\t\t\t\tstyle=''><div class='evo_metarow_ICS evorow evcal_evdata_row'>\n\t\t\t<span class='evcal_evdata_icons'><i class='fa fa-calendar-o'><\/i><\/span>\n\t\t\t<div class='evcal_evdata_cell'>\n\t\t\t\t<p><a href='https:\/\/www.hans-werner-meyer.de\/?export-events=single&event_id=592&repeat_interval=0&key=6b2826c17a' rel='nofollow' class='evo_ics_nCal' title='Add to your calendar'>Calendar<\/a><a href='https:\/\/www.google.com\/calendar\/event?action=TEMPLATE&text=Galgenlieder&dates=20260510T190000Z\/20260510T205400Z&ctz=UTC&details=Galgenlieder&location=Bad%20Elster%20%2F%20K%C3%B6nig%20Albert%20Theater%20Theaterplatz%201%2C%2008645%20Bad%20Elster' target='_blank' rel='nofollow' class='evo_ics_gCal' title='Add to google calendar'>GoogleCal<\/a><\/p>\t\n\t\t\t<\/div>\n\t\t<\/div><\/div><\/div><!-- row close --><div class='evocard_row'><div id='event_getdirection' class='evocard_box getdirection' data-c='' \n\t\t\t\t\tstyle=''><div class='evo_metarow_getDr evorow evcal_evdata_row evcal_evrow_sm getdirections'>\n\t\t<form action='https:\/\/maps.google.com\/maps' method='get' target='_blank'>\n\t\t\t<input type='hidden' name='daddr' value=\"Theaterplatz 1, 08645 Bad Elster\"\/> \n\t\t\t<div class='evo_get_direction_content evo_fx_dr_r evogap10'>\n\t\t\t\t<span class='evogetdir_header evodfx evofxdrr evofxaic evogap10'>\n\t\t\t\t\t<i class='mainicon fa fa-road evofz24i'><\/i> \n\t\t\t\t\t<h3 class='evo_h3 evopad0i' style='padding-bottom:5px;'>Route planen<\/h3>\n\t\t\t\t<\/span>\n\t\t\t\t<span class='evogetdir_field evodfx evofx_1_1 evow100p'>\t\n\t\t\t\t\t<label for='69f5be0cd4c2c' class='evo_aria_ready sr-only'>Address - Galgenlieder []<\/label>\t\t\t\t\n\t\t\t\t\t<input id='69f5be0cd4c2c' class='evo_aria_ready_match evoInput2 evobr10 evow100p evopad10 evoff_2 evofz14i evobrdB1 evoboxbb' type='text' name='saddr' placeholder='Geben Sie Ihre Adresse zur Routenplanung zur Veranstaltung ein' value='' style='' aria-label='Address - Galgenlieder []' \/>\n\t\t\t\t<\/span>\n\t\t\t\t<div class='evodfx evofxdrr evofxaic evogap10'>\n\t\t\t\t\t<i class='fa fa-location-dot'><\/i>\n\t\t\t\t\t<div class='evoposr evofx_1 evoh100p'><label for='69f5be0cd4c2c' class='evo_aria_ready sr-only'>Destination Address - Galgenlieder []<\/label>\t\t\n\t\t\t\t\t\t<input id='69f5be0cd4c2c' class='evo_aria_ready_match evoInput2 evobr10 evow100p evopad5-10 evoff_2 evofz14i evobrdB1 evoop5 evoboxbb evoh100p' type='text' style='' readonly value='Theaterplatz 1, 08645 Bad Elster' aria-label='Destination Address - Galgenlieder []'\/><button class='evo_copy_address evobuttonA evocurp evohoop7 evoposa evopad5' style='right: 3px; top: 4px; background-color: #fff;' data-txt='Theaterplatz 1, 08645 Bad Elster' data-t='Address copied to clipboard!'><i class='far fa-copy evofz16i' title='Copy Destination Address!'><\/i><\/button>\n\t\t\t\t\t<\/div>\n\t\t\t\t\t<button type='submit' class='evo_get_direction_button evcal_btn dfx evofxaic evocurp evohoop7' title='Click here to get directions' style='    padding: 10px 15px !important;'><i class='fa fa-chevron-right'><\/i> <\/button>\n\t\t\t\t<\/div>\n\t\t\t<\/div>\n\t\t<\/form>\n\t<\/div><\/div><\/div><!-- row close --><button class='evo_card_row_end evcal_close' title='Close'><\/button><\/div><div class='clear end'><\/div><\/div><\/div><div class='evcal_month_line' data-d='eml_9_2026' data-su='1788217200'><p>September 2026<\/p><\/div><div class='sep_month_events ' data-d='eml_9_2026' data-range='1788217200_1790809199'><div id=\"event_693_0\" class=\"eventon_list_event evo_eventtop scheduled  event clrW no_et event_693_0\" data-event_id=\"693\" data-ri=\"0r\" data-time=\"1789502400-1789516740\" data-colr=\"#4bb5d8\" itemscope itemtype='http:\/\/schema.org\/Event'><div class=\"evo_event_schema\" style=\"display:none\" ><a itemprop='url'  href='https:\/\/www.hans-werner-meyer.de\/?ajde_events=klangrazzia-21'><\/a><meta itemprop='image' content=\"https:\/\/www.hans-werner-meyer.de\/wp-content\/uploads\/2025\/07\/2024_06_07_Klangrazzia_0360.jpg\" \/><meta itemprop='startDate' content=\"2026-9-15T20:00+0:00\" \/><meta itemprop='endDate' content=\"2026-9-15T23:59+0:00\" \/><meta itemprop='eventStatus' content=\"https:\/\/schema.org\/EventScheduled\" \/><meta itemprop='eventAttendanceMode'   itemscope itemtype=\"https:\/\/schema.org\/OfflineEventAttendanceMode\"\/><div style=\"display:none\" itemprop=\"location\" itemscope itemtype=\"http:\/\/schema.org\/Place\"><span itemprop=\"name\">Peiner Fests\u00e4le Stadttheater<\/span><span itemprop=\"address\" itemscope itemtype=\"http:\/\/schema.org\/PostalAddress\"><item itemprop=\"streetAddress\">Friedrich-Ebert-Platz 12, 31224 Peine<\/item><\/span><\/div><script type=\"application\/ld+json\">{\"@context\": \"http:\/\/schema.org\",\"@type\": \"Event\",\n\t\t\t\t\"@id\": \"event_693_0\",\n\t\t\t\t\"eventAttendanceMode\":\"https:\/\/schema.org\/OfflineEventAttendanceMode\",\n\t\t\t\t\"eventStatus\":\"https:\/\/schema.org\/EventScheduled\",\n\t\t\t\t\"name\": \"Klangrazzia\",\n\t\t\t\t\"url\": \"https:\/\/www.hans-werner-meyer.de\/?ajde_events=klangrazzia-21\",\n\t\t\t\t\"startDate\": \"2026-9-15T20:00+0:00\",\n\t\t\t\t\"endDate\": \"2026-9-15T23:59+0:00\",\n\t\t\t\t\"image\":\"https:\/\/www.hans-werner-meyer.de\/wp-content\/uploads\/2025\/07\/2024_06_07_Klangrazzia_0360.jpg\", \n\t\t\t\t\"description\":\"<figure id='attachment_607' aria-describedby='caption-attachment-607' style='width: 300px' class='wp-caption alignnone'><a href='https:\/\/www.hans-werner-meyer.de\/wp-content\/uploads\/2025\/10\/2024_06_07_Klangrazzia_0105-scaled.jpeg'><img class='size-medium wp-image-607' src='https:\/\/www.hans-werner-meyer.de\/wp-content\/uploads\/2025\/10\/2024_06_07_Klangrazzia_0105-300x206.jpeg' alt='' width='300' height='206' \/><\/a><figcaption id='caption-attachment-607' class='wp-caption-text'><a href='https:\/\/klangrazzia.de\/'>Hier geht\u00b4s zur Klangrazzia-Homepage<\/a><\/figcaption><\/figure> \",\"location\":[{\"@type\":\"Place\",\"name\":\"Peiner Fests\u00e4le Stadttheater\",\"address\":{\"@type\": \"PostalAddress\",\"streetAddress\":\"Friedrich-Ebert-Platz 12, 31224 Peine\"}}]}<\/script><\/div>\r\n\t\t\t\t<p class=\"desc_trig_outter\" style=\"\"><a data-gmap_status=\"null\" data-exlk=\"0\" style=\"background-color: #4bb5d8;\" id=\"evc_1789502400693\" href=\"#\" class=\"desc_trig sin_val evcal_list_a\" data-ux_val=\"1\" data-ux_val_mob=\"-\"  ><span class='evoet_in'><span class='evoet_c2 evoet_cx '><span class='evoet_dayblock evcal_cblock ' data-bgcolor='#4bb5d8' data-smon='September' data-syr='2026' data-bub=''><span class='evo_start  evofxdrc'><em class='date'>15<\/em><em class='month'>sep<\/em><em class='time'>20:00<\/em><\/span><\/span><\/span><span class='evoet_c3 evoet_cx evcal_desc hide_eventtopdata '><span class='evoet_title evcal_desc2 evcal_event_title ' itemprop='name'>Klangrazzia<\/span><span class='event_location_attrs evodni'  data-location_address=\"Friedrich-Ebert-Platz 12, 31224 Peine\" data-location_type=\"address\" data-location_name=\"Peiner Fests\u00e4le Stadttheater\" data-location_url=\"https:\/\/www.hans-werner-meyer.de\/?event_location=peiner-festsaele-stadttheater\" data-location_status=\"true\" data-locid=\"56\"><\/span><span class='evoet_cy evoet_subtitle evo_below_title' ><span class='evcal_event_subtitle ' >Peine<\/span><\/span><\/span><\/span><span class='evoet_data' style='display:none' data-d=\"{&quot;loc.n&quot;:&quot;Peiner Fests\\u00e4le Stadttheater&quot;,&quot;orgs&quot;:[],&quot;tags&quot;:[]}\" data-bgc=\"#4bb5d8\" data-bggrad=\"\" ><\/span><\/a><\/p><div class='event_description evcal_eventcard ' style=\"display:none\"><div class='evocard_row'><div id='event_ftimage' class='evocard_box ftimage' data-c='' \n\t\t\t\t\tstyle=''><div class='evocard_main_image_hold' data-t='Loading Image..'><div class='evocard_main_image evo_img_triglb evocd_img_def evobr15 evobgsc evobgpc evodfx evofx_jc_c evofx_ai_c evofz48 def' style='height:400px; background-image:url(https:\/\/www.hans-werner-meyer.de\/wp-content\/uploads\/2025\/07\/2024_06_07_Klangrazzia_0360.jpg);' data-f=\"https:\/\/www.hans-werner-meyer.de\/wp-content\/uploads\/2025\/07\/2024_06_07_Klangrazzia_0360.jpg\" data-h=\"741\" data-w=\"1770\" data-ratio=\"0.41864406779661\" data-event_id=\"693\" data-ri=\"0\"  data-t='Loading Image..'><\/div><\/div><\/div><\/div><!-- row close --><div class='evocard_row'><div id='event_eventdetails' class='evocard_box eventdetails' data-c='' \n\t\t\t\t\tstyle=''><div class=\"evo_metarow_details evorow evcal_evdata_row evcal_event_details\">\n    <div class=\"event_excerpt\" style=\"display:none\"><h3 class=\"padb5 evo_h3\">Event Details<\/h3><p>Hier geht\u00b4s zur Klangrazzia-Homepage<\/p><\/div><span class='evcal_evdata_icons'><i class='fa fa-align-justify'><\/i><\/span>    <div class=\"evcal_evdata_cell \">\n        <div class=\"eventon_full_description\">\n            <h3 class=\"padb5 evo_h3\"><span class='evcal_evdata_icons'><i class='fa fa-align-justify'><\/i><\/span>Event Details<\/h3>\n            <div class=\"eventon_desc_in\" itemprop=\"description\">\n                <figure id=\"attachment_607\" aria-describedby=\"caption-attachment-607\" style=\"width: 300px\" class=\"wp-caption alignnone\"><a href=\"https:\/\/www.hans-werner-meyer.de\/wp-content\/uploads\/2025\/10\/2024_06_07_Klangrazzia_0105-scaled.jpeg\"><img loading=\"lazy\" decoding=\"async\" class=\"size-medium wp-image-607\" src=\"https:\/\/www.hans-werner-meyer.de\/wp-content\/uploads\/2025\/10\/2024_06_07_Klangrazzia_0105-300x206.jpeg\" alt=\"\" width=\"300\" height=\"206\" srcset=\"https:\/\/www.hans-werner-meyer.de\/wp-content\/uploads\/2025\/10\/2024_06_07_Klangrazzia_0105-300x206.jpeg 300w, https:\/\/www.hans-werner-meyer.de\/wp-content\/uploads\/2025\/10\/2024_06_07_Klangrazzia_0105-1024x702.jpeg 1024w, https:\/\/www.hans-werner-meyer.de\/wp-content\/uploads\/2025\/10\/2024_06_07_Klangrazzia_0105-768x526.jpeg 768w, https:\/\/www.hans-werner-meyer.de\/wp-content\/uploads\/2025\/10\/2024_06_07_Klangrazzia_0105-1536x1053.jpeg 1536w, https:\/\/www.hans-werner-meyer.de\/wp-content\/uploads\/2025\/10\/2024_06_07_Klangrazzia_0105-2048x1404.jpeg 2048w, https:\/\/www.hans-werner-meyer.de\/wp-content\/uploads\/2025\/10\/2024_06_07_Klangrazzia_0105-500x343.jpeg 500w, https:\/\/www.hans-werner-meyer.de\/wp-content\/uploads\/2025\/10\/2024_06_07_Klangrazzia_0105-550x377.jpeg 550w, https:\/\/www.hans-werner-meyer.de\/wp-content\/uploads\/2025\/10\/2024_06_07_Klangrazzia_0105-400x274.jpeg 400w, https:\/\/www.hans-werner-meyer.de\/wp-content\/uploads\/2025\/10\/2024_06_07_Klangrazzia_0105-1920x1316.jpeg 1920w, https:\/\/www.hans-werner-meyer.de\/wp-content\/uploads\/2025\/10\/2024_06_07_Klangrazzia_0105-2000x1371.jpeg 2000w, https:\/\/www.hans-werner-meyer.de\/wp-content\/uploads\/2025\/10\/2024_06_07_Klangrazzia_0105-1200x823.jpeg 1200w\" sizes=\"auto, (max-width: 300px) 100vw, 300px\" \/><\/a><figcaption id=\"caption-attachment-607\" class=\"wp-caption-text\"><a href=\"https:\/\/klangrazzia.de\/\">Hier geht\u00b4s zur Klangrazzia-Homepage<\/a><\/figcaption><\/figure>\n            <\/div>\n            <div class='clear'><\/div>        <\/div>\n    <\/div>\n<\/div><\/div><\/div><!-- row close --><div class='evocard_row bx2 bx'><div id='event_time' class='evocard_box time' data-c='' \n\t\t\t\t\tstyle=''><div class='evo_metarow_time evorow evcal_evdata_row evcal_evrow_sm '>\n\t\t<span class='evcal_evdata_icons'><i class='fa fa-clock'><\/i><\/span>\n\t\t<div class='evcal_evdata_cell'>\t\t\t\t\t\t\t\n\t\t\t<h3 class='evo_h3'><span class='evcal_evdata_icons'><i class='fa fa-clock'><\/i><\/span>Uhrzeit<\/h3><div><span class='evo_eventcard_time_t evogap5 evofxww'><span class=\"start\">September 15, 2026<\/span> <span class=\"stime\">20:00<\/span><\/span><span class='evo_tz marr5'>(GMT+00:00)<\/span><\/div>\n\t\t<\/div>\n\t<\/div><\/div><div id='event_location' class='evocard_box location' data-c='' \n\t\t\t\t\tstyle=''><div class='evcal_evdata_row evo_metarow_time_location evorow '>\n\t\t\n\t\t\t<span class='evcal_evdata_icons'><i class='fa fa-map-marker'><\/i><\/span>\n\t\t\t<div class='evcal_evdata_cell' data-loc_tax_id='56'><h3 class='evo_h3 evodfx'><span class='evcal_evdata_icons'><i class='fa fa-map-marker'><\/i><\/span><a target=\"\" href=\"https:\/\/www.kulturring-peine.de\/kulturring-peine\/index.php\">Veranstalter<\/a><\/h3><p class='evo_location_name'><a target=\"\" href=\"https:\/\/www.kulturring-peine.de\/kulturring-peine\/index.php\">Peiner Fests\u00e4le Stadttheater<\/a><\/p><p class='evo_location_address evodfxi evogap10'><a target=\"\" href=\"https:\/\/www.kulturring-peine.de\/kulturring-peine\/index.php\">Friedrich-Ebert-Platz 12, 31224 Peine<\/a><\/p><div class='padt10'><span class='evo_btn_arr evolb_trigger' data-lbvals=\"{&quot;lbdata&quot;:{&quot;class&quot;:&quot;evo_location_lb_56&quot;,&quot;additional_class&quot;:&quot;lb_max&quot;,&quot;title&quot;:&quot;Peiner Fests\\u00e4le Stadttheater&quot;},&quot;adata&quot;:{&quot;a&quot;:&quot;eventon_get_tax_card_content&quot;,&quot;end&quot;:&quot;client&quot;,&quot;data&quot;:{&quot;lang&quot;:&quot;L1&quot;,&quot;term_id&quot;:56,&quot;tax&quot;:&quot;event_location&quot;,&quot;load_lbcontent&quot;:true}},&quot;uid&quot;:&quot;eventon_get_tax_card_content&quot;}\" >Other Events<i class='fa fa-chevron-right' aria-hidden='true'><\/i><\/span><\/div><\/div>\n\t\t\n\t<\/div><\/div><\/div><!-- row close --><div class='evocard_row'><div id='event_addtocal' class='evocard_box addtocal' data-c='' \n\t\t\t\t\tstyle=''><div class='evo_metarow_ICS evorow evcal_evdata_row'>\n\t\t\t<span class='evcal_evdata_icons'><i class='fa fa-calendar-o'><\/i><\/span>\n\t\t\t<div class='evcal_evdata_cell'>\n\t\t\t\t<p><a href='https:\/\/www.hans-werner-meyer.de\/?export-events=single&event_id=693&repeat_interval=0&key=6b2826c17a' rel='nofollow' class='evo_ics_nCal' title='Add to your calendar'>Calendar<\/a><a href='https:\/\/www.google.com\/calendar\/event?action=TEMPLATE&text=Klangrazzia&dates=20260915T200000Z\/20260915T235900Z&ctz=UTC&details=Klangrazzia&location=Peiner%20Fests%C3%A4le%20Stadttheater%20Friedrich-Ebert-Platz%2012%2C%2031224%20Peine' target='_blank' rel='nofollow' class='evo_ics_gCal' title='Add to google calendar'>GoogleCal<\/a><\/p>\t\n\t\t\t<\/div>\n\t\t<\/div><\/div><\/div><!-- row close --><div class='evocard_row'><div id='event_getdirection' class='evocard_box getdirection' data-c='' \n\t\t\t\t\tstyle=''><div class='evo_metarow_getDr evorow evcal_evdata_row evcal_evrow_sm getdirections'>\n\t\t<form action='https:\/\/maps.google.com\/maps' method='get' target='_blank'>\n\t\t\t<input type='hidden' name='daddr' value=\"Friedrich-Ebert-Platz 12, 31224 Peine\"\/> \n\t\t\t<div class='evo_get_direction_content evo_fx_dr_r evogap10'>\n\t\t\t\t<span class='evogetdir_header evodfx evofxdrr evofxaic evogap10'>\n\t\t\t\t\t<i class='mainicon fa fa-road evofz24i'><\/i> \n\t\t\t\t\t<h3 class='evo_h3 evopad0i' style='padding-bottom:5px;'>Route planen<\/h3>\n\t\t\t\t<\/span>\n\t\t\t\t<span class='evogetdir_field evodfx evofx_1_1 evow100p'>\t\n\t\t\t\t\t<label for='69f5be0cd6f02' class='evo_aria_ready sr-only'>Address - Klangrazzia []<\/label>\t\t\t\t\n\t\t\t\t\t<input id='69f5be0cd6f02' class='evo_aria_ready_match evoInput2 evobr10 evow100p evopad10 evoff_2 evofz14i evobrdB1 evoboxbb' type='text' name='saddr' placeholder='Geben Sie Ihre Adresse zur Routenplanung zur Veranstaltung ein' value='' style='' aria-label='Address - Klangrazzia []' \/>\n\t\t\t\t<\/span>\n\t\t\t\t<div class='evodfx evofxdrr evofxaic evogap10'>\n\t\t\t\t\t<i class='fa fa-location-dot'><\/i>\n\t\t\t\t\t<div class='evoposr evofx_1 evoh100p'><label for='69f5be0cd6f02' class='evo_aria_ready sr-only'>Destination Address - Klangrazzia []<\/label>\t\t\n\t\t\t\t\t\t<input id='69f5be0cd6f02' class='evo_aria_ready_match evoInput2 evobr10 evow100p evopad5-10 evoff_2 evofz14i evobrdB1 evoop5 evoboxbb evoh100p' type='text' style='' readonly value='Friedrich-Ebert-Platz 12, 31224 Peine' aria-label='Destination Address - Klangrazzia []'\/><button class='evo_copy_address evobuttonA evocurp evohoop7 evoposa evopad5' style='right: 3px; top: 4px; background-color: #fff;' data-txt='Friedrich-Ebert-Platz 12, 31224 Peine' data-t='Address copied to clipboard!'><i class='far fa-copy evofz16i' title='Copy Destination Address!'><\/i><\/button>\n\t\t\t\t\t<\/div>\n\t\t\t\t\t<button type='submit' class='evo_get_direction_button evcal_btn dfx evofxaic evocurp evohoop7' title='Click here to get directions' style='    padding: 10px 15px !important;'><i class='fa fa-chevron-right'><\/i> <\/button>\n\t\t\t\t<\/div>\n\t\t\t<\/div>\n\t\t<\/form>\n\t<\/div><\/div><\/div><!-- row close --><button class='evo_card_row_end evcal_close' title='Close'><\/button><\/div><div class='clear end'><\/div><\/div><div id=\"event_696_0\" class=\"eventon_list_event evo_eventtop scheduled  event clrW no_et event_696_0\" data-event_id=\"696\" data-ri=\"0r\" data-time=\"1789673400-1789689540\" data-colr=\"#4bb5d8\" itemscope itemtype='http:\/\/schema.org\/Event'><div class=\"evo_event_schema\" style=\"display:none\" ><a itemprop='url'  href='https:\/\/www.hans-werner-meyer.de\/?ajde_events=klangrazzia-22'><\/a><meta itemprop='image' content=\"https:\/\/www.hans-werner-meyer.de\/wp-content\/uploads\/2025\/07\/2024_06_07_Klangrazzia_0360.jpg\" \/><meta itemprop='startDate' content=\"2026-9-17T19:30+0:00\" \/><meta itemprop='endDate' content=\"2026-9-17T23:59+0:00\" \/><meta itemprop='eventStatus' content=\"https:\/\/schema.org\/EventScheduled\" \/><meta itemprop='eventAttendanceMode'   itemscope itemtype=\"https:\/\/schema.org\/OfflineEventAttendanceMode\"\/><div style=\"display:none\" itemprop=\"location\" itemscope itemtype=\"http:\/\/schema.org\/Place\"><span itemprop=\"name\">Stummsche Reithalle<\/span><span itemprop=\"address\" itemscope itemtype=\"http:\/\/schema.org\/PostalAddress\"><item itemprop=\"streetAddress\">Saarbr\u00fccker Stra\u00dfe 21 66538 Neunkirchen<\/item><\/span><\/div><script type=\"application\/ld+json\">{\"@context\": \"http:\/\/schema.org\",\"@type\": \"Event\",\n\t\t\t\t\"@id\": \"event_696_0\",\n\t\t\t\t\"eventAttendanceMode\":\"https:\/\/schema.org\/OfflineEventAttendanceMode\",\n\t\t\t\t\"eventStatus\":\"https:\/\/schema.org\/EventScheduled\",\n\t\t\t\t\"name\": \"Klangrazzia\",\n\t\t\t\t\"url\": \"https:\/\/www.hans-werner-meyer.de\/?ajde_events=klangrazzia-22\",\n\t\t\t\t\"startDate\": \"2026-9-17T19:30+0:00\",\n\t\t\t\t\"endDate\": \"2026-9-17T23:59+0:00\",\n\t\t\t\t\"image\":\"https:\/\/www.hans-werner-meyer.de\/wp-content\/uploads\/2025\/07\/2024_06_07_Klangrazzia_0360.jpg\", \n\t\t\t\t\"description\":\"<figure id='attachment_607' aria-describedby='caption-attachment-607' style='width: 300px' class='wp-caption alignnone'><a href='https:\/\/www.hans-werner-meyer.de\/wp-content\/uploads\/2025\/10\/2024_06_07_Klangrazzia_0105-scaled.jpeg'><img class='size-medium wp-image-607' src='https:\/\/www.hans-werner-meyer.de\/wp-content\/uploads\/2025\/10\/2024_06_07_Klangrazzia_0105-300x206.jpeg' alt='' width='300' height='206' \/><\/a><figcaption id='caption-attachment-607' class='wp-caption-text'><a href='http:\/\/klangrazzia.de'>Hier geht\u00b4s zur Homepage der Klangrazzia<\/a><\/figcaption><\/figure> \",\"location\":[{\"@type\":\"Place\",\"name\":\"Stummsche Reithalle\",\"address\":{\"@type\": \"PostalAddress\",\"streetAddress\":\"Saarbr\u00fccker Stra\u00dfe 21 66538 Neunkirchen\"}}]}<\/script><\/div>\r\n\t\t\t\t<p class=\"desc_trig_outter\" style=\"\"><a data-gmap_status=\"null\" data-exlk=\"0\" style=\"background-color: #4bb5d8;\" id=\"evc_1789673400696\" href=\"#\" class=\"desc_trig sin_val evcal_list_a\" data-ux_val=\"1\" data-ux_val_mob=\"-\"  ><span class='evoet_in'><span class='evoet_c2 evoet_cx '><span class='evoet_dayblock evcal_cblock ' data-bgcolor='#4bb5d8' data-smon='September' data-syr='2026' data-bub=''><span class='evo_start  evofxdrc'><em class='date'>17<\/em><em class='month'>sep<\/em><em class='time'>19:30<\/em><\/span><\/span><\/span><span class='evoet_c3 evoet_cx evcal_desc hide_eventtopdata '><span class='evoet_title evcal_desc2 evcal_event_title ' itemprop='name'>Klangrazzia<\/span><span class='event_location_attrs evodni'  data-location_address=\"Saarbr\u00fccker Stra\u00dfe 21 66538 Neunkirchen\" data-location_type=\"address\" data-location_name=\"Stummsche Reithalle\" data-location_url=\"https:\/\/www.hans-werner-meyer.de\/?event_location=stummsche-reithalle\" data-location_status=\"true\" data-locid=\"54\"><\/span><span class='evoet_cy evoet_subtitle evo_below_title' ><span class='evcal_event_subtitle ' >Neunkirchen (im Rahmen des Kriminaltangofestivals<\/span><\/span><\/span><\/span><span class='evoet_data' style='display:none' data-d=\"{&quot;loc.n&quot;:&quot;Stummsche Reithalle&quot;,&quot;orgs&quot;:[],&quot;tags&quot;:[]}\" data-bgc=\"#4bb5d8\" data-bggrad=\"\" ><\/span><\/a><\/p><div class='event_description evcal_eventcard ' style=\"display:none\"><div class='evocard_row'><div id='event_ftimage' class='evocard_box ftimage' data-c='' \n\t\t\t\t\tstyle=''><div class='evocard_main_image_hold' data-t='Loading Image..'><div class='evocard_main_image evo_img_triglb evocd_img_def evobr15 evobgsc evobgpc evodfx evofx_jc_c evofx_ai_c evofz48 def' style='height:400px; background-image:url(https:\/\/www.hans-werner-meyer.de\/wp-content\/uploads\/2025\/07\/2024_06_07_Klangrazzia_0360.jpg);' data-f=\"https:\/\/www.hans-werner-meyer.de\/wp-content\/uploads\/2025\/07\/2024_06_07_Klangrazzia_0360.jpg\" data-h=\"741\" data-w=\"1770\" data-ratio=\"0.41864406779661\" data-event_id=\"696\" data-ri=\"0\"  data-t='Loading Image..'><\/div><\/div><\/div><\/div><!-- row close --><div class='evocard_row'><div id='event_eventdetails' class='evocard_box eventdetails' data-c='' \n\t\t\t\t\tstyle=''><div class=\"evo_metarow_details evorow evcal_evdata_row evcal_event_details\">\n    <div class=\"event_excerpt\" style=\"display:none\"><h3 class=\"padb5 evo_h3\">Event Details<\/h3><p>Hier geht\u00b4s zur Homepage der Klangrazzia<\/p><\/div><span class='evcal_evdata_icons'><i class='fa fa-align-justify'><\/i><\/span>    <div class=\"evcal_evdata_cell \">\n        <div class=\"eventon_full_description\">\n            <h3 class=\"padb5 evo_h3\"><span class='evcal_evdata_icons'><i class='fa fa-align-justify'><\/i><\/span>Event Details<\/h3>\n            <div class=\"eventon_desc_in\" itemprop=\"description\">\n                <figure id=\"attachment_607\" aria-describedby=\"caption-attachment-607\" style=\"width: 300px\" class=\"wp-caption alignnone\"><a href=\"https:\/\/www.hans-werner-meyer.de\/wp-content\/uploads\/2025\/10\/2024_06_07_Klangrazzia_0105-scaled.jpeg\"><img loading=\"lazy\" decoding=\"async\" class=\"size-medium wp-image-607\" src=\"https:\/\/www.hans-werner-meyer.de\/wp-content\/uploads\/2025\/10\/2024_06_07_Klangrazzia_0105-300x206.jpeg\" alt=\"\" width=\"300\" height=\"206\" srcset=\"https:\/\/www.hans-werner-meyer.de\/wp-content\/uploads\/2025\/10\/2024_06_07_Klangrazzia_0105-300x206.jpeg 300w, https:\/\/www.hans-werner-meyer.de\/wp-content\/uploads\/2025\/10\/2024_06_07_Klangrazzia_0105-1024x702.jpeg 1024w, https:\/\/www.hans-werner-meyer.de\/wp-content\/uploads\/2025\/10\/2024_06_07_Klangrazzia_0105-768x526.jpeg 768w, https:\/\/www.hans-werner-meyer.de\/wp-content\/uploads\/2025\/10\/2024_06_07_Klangrazzia_0105-1536x1053.jpeg 1536w, https:\/\/www.hans-werner-meyer.de\/wp-content\/uploads\/2025\/10\/2024_06_07_Klangrazzia_0105-2048x1404.jpeg 2048w, https:\/\/www.hans-werner-meyer.de\/wp-content\/uploads\/2025\/10\/2024_06_07_Klangrazzia_0105-500x343.jpeg 500w, https:\/\/www.hans-werner-meyer.de\/wp-content\/uploads\/2025\/10\/2024_06_07_Klangrazzia_0105-550x377.jpeg 550w, https:\/\/www.hans-werner-meyer.de\/wp-content\/uploads\/2025\/10\/2024_06_07_Klangrazzia_0105-400x274.jpeg 400w, https:\/\/www.hans-werner-meyer.de\/wp-content\/uploads\/2025\/10\/2024_06_07_Klangrazzia_0105-1920x1316.jpeg 1920w, https:\/\/www.hans-werner-meyer.de\/wp-content\/uploads\/2025\/10\/2024_06_07_Klangrazzia_0105-2000x1371.jpeg 2000w, https:\/\/www.hans-werner-meyer.de\/wp-content\/uploads\/2025\/10\/2024_06_07_Klangrazzia_0105-1200x823.jpeg 1200w\" sizes=\"auto, (max-width: 300px) 100vw, 300px\" \/><\/a><figcaption id=\"caption-attachment-607\" class=\"wp-caption-text\"><a href=\"http:\/\/klangrazzia.de\">Hier geht\u00b4s zur Homepage der Klangrazzia<\/a><\/figcaption><\/figure>\n            <\/div>\n            <div class='clear'><\/div>        <\/div>\n    <\/div>\n<\/div><\/div><\/div><!-- row close --><div class='evocard_row bx2 bx'><div id='event_time' class='evocard_box time' data-c='' \n\t\t\t\t\tstyle=''><div class='evo_metarow_time evorow evcal_evdata_row evcal_evrow_sm '>\n\t\t<span class='evcal_evdata_icons'><i class='fa fa-clock'><\/i><\/span>\n\t\t<div class='evcal_evdata_cell'>\t\t\t\t\t\t\t\n\t\t\t<h3 class='evo_h3'><span class='evcal_evdata_icons'><i class='fa fa-clock'><\/i><\/span>Uhrzeit<\/h3><div><span class='evo_eventcard_time_t evogap5 evofxww'><span class=\"start\">September 17, 2026<\/span> <span class=\"stime\">19:30<\/span><\/span><span class='evo_tz marr5'>(GMT+00:00)<\/span><\/div>\n\t\t<\/div>\n\t<\/div><\/div><div id='event_location' class='evocard_box location' data-c='' \n\t\t\t\t\tstyle=''><div class='evcal_evdata_row evo_metarow_time_location evorow '>\n\t\t\n\t\t\t<span class='evcal_evdata_icons'><i class='fa fa-map-marker'><\/i><\/span>\n\t\t\t<div class='evcal_evdata_cell' data-loc_tax_id='54'><h3 class='evo_h3 evodfx'><span class='evcal_evdata_icons'><i class='fa fa-map-marker'><\/i><\/span><a target=\"\" href=\"https:\/\/www.nk-vermietungen.de\/\">Veranstalter<\/a><\/h3><p class='evo_location_name'><a target=\"\" href=\"https:\/\/www.nk-vermietungen.de\/\">Stummsche Reithalle<\/a><\/p><p class='evo_location_address evodfxi evogap10'><a target=\"\" href=\"https:\/\/www.nk-vermietungen.de\/\">Saarbr\u00fccker Stra\u00dfe 21 66538 Neunkirchen<\/a><\/p><div class='padt10'><span class='evo_btn_arr evolb_trigger' data-lbvals=\"{&quot;lbdata&quot;:{&quot;class&quot;:&quot;evo_location_lb_54&quot;,&quot;additional_class&quot;:&quot;lb_max&quot;,&quot;title&quot;:&quot;Stummsche Reithalle&quot;},&quot;adata&quot;:{&quot;a&quot;:&quot;eventon_get_tax_card_content&quot;,&quot;end&quot;:&quot;client&quot;,&quot;data&quot;:{&quot;lang&quot;:&quot;L1&quot;,&quot;term_id&quot;:54,&quot;tax&quot;:&quot;event_location&quot;,&quot;load_lbcontent&quot;:true}},&quot;uid&quot;:&quot;eventon_get_tax_card_content&quot;}\" >Other Events<i class='fa fa-chevron-right' aria-hidden='true'><\/i><\/span><\/div><\/div>\n\t\t\n\t<\/div><\/div><\/div><!-- row close --><div class='evocard_row'><div id='event_addtocal' class='evocard_box addtocal' data-c='' \n\t\t\t\t\tstyle=''><div class='evo_metarow_ICS evorow evcal_evdata_row'>\n\t\t\t<span class='evcal_evdata_icons'><i class='fa fa-calendar-o'><\/i><\/span>\n\t\t\t<div class='evcal_evdata_cell'>\n\t\t\t\t<p><a href='https:\/\/www.hans-werner-meyer.de\/?export-events=single&event_id=696&repeat_interval=0&key=6b2826c17a' rel='nofollow' class='evo_ics_nCal' title='Add to your calendar'>Calendar<\/a><a href='https:\/\/www.google.com\/calendar\/event?action=TEMPLATE&text=Klangrazzia&dates=20260917T193000Z\/20260917T235900Z&ctz=UTC&details=Klangrazzia&location=Stummsche%20Reithalle%20Saarbr%C3%BCcker%20Stra%C3%9Fe%2021%2066538%20Neunkirchen' target='_blank' rel='nofollow' class='evo_ics_gCal' title='Add to google calendar'>GoogleCal<\/a><\/p>\t\n\t\t\t<\/div>\n\t\t<\/div><\/div><\/div><!-- row close --><div class='evocard_row'><div id='event_getdirection' class='evocard_box getdirection' data-c='' \n\t\t\t\t\tstyle=''><div class='evo_metarow_getDr evorow evcal_evdata_row evcal_evrow_sm getdirections'>\n\t\t<form action='https:\/\/maps.google.com\/maps' method='get' target='_blank'>\n\t\t\t<input type='hidden' name='daddr' value=\"Saarbr\u00fccker Stra\u00dfe 21 66538 Neunkirchen\"\/> \n\t\t\t<div class='evo_get_direction_content evo_fx_dr_r evogap10'>\n\t\t\t\t<span class='evogetdir_header evodfx evofxdrr evofxaic evogap10'>\n\t\t\t\t\t<i class='mainicon fa fa-road evofz24i'><\/i> \n\t\t\t\t\t<h3 class='evo_h3 evopad0i' style='padding-bottom:5px;'>Route planen<\/h3>\n\t\t\t\t<\/span>\n\t\t\t\t<span class='evogetdir_field evodfx evofx_1_1 evow100p'>\t\n\t\t\t\t\t<label for='69f5be0cd8690' class='evo_aria_ready sr-only'>Address - Klangrazzia []<\/label>\t\t\t\t\n\t\t\t\t\t<input id='69f5be0cd8690' class='evo_aria_ready_match evoInput2 evobr10 evow100p evopad10 evoff_2 evofz14i evobrdB1 evoboxbb' type='text' name='saddr' placeholder='Geben Sie Ihre Adresse zur Routenplanung zur Veranstaltung ein' value='' style='' aria-label='Address - Klangrazzia []' \/>\n\t\t\t\t<\/span>\n\t\t\t\t<div class='evodfx evofxdrr evofxaic evogap10'>\n\t\t\t\t\t<i class='fa fa-location-dot'><\/i>\n\t\t\t\t\t<div class='evoposr evofx_1 evoh100p'><label for='69f5be0cd8690' class='evo_aria_ready sr-only'>Destination Address - Klangrazzia []<\/label>\t\t\n\t\t\t\t\t\t<input id='69f5be0cd8690' class='evo_aria_ready_match evoInput2 evobr10 evow100p evopad5-10 evoff_2 evofz14i evobrdB1 evoop5 evoboxbb evoh100p' type='text' style='' readonly value='Saarbr\u00fccker Stra\u00dfe 21 66538 Neunkirchen' aria-label='Destination Address - Klangrazzia []'\/><button class='evo_copy_address evobuttonA evocurp evohoop7 evoposa evopad5' style='right: 3px; top: 4px; background-color: #fff;' data-txt='Saarbr\u00fccker Stra\u00dfe 21 66538 Neunkirchen' data-t='Address copied to clipboard!'><i class='far fa-copy evofz16i' title='Copy Destination Address!'><\/i><\/button>\n\t\t\t\t\t<\/div>\n\t\t\t\t\t<button type='submit' class='evo_get_direction_button evcal_btn dfx evofxaic evocurp evohoop7' title='Click here to get directions' style='    padding: 10px 15px !important;'><i class='fa fa-chevron-right'><\/i> <\/button>\n\t\t\t\t<\/div>\n\t\t\t<\/div>\n\t\t<\/form>\n\t<\/div><\/div><\/div><!-- row close --><button class='evo_card_row_end evcal_close' title='Close'><\/button><\/div><div class='clear end'><\/div><\/div><div id=\"event_709_0\" class=\"eventon_list_event evo_eventtop scheduled  event clrW no_et event_709_0\" data-event_id=\"709\" data-ri=\"0r\" data-time=\"1789848000-1789862340\" data-colr=\"#4bb5d8\" itemscope itemtype='http:\/\/schema.org\/Event'><div class=\"evo_event_schema\" style=\"display:none\" ><a itemprop='url'  href='https:\/\/www.hans-werner-meyer.de\/?ajde_events=galgenlieder-18'><\/a><meta itemprop='image' content=\"https:\/\/www.hans-werner-meyer.de\/wp-content\/uploads\/2025\/07\/OB25_CDTD_2704_Fin02-1.jpg\" \/><meta itemprop='startDate' content=\"2026-9-19T20:00+0:00\" \/><meta itemprop='endDate' content=\"2026-9-19T23:59+0:00\" \/><meta itemprop='eventStatus' content=\"https:\/\/schema.org\/EventScheduled\" \/><meta itemprop='eventAttendanceMode'   itemscope itemtype=\"https:\/\/schema.org\/OfflineEventAttendanceMode\"\/><script type=\"application\/ld+json\">{\"@context\": \"http:\/\/schema.org\",\"@type\": \"Event\",\n\t\t\t\t\"@id\": \"event_709_0\",\n\t\t\t\t\"eventAttendanceMode\":\"https:\/\/schema.org\/OfflineEventAttendanceMode\",\n\t\t\t\t\"eventStatus\":\"https:\/\/schema.org\/EventScheduled\",\n\t\t\t\t\"name\": \"Galgenlieder\",\n\t\t\t\t\"url\": \"https:\/\/www.hans-werner-meyer.de\/?ajde_events=galgenlieder-18\",\n\t\t\t\t\"startDate\": \"2026-9-19T20:00+0:00\",\n\t\t\t\t\"endDate\": \"2026-9-19T23:59+0:00\",\n\t\t\t\t\"image\":\"https:\/\/www.hans-werner-meyer.de\/wp-content\/uploads\/2025\/07\/OB25_CDTD_2704_Fin02-1.jpg\", \n\t\t\t\t\"description\":\"<p><a href='https:\/\/www.hans-werner-meyer.de\/wp-content\/uploads\/2025\/10\/IMG_2526.jpeg'><img class='alignnone size-medium wp-image-575' src='https:\/\/www.hans-werner-meyer.de\/wp-content\/uploads\/2025\/10\/IMG_2526-300x298.jpeg' alt='' width='300' height='298' \/><\/a><\/p> \"}<\/script><\/div>\r\n\t\t\t\t<p class=\"desc_trig_outter\" style=\"\"><a data-gmap_status=\"null\" data-exlk=\"0\" style=\"background-color: #4bb5d8;\" id=\"evc_1789848000709\" href=\"#\" class=\"desc_trig sin_val evcal_list_a\" data-ux_val=\"1\" data-ux_val_mob=\"-\"  ><span class='evoet_in'><span class='evoet_c2 evoet_cx '><span class='evoet_dayblock evcal_cblock ' data-bgcolor='#4bb5d8' data-smon='September' data-syr='2026' data-bub=''><span class='evo_start  evofxdrc'><em class='date'>19<\/em><em class='month'>sep<\/em><em class='time'>20:00<\/em><\/span><\/span><\/span><span class='evoet_c3 evoet_cx evcal_desc hide_eventtopdata '><span class='evoet_title evcal_desc2 evcal_event_title ' itemprop='name'>Galgenlieder<\/span><span class='evoet_cy evoet_subtitle evo_below_title' ><span class='evcal_event_subtitle ' >Cottbus<\/span><\/span><\/span><\/span><span class='evoet_data' style='display:none' data-d=\"{&quot;loc.n&quot;:&quot;Theater&quot;,&quot;orgs&quot;:[],&quot;tags&quot;:[]}\" data-bgc=\"#4bb5d8\" data-bggrad=\"\" ><\/span><\/a><\/p><div class='event_description evcal_eventcard ' style=\"display:none\"><div class='evocard_row'><div id='event_ftimage' class='evocard_box ftimage' data-c='' \n\t\t\t\t\tstyle=''><div class='evocard_main_image_hold' data-t='Loading Image..'><div class='evocard_main_image evo_img_triglb evocd_img_def evobr15 evobgsc evobgpc evodfx evofx_jc_c evofx_ai_c evofz48 def' style='height:400px; background-image:url(https:\/\/www.hans-werner-meyer.de\/wp-content\/uploads\/2025\/07\/OB25_CDTD_2704_Fin02-1.jpg);' data-f=\"https:\/\/www.hans-werner-meyer.de\/wp-content\/uploads\/2025\/07\/OB25_CDTD_2704_Fin02-1.jpg\" data-h=\"1195\" data-w=\"2003\" data-ratio=\"0.59660509236146\" data-event_id=\"709\" data-ri=\"0\"  data-t='Loading Image..'><\/div><\/div><\/div><\/div><!-- row close --><div class='evocard_row'><div id='event_eventdetails' class='evocard_box eventdetails' data-c='' \n\t\t\t\t\tstyle=''><div class=\"evo_metarow_details evorow evcal_evdata_row evcal_event_details\">\n    <div class=\"event_excerpt\" style=\"display:none\"><h3 class=\"padb5 evo_h3\">Event Details<\/h3><p><\/p><\/div><span class='evcal_evdata_icons'><i class='fa fa-align-justify'><\/i><\/span>    <div class=\"evcal_evdata_cell \">\n        <div class=\"eventon_full_description\">\n            <h3 class=\"padb5 evo_h3\"><span class='evcal_evdata_icons'><i class='fa fa-align-justify'><\/i><\/span>Event Details<\/h3>\n            <div class=\"eventon_desc_in\" itemprop=\"description\">\n                <p><a href=\"https:\/\/www.hans-werner-meyer.de\/wp-content\/uploads\/2025\/10\/IMG_2526.jpeg\"><img loading=\"lazy\" decoding=\"async\" class=\"alignnone size-medium wp-image-575\" src=\"https:\/\/www.hans-werner-meyer.de\/wp-content\/uploads\/2025\/10\/IMG_2526-300x298.jpeg\" alt=\"\" width=\"300\" height=\"298\" srcset=\"https:\/\/www.hans-werner-meyer.de\/wp-content\/uploads\/2025\/10\/IMG_2526-300x298.jpeg 300w, https:\/\/www.hans-werner-meyer.de\/wp-content\/uploads\/2025\/10\/IMG_2526-1024x1016.jpeg 1024w, https:\/\/www.hans-werner-meyer.de\/wp-content\/uploads\/2025\/10\/IMG_2526-150x150.jpeg 150w, https:\/\/www.hans-werner-meyer.de\/wp-content\/uploads\/2025\/10\/IMG_2526-768x762.jpeg 768w, https:\/\/www.hans-werner-meyer.de\/wp-content\/uploads\/2025\/10\/IMG_2526-500x496.jpeg 500w, https:\/\/www.hans-werner-meyer.de\/wp-content\/uploads\/2025\/10\/IMG_2526-550x546.jpeg 550w, https:\/\/www.hans-werner-meyer.de\/wp-content\/uploads\/2025\/10\/IMG_2526-400x397.jpeg 400w, https:\/\/www.hans-werner-meyer.de\/wp-content\/uploads\/2025\/10\/IMG_2526-1200x1190.jpeg 1200w, https:\/\/www.hans-werner-meyer.de\/wp-content\/uploads\/2025\/10\/IMG_2526.jpeg 1257w\" sizes=\"auto, (max-width: 300px) 100vw, 300px\" \/><\/a><\/p>\n            <\/div>\n            <div class='clear'><\/div>        <\/div>\n    <\/div>\n<\/div><\/div><\/div><!-- row close --><div class='evocard_row bx2 bx'><div id='event_time' class='evocard_box time' data-c='' \n\t\t\t\t\tstyle=''><div class='evo_metarow_time evorow evcal_evdata_row evcal_evrow_sm '>\n\t\t<span class='evcal_evdata_icons'><i class='fa fa-clock'><\/i><\/span>\n\t\t<div class='evcal_evdata_cell'>\t\t\t\t\t\t\t\n\t\t\t<h3 class='evo_h3'><span class='evcal_evdata_icons'><i class='fa fa-clock'><\/i><\/span>Uhrzeit<\/h3><div><span class='evo_eventcard_time_t evogap5 evofxww'><span class=\"start\">September 19, 2026<\/span> <span class=\"stime\">20:00<\/span><\/span><span class='evo_tz marr5'>(GMT+00:00)<\/span><\/div>\n\t\t<\/div>\n\t<\/div><\/div><div id='event_location' class='evocard_box location' data-c='' \n\t\t\t\t\tstyle=''><div class='evcal_evdata_row evo_metarow_time_location evorow '>\n\t\t\n\t\t\t<span class='evcal_evdata_icons'><i class='fa fa-map-marker'><\/i><\/span>\n\t\t\t<div class='evcal_evdata_cell' data-loc_tax_id='62'><h3 class='evo_h3 evodfx'><span class='evcal_evdata_icons'><i class='fa fa-map-marker'><\/i><\/span>Veranstalter<\/h3><p class='evo_location_name'>Theater<\/p><div class='padt10'><span class='evo_btn_arr evolb_trigger' data-lbvals=\"{&quot;lbdata&quot;:{&quot;class&quot;:&quot;evo_location_lb_62&quot;,&quot;additional_class&quot;:&quot;lb_max&quot;,&quot;title&quot;:&quot;Theater&quot;},&quot;adata&quot;:{&quot;a&quot;:&quot;eventon_get_tax_card_content&quot;,&quot;end&quot;:&quot;client&quot;,&quot;data&quot;:{&quot;lang&quot;:&quot;L1&quot;,&quot;term_id&quot;:62,&quot;tax&quot;:&quot;event_location&quot;,&quot;load_lbcontent&quot;:true}},&quot;uid&quot;:&quot;eventon_get_tax_card_content&quot;}\" >Other Events<i class='fa fa-chevron-right' aria-hidden='true'><\/i><\/span><\/div><\/div>\n\t\t\n\t<\/div><\/div><\/div><!-- row close --><div class='evocard_row'><div id='event_addtocal' class='evocard_box addtocal' data-c='' \n\t\t\t\t\tstyle=''><div class='evo_metarow_ICS evorow evcal_evdata_row'>\n\t\t\t<span class='evcal_evdata_icons'><i class='fa fa-calendar-o'><\/i><\/span>\n\t\t\t<div class='evcal_evdata_cell'>\n\t\t\t\t<p><a href='https:\/\/www.hans-werner-meyer.de\/?export-events=single&event_id=709&repeat_interval=0&key=6b2826c17a' rel='nofollow' class='evo_ics_nCal' title='Add to your calendar'>Calendar<\/a><a href='https:\/\/www.google.com\/calendar\/event?action=TEMPLATE&text=Galgenlieder&dates=20260919T200000Z\/20260919T235900Z&ctz=UTC&details=Galgenlieder&location=Theater' target='_blank' rel='nofollow' class='evo_ics_gCal' title='Add to google calendar'>GoogleCal<\/a><\/p>\t\n\t\t\t<\/div>\n\t\t<\/div><\/div><\/div><!-- row close --><button class='evo_card_row_end evcal_close' title='Close'><\/button><\/div><div class='clear end'><\/div><\/div><div id=\"event_697_0\" class=\"eventon_list_event evo_eventtop scheduled  event clrW no_et event_697_0\" data-event_id=\"697\" data-ri=\"0r\" data-time=\"1790193600-1790207940\" data-colr=\"#4bb5d8\" itemscope itemtype='http:\/\/schema.org\/Event'><div class=\"evo_event_schema\" style=\"display:none\" ><a itemprop='url'  href='https:\/\/www.hans-werner-meyer.de\/?ajde_events=klangrazzia-23'><\/a><meta itemprop='image' content=\"https:\/\/www.hans-werner-meyer.de\/wp-content\/uploads\/2025\/07\/2024_06_07_Klangrazzia_0360.jpg\" \/><meta itemprop='startDate' content=\"2026-9-23T20:00+0:00\" \/><meta itemprop='endDate' content=\"2026-9-23T23:59+0:00\" \/><meta itemprop='eventStatus' content=\"https:\/\/schema.org\/EventScheduled\" \/><meta itemprop='eventAttendanceMode'   itemscope itemtype=\"https:\/\/schema.org\/OfflineEventAttendanceMode\"\/><div style=\"display:none\" itemprop=\"location\" itemscope itemtype=\"http:\/\/schema.org\/Place\"><span itemprop=\"name\">Stadtdtheater<\/span><span itemprop=\"address\" itemscope itemtype=\"http:\/\/schema.org\/PostalAddress\"><item itemprop=\"streetAddress\">Residenzstra\u00dfe 67, 86633 Neuburg<\/item><\/span><\/div><script type=\"application\/ld+json\">{\"@context\": \"http:\/\/schema.org\",\"@type\": \"Event\",\n\t\t\t\t\"@id\": \"event_697_0\",\n\t\t\t\t\"eventAttendanceMode\":\"https:\/\/schema.org\/OfflineEventAttendanceMode\",\n\t\t\t\t\"eventStatus\":\"https:\/\/schema.org\/EventScheduled\",\n\t\t\t\t\"name\": \"Klangrazzia\",\n\t\t\t\t\"url\": \"https:\/\/www.hans-werner-meyer.de\/?ajde_events=klangrazzia-23\",\n\t\t\t\t\"startDate\": \"2026-9-23T20:00+0:00\",\n\t\t\t\t\"endDate\": \"2026-9-23T23:59+0:00\",\n\t\t\t\t\"image\":\"https:\/\/www.hans-werner-meyer.de\/wp-content\/uploads\/2025\/07\/2024_06_07_Klangrazzia_0360.jpg\", \n\t\t\t\t\"description\":\"<figure id='attachment_607' aria-describedby='caption-attachment-607' style='width: 300px' class='wp-caption alignnone'><a href='https:\/\/www.hans-werner-meyer.de\/wp-content\/uploads\/2025\/10\/2024_06_07_Klangrazzia_0105-scaled.jpeg'><img class='size-medium wp-image-607' src='https:\/\/www.hans-werner-meyer.de\/wp-content\/uploads\/2025\/10\/2024_06_07_Klangrazzia_0105-300x206.jpeg' alt='' width='300' height='206' \/><\/a><figcaption id='caption-attachment-607' class='wp-caption-text'><a href='http:\/\/klangrazzia.de'>Hier geht\u00b4s zur Homepage der Klangrazzia<\/a><\/figcaption><\/figure> \",\"location\":[{\"@type\":\"Place\",\"name\":\"Stadtdtheater\",\"address\":{\"@type\": \"PostalAddress\",\"streetAddress\":\"Residenzstra\u00dfe 67, 86633 Neuburg\"}}]}<\/script><\/div>\r\n\t\t\t\t<p class=\"desc_trig_outter\" style=\"\"><a data-gmap_status=\"null\" data-exlk=\"0\" style=\"background-color: #4bb5d8;\" id=\"evc_1790193600697\" href=\"#\" class=\"desc_trig sin_val evcal_list_a\" data-ux_val=\"1\" data-ux_val_mob=\"-\"  ><span class='evoet_in'><span class='evoet_c2 evoet_cx '><span class='evoet_dayblock evcal_cblock ' data-bgcolor='#4bb5d8' data-smon='September' data-syr='2026' data-bub=''><span class='evo_start  evofxdrc'><em class='date'>23<\/em><em class='month'>sep<\/em><em class='time'>20:00<\/em><\/span><\/span><\/span><span class='evoet_c3 evoet_cx evcal_desc hide_eventtopdata '><span class='evoet_title evcal_desc2 evcal_event_title ' itemprop='name'>Klangrazzia<\/span><span class='event_location_attrs evodni'  data-location_address=\"Residenzstra\u00dfe 67, 86633 Neuburg\" data-location_type=\"address\" data-location_name=\"Stadtdtheater\" data-location_url=\"https:\/\/www.hans-werner-meyer.de\/?event_location=stadtdtheater\" data-location_status=\"true\" data-locid=\"55\"><\/span><span class='evoet_cy evoet_subtitle evo_below_title' ><span class='evcal_event_subtitle ' >Neuburg\/Donau<\/span><\/span><\/span><\/span><span class='evoet_data' style='display:none' data-d=\"{&quot;loc.n&quot;:&quot;Stadtdtheater&quot;,&quot;orgs&quot;:[],&quot;tags&quot;:[]}\" data-bgc=\"#4bb5d8\" data-bggrad=\"\" ><\/span><\/a><\/p><div class='event_description evcal_eventcard ' style=\"display:none\"><div class='evocard_row'><div id='event_ftimage' class='evocard_box ftimage' data-c='' \n\t\t\t\t\tstyle=''><div class='evocard_main_image_hold' data-t='Loading Image..'><div class='evocard_main_image evo_img_triglb evocd_img_def evobr15 evobgsc evobgpc evodfx evofx_jc_c evofx_ai_c evofz48 def' style='height:400px; background-image:url(https:\/\/www.hans-werner-meyer.de\/wp-content\/uploads\/2025\/07\/2024_06_07_Klangrazzia_0360.jpg);' data-f=\"https:\/\/www.hans-werner-meyer.de\/wp-content\/uploads\/2025\/07\/2024_06_07_Klangrazzia_0360.jpg\" data-h=\"741\" data-w=\"1770\" data-ratio=\"0.41864406779661\" data-event_id=\"697\" data-ri=\"0\"  data-t='Loading Image..'><\/div><\/div><\/div><\/div><!-- row close --><div class='evocard_row'><div id='event_eventdetails' class='evocard_box eventdetails' data-c='' \n\t\t\t\t\tstyle=''><div class=\"evo_metarow_details evorow evcal_evdata_row evcal_event_details\">\n    <div class=\"event_excerpt\" style=\"display:none\"><h3 class=\"padb5 evo_h3\">Event Details<\/h3><p>Hier geht\u00b4s zur Homepage der Klangrazzia<\/p><\/div><span class='evcal_evdata_icons'><i class='fa fa-align-justify'><\/i><\/span>    <div class=\"evcal_evdata_cell \">\n        <div class=\"eventon_full_description\">\n            <h3 class=\"padb5 evo_h3\"><span class='evcal_evdata_icons'><i class='fa fa-align-justify'><\/i><\/span>Event Details<\/h3>\n            <div class=\"eventon_desc_in\" itemprop=\"description\">\n                <figure id=\"attachment_607\" aria-describedby=\"caption-attachment-607\" style=\"width: 300px\" class=\"wp-caption alignnone\"><a href=\"https:\/\/www.hans-werner-meyer.de\/wp-content\/uploads\/2025\/10\/2024_06_07_Klangrazzia_0105-scaled.jpeg\"><img loading=\"lazy\" decoding=\"async\" class=\"size-medium wp-image-607\" src=\"https:\/\/www.hans-werner-meyer.de\/wp-content\/uploads\/2025\/10\/2024_06_07_Klangrazzia_0105-300x206.jpeg\" alt=\"\" width=\"300\" height=\"206\" srcset=\"https:\/\/www.hans-werner-meyer.de\/wp-content\/uploads\/2025\/10\/2024_06_07_Klangrazzia_0105-300x206.jpeg 300w, https:\/\/www.hans-werner-meyer.de\/wp-content\/uploads\/2025\/10\/2024_06_07_Klangrazzia_0105-1024x702.jpeg 1024w, https:\/\/www.hans-werner-meyer.de\/wp-content\/uploads\/2025\/10\/2024_06_07_Klangrazzia_0105-768x526.jpeg 768w, https:\/\/www.hans-werner-meyer.de\/wp-content\/uploads\/2025\/10\/2024_06_07_Klangrazzia_0105-1536x1053.jpeg 1536w, https:\/\/www.hans-werner-meyer.de\/wp-content\/uploads\/2025\/10\/2024_06_07_Klangrazzia_0105-2048x1404.jpeg 2048w, https:\/\/www.hans-werner-meyer.de\/wp-content\/uploads\/2025\/10\/2024_06_07_Klangrazzia_0105-500x343.jpeg 500w, https:\/\/www.hans-werner-meyer.de\/wp-content\/uploads\/2025\/10\/2024_06_07_Klangrazzia_0105-550x377.jpeg 550w, https:\/\/www.hans-werner-meyer.de\/wp-content\/uploads\/2025\/10\/2024_06_07_Klangrazzia_0105-400x274.jpeg 400w, https:\/\/www.hans-werner-meyer.de\/wp-content\/uploads\/2025\/10\/2024_06_07_Klangrazzia_0105-1920x1316.jpeg 1920w, https:\/\/www.hans-werner-meyer.de\/wp-content\/uploads\/2025\/10\/2024_06_07_Klangrazzia_0105-2000x1371.jpeg 2000w, https:\/\/www.hans-werner-meyer.de\/wp-content\/uploads\/2025\/10\/2024_06_07_Klangrazzia_0105-1200x823.jpeg 1200w\" sizes=\"auto, (max-width: 300px) 100vw, 300px\" \/><\/a><figcaption id=\"caption-attachment-607\" class=\"wp-caption-text\"><a href=\"http:\/\/klangrazzia.de\">Hier geht\u00b4s zur Homepage der Klangrazzia<\/a><\/figcaption><\/figure>\n            <\/div>\n            <div class='clear'><\/div>        <\/div>\n    <\/div>\n<\/div><\/div><\/div><!-- row close --><div class='evocard_row bx2 bx'><div id='event_time' class='evocard_box time' data-c='' \n\t\t\t\t\tstyle=''><div class='evo_metarow_time evorow evcal_evdata_row evcal_evrow_sm '>\n\t\t<span class='evcal_evdata_icons'><i class='fa fa-clock'><\/i><\/span>\n\t\t<div class='evcal_evdata_cell'>\t\t\t\t\t\t\t\n\t\t\t<h3 class='evo_h3'><span class='evcal_evdata_icons'><i class='fa fa-clock'><\/i><\/span>Uhrzeit<\/h3><div><span class='evo_eventcard_time_t evogap5 evofxww'><span class=\"start\">September 23, 2026<\/span> <span class=\"stime\">20:00<\/span><\/span><span class='evo_tz marr5'>(GMT+00:00)<\/span><\/div>\n\t\t<\/div>\n\t<\/div><\/div><div id='event_location' class='evocard_box location' data-c='' \n\t\t\t\t\tstyle=''><div class='evcal_evdata_row evo_metarow_time_location evorow '>\n\t\t\n\t\t\t<span class='evcal_evdata_icons'><i class='fa fa-map-marker'><\/i><\/span>\n\t\t\t<div class='evcal_evdata_cell' data-loc_tax_id='55'><h3 class='evo_h3 evodfx'><span class='evcal_evdata_icons'><i class='fa fa-map-marker'><\/i><\/span><a target=\"\" href=\"https:\/\/neuburg-ist-kultur.de\/stadttheater\">Veranstalter<\/a><\/h3><p class='evo_location_name'><a target=\"\" href=\"https:\/\/neuburg-ist-kultur.de\/stadttheater\">Stadtdtheater<\/a><\/p><p class='evo_location_address evodfxi evogap10'><a target=\"\" href=\"https:\/\/neuburg-ist-kultur.de\/stadttheater\">Residenzstra\u00dfe 67, 86633 Neuburg<\/a><\/p><div class='padt10'><span class='evo_btn_arr evolb_trigger' data-lbvals=\"{&quot;lbdata&quot;:{&quot;class&quot;:&quot;evo_location_lb_55&quot;,&quot;additional_class&quot;:&quot;lb_max&quot;,&quot;title&quot;:&quot;Stadtdtheater&quot;},&quot;adata&quot;:{&quot;a&quot;:&quot;eventon_get_tax_card_content&quot;,&quot;end&quot;:&quot;client&quot;,&quot;data&quot;:{&quot;lang&quot;:&quot;L1&quot;,&quot;term_id&quot;:55,&quot;tax&quot;:&quot;event_location&quot;,&quot;load_lbcontent&quot;:true}},&quot;uid&quot;:&quot;eventon_get_tax_card_content&quot;}\" >Other Events<i class='fa fa-chevron-right' aria-hidden='true'><\/i><\/span><\/div><\/div>\n\t\t\n\t<\/div><\/div><\/div><!-- row close --><div class='evocard_row'><div id='event_addtocal' class='evocard_box addtocal' data-c='' \n\t\t\t\t\tstyle=''><div class='evo_metarow_ICS evorow evcal_evdata_row'>\n\t\t\t<span class='evcal_evdata_icons'><i class='fa fa-calendar-o'><\/i><\/span>\n\t\t\t<div class='evcal_evdata_cell'>\n\t\t\t\t<p><a href='https:\/\/www.hans-werner-meyer.de\/?export-events=single&event_id=697&repeat_interval=0&key=6b2826c17a' rel='nofollow' class='evo_ics_nCal' title='Add to your calendar'>Calendar<\/a><a href='https:\/\/www.google.com\/calendar\/event?action=TEMPLATE&text=Klangrazzia&dates=20260923T200000Z\/20260923T235900Z&ctz=UTC&details=Klangrazzia&location=Stadtdtheater%20Residenzstra%C3%9Fe%2067%2C%2086633%20Neuburg' target='_blank' rel='nofollow' class='evo_ics_gCal' title='Add to google calendar'>GoogleCal<\/a><\/p>\t\n\t\t\t<\/div>\n\t\t<\/div><\/div><\/div><!-- row close --><div class='evocard_row'><div id='event_getdirection' class='evocard_box getdirection' data-c='' \n\t\t\t\t\tstyle=''><div class='evo_metarow_getDr evorow evcal_evdata_row evcal_evrow_sm getdirections'>\n\t\t<form action='https:\/\/maps.google.com\/maps' method='get' target='_blank'>\n\t\t\t<input type='hidden' name='daddr' value=\"Residenzstra\u00dfe 67, 86633 Neuburg\"\/> \n\t\t\t<div class='evo_get_direction_content evo_fx_dr_r evogap10'>\n\t\t\t\t<span class='evogetdir_header evodfx evofxdrr evofxaic evogap10'>\n\t\t\t\t\t<i class='mainicon fa fa-road evofz24i'><\/i> \n\t\t\t\t\t<h3 class='evo_h3 evopad0i' style='padding-bottom:5px;'>Route planen<\/h3>\n\t\t\t\t<\/span>\n\t\t\t\t<span class='evogetdir_field evodfx evofx_1_1 evow100p'>\t\n\t\t\t\t\t<label for='69f5be0cdb288' class='evo_aria_ready sr-only'>Address - Klangrazzia []<\/label>\t\t\t\t\n\t\t\t\t\t<input id='69f5be0cdb288' class='evo_aria_ready_match evoInput2 evobr10 evow100p evopad10 evoff_2 evofz14i evobrdB1 evoboxbb' type='text' name='saddr' placeholder='Geben Sie Ihre Adresse zur Routenplanung zur Veranstaltung ein' value='' style='' aria-label='Address - Klangrazzia []' \/>\n\t\t\t\t<\/span>\n\t\t\t\t<div class='evodfx evofxdrr evofxaic evogap10'>\n\t\t\t\t\t<i class='fa fa-location-dot'><\/i>\n\t\t\t\t\t<div class='evoposr evofx_1 evoh100p'><label for='69f5be0cdb288' class='evo_aria_ready sr-only'>Destination Address - Klangrazzia []<\/label>\t\t\n\t\t\t\t\t\t<input id='69f5be0cdb288' class='evo_aria_ready_match evoInput2 evobr10 evow100p evopad5-10 evoff_2 evofz14i evobrdB1 evoop5 evoboxbb evoh100p' type='text' style='' readonly value='Residenzstra\u00dfe 67, 86633 Neuburg' aria-label='Destination Address - Klangrazzia []'\/><button class='evo_copy_address evobuttonA evocurp evohoop7 evoposa evopad5' style='right: 3px; top: 4px; background-color: #fff;' data-txt='Residenzstra\u00dfe 67, 86633 Neuburg' data-t='Address copied to clipboard!'><i class='far fa-copy evofz16i' title='Copy Destination Address!'><\/i><\/button>\n\t\t\t\t\t<\/div>\n\t\t\t\t\t<button type='submit' class='evo_get_direction_button evcal_btn dfx evofxaic evocurp evohoop7' title='Click here to get directions' style='    padding: 10px 15px !important;'><i class='fa fa-chevron-right'><\/i> <\/button>\n\t\t\t\t<\/div>\n\t\t\t<\/div>\n\t\t<\/form>\n\t<\/div><\/div><\/div><!-- row close --><button class='evo_card_row_end evcal_close' title='Close'><\/button><\/div><div class='clear end'><\/div><\/div><div id=\"event_698_0\" class=\"eventon_list_event evo_eventtop scheduled  event clrW no_et event_698_0\" data-event_id=\"698\" data-ri=\"0r\" data-time=\"1790280000-1790294340\" data-colr=\"#4bb5d8\" itemscope itemtype='http:\/\/schema.org\/Event'><div class=\"evo_event_schema\" style=\"display:none\" ><a itemprop='url'  href='https:\/\/www.hans-werner-meyer.de\/?ajde_events=klangrazzia-24'><\/a><meta itemprop='image' content=\"https:\/\/www.hans-werner-meyer.de\/wp-content\/uploads\/2025\/07\/2024_06_07_Klangrazzia_0360.jpg\" \/><meta itemprop='startDate' content=\"2026-9-24T20:00+0:00\" \/><meta itemprop='endDate' content=\"2026-9-24T23:59+0:00\" \/><meta itemprop='eventStatus' content=\"https:\/\/schema.org\/EventScheduled\" \/><meta itemprop='eventAttendanceMode'   itemscope itemtype=\"https:\/\/schema.org\/OfflineEventAttendanceMode\"\/><div style=\"display:none\" itemprop=\"location\" itemscope itemtype=\"http:\/\/schema.org\/Place\"><span itemprop=\"name\">Stadtdtheater<\/span><span itemprop=\"address\" itemscope itemtype=\"http:\/\/schema.org\/PostalAddress\"><item itemprop=\"streetAddress\">Residenzstra\u00dfe 67, 86633 Neuburg<\/item><\/span><\/div><script type=\"application\/ld+json\">{\"@context\": \"http:\/\/schema.org\",\"@type\": \"Event\",\n\t\t\t\t\"@id\": \"event_698_0\",\n\t\t\t\t\"eventAttendanceMode\":\"https:\/\/schema.org\/OfflineEventAttendanceMode\",\n\t\t\t\t\"eventStatus\":\"https:\/\/schema.org\/EventScheduled\",\n\t\t\t\t\"name\": \"Klangrazzia\",\n\t\t\t\t\"url\": \"https:\/\/www.hans-werner-meyer.de\/?ajde_events=klangrazzia-24\",\n\t\t\t\t\"startDate\": \"2026-9-24T20:00+0:00\",\n\t\t\t\t\"endDate\": \"2026-9-24T23:59+0:00\",\n\t\t\t\t\"image\":\"https:\/\/www.hans-werner-meyer.de\/wp-content\/uploads\/2025\/07\/2024_06_07_Klangrazzia_0360.jpg\", \n\t\t\t\t\"description\":\"<figure id='attachment_607' aria-describedby='caption-attachment-607' style='width: 300px' class='wp-caption alignnone'><a href='https:\/\/www.hans-werner-meyer.de\/wp-content\/uploads\/2025\/10\/2024_06_07_Klangrazzia_0105-scaled.jpeg'><img class='size-medium wp-image-607' src='https:\/\/www.hans-werner-meyer.de\/wp-content\/uploads\/2025\/10\/2024_06_07_Klangrazzia_0105-300x206.jpeg' alt='' width='300' height='206' \/><\/a><figcaption id='caption-attachment-607' class='wp-caption-text'><a href='http:\/\/klangrazzia.de'>Hier geht\u00b4s zur Klangrazzia-Homepage<\/a><\/figcaption><\/figure> \",\"location\":[{\"@type\":\"Place\",\"name\":\"Stadtdtheater\",\"address\":{\"@type\": \"PostalAddress\",\"streetAddress\":\"Residenzstra\u00dfe 67, 86633 Neuburg\"}}]}<\/script><\/div>\r\n\t\t\t\t<p class=\"desc_trig_outter\" style=\"\"><a data-gmap_status=\"null\" data-exlk=\"0\" style=\"background-color: #4bb5d8;\" id=\"evc_1790280000698\" href=\"#\" class=\"desc_trig sin_val evcal_list_a\" data-ux_val=\"1\" data-ux_val_mob=\"-\"  ><span class='evoet_in'><span class='evoet_c2 evoet_cx '><span class='evoet_dayblock evcal_cblock ' data-bgcolor='#4bb5d8' data-smon='September' data-syr='2026' data-bub=''><span class='evo_start  evofxdrc'><em class='date'>24<\/em><em class='month'>sep<\/em><em class='time'>20:00<\/em><\/span><\/span><\/span><span class='evoet_c3 evoet_cx evcal_desc hide_eventtopdata '><span class='evoet_title evcal_desc2 evcal_event_title ' itemprop='name'>Klangrazzia<\/span><span class='event_location_attrs evodni'  data-location_address=\"Residenzstra\u00dfe 67, 86633 Neuburg\" data-location_type=\"address\" data-location_name=\"Stadtdtheater\" data-location_url=\"https:\/\/www.hans-werner-meyer.de\/?event_location=stadtdtheater\" data-location_status=\"true\" data-locid=\"55\"><\/span><span class='evoet_cy evoet_subtitle evo_below_title' ><span class='evcal_event_subtitle ' >Neuburg\/Donau<\/span><\/span><\/span><\/span><span class='evoet_data' style='display:none' data-d=\"{&quot;loc.n&quot;:&quot;Stadtdtheater&quot;,&quot;orgs&quot;:[],&quot;tags&quot;:[]}\" data-bgc=\"#4bb5d8\" data-bggrad=\"\" ><\/span><\/a><\/p><div class='event_description evcal_eventcard ' style=\"display:none\"><div class='evocard_row'><div id='event_ftimage' class='evocard_box ftimage' data-c='' \n\t\t\t\t\tstyle=''><div class='evocard_main_image_hold' data-t='Loading Image..'><div class='evocard_main_image evo_img_triglb evocd_img_def evobr15 evobgsc evobgpc evodfx evofx_jc_c evofx_ai_c evofz48 def' style='height:400px; background-image:url(https:\/\/www.hans-werner-meyer.de\/wp-content\/uploads\/2025\/07\/2024_06_07_Klangrazzia_0360.jpg);' data-f=\"https:\/\/www.hans-werner-meyer.de\/wp-content\/uploads\/2025\/07\/2024_06_07_Klangrazzia_0360.jpg\" data-h=\"741\" data-w=\"1770\" data-ratio=\"0.41864406779661\" data-event_id=\"698\" data-ri=\"0\"  data-t='Loading Image..'><\/div><\/div><\/div><\/div><!-- row close --><div class='evocard_row'><div id='event_eventdetails' class='evocard_box eventdetails' data-c='' \n\t\t\t\t\tstyle=''><div class=\"evo_metarow_details evorow evcal_evdata_row evcal_event_details\">\n    <div class=\"event_excerpt\" style=\"display:none\"><h3 class=\"padb5 evo_h3\">Event Details<\/h3><p>Hier geht\u00b4s zur Klangrazzia-Homepage<\/p><\/div><span class='evcal_evdata_icons'><i class='fa fa-align-justify'><\/i><\/span>    <div class=\"evcal_evdata_cell \">\n        <div class=\"eventon_full_description\">\n            <h3 class=\"padb5 evo_h3\"><span class='evcal_evdata_icons'><i class='fa fa-align-justify'><\/i><\/span>Event Details<\/h3>\n            <div class=\"eventon_desc_in\" itemprop=\"description\">\n                <figure id=\"attachment_607\" aria-describedby=\"caption-attachment-607\" style=\"width: 300px\" class=\"wp-caption alignnone\"><a href=\"https:\/\/www.hans-werner-meyer.de\/wp-content\/uploads\/2025\/10\/2024_06_07_Klangrazzia_0105-scaled.jpeg\"><img loading=\"lazy\" decoding=\"async\" class=\"size-medium wp-image-607\" src=\"https:\/\/www.hans-werner-meyer.de\/wp-content\/uploads\/2025\/10\/2024_06_07_Klangrazzia_0105-300x206.jpeg\" alt=\"\" width=\"300\" height=\"206\" srcset=\"https:\/\/www.hans-werner-meyer.de\/wp-content\/uploads\/2025\/10\/2024_06_07_Klangrazzia_0105-300x206.jpeg 300w, https:\/\/www.hans-werner-meyer.de\/wp-content\/uploads\/2025\/10\/2024_06_07_Klangrazzia_0105-1024x702.jpeg 1024w, https:\/\/www.hans-werner-meyer.de\/wp-content\/uploads\/2025\/10\/2024_06_07_Klangrazzia_0105-768x526.jpeg 768w, https:\/\/www.hans-werner-meyer.de\/wp-content\/uploads\/2025\/10\/2024_06_07_Klangrazzia_0105-1536x1053.jpeg 1536w, https:\/\/www.hans-werner-meyer.de\/wp-content\/uploads\/2025\/10\/2024_06_07_Klangrazzia_0105-2048x1404.jpeg 2048w, https:\/\/www.hans-werner-meyer.de\/wp-content\/uploads\/2025\/10\/2024_06_07_Klangrazzia_0105-500x343.jpeg 500w, https:\/\/www.hans-werner-meyer.de\/wp-content\/uploads\/2025\/10\/2024_06_07_Klangrazzia_0105-550x377.jpeg 550w, https:\/\/www.hans-werner-meyer.de\/wp-content\/uploads\/2025\/10\/2024_06_07_Klangrazzia_0105-400x274.jpeg 400w, https:\/\/www.hans-werner-meyer.de\/wp-content\/uploads\/2025\/10\/2024_06_07_Klangrazzia_0105-1920x1316.jpeg 1920w, https:\/\/www.hans-werner-meyer.de\/wp-content\/uploads\/2025\/10\/2024_06_07_Klangrazzia_0105-2000x1371.jpeg 2000w, https:\/\/www.hans-werner-meyer.de\/wp-content\/uploads\/2025\/10\/2024_06_07_Klangrazzia_0105-1200x823.jpeg 1200w\" sizes=\"auto, (max-width: 300px) 100vw, 300px\" \/><\/a><figcaption id=\"caption-attachment-607\" class=\"wp-caption-text\"><a href=\"http:\/\/klangrazzia.de\">Hier geht\u00b4s zur Klangrazzia-Homepage<\/a><\/figcaption><\/figure>\n            <\/div>\n            <div class='clear'><\/div>        <\/div>\n    <\/div>\n<\/div><\/div><\/div><!-- row close --><div class='evocard_row bx2 bx'><div id='event_time' class='evocard_box time' data-c='' \n\t\t\t\t\tstyle=''><div class='evo_metarow_time evorow evcal_evdata_row evcal_evrow_sm '>\n\t\t<span class='evcal_evdata_icons'><i class='fa fa-clock'><\/i><\/span>\n\t\t<div class='evcal_evdata_cell'>\t\t\t\t\t\t\t\n\t\t\t<h3 class='evo_h3'><span class='evcal_evdata_icons'><i class='fa fa-clock'><\/i><\/span>Uhrzeit<\/h3><div><span class='evo_eventcard_time_t evogap5 evofxww'><span class=\"start\">September 24, 2026<\/span> <span class=\"stime\">20:00<\/span><\/span><span class='evo_tz marr5'>(GMT+00:00)<\/span><\/div>\n\t\t<\/div>\n\t<\/div><\/div><div id='event_location' class='evocard_box location' data-c='' \n\t\t\t\t\tstyle=''><div class='evcal_evdata_row evo_metarow_time_location evorow '>\n\t\t\n\t\t\t<span class='evcal_evdata_icons'><i class='fa fa-map-marker'><\/i><\/span>\n\t\t\t<div class='evcal_evdata_cell' data-loc_tax_id='55'><h3 class='evo_h3 evodfx'><span class='evcal_evdata_icons'><i class='fa fa-map-marker'><\/i><\/span><a target=\"\" href=\"https:\/\/neuburg-ist-kultur.de\/stadttheater\">Veranstalter<\/a><\/h3><p class='evo_location_name'><a target=\"\" href=\"https:\/\/neuburg-ist-kultur.de\/stadttheater\">Stadtdtheater<\/a><\/p><p class='evo_location_address evodfxi evogap10'><a target=\"\" href=\"https:\/\/neuburg-ist-kultur.de\/stadttheater\">Residenzstra\u00dfe 67, 86633 Neuburg<\/a><\/p><div class='padt10'><span class='evo_btn_arr evolb_trigger' data-lbvals=\"{&quot;lbdata&quot;:{&quot;class&quot;:&quot;evo_location_lb_55&quot;,&quot;additional_class&quot;:&quot;lb_max&quot;,&quot;title&quot;:&quot;Stadtdtheater&quot;},&quot;adata&quot;:{&quot;a&quot;:&quot;eventon_get_tax_card_content&quot;,&quot;end&quot;:&quot;client&quot;,&quot;data&quot;:{&quot;lang&quot;:&quot;L1&quot;,&quot;term_id&quot;:55,&quot;tax&quot;:&quot;event_location&quot;,&quot;load_lbcontent&quot;:true}},&quot;uid&quot;:&quot;eventon_get_tax_card_content&quot;}\" >Other Events<i class='fa fa-chevron-right' aria-hidden='true'><\/i><\/span><\/div><\/div>\n\t\t\n\t<\/div><\/div><\/div><!-- row close --><div class='evocard_row'><div id='event_addtocal' class='evocard_box addtocal' data-c='' \n\t\t\t\t\tstyle=''><div class='evo_metarow_ICS evorow evcal_evdata_row'>\n\t\t\t<span class='evcal_evdata_icons'><i class='fa fa-calendar-o'><\/i><\/span>\n\t\t\t<div class='evcal_evdata_cell'>\n\t\t\t\t<p><a href='https:\/\/www.hans-werner-meyer.de\/?export-events=single&event_id=698&repeat_interval=0&key=6b2826c17a' rel='nofollow' class='evo_ics_nCal' title='Add to your calendar'>Calendar<\/a><a href='https:\/\/www.google.com\/calendar\/event?action=TEMPLATE&text=Klangrazzia&dates=20260924T200000Z\/20260924T235900Z&ctz=UTC&details=Klangrazzia&location=Stadtdtheater%20Residenzstra%C3%9Fe%2067%2C%2086633%20Neuburg' target='_blank' rel='nofollow' class='evo_ics_gCal' title='Add to google calendar'>GoogleCal<\/a><\/p>\t\n\t\t\t<\/div>\n\t\t<\/div><\/div><\/div><!-- row close --><div class='evocard_row'><div id='event_getdirection' class='evocard_box getdirection' data-c='' \n\t\t\t\t\tstyle=''><div class='evo_metarow_getDr evorow evcal_evdata_row evcal_evrow_sm getdirections'>\n\t\t<form action='https:\/\/maps.google.com\/maps' method='get' target='_blank'>\n\t\t\t<input type='hidden' name='daddr' value=\"Residenzstra\u00dfe 67, 86633 Neuburg\"\/> \n\t\t\t<div class='evo_get_direction_content evo_fx_dr_r evogap10'>\n\t\t\t\t<span class='evogetdir_header evodfx evofxdrr evofxaic evogap10'>\n\t\t\t\t\t<i class='mainicon fa fa-road evofz24i'><\/i> \n\t\t\t\t\t<h3 class='evo_h3 evopad0i' style='padding-bottom:5px;'>Route planen<\/h3>\n\t\t\t\t<\/span>\n\t\t\t\t<span class='evogetdir_field evodfx evofx_1_1 evow100p'>\t\n\t\t\t\t\t<label for='69f5be0cdc9a9' class='evo_aria_ready sr-only'>Address - Klangrazzia []<\/label>\t\t\t\t\n\t\t\t\t\t<input id='69f5be0cdc9a9' class='evo_aria_ready_match evoInput2 evobr10 evow100p evopad10 evoff_2 evofz14i evobrdB1 evoboxbb' type='text' name='saddr' placeholder='Geben Sie Ihre Adresse zur Routenplanung zur Veranstaltung ein' value='' style='' aria-label='Address - Klangrazzia []' \/>\n\t\t\t\t<\/span>\n\t\t\t\t<div class='evodfx evofxdrr evofxaic evogap10'>\n\t\t\t\t\t<i class='fa fa-location-dot'><\/i>\n\t\t\t\t\t<div class='evoposr evofx_1 evoh100p'><label for='69f5be0cdc9a9' class='evo_aria_ready sr-only'>Destination Address - Klangrazzia []<\/label>\t\t\n\t\t\t\t\t\t<input id='69f5be0cdc9a9' class='evo_aria_ready_match evoInput2 evobr10 evow100p evopad5-10 evoff_2 evofz14i evobrdB1 evoop5 evoboxbb evoh100p' type='text' style='' readonly value='Residenzstra\u00dfe 67, 86633 Neuburg' aria-label='Destination Address - Klangrazzia []'\/><button class='evo_copy_address evobuttonA evocurp evohoop7 evoposa evopad5' style='right: 3px; top: 4px; background-color: #fff;' data-txt='Residenzstra\u00dfe 67, 86633 Neuburg' data-t='Address copied to clipboard!'><i class='far fa-copy evofz16i' title='Copy Destination Address!'><\/i><\/button>\n\t\t\t\t\t<\/div>\n\t\t\t\t\t<button type='submit' class='evo_get_direction_button evcal_btn dfx evofxaic evocurp evohoop7' title='Click here to get directions' style='    padding: 10px 15px !important;'><i class='fa fa-chevron-right'><\/i> <\/button>\n\t\t\t\t<\/div>\n\t\t\t<\/div>\n\t\t<\/form>\n\t<\/div><\/div><\/div><!-- row close --><button class='evo_card_row_end evcal_close' title='Close'><\/button><\/div><div class='clear end'><\/div><\/div><div id=\"event_713_0\" class=\"eventon_list_event evo_eventtop scheduled  event clrW no_et event_713_0\" data-event_id=\"713\" data-ri=\"0r\" data-time=\"1790452800-1790467140\" data-colr=\"#4bb5d8\" itemscope itemtype='http:\/\/schema.org\/Event'><div class=\"evo_event_schema\" style=\"display:none\" ><a itemprop='url'  href='https:\/\/www.hans-werner-meyer.de\/?ajde_events=galgenlieder-26'><\/a><meta itemprop='image' content=\"https:\/\/www.hans-werner-meyer.de\/wp-content\/uploads\/2025\/07\/OB25_CDTD_2704_Fin02-1.jpg\" \/><meta itemprop='startDate' content=\"2026-9-26T20:00+0:00\" \/><meta itemprop='endDate' content=\"2026-9-26T23:59+0:00\" \/><meta itemprop='eventStatus' content=\"https:\/\/schema.org\/EventScheduled\" \/><meta itemprop='eventAttendanceMode'   itemscope itemtype=\"https:\/\/schema.org\/OfflineEventAttendanceMode\"\/><script type=\"application\/ld+json\">{\"@context\": \"http:\/\/schema.org\",\"@type\": \"Event\",\n\t\t\t\t\"@id\": \"event_713_0\",\n\t\t\t\t\"eventAttendanceMode\":\"https:\/\/schema.org\/OfflineEventAttendanceMode\",\n\t\t\t\t\"eventStatus\":\"https:\/\/schema.org\/EventScheduled\",\n\t\t\t\t\"name\": \"Galgenlieder\",\n\t\t\t\t\"url\": \"https:\/\/www.hans-werner-meyer.de\/?ajde_events=galgenlieder-26\",\n\t\t\t\t\"startDate\": \"2026-9-26T20:00+0:00\",\n\t\t\t\t\"endDate\": \"2026-9-26T23:59+0:00\",\n\t\t\t\t\"image\":\"https:\/\/www.hans-werner-meyer.de\/wp-content\/uploads\/2025\/07\/OB25_CDTD_2704_Fin02-1.jpg\", \n\t\t\t\t\"description\":\"<p><a href='https:\/\/www.hans-werner-meyer.de\/wp-content\/uploads\/2025\/10\/IMG_2526.jpeg'><img class='alignnone size-medium wp-image-575' src='https:\/\/www.hans-werner-meyer.de\/wp-content\/uploads\/2025\/10\/IMG_2526-300x298.jpeg' alt='' width='300' height='298' \/><\/a><\/p> \"}<\/script><\/div>\r\n\t\t\t\t<p class=\"desc_trig_outter\" style=\"\"><a data-gmap_status=\"null\" data-exlk=\"0\" style=\"background-color: #4bb5d8;\" id=\"evc_1790452800713\" href=\"#\" class=\"desc_trig sin_val evcal_list_a\" data-ux_val=\"1\" data-ux_val_mob=\"-\"  ><span class='evoet_in'><span class='evoet_c2 evoet_cx '><span class='evoet_dayblock evcal_cblock ' data-bgcolor='#4bb5d8' data-smon='September' data-syr='2026' data-bub=''><span class='evo_start  evofxdrc'><em class='date'>26<\/em><em class='month'>sep<\/em><em class='time'>20:00<\/em><\/span><\/span><\/span><span class='evoet_c3 evoet_cx evcal_desc hide_eventtopdata '><span class='evoet_title evcal_desc2 evcal_event_title ' itemprop='name'>Galgenlieder<\/span><span class='evoet_cy evoet_subtitle evo_below_title' ><span class='evcal_event_subtitle ' >Templin<\/span><\/span><\/span><\/span><span class='evoet_data' style='display:none' data-d=\"{&quot;loc.n&quot;:&quot;MKC (Mulitkulturelles Centrum Templin&quot;,&quot;orgs&quot;:[],&quot;tags&quot;:[]}\" data-bgc=\"#4bb5d8\" data-bggrad=\"\" ><\/span><\/a><\/p><div class='event_description evcal_eventcard ' style=\"display:none\"><div class='evocard_row'><div id='event_ftimage' class='evocard_box ftimage' data-c='' \n\t\t\t\t\tstyle=''><div class='evocard_main_image_hold' data-t='Loading Image..'><div class='evocard_main_image evo_img_triglb evocd_img_def evobr15 evobgsc evobgpc evodfx evofx_jc_c evofx_ai_c evofz48 def' style='height:400px; background-image:url(https:\/\/www.hans-werner-meyer.de\/wp-content\/uploads\/2025\/07\/OB25_CDTD_2704_Fin02-1.jpg);' data-f=\"https:\/\/www.hans-werner-meyer.de\/wp-content\/uploads\/2025\/07\/OB25_CDTD_2704_Fin02-1.jpg\" data-h=\"1195\" data-w=\"2003\" data-ratio=\"0.59660509236146\" data-event_id=\"713\" data-ri=\"0\"  data-t='Loading Image..'><\/div><\/div><\/div><\/div><!-- row close --><div class='evocard_row'><div id='event_eventdetails' class='evocard_box eventdetails' data-c='' \n\t\t\t\t\tstyle=''><div class=\"evo_metarow_details evorow evcal_evdata_row evcal_event_details\">\n    <div class=\"event_excerpt\" style=\"display:none\"><h3 class=\"padb5 evo_h3\">Event Details<\/h3><p><\/p><\/div><span class='evcal_evdata_icons'><i class='fa fa-align-justify'><\/i><\/span>    <div class=\"evcal_evdata_cell \">\n        <div class=\"eventon_full_description\">\n            <h3 class=\"padb5 evo_h3\"><span class='evcal_evdata_icons'><i class='fa fa-align-justify'><\/i><\/span>Event Details<\/h3>\n            <div class=\"eventon_desc_in\" itemprop=\"description\">\n                <p><a href=\"https:\/\/www.hans-werner-meyer.de\/wp-content\/uploads\/2025\/10\/IMG_2526.jpeg\"><img loading=\"lazy\" decoding=\"async\" class=\"alignnone size-medium wp-image-575\" src=\"https:\/\/www.hans-werner-meyer.de\/wp-content\/uploads\/2025\/10\/IMG_2526-300x298.jpeg\" alt=\"\" width=\"300\" height=\"298\" srcset=\"https:\/\/www.hans-werner-meyer.de\/wp-content\/uploads\/2025\/10\/IMG_2526-300x298.jpeg 300w, https:\/\/www.hans-werner-meyer.de\/wp-content\/uploads\/2025\/10\/IMG_2526-1024x1016.jpeg 1024w, https:\/\/www.hans-werner-meyer.de\/wp-content\/uploads\/2025\/10\/IMG_2526-150x150.jpeg 150w, https:\/\/www.hans-werner-meyer.de\/wp-content\/uploads\/2025\/10\/IMG_2526-768x762.jpeg 768w, https:\/\/www.hans-werner-meyer.de\/wp-content\/uploads\/2025\/10\/IMG_2526-500x496.jpeg 500w, https:\/\/www.hans-werner-meyer.de\/wp-content\/uploads\/2025\/10\/IMG_2526-550x546.jpeg 550w, https:\/\/www.hans-werner-meyer.de\/wp-content\/uploads\/2025\/10\/IMG_2526-400x397.jpeg 400w, https:\/\/www.hans-werner-meyer.de\/wp-content\/uploads\/2025\/10\/IMG_2526-1200x1190.jpeg 1200w, https:\/\/www.hans-werner-meyer.de\/wp-content\/uploads\/2025\/10\/IMG_2526.jpeg 1257w\" sizes=\"auto, (max-width: 300px) 100vw, 300px\" \/><\/a><\/p>\n            <\/div>\n            <div class='clear'><\/div>        <\/div>\n    <\/div>\n<\/div><\/div><\/div><!-- row close --><div class='evocard_row bx2 bx'><div id='event_time' class='evocard_box time' data-c='' \n\t\t\t\t\tstyle=''><div class='evo_metarow_time evorow evcal_evdata_row evcal_evrow_sm '>\n\t\t<span class='evcal_evdata_icons'><i class='fa fa-clock'><\/i><\/span>\n\t\t<div class='evcal_evdata_cell'>\t\t\t\t\t\t\t\n\t\t\t<h3 class='evo_h3'><span class='evcal_evdata_icons'><i class='fa fa-clock'><\/i><\/span>Uhrzeit<\/h3><div><span class='evo_eventcard_time_t evogap5 evofxww'><span class=\"start\">September 26, 2026<\/span> <span class=\"stime\">20:00<\/span><\/span><span class='evo_tz marr5'>(GMT+00:00)<\/span><\/div>\n\t\t<\/div>\n\t<\/div><\/div><div id='event_location' class='evocard_box location' data-c='' \n\t\t\t\t\tstyle=''><div class='evcal_evdata_row evo_metarow_time_location evorow '>\n\t\t\n\t\t\t<span class='evcal_evdata_icons'><i class='fa fa-map-marker'><\/i><\/span>\n\t\t\t<div class='evcal_evdata_cell' data-loc_tax_id='66'><h3 class='evo_h3 evodfx'><span class='evcal_evdata_icons'><i class='fa fa-map-marker'><\/i><\/span><a target=\"\" href=\"https:\/\/www.mkc-templin.de\/\">Veranstalter<\/a><\/h3><p class='evo_location_name'><a target=\"\" href=\"https:\/\/www.mkc-templin.de\/\">MKC (Mulitkulturelles Centrum Templin<\/a><\/p><div class='padt10'><span class='evo_btn_arr evolb_trigger' data-lbvals=\"{&quot;lbdata&quot;:{&quot;class&quot;:&quot;evo_location_lb_66&quot;,&quot;additional_class&quot;:&quot;lb_max&quot;,&quot;title&quot;:&quot;MKC (Mulitkulturelles Centrum Templin&quot;},&quot;adata&quot;:{&quot;a&quot;:&quot;eventon_get_tax_card_content&quot;,&quot;end&quot;:&quot;client&quot;,&quot;data&quot;:{&quot;lang&quot;:&quot;L1&quot;,&quot;term_id&quot;:66,&quot;tax&quot;:&quot;event_location&quot;,&quot;load_lbcontent&quot;:true}},&quot;uid&quot;:&quot;eventon_get_tax_card_content&quot;}\" >Other Events<i class='fa fa-chevron-right' aria-hidden='true'><\/i><\/span><\/div><\/div>\n\t\t\n\t<\/div><\/div><\/div><!-- row close --><div class='evocard_row'><div id='event_addtocal' class='evocard_box addtocal' data-c='' \n\t\t\t\t\tstyle=''><div class='evo_metarow_ICS evorow evcal_evdata_row'>\n\t\t\t<span class='evcal_evdata_icons'><i class='fa fa-calendar-o'><\/i><\/span>\n\t\t\t<div class='evcal_evdata_cell'>\n\t\t\t\t<p><a href='https:\/\/www.hans-werner-meyer.de\/?export-events=single&event_id=713&repeat_interval=0&key=6b2826c17a' rel='nofollow' class='evo_ics_nCal' title='Add to your calendar'>Calendar<\/a><a href='https:\/\/www.google.com\/calendar\/event?action=TEMPLATE&text=Galgenlieder&dates=20260926T200000Z\/20260926T235900Z&ctz=UTC&details=Galgenlieder&location=MKC%20%28Mulitkulturelles%20Centrum%20Templin' target='_blank' rel='nofollow' class='evo_ics_gCal' title='Add to google calendar'>GoogleCal<\/a><\/p>\t\n\t\t\t<\/div>\n\t\t<\/div><\/div><\/div><!-- row close --><button class='evo_card_row_end evcal_close' title='Close'><\/button><\/div><div class='clear end'><\/div><\/div><div id=\"event_720_0\" class=\"eventon_list_event evo_eventtop scheduled  event clrW no_et event_720_0\" data-event_id=\"720\" data-ri=\"0r\" data-time=\"1790524800-1790553540\" data-colr=\"#4bb5d8\" itemscope itemtype='http:\/\/schema.org\/Event'><div class=\"evo_event_schema\" style=\"display:none\" ><a itemprop='url'  href='https:\/\/www.hans-werner-meyer.de\/?ajde_events=galgenlieder-25'><\/a><meta itemprop='image' content=\"https:\/\/www.hans-werner-meyer.de\/wp-content\/uploads\/2025\/07\/OB25_CDTD_2704_Fin02-1.jpg\" \/><meta itemprop='startDate' content=\"2026-9-27T16:00+0:00\" \/><meta itemprop='endDate' content=\"2026-9-27T23:59+0:00\" \/><meta itemprop='eventStatus' content=\"https:\/\/schema.org\/EventScheduled\" \/><meta itemprop='eventAttendanceMode'   itemscope itemtype=\"https:\/\/schema.org\/OfflineEventAttendanceMode\"\/><div style=\"display:none\" itemprop=\"location\" itemscope itemtype=\"http:\/\/schema.org\/Place\"><span itemprop=\"name\">Theater am Rand<\/span><span itemprop=\"address\" itemscope itemtype=\"http:\/\/schema.org\/PostalAddress\"><item itemprop=\"streetAddress\">Zollbr\u00fccke 16 16259 Oderaue<\/item><\/span><\/div><script type=\"application\/ld+json\">{\"@context\": \"http:\/\/schema.org\",\"@type\": \"Event\",\n\t\t\t\t\"@id\": \"event_720_0\",\n\t\t\t\t\"eventAttendanceMode\":\"https:\/\/schema.org\/OfflineEventAttendanceMode\",\n\t\t\t\t\"eventStatus\":\"https:\/\/schema.org\/EventScheduled\",\n\t\t\t\t\"name\": \"Galgenlieder\",\n\t\t\t\t\"url\": \"https:\/\/www.hans-werner-meyer.de\/?ajde_events=galgenlieder-25\",\n\t\t\t\t\"startDate\": \"2026-9-27T16:00+0:00\",\n\t\t\t\t\"endDate\": \"2026-9-27T23:59+0:00\",\n\t\t\t\t\"image\":\"https:\/\/www.hans-werner-meyer.de\/wp-content\/uploads\/2025\/07\/OB25_CDTD_2704_Fin02-1.jpg\", \n\t\t\t\t\"description\":\"<p><a href='https:\/\/www.hans-werner-meyer.de\/wp-content\/uploads\/2025\/10\/IMG_2526.jpeg'><img class='alignnone size-medium wp-image-575' src='https:\/\/www.hans-werner-meyer.de\/wp-content\/uploads\/2025\/10\/IMG_2526-300x298.jpeg' alt='' width='300' height='298' \/><\/a><\/p> \",\"location\":[{\"@type\":\"Place\",\"name\":\"Theater am Rand\",\"address\":{\"@type\": \"PostalAddress\",\"streetAddress\":\"Zollbr\u00fccke 16 16259 Oderaue\"}}]}<\/script><\/div>\r\n\t\t\t\t<p class=\"desc_trig_outter\" style=\"\"><a data-gmap_status=\"null\" data-exlk=\"0\" style=\"background-color: #4bb5d8;\" id=\"evc_1790524800720\" href=\"#\" class=\"desc_trig sin_val evcal_list_a\" data-ux_val=\"1\" data-ux_val_mob=\"-\"  ><span class='evoet_in'><span class='evoet_c2 evoet_cx '><span class='evoet_dayblock evcal_cblock ' data-bgcolor='#4bb5d8' data-smon='September' data-syr='2026' data-bub=''><span class='evo_start  evofxdrc'><em class='date'>27<\/em><em class='month'>sep<\/em><em class='time'>16:00<\/em><\/span><\/span><\/span><span class='evoet_c3 evoet_cx evcal_desc hide_eventtopdata '><span class='evoet_title evcal_desc2 evcal_event_title ' itemprop='name'>Galgenlieder<\/span><span class='event_location_attrs evodni'  data-location_address=\"Zollbr\u00fccke 16 16259 Oderaue\" data-location_type=\"address\" data-location_name=\"Theater am Rand\" data-location_url=\"https:\/\/www.hans-werner-meyer.de\/?event_location=theater-am-rand\" data-location_status=\"true\" data-locid=\"65\"><\/span><span class='evoet_cy evoet_subtitle evo_below_title' ><span class='evcal_event_subtitle ' >Oderaue - Theater am Rand<\/span><\/span><\/span><\/span><span class='evoet_data' style='display:none' data-d=\"{&quot;loc.n&quot;:&quot;Theater am Rand&quot;,&quot;orgs&quot;:[],&quot;tags&quot;:[]}\" data-bgc=\"#4bb5d8\" data-bggrad=\"\" ><\/span><\/a><\/p><div class='event_description evcal_eventcard ' style=\"display:none\"><div class='evocard_row'><div id='event_ftimage' class='evocard_box ftimage' data-c='' \n\t\t\t\t\tstyle=''><div class='evocard_main_image_hold' data-t='Loading Image..'><div class='evocard_main_image evo_img_triglb evocd_img_def evobr15 evobgsc evobgpc evodfx evofx_jc_c evofx_ai_c evofz48 def' style='height:400px; background-image:url(https:\/\/www.hans-werner-meyer.de\/wp-content\/uploads\/2025\/07\/OB25_CDTD_2704_Fin02-1.jpg);' data-f=\"https:\/\/www.hans-werner-meyer.de\/wp-content\/uploads\/2025\/07\/OB25_CDTD_2704_Fin02-1.jpg\" data-h=\"1195\" data-w=\"2003\" data-ratio=\"0.59660509236146\" data-event_id=\"720\" data-ri=\"0\"  data-t='Loading Image..'><\/div><\/div><\/div><\/div><!-- row close --><div class='evocard_row'><div id='event_eventdetails' class='evocard_box eventdetails' data-c='' \n\t\t\t\t\tstyle=''><div class=\"evo_metarow_details evorow evcal_evdata_row evcal_event_details\">\n    <div class=\"event_excerpt\" style=\"display:none\"><h3 class=\"padb5 evo_h3\">Event Details<\/h3><p><\/p><\/div><span class='evcal_evdata_icons'><i class='fa fa-align-justify'><\/i><\/span>    <div class=\"evcal_evdata_cell \">\n        <div class=\"eventon_full_description\">\n            <h3 class=\"padb5 evo_h3\"><span class='evcal_evdata_icons'><i class='fa fa-align-justify'><\/i><\/span>Event Details<\/h3>\n            <div class=\"eventon_desc_in\" itemprop=\"description\">\n                <p><a href=\"https:\/\/www.hans-werner-meyer.de\/wp-content\/uploads\/2025\/10\/IMG_2526.jpeg\"><img loading=\"lazy\" decoding=\"async\" class=\"alignnone size-medium wp-image-575\" src=\"https:\/\/www.hans-werner-meyer.de\/wp-content\/uploads\/2025\/10\/IMG_2526-300x298.jpeg\" alt=\"\" width=\"300\" height=\"298\" srcset=\"https:\/\/www.hans-werner-meyer.de\/wp-content\/uploads\/2025\/10\/IMG_2526-300x298.jpeg 300w, https:\/\/www.hans-werner-meyer.de\/wp-content\/uploads\/2025\/10\/IMG_2526-1024x1016.jpeg 1024w, https:\/\/www.hans-werner-meyer.de\/wp-content\/uploads\/2025\/10\/IMG_2526-150x150.jpeg 150w, https:\/\/www.hans-werner-meyer.de\/wp-content\/uploads\/2025\/10\/IMG_2526-768x762.jpeg 768w, https:\/\/www.hans-werner-meyer.de\/wp-content\/uploads\/2025\/10\/IMG_2526-500x496.jpeg 500w, https:\/\/www.hans-werner-meyer.de\/wp-content\/uploads\/2025\/10\/IMG_2526-550x546.jpeg 550w, https:\/\/www.hans-werner-meyer.de\/wp-content\/uploads\/2025\/10\/IMG_2526-400x397.jpeg 400w, https:\/\/www.hans-werner-meyer.de\/wp-content\/uploads\/2025\/10\/IMG_2526-1200x1190.jpeg 1200w, https:\/\/www.hans-werner-meyer.de\/wp-content\/uploads\/2025\/10\/IMG_2526.jpeg 1257w\" sizes=\"auto, (max-width: 300px) 100vw, 300px\" \/><\/a><\/p>\n            <\/div>\n            <div class='clear'><\/div>        <\/div>\n    <\/div>\n<\/div><\/div><\/div><!-- row close --><div class='evocard_row bx2 bx'><div id='event_time' class='evocard_box time' data-c='' \n\t\t\t\t\tstyle=''><div class='evo_metarow_time evorow evcal_evdata_row evcal_evrow_sm '>\n\t\t<span class='evcal_evdata_icons'><i class='fa fa-clock'><\/i><\/span>\n\t\t<div class='evcal_evdata_cell'>\t\t\t\t\t\t\t\n\t\t\t<h3 class='evo_h3'><span class='evcal_evdata_icons'><i class='fa fa-clock'><\/i><\/span>Uhrzeit<\/h3><div><span class='evo_eventcard_time_t evogap5 evofxww'><span class=\"start\">September 27, 2026<\/span> <span class=\"stime\">16:00<\/span><\/span><span class='evo_tz marr5'>(GMT+00:00)<\/span><\/div>\n\t\t<\/div>\n\t<\/div><\/div><div id='event_location' class='evocard_box location' data-c='' \n\t\t\t\t\tstyle=''><div class='evcal_evdata_row evo_metarow_time_location evorow '>\n\t\t\n\t\t\t<span class='evcal_evdata_icons'><i class='fa fa-map-marker'><\/i><\/span>\n\t\t\t<div class='evcal_evdata_cell' data-loc_tax_id='65'><h3 class='evo_h3 evodfx'><span class='evcal_evdata_icons'><i class='fa fa-map-marker'><\/i><\/span><a target=\"\" href=\"https:\/\/theateramrand.de\/\">Veranstalter<\/a><\/h3><p class='evo_location_name'><a target=\"\" href=\"https:\/\/theateramrand.de\/\">Theater am Rand<\/a><\/p><p class='evo_location_address evodfxi evogap10'><a target=\"\" href=\"https:\/\/theateramrand.de\/\">Zollbr\u00fccke 16 16259 Oderaue<\/a><\/p><div class='padt10'><span class='evo_btn_arr evolb_trigger' data-lbvals=\"{&quot;lbdata&quot;:{&quot;class&quot;:&quot;evo_location_lb_65&quot;,&quot;additional_class&quot;:&quot;lb_max&quot;,&quot;title&quot;:&quot;Theater am Rand&quot;},&quot;adata&quot;:{&quot;a&quot;:&quot;eventon_get_tax_card_content&quot;,&quot;end&quot;:&quot;client&quot;,&quot;data&quot;:{&quot;lang&quot;:&quot;L1&quot;,&quot;term_id&quot;:65,&quot;tax&quot;:&quot;event_location&quot;,&quot;load_lbcontent&quot;:true}},&quot;uid&quot;:&quot;eventon_get_tax_card_content&quot;}\" >Other Events<i class='fa fa-chevron-right' aria-hidden='true'><\/i><\/span><\/div><\/div>\n\t\t\n\t<\/div><\/div><\/div><!-- row close --><div class='evocard_row'><div id='event_addtocal' class='evocard_box addtocal' data-c='' \n\t\t\t\t\tstyle=''><div class='evo_metarow_ICS evorow evcal_evdata_row'>\n\t\t\t<span class='evcal_evdata_icons'><i class='fa fa-calendar-o'><\/i><\/span>\n\t\t\t<div class='evcal_evdata_cell'>\n\t\t\t\t<p><a href='https:\/\/www.hans-werner-meyer.de\/?export-events=single&event_id=720&repeat_interval=0&key=6b2826c17a' rel='nofollow' class='evo_ics_nCal' title='Add to your calendar'>Calendar<\/a><a href='https:\/\/www.google.com\/calendar\/event?action=TEMPLATE&text=Galgenlieder&dates=20260927T160000Z\/20260927T235900Z&ctz=UTC&details=Galgenlieder&location=Theater%20am%20Rand%20Zollbr%C3%BCcke%2016%2016259%20Oderaue' target='_blank' rel='nofollow' class='evo_ics_gCal' title='Add to google calendar'>GoogleCal<\/a><\/p>\t\n\t\t\t<\/div>\n\t\t<\/div><\/div><\/div><!-- row close --><div class='evocard_row'><div id='event_getdirection' class='evocard_box getdirection' data-c='' \n\t\t\t\t\tstyle=''><div class='evo_metarow_getDr evorow evcal_evdata_row evcal_evrow_sm getdirections'>\n\t\t<form action='https:\/\/maps.google.com\/maps' method='get' target='_blank'>\n\t\t\t<input type='hidden' name='daddr' value=\"Zollbr\u00fccke 16 16259 Oderaue\"\/> \n\t\t\t<div class='evo_get_direction_content evo_fx_dr_r evogap10'>\n\t\t\t\t<span class='evogetdir_header evodfx evofxdrr evofxaic evogap10'>\n\t\t\t\t\t<i class='mainicon fa fa-road evofz24i'><\/i> \n\t\t\t\t\t<h3 class='evo_h3 evopad0i' style='padding-bottom:5px;'>Route planen<\/h3>\n\t\t\t\t<\/span>\n\t\t\t\t<span class='evogetdir_field evodfx evofx_1_1 evow100p'>\t\n\t\t\t\t\t<label for='69f5be0cdf9f6' class='evo_aria_ready sr-only'>Address - Galgenlieder []<\/label>\t\t\t\t\n\t\t\t\t\t<input id='69f5be0cdf9f6' class='evo_aria_ready_match evoInput2 evobr10 evow100p evopad10 evoff_2 evofz14i evobrdB1 evoboxbb' type='text' name='saddr' placeholder='Geben Sie Ihre Adresse zur Routenplanung zur Veranstaltung ein' value='' style='' aria-label='Address - Galgenlieder []' \/>\n\t\t\t\t<\/span>\n\t\t\t\t<div class='evodfx evofxdrr evofxaic evogap10'>\n\t\t\t\t\t<i class='fa fa-location-dot'><\/i>\n\t\t\t\t\t<div class='evoposr evofx_1 evoh100p'><label for='69f5be0cdf9f6' class='evo_aria_ready sr-only'>Destination Address - Galgenlieder []<\/label>\t\t\n\t\t\t\t\t\t<input id='69f5be0cdf9f6' class='evo_aria_ready_match evoInput2 evobr10 evow100p evopad5-10 evoff_2 evofz14i evobrdB1 evoop5 evoboxbb evoh100p' type='text' style='' readonly value='Zollbr\u00fccke 16 16259 Oderaue' aria-label='Destination Address - Galgenlieder []'\/><button class='evo_copy_address evobuttonA evocurp evohoop7 evoposa evopad5' style='right: 3px; top: 4px; background-color: #fff;' data-txt='Zollbr\u00fccke 16 16259 Oderaue' data-t='Address copied to clipboard!'><i class='far fa-copy evofz16i' title='Copy Destination Address!'><\/i><\/button>\n\t\t\t\t\t<\/div>\n\t\t\t\t\t<button type='submit' class='evo_get_direction_button evcal_btn dfx evofxaic evocurp evohoop7' title='Click here to get directions' style='    padding: 10px 15px !important;'><i class='fa fa-chevron-right'><\/i> <\/button>\n\t\t\t\t<\/div>\n\t\t\t<\/div>\n\t\t<\/form>\n\t<\/div><\/div><\/div><!-- row close --><button class='evo_card_row_end evcal_close' title='Close'><\/button><\/div><div class='clear end'><\/div><\/div><\/div><div class='evcal_month_line' data-d='eml_10_2026' data-su='1790809200'><p>Oktober 2026<\/p><\/div><div class='sep_month_events ' data-d='eml_10_2026' data-range='1790809200_1793491199'><div id=\"event_703_0\" class=\"eventon_list_event evo_eventtop scheduled  event clrW event_703_0\" data-event_id=\"703\" data-ri=\"0r\" data-time=\"1790884800-1790891100\" data-colr=\"#4bb5d8\" itemscope itemtype='http:\/\/schema.org\/Event'><div class=\"evo_event_schema\" style=\"display:none\" ><a itemprop='url'  href='https:\/\/www.hans-werner-meyer.de\/?ajde_events=galgenlieder-14'><\/a><meta itemprop='image' content=\"https:\/\/www.hans-werner-meyer.de\/wp-content\/uploads\/2025\/07\/OB25_CDTD_2704_Fin02-1.jpg\" \/><meta itemprop='startDate' content=\"2026-10-1T20:00+0:00\" \/><meta itemprop='endDate' content=\"2026-10-1T21:45+0:00\" \/><meta itemprop='eventStatus' content=\"https:\/\/schema.org\/EventScheduled\" \/><meta itemprop='eventAttendanceMode'   itemscope itemtype=\"https:\/\/schema.org\/OfflineEventAttendanceMode\"\/><div style=\"display:none\" itemprop=\"location\" itemscope itemtype=\"http:\/\/schema.org\/Place\"><span itemprop=\"name\">Stadttheater Cuxhaven<\/span><span itemprop=\"address\" itemscope itemtype=\"http:\/\/schema.org\/PostalAddress\"><item itemprop=\"streetAddress\">Rathausstr. 21, 27472 Cuxhaven<\/item><\/span><\/div><script type=\"application\/ld+json\">{\"@context\": \"http:\/\/schema.org\",\"@type\": \"Event\",\n\t\t\t\t\"@id\": \"event_703_0\",\n\t\t\t\t\"eventAttendanceMode\":\"https:\/\/schema.org\/OfflineEventAttendanceMode\",\n\t\t\t\t\"eventStatus\":\"https:\/\/schema.org\/EventScheduled\",\n\t\t\t\t\"name\": \"Galgenlieder\",\n\t\t\t\t\"url\": \"https:\/\/www.hans-werner-meyer.de\/?ajde_events=galgenlieder-14\",\n\t\t\t\t\"startDate\": \"2026-10-1T20:00+0:00\",\n\t\t\t\t\"endDate\": \"2026-10-1T21:45+0:00\",\n\t\t\t\t\"image\":\"https:\/\/www.hans-werner-meyer.de\/wp-content\/uploads\/2025\/07\/OB25_CDTD_2704_Fin02-1.jpg\", \n\t\t\t\t\"description\":\"<p><a href='https:\/\/www.hans-werner-meyer.de\/wp-content\/uploads\/2025\/10\/IMG_2526.jpeg'><img class='alignnone size-medium wp-image-575' src='https:\/\/www.hans-werner-meyer.de\/wp-content\/uploads\/2025\/10\/IMG_2526-300x298.jpeg' alt='' width='300' height='298' \/><\/a><\/p> \",\"location\":[{\"@type\":\"Place\",\"name\":\"Stadttheater Cuxhaven\",\"address\":{\"@type\": \"PostalAddress\",\"streetAddress\":\"Rathausstr. 21, 27472 Cuxhaven\"}}]}<\/script><\/div>\r\n\t\t\t\t<p class=\"desc_trig_outter\" style=\"\"><a data-gmap_status=\"null\" data-exlk=\"0\" style=\"background-color: #4bb5d8;\" id=\"evc_1790884800703\" href=\"#\" class=\"desc_trig sin_val evcal_list_a\" data-ux_val=\"1\" data-ux_val_mob=\"-\"  ><span class='evoet_in'><span class='evoet_c2 evoet_cx '><span class='evoet_dayblock evcal_cblock ' data-bgcolor='#4bb5d8' data-smon='Oktober' data-syr='2026' data-bub=''><span class='evo_start  evofxdrc'><em class='date'>01<\/em><em class='month'>oct<\/em><em class='time'>20:00<\/em><\/span><span class='evo_end only_time evofxdrc'><em class='time'>21:45<\/em><\/span><\/span><\/span><span class='evoet_c3 evoet_cx evcal_desc hide_eventtopdata '><span class='evoet_title evcal_desc2 evcal_event_title ' itemprop='name'>Galgenlieder<\/span><span class='event_location_attrs evodni'  data-location_address=\"Rathausstr. 21, 27472 Cuxhaven\" data-location_type=\"address\" data-location_name=\"Stadttheater Cuxhaven\" data-location_url=\"https:\/\/www.hans-werner-meyer.de\/?event_location=stadttheater-cuxhaven\" data-location_status=\"true\" data-locid=\"58\"><\/span><span class='evoet_cy evoet_subtitle evo_below_title' ><span class='evcal_event_subtitle ' >Cuxhaven<\/span><\/span><\/span><\/span><span class='evoet_data' style='display:none' data-d=\"{&quot;loc.n&quot;:&quot;Stadttheater Cuxhaven&quot;,&quot;orgs&quot;:[],&quot;tags&quot;:[]}\" data-bgc=\"#4bb5d8\" data-bggrad=\"\" ><\/span><\/a><\/p><div class='event_description evcal_eventcard ' style=\"display:none\"><div class='evocard_row'><div id='event_ftimage' class='evocard_box ftimage' data-c='' \n\t\t\t\t\tstyle=''><div class='evocard_main_image_hold' data-t='Loading Image..'><div class='evocard_main_image evo_img_triglb evocd_img_def evobr15 evobgsc evobgpc evodfx evofx_jc_c evofx_ai_c evofz48 def' style='height:400px; background-image:url(https:\/\/www.hans-werner-meyer.de\/wp-content\/uploads\/2025\/07\/OB25_CDTD_2704_Fin02-1.jpg);' data-f=\"https:\/\/www.hans-werner-meyer.de\/wp-content\/uploads\/2025\/07\/OB25_CDTD_2704_Fin02-1.jpg\" data-h=\"1195\" data-w=\"2003\" data-ratio=\"0.59660509236146\" data-event_id=\"703\" data-ri=\"0\"  data-t='Loading Image..'><\/div><\/div><\/div><\/div><!-- row close --><div class='evocard_row'><div id='event_eventdetails' class='evocard_box eventdetails' data-c='' \n\t\t\t\t\tstyle=''><div class=\"evo_metarow_details evorow evcal_evdata_row evcal_event_details\">\n    <div class=\"event_excerpt\" style=\"display:none\"><h3 class=\"padb5 evo_h3\">Event Details<\/h3><p><\/p><\/div><span class='evcal_evdata_icons'><i class='fa fa-align-justify'><\/i><\/span>    <div class=\"evcal_evdata_cell \">\n        <div class=\"eventon_full_description\">\n            <h3 class=\"padb5 evo_h3\"><span class='evcal_evdata_icons'><i class='fa fa-align-justify'><\/i><\/span>Event Details<\/h3>\n            <div class=\"eventon_desc_in\" itemprop=\"description\">\n                <p><a href=\"https:\/\/www.hans-werner-meyer.de\/wp-content\/uploads\/2025\/10\/IMG_2526.jpeg\"><img loading=\"lazy\" decoding=\"async\" class=\"alignnone size-medium wp-image-575\" src=\"https:\/\/www.hans-werner-meyer.de\/wp-content\/uploads\/2025\/10\/IMG_2526-300x298.jpeg\" alt=\"\" width=\"300\" height=\"298\" srcset=\"https:\/\/www.hans-werner-meyer.de\/wp-content\/uploads\/2025\/10\/IMG_2526-300x298.jpeg 300w, https:\/\/www.hans-werner-meyer.de\/wp-content\/uploads\/2025\/10\/IMG_2526-1024x1016.jpeg 1024w, https:\/\/www.hans-werner-meyer.de\/wp-content\/uploads\/2025\/10\/IMG_2526-150x150.jpeg 150w, https:\/\/www.hans-werner-meyer.de\/wp-content\/uploads\/2025\/10\/IMG_2526-768x762.jpeg 768w, https:\/\/www.hans-werner-meyer.de\/wp-content\/uploads\/2025\/10\/IMG_2526-500x496.jpeg 500w, https:\/\/www.hans-werner-meyer.de\/wp-content\/uploads\/2025\/10\/IMG_2526-550x546.jpeg 550w, https:\/\/www.hans-werner-meyer.de\/wp-content\/uploads\/2025\/10\/IMG_2526-400x397.jpeg 400w, https:\/\/www.hans-werner-meyer.de\/wp-content\/uploads\/2025\/10\/IMG_2526-1200x1190.jpeg 1200w, https:\/\/www.hans-werner-meyer.de\/wp-content\/uploads\/2025\/10\/IMG_2526.jpeg 1257w\" sizes=\"auto, (max-width: 300px) 100vw, 300px\" \/><\/a><\/p>\n            <\/div>\n            <div class='clear'><\/div>        <\/div>\n    <\/div>\n<\/div><\/div><\/div><!-- row close --><div class='evocard_row bx2 bx'><div id='event_time' class='evocard_box time' data-c='' \n\t\t\t\t\tstyle=''><div class='evo_metarow_time evorow evcal_evdata_row evcal_evrow_sm '>\n\t\t<span class='evcal_evdata_icons'><i class='fa fa-clock'><\/i><\/span>\n\t\t<div class='evcal_evdata_cell'>\t\t\t\t\t\t\t\n\t\t\t<h3 class='evo_h3'><span class='evcal_evdata_icons'><i class='fa fa-clock'><\/i><\/span>Uhrzeit<\/h3><div><span class='evo_eventcard_time_t evogap5 evofxww'><span class=\"start\">Oktober 1, 2026<\/span> <span class=\"stime\">20:00<\/span> - <span class=\"etime\">21:45<\/span><\/span><span class='evo_tz marr5'>(GMT+00:00)<\/span><\/div>\n\t\t<\/div>\n\t<\/div><\/div><div id='event_location' class='evocard_box location' data-c='' \n\t\t\t\t\tstyle=''><div class='evcal_evdata_row evo_metarow_time_location evorow '>\n\t\t\n\t\t\t<span class='evcal_evdata_icons'><i class='fa fa-map-marker'><\/i><\/span>\n\t\t\t<div class='evcal_evdata_cell' data-loc_tax_id='58'><h3 class='evo_h3 evodfx'><span class='evcal_evdata_icons'><i class='fa fa-map-marker'><\/i><\/span>Veranstalter<\/h3><p class='evo_location_name'>Stadttheater Cuxhaven<\/p><p class='evo_location_address evodfxi evogap10'>Rathausstr. 21, 27472 Cuxhaven<\/p><div class='padt10'><span class='evo_btn_arr evolb_trigger' data-lbvals=\"{&quot;lbdata&quot;:{&quot;class&quot;:&quot;evo_location_lb_58&quot;,&quot;additional_class&quot;:&quot;lb_max&quot;,&quot;title&quot;:&quot;Stadttheater Cuxhaven&quot;},&quot;adata&quot;:{&quot;a&quot;:&quot;eventon_get_tax_card_content&quot;,&quot;end&quot;:&quot;client&quot;,&quot;data&quot;:{&quot;lang&quot;:&quot;L1&quot;,&quot;term_id&quot;:58,&quot;tax&quot;:&quot;event_location&quot;,&quot;load_lbcontent&quot;:true}},&quot;uid&quot;:&quot;eventon_get_tax_card_content&quot;}\" >Other Events<i class='fa fa-chevron-right' aria-hidden='true'><\/i><\/span><\/div><\/div>\n\t\t\n\t<\/div><\/div><\/div><!-- row close --><div class='evocard_row'><div id='event_addtocal' class='evocard_box addtocal' data-c='' \n\t\t\t\t\tstyle=''><div class='evo_metarow_ICS evorow evcal_evdata_row'>\n\t\t\t<span class='evcal_evdata_icons'><i class='fa fa-calendar-o'><\/i><\/span>\n\t\t\t<div class='evcal_evdata_cell'>\n\t\t\t\t<p><a href='https:\/\/www.hans-werner-meyer.de\/?export-events=single&event_id=703&repeat_interval=0&key=6b2826c17a' rel='nofollow' class='evo_ics_nCal' title='Add to your calendar'>Calendar<\/a><a href='https:\/\/www.google.com\/calendar\/event?action=TEMPLATE&text=Galgenlieder&dates=20261001T200000Z\/20261001T214500Z&ctz=UTC&details=Galgenlieder&location=Stadttheater%20Cuxhaven%20Rathausstr.%2021%2C%2027472%20Cuxhaven' target='_blank' rel='nofollow' class='evo_ics_gCal' title='Add to google calendar'>GoogleCal<\/a><\/p>\t\n\t\t\t<\/div>\n\t\t<\/div><\/div><\/div><!-- row close --><div class='evocard_row'><div id='event_getdirection' class='evocard_box getdirection' data-c='' \n\t\t\t\t\tstyle=''><div class='evo_metarow_getDr evorow evcal_evdata_row evcal_evrow_sm getdirections'>\n\t\t<form action='https:\/\/maps.google.com\/maps' method='get' target='_blank'>\n\t\t\t<input type='hidden' name='daddr' value=\"Rathausstr. 21, 27472 Cuxhaven\"\/> \n\t\t\t<div class='evo_get_direction_content evo_fx_dr_r evogap10'>\n\t\t\t\t<span class='evogetdir_header evodfx evofxdrr evofxaic evogap10'>\n\t\t\t\t\t<i class='mainicon fa fa-road evofz24i'><\/i> \n\t\t\t\t\t<h3 class='evo_h3 evopad0i' style='padding-bottom:5px;'>Route planen<\/h3>\n\t\t\t\t<\/span>\n\t\t\t\t<span class='evogetdir_field evodfx evofx_1_1 evow100p'>\t\n\t\t\t\t\t<label for='69f5be0ce1612' class='evo_aria_ready sr-only'>Address - Galgenlieder []<\/label>\t\t\t\t\n\t\t\t\t\t<input id='69f5be0ce1612' class='evo_aria_ready_match evoInput2 evobr10 evow100p evopad10 evoff_2 evofz14i evobrdB1 evoboxbb' type='text' name='saddr' placeholder='Geben Sie Ihre Adresse zur Routenplanung zur Veranstaltung ein' value='' style='' aria-label='Address - Galgenlieder []' \/>\n\t\t\t\t<\/span>\n\t\t\t\t<div class='evodfx evofxdrr evofxaic evogap10'>\n\t\t\t\t\t<i class='fa fa-location-dot'><\/i>\n\t\t\t\t\t<div class='evoposr evofx_1 evoh100p'><label for='69f5be0ce1612' class='evo_aria_ready sr-only'>Destination Address - Galgenlieder []<\/label>\t\t\n\t\t\t\t\t\t<input id='69f5be0ce1612' class='evo_aria_ready_match evoInput2 evobr10 evow100p evopad5-10 evoff_2 evofz14i evobrdB1 evoop5 evoboxbb evoh100p' type='text' style='' readonly value='Rathausstr. 21, 27472 Cuxhaven' aria-label='Destination Address - Galgenlieder []'\/><button class='evo_copy_address evobuttonA evocurp evohoop7 evoposa evopad5' style='right: 3px; top: 4px; background-color: #fff;' data-txt='Rathausstr. 21, 27472 Cuxhaven' data-t='Address copied to clipboard!'><i class='far fa-copy evofz16i' title='Copy Destination Address!'><\/i><\/button>\n\t\t\t\t\t<\/div>\n\t\t\t\t\t<button type='submit' class='evo_get_direction_button evcal_btn dfx evofxaic evocurp evohoop7' title='Click here to get directions' style='    padding: 10px 15px !important;'><i class='fa fa-chevron-right'><\/i> <\/button>\n\t\t\t\t<\/div>\n\t\t\t<\/div>\n\t\t<\/form>\n\t<\/div><\/div><\/div><!-- row close --><button class='evo_card_row_end evcal_close' title='Close'><\/button><\/div><div class='clear end'><\/div><\/div><div id=\"event_704_0\" class=\"eventon_list_event evo_eventtop scheduled  event clrW no_et event_704_0\" data-event_id=\"704\" data-ri=\"0r\" data-time=\"1790971200-1790985540\" data-colr=\"#4bb5d8\" itemscope itemtype='http:\/\/schema.org\/Event'><div class=\"evo_event_schema\" style=\"display:none\" ><a itemprop='url'  href='https:\/\/www.hans-werner-meyer.de\/?ajde_events=galgenlieder-16'><\/a><meta itemprop='image' content=\"https:\/\/www.hans-werner-meyer.de\/wp-content\/uploads\/2025\/07\/OB25_CDTD_2704_Fin02-1.jpg\" \/><meta itemprop='startDate' content=\"2026-10-2T20:00+0:00\" \/><meta itemprop='endDate' content=\"2026-10-2T23:59+0:00\" \/><meta itemprop='eventStatus' content=\"https:\/\/schema.org\/EventScheduled\" \/><meta itemprop='eventAttendanceMode'   itemscope itemtype=\"https:\/\/schema.org\/OfflineEventAttendanceMode\"\/><div style=\"display:none\" itemprop=\"location\" itemscope itemtype=\"http:\/\/schema.org\/Place\"><span itemprop=\"name\">Peiner Fests\u00e4le<\/span><span itemprop=\"address\" itemscope itemtype=\"http:\/\/schema.org\/PostalAddress\"><item itemprop=\"streetAddress\">Friedrich-Ebert-Platz 12, 31226 Peine<\/item><\/span><\/div><script type=\"application\/ld+json\">{\"@context\": \"http:\/\/schema.org\",\"@type\": \"Event\",\n\t\t\t\t\"@id\": \"event_704_0\",\n\t\t\t\t\"eventAttendanceMode\":\"https:\/\/schema.org\/OfflineEventAttendanceMode\",\n\t\t\t\t\"eventStatus\":\"https:\/\/schema.org\/EventScheduled\",\n\t\t\t\t\"name\": \"Galgenlieder\",\n\t\t\t\t\"url\": \"https:\/\/www.hans-werner-meyer.de\/?ajde_events=galgenlieder-16\",\n\t\t\t\t\"startDate\": \"2026-10-2T20:00+0:00\",\n\t\t\t\t\"endDate\": \"2026-10-2T23:59+0:00\",\n\t\t\t\t\"image\":\"https:\/\/www.hans-werner-meyer.de\/wp-content\/uploads\/2025\/07\/OB25_CDTD_2704_Fin02-1.jpg\", \n\t\t\t\t\"description\":\"<p><a href='https:\/\/www.hans-werner-meyer.de\/wp-content\/uploads\/2025\/10\/IMG_2526.jpeg'><img class='alignnone size-medium wp-image-575' src='https:\/\/www.hans-werner-meyer.de\/wp-content\/uploads\/2025\/10\/IMG_2526-300x298.jpeg' alt='' width='300' height='298' \/><\/a><\/p> \",\"location\":[{\"@type\":\"Place\",\"name\":\"Peiner Fests\u00e4le\",\"address\":{\"@type\": \"PostalAddress\",\"streetAddress\":\"Friedrich-Ebert-Platz 12, 31226 Peine\"}}]}<\/script><\/div>\r\n\t\t\t\t<p class=\"desc_trig_outter\" style=\"\"><a data-gmap_status=\"null\" data-exlk=\"0\" style=\"background-color: #4bb5d8;\" id=\"evc_1790971200704\" href=\"#\" class=\"desc_trig sin_val evcal_list_a\" data-ux_val=\"1\" data-ux_val_mob=\"-\"  ><span class='evoet_in'><span class='evoet_c2 evoet_cx '><span class='evoet_dayblock evcal_cblock ' data-bgcolor='#4bb5d8' data-smon='Oktober' data-syr='2026' data-bub=''><span class='evo_start  evofxdrc'><em class='date'>02<\/em><em class='month'>oct<\/em><em class='time'>20:00<\/em><\/span><\/span><\/span><span class='evoet_c3 evoet_cx evcal_desc hide_eventtopdata '><span class='evoet_title evcal_desc2 evcal_event_title ' itemprop='name'>Galgenlieder<\/span><span class='event_location_attrs evodni'  data-location_address=\"Friedrich-Ebert-Platz 12, 31226 Peine\" data-location_type=\"address\" data-location_name=\"Peiner Fests\u00e4le\" data-location_url=\"https:\/\/www.hans-werner-meyer.de\/?event_location=peiner-festsaele\" data-location_status=\"true\" data-locid=\"59\"><\/span><span class='evoet_cy evoet_subtitle evo_below_title' ><span class='evcal_event_subtitle ' >Peine<\/span><\/span><\/span><\/span><span class='evoet_data' style='display:none' data-d=\"{&quot;loc.n&quot;:&quot;Peiner Fests\\u00e4le&quot;,&quot;orgs&quot;:[],&quot;tags&quot;:[]}\" data-bgc=\"#4bb5d8\" data-bggrad=\"\" ><\/span><\/a><\/p><div class='event_description evcal_eventcard ' style=\"display:none\"><div class='evocard_row'><div id='event_ftimage' class='evocard_box ftimage' data-c='' \n\t\t\t\t\tstyle=''><div class='evocard_main_image_hold' data-t='Loading Image..'><div class='evocard_main_image evo_img_triglb evocd_img_def evobr15 evobgsc evobgpc evodfx evofx_jc_c evofx_ai_c evofz48 def' style='height:400px; background-image:url(https:\/\/www.hans-werner-meyer.de\/wp-content\/uploads\/2025\/07\/OB25_CDTD_2704_Fin02-1.jpg);' data-f=\"https:\/\/www.hans-werner-meyer.de\/wp-content\/uploads\/2025\/07\/OB25_CDTD_2704_Fin02-1.jpg\" data-h=\"1195\" data-w=\"2003\" data-ratio=\"0.59660509236146\" data-event_id=\"704\" data-ri=\"0\"  data-t='Loading Image..'><\/div><\/div><\/div><\/div><!-- row close --><div class='evocard_row'><div id='event_eventdetails' class='evocard_box eventdetails' data-c='' \n\t\t\t\t\tstyle=''><div class=\"evo_metarow_details evorow evcal_evdata_row evcal_event_details\">\n    <div class=\"event_excerpt\" style=\"display:none\"><h3 class=\"padb5 evo_h3\">Event Details<\/h3><p><\/p><\/div><span class='evcal_evdata_icons'><i class='fa fa-align-justify'><\/i><\/span>    <div class=\"evcal_evdata_cell \">\n        <div class=\"eventon_full_description\">\n            <h3 class=\"padb5 evo_h3\"><span class='evcal_evdata_icons'><i class='fa fa-align-justify'><\/i><\/span>Event Details<\/h3>\n            <div class=\"eventon_desc_in\" itemprop=\"description\">\n                <p><a href=\"https:\/\/www.hans-werner-meyer.de\/wp-content\/uploads\/2025\/10\/IMG_2526.jpeg\"><img loading=\"lazy\" decoding=\"async\" class=\"alignnone size-medium wp-image-575\" src=\"https:\/\/www.hans-werner-meyer.de\/wp-content\/uploads\/2025\/10\/IMG_2526-300x298.jpeg\" alt=\"\" width=\"300\" height=\"298\" srcset=\"https:\/\/www.hans-werner-meyer.de\/wp-content\/uploads\/2025\/10\/IMG_2526-300x298.jpeg 300w, https:\/\/www.hans-werner-meyer.de\/wp-content\/uploads\/2025\/10\/IMG_2526-1024x1016.jpeg 1024w, https:\/\/www.hans-werner-meyer.de\/wp-content\/uploads\/2025\/10\/IMG_2526-150x150.jpeg 150w, https:\/\/www.hans-werner-meyer.de\/wp-content\/uploads\/2025\/10\/IMG_2526-768x762.jpeg 768w, https:\/\/www.hans-werner-meyer.de\/wp-content\/uploads\/2025\/10\/IMG_2526-500x496.jpeg 500w, https:\/\/www.hans-werner-meyer.de\/wp-content\/uploads\/2025\/10\/IMG_2526-550x546.jpeg 550w, https:\/\/www.hans-werner-meyer.de\/wp-content\/uploads\/2025\/10\/IMG_2526-400x397.jpeg 400w, https:\/\/www.hans-werner-meyer.de\/wp-content\/uploads\/2025\/10\/IMG_2526-1200x1190.jpeg 1200w, https:\/\/www.hans-werner-meyer.de\/wp-content\/uploads\/2025\/10\/IMG_2526.jpeg 1257w\" sizes=\"auto, (max-width: 300px) 100vw, 300px\" \/><\/a><\/p>\n            <\/div>\n            <div class='clear'><\/div>        <\/div>\n    <\/div>\n<\/div><\/div><\/div><!-- row close --><div class='evocard_row bx2 bx'><div id='event_time' class='evocard_box time' data-c='' \n\t\t\t\t\tstyle=''><div class='evo_metarow_time evorow evcal_evdata_row evcal_evrow_sm '>\n\t\t<span class='evcal_evdata_icons'><i class='fa fa-clock'><\/i><\/span>\n\t\t<div class='evcal_evdata_cell'>\t\t\t\t\t\t\t\n\t\t\t<h3 class='evo_h3'><span class='evcal_evdata_icons'><i class='fa fa-clock'><\/i><\/span>Uhrzeit<\/h3><div><span class='evo_eventcard_time_t evogap5 evofxww'><span class=\"start\">Oktober 2, 2026<\/span> <span class=\"stime\">20:00<\/span><\/span><span class='evo_tz marr5'>(GMT+00:00)<\/span><\/div>\n\t\t<\/div>\n\t<\/div><\/div><div id='event_location' class='evocard_box location' data-c='' \n\t\t\t\t\tstyle=''><div class='evcal_evdata_row evo_metarow_time_location evorow '>\n\t\t\n\t\t\t<span class='evcal_evdata_icons'><i class='fa fa-map-marker'><\/i><\/span>\n\t\t\t<div class='evcal_evdata_cell' data-loc_tax_id='59'><h3 class='evo_h3 evodfx'><span class='evcal_evdata_icons'><i class='fa fa-map-marker'><\/i><\/span><a target=\"\" href=\"https:\/\/www.kulturring-peine.de\/kulturring-peine\/vermietungen\/festsaele.php\">Veranstalter<\/a><\/h3><p class='evo_location_name'><a target=\"\" href=\"https:\/\/www.kulturring-peine.de\/kulturring-peine\/vermietungen\/festsaele.php\">Peiner Fests\u00e4le<\/a><\/p><p class='evo_location_address evodfxi evogap10'><a target=\"\" href=\"https:\/\/www.kulturring-peine.de\/kulturring-peine\/vermietungen\/festsaele.php\">Friedrich-Ebert-Platz 12, 31226 Peine<\/a><\/p><div class='padt10'><span class='evo_btn_arr evolb_trigger' data-lbvals=\"{&quot;lbdata&quot;:{&quot;class&quot;:&quot;evo_location_lb_59&quot;,&quot;additional_class&quot;:&quot;lb_max&quot;,&quot;title&quot;:&quot;Peiner Fests\\u00e4le&quot;},&quot;adata&quot;:{&quot;a&quot;:&quot;eventon_get_tax_card_content&quot;,&quot;end&quot;:&quot;client&quot;,&quot;data&quot;:{&quot;lang&quot;:&quot;L1&quot;,&quot;term_id&quot;:59,&quot;tax&quot;:&quot;event_location&quot;,&quot;load_lbcontent&quot;:true}},&quot;uid&quot;:&quot;eventon_get_tax_card_content&quot;}\" >Other Events<i class='fa fa-chevron-right' aria-hidden='true'><\/i><\/span><\/div><\/div>\n\t\t\n\t<\/div><\/div><\/div><!-- row close --><div class='evocard_row'><div id='event_addtocal' class='evocard_box addtocal' data-c='' \n\t\t\t\t\tstyle=''><div class='evo_metarow_ICS evorow evcal_evdata_row'>\n\t\t\t<span class='evcal_evdata_icons'><i class='fa fa-calendar-o'><\/i><\/span>\n\t\t\t<div class='evcal_evdata_cell'>\n\t\t\t\t<p><a href='https:\/\/www.hans-werner-meyer.de\/?export-events=single&event_id=704&repeat_interval=0&key=6b2826c17a' rel='nofollow' class='evo_ics_nCal' title='Add to your calendar'>Calendar<\/a><a href='https:\/\/www.google.com\/calendar\/event?action=TEMPLATE&text=Galgenlieder&dates=20261002T200000Z\/20261002T235900Z&ctz=UTC&details=Galgenlieder&location=Peiner%20Fests%C3%A4le%20Friedrich-Ebert-Platz%2012%2C%2031226%20Peine' target='_blank' rel='nofollow' class='evo_ics_gCal' title='Add to google calendar'>GoogleCal<\/a><\/p>\t\n\t\t\t<\/div>\n\t\t<\/div><\/div><\/div><!-- row close --><div class='evocard_row'><div id='event_getdirection' class='evocard_box getdirection' data-c='' \n\t\t\t\t\tstyle=''><div class='evo_metarow_getDr evorow evcal_evdata_row evcal_evrow_sm getdirections'>\n\t\t<form action='https:\/\/maps.google.com\/maps' method='get' target='_blank'>\n\t\t\t<input type='hidden' name='daddr' value=\"Friedrich-Ebert-Platz 12, 31226 Peine\"\/> \n\t\t\t<div class='evo_get_direction_content evo_fx_dr_r evogap10'>\n\t\t\t\t<span class='evogetdir_header evodfx evofxdrr evofxaic evogap10'>\n\t\t\t\t\t<i class='mainicon fa fa-road evofz24i'><\/i> \n\t\t\t\t\t<h3 class='evo_h3 evopad0i' style='padding-bottom:5px;'>Route planen<\/h3>\n\t\t\t\t<\/span>\n\t\t\t\t<span class='evogetdir_field evodfx evofx_1_1 evow100p'>\t\n\t\t\t\t\t<label for='69f5be0ce325a' class='evo_aria_ready sr-only'>Address - Galgenlieder []<\/label>\t\t\t\t\n\t\t\t\t\t<input id='69f5be0ce325a' class='evo_aria_ready_match evoInput2 evobr10 evow100p evopad10 evoff_2 evofz14i evobrdB1 evoboxbb' type='text' name='saddr' placeholder='Geben Sie Ihre Adresse zur Routenplanung zur Veranstaltung ein' value='' style='' aria-label='Address - Galgenlieder []' \/>\n\t\t\t\t<\/span>\n\t\t\t\t<div class='evodfx evofxdrr evofxaic evogap10'>\n\t\t\t\t\t<i class='fa fa-location-dot'><\/i>\n\t\t\t\t\t<div class='evoposr evofx_1 evoh100p'><label for='69f5be0ce325a' class='evo_aria_ready sr-only'>Destination Address - Galgenlieder []<\/label>\t\t\n\t\t\t\t\t\t<input id='69f5be0ce325a' class='evo_aria_ready_match evoInput2 evobr10 evow100p evopad5-10 evoff_2 evofz14i evobrdB1 evoop5 evoboxbb evoh100p' type='text' style='' readonly value='Friedrich-Ebert-Platz 12, 31226 Peine' aria-label='Destination Address - Galgenlieder []'\/><button class='evo_copy_address evobuttonA evocurp evohoop7 evoposa evopad5' style='right: 3px; top: 4px; background-color: #fff;' data-txt='Friedrich-Ebert-Platz 12, 31226 Peine' data-t='Address copied to clipboard!'><i class='far fa-copy evofz16i' title='Copy Destination Address!'><\/i><\/button>\n\t\t\t\t\t<\/div>\n\t\t\t\t\t<button type='submit' class='evo_get_direction_button evcal_btn dfx evofxaic evocurp evohoop7' title='Click here to get directions' style='    padding: 10px 15px !important;'><i class='fa fa-chevron-right'><\/i> <\/button>\n\t\t\t\t<\/div>\n\t\t\t<\/div>\n\t\t<\/form>\n\t<\/div><\/div><\/div><!-- row close --><button class='evo_card_row_end evcal_close' title='Close'><\/button><\/div><div class='clear end'><\/div><\/div><div id=\"event_710_0\" class=\"eventon_list_event evo_eventtop scheduled  event clrW no_et event_710_0\" data-event_id=\"710\" data-ri=\"0r\" data-time=\"1791057600-1791071940\" data-colr=\"#4bb5d8\" itemscope itemtype='http:\/\/schema.org\/Event'><div class=\"evo_event_schema\" style=\"display:none\" ><a itemprop='url'  href='https:\/\/www.hans-werner-meyer.de\/?ajde_events=galgenlieder-20'><\/a><meta itemprop='image' content=\"https:\/\/www.hans-werner-meyer.de\/wp-content\/uploads\/2025\/07\/OB25_CDTD_2704_Fin02-1.jpg\" \/><meta itemprop='startDate' content=\"2026-10-3T20:00+0:00\" \/><meta itemprop='endDate' content=\"2026-10-3T23:59+0:00\" \/><meta itemprop='eventStatus' content=\"https:\/\/schema.org\/EventScheduled\" \/><meta itemprop='eventAttendanceMode'   itemscope itemtype=\"https:\/\/schema.org\/OfflineEventAttendanceMode\"\/><script type=\"application\/ld+json\">{\"@context\": \"http:\/\/schema.org\",\"@type\": \"Event\",\n\t\t\t\t\"@id\": \"event_710_0\",\n\t\t\t\t\"eventAttendanceMode\":\"https:\/\/schema.org\/OfflineEventAttendanceMode\",\n\t\t\t\t\"eventStatus\":\"https:\/\/schema.org\/EventScheduled\",\n\t\t\t\t\"name\": \"Galgenlieder\",\n\t\t\t\t\"url\": \"https:\/\/www.hans-werner-meyer.de\/?ajde_events=galgenlieder-20\",\n\t\t\t\t\"startDate\": \"2026-10-3T20:00+0:00\",\n\t\t\t\t\"endDate\": \"2026-10-3T23:59+0:00\",\n\t\t\t\t\"image\":\"https:\/\/www.hans-werner-meyer.de\/wp-content\/uploads\/2025\/07\/OB25_CDTD_2704_Fin02-1.jpg\", \n\t\t\t\t\"description\":\"<p><a href='https:\/\/www.hans-werner-meyer.de\/wp-content\/uploads\/2025\/10\/IMG_2526.jpeg'><img class='alignnone size-medium wp-image-575' src='https:\/\/www.hans-werner-meyer.de\/wp-content\/uploads\/2025\/10\/IMG_2526-300x298.jpeg' alt='' width='300' height='298' \/><\/a><\/p> \"}<\/script><\/div>\r\n\t\t\t\t<p class=\"desc_trig_outter\" style=\"\"><a data-gmap_status=\"null\" data-exlk=\"0\" style=\"background-color: #4bb5d8;\" id=\"evc_1791057600710\" href=\"#\" class=\"desc_trig sin_val evcal_list_a\" data-ux_val=\"1\" data-ux_val_mob=\"-\"  ><span class='evoet_in'><span class='evoet_c2 evoet_cx '><span class='evoet_dayblock evcal_cblock ' data-bgcolor='#4bb5d8' data-smon='Oktober' data-syr='2026' data-bub=''><span class='evo_start  evofxdrc'><em class='date'>03<\/em><em class='month'>oct<\/em><em class='time'>20:00<\/em><\/span><\/span><\/span><span class='evoet_c3 evoet_cx evcal_desc hide_eventtopdata '><span class='evoet_title evcal_desc2 evcal_event_title ' itemprop='name'>Galgenlieder<\/span><span class='evoet_cy evoet_subtitle evo_below_title' ><span class='evcal_event_subtitle ' >Schwerin<\/span><\/span><\/span><\/span><span class='evoet_data' style='display:none' data-d=\"{&quot;loc.n&quot;:&quot;&quot;,&quot;orgs&quot;:[],&quot;tags&quot;:[]}\" data-bgc=\"#4bb5d8\" data-bggrad=\"\" ><\/span><\/a><\/p><div class='event_description evcal_eventcard ' style=\"display:none\"><div class='evocard_row'><div id='event_ftimage' class='evocard_box ftimage' data-c='' \n\t\t\t\t\tstyle=''><div class='evocard_main_image_hold' data-t='Loading Image..'><div class='evocard_main_image evo_img_triglb evocd_img_def evobr15 evobgsc evobgpc evodfx evofx_jc_c evofx_ai_c evofz48 def' style='height:400px; background-image:url(https:\/\/www.hans-werner-meyer.de\/wp-content\/uploads\/2025\/07\/OB25_CDTD_2704_Fin02-1.jpg);' data-f=\"https:\/\/www.hans-werner-meyer.de\/wp-content\/uploads\/2025\/07\/OB25_CDTD_2704_Fin02-1.jpg\" data-h=\"1195\" data-w=\"2003\" data-ratio=\"0.59660509236146\" data-event_id=\"710\" data-ri=\"0\"  data-t='Loading Image..'><\/div><\/div><\/div><\/div><!-- row close --><div class='evocard_row'><div id='event_eventdetails' class='evocard_box eventdetails' data-c='' \n\t\t\t\t\tstyle=''><div class=\"evo_metarow_details evorow evcal_evdata_row evcal_event_details\">\n    <div class=\"event_excerpt\" style=\"display:none\"><h3 class=\"padb5 evo_h3\">Event Details<\/h3><p><\/p><\/div><span class='evcal_evdata_icons'><i class='fa fa-align-justify'><\/i><\/span>    <div class=\"evcal_evdata_cell \">\n        <div class=\"eventon_full_description\">\n            <h3 class=\"padb5 evo_h3\"><span class='evcal_evdata_icons'><i class='fa fa-align-justify'><\/i><\/span>Event Details<\/h3>\n            <div class=\"eventon_desc_in\" itemprop=\"description\">\n                <p><a href=\"https:\/\/www.hans-werner-meyer.de\/wp-content\/uploads\/2025\/10\/IMG_2526.jpeg\"><img loading=\"lazy\" decoding=\"async\" class=\"alignnone size-medium wp-image-575\" src=\"https:\/\/www.hans-werner-meyer.de\/wp-content\/uploads\/2025\/10\/IMG_2526-300x298.jpeg\" alt=\"\" width=\"300\" height=\"298\" srcset=\"https:\/\/www.hans-werner-meyer.de\/wp-content\/uploads\/2025\/10\/IMG_2526-300x298.jpeg 300w, https:\/\/www.hans-werner-meyer.de\/wp-content\/uploads\/2025\/10\/IMG_2526-1024x1016.jpeg 1024w, https:\/\/www.hans-werner-meyer.de\/wp-content\/uploads\/2025\/10\/IMG_2526-150x150.jpeg 150w, https:\/\/www.hans-werner-meyer.de\/wp-content\/uploads\/2025\/10\/IMG_2526-768x762.jpeg 768w, https:\/\/www.hans-werner-meyer.de\/wp-content\/uploads\/2025\/10\/IMG_2526-500x496.jpeg 500w, https:\/\/www.hans-werner-meyer.de\/wp-content\/uploads\/2025\/10\/IMG_2526-550x546.jpeg 550w, https:\/\/www.hans-werner-meyer.de\/wp-content\/uploads\/2025\/10\/IMG_2526-400x397.jpeg 400w, https:\/\/www.hans-werner-meyer.de\/wp-content\/uploads\/2025\/10\/IMG_2526-1200x1190.jpeg 1200w, https:\/\/www.hans-werner-meyer.de\/wp-content\/uploads\/2025\/10\/IMG_2526.jpeg 1257w\" sizes=\"auto, (max-width: 300px) 100vw, 300px\" \/><\/a><\/p>\n            <\/div>\n            <div class='clear'><\/div>        <\/div>\n    <\/div>\n<\/div><\/div><\/div><!-- row close --><div class='evocard_row'><div id='event_time' class='evocard_box time' data-c='' \n\t\t\t\t\tstyle=''><div class='evo_metarow_time evorow evcal_evdata_row evcal_evrow_sm '>\n\t\t<span class='evcal_evdata_icons'><i class='fa fa-clock'><\/i><\/span>\n\t\t<div class='evcal_evdata_cell'>\t\t\t\t\t\t\t\n\t\t\t<h3 class='evo_h3'><span class='evcal_evdata_icons'><i class='fa fa-clock'><\/i><\/span>Uhrzeit<\/h3><div><span class='evo_eventcard_time_t evogap5 evofxww'><span class=\"start\">Oktober 3, 2026<\/span> <span class=\"stime\">20:00<\/span><\/span><span class='evo_tz marr5'>(GMT+00:00)<\/span><\/div>\n\t\t<\/div>\n\t<\/div><\/div><\/div><!-- row close --><div class='evocard_row'><div id='event_addtocal' class='evocard_box addtocal' data-c='' \n\t\t\t\t\tstyle=''><div class='evo_metarow_ICS evorow evcal_evdata_row'>\n\t\t\t<span class='evcal_evdata_icons'><i class='fa fa-calendar-o'><\/i><\/span>\n\t\t\t<div class='evcal_evdata_cell'>\n\t\t\t\t<p><a href='https:\/\/www.hans-werner-meyer.de\/?export-events=single&event_id=710&repeat_interval=0&key=6b2826c17a' rel='nofollow' class='evo_ics_nCal' title='Add to your calendar'>Calendar<\/a><a href='https:\/\/www.google.com\/calendar\/event?action=TEMPLATE&text=Galgenlieder&dates=20261003T200000Z\/20261003T235900Z&ctz=UTC&details=Galgenlieder&location=' target='_blank' rel='nofollow' class='evo_ics_gCal' title='Add to google calendar'>GoogleCal<\/a><\/p>\t\n\t\t\t<\/div>\n\t\t<\/div><\/div><\/div><!-- row close --><button class='evo_card_row_end evcal_close' title='Close'><\/button><\/div><div class='clear end'><\/div><\/div><div id=\"event_718_0\" class=\"eventon_list_event evo_eventtop scheduled  event clrW no_et event_718_0\" data-event_id=\"718\" data-ri=\"0r\" data-time=\"1792179000-1792195140\" data-colr=\"#4bb5d8\" itemscope itemtype='http:\/\/schema.org\/Event'><div class=\"evo_event_schema\" style=\"display:none\" ><a itemprop='url'  href='https:\/\/www.hans-werner-meyer.de\/?ajde_events=galgenlieder-24'><\/a><meta itemprop='image' content=\"https:\/\/www.hans-werner-meyer.de\/wp-content\/uploads\/2025\/07\/OB25_CDTD_2704_Fin02-1.jpg\" \/><meta itemprop='startDate' content=\"2026-10-16T19:30+0:00\" \/><meta itemprop='endDate' content=\"2026-10-16T23:59+0:00\" \/><meta itemprop='eventStatus' content=\"https:\/\/schema.org\/EventScheduled\" \/><meta itemprop='eventAttendanceMode'   itemscope itemtype=\"https:\/\/schema.org\/OfflineEventAttendanceMode\"\/><div style=\"display:none\" itemprop=\"location\" itemscope itemtype=\"http:\/\/schema.org\/Place\"><span itemprop=\"name\">KASCH<\/span><span itemprop=\"address\" itemscope itemtype=\"http:\/\/schema.org\/PostalAddress\"><item itemprop=\"streetAddress\">Bergstra\u00dfe 2 \u2013 28832 Achim<\/item><\/span><\/div><script type=\"application\/ld+json\">{\"@context\": \"http:\/\/schema.org\",\"@type\": \"Event\",\n\t\t\t\t\"@id\": \"event_718_0\",\n\t\t\t\t\"eventAttendanceMode\":\"https:\/\/schema.org\/OfflineEventAttendanceMode\",\n\t\t\t\t\"eventStatus\":\"https:\/\/schema.org\/EventScheduled\",\n\t\t\t\t\"name\": \"Galgenlieder\",\n\t\t\t\t\"url\": \"https:\/\/www.hans-werner-meyer.de\/?ajde_events=galgenlieder-24\",\n\t\t\t\t\"startDate\": \"2026-10-16T19:30+0:00\",\n\t\t\t\t\"endDate\": \"2026-10-16T23:59+0:00\",\n\t\t\t\t\"image\":\"https:\/\/www.hans-werner-meyer.de\/wp-content\/uploads\/2025\/07\/OB25_CDTD_2704_Fin02-1.jpg\", \n\t\t\t\t\"description\":\"<p><a href='https:\/\/www.hans-werner-meyer.de\/wp-content\/uploads\/2025\/10\/IMG_2526.jpeg'><img class='alignnone size-medium wp-image-575' src='https:\/\/www.hans-werner-meyer.de\/wp-content\/uploads\/2025\/10\/IMG_2526-300x298.jpeg' alt='' width='300' height='298' \/><\/a><\/p> \",\"location\":[{\"@type\":\"Place\",\"name\":\"KASCH\",\"address\":{\"@type\": \"PostalAddress\",\"streetAddress\":\"Bergstra\u00dfe 2 \u2013 28832 Achim\"}}]}<\/script><\/div>\r\n\t\t\t\t<p class=\"desc_trig_outter\" style=\"\"><a data-gmap_status=\"null\" data-exlk=\"0\" style=\"background-color: #4bb5d8;\" id=\"evc_1792179000718\" href=\"#\" class=\"desc_trig sin_val evcal_list_a\" data-ux_val=\"1\" data-ux_val_mob=\"-\"  ><span class='evoet_in'><span class='evoet_c2 evoet_cx '><span class='evoet_dayblock evcal_cblock ' data-bgcolor='#4bb5d8' data-smon='Oktober' data-syr='2026' data-bub=''><span class='evo_start  evofxdrc'><em class='date'>16<\/em><em class='month'>oct<\/em><em class='time'>19:30<\/em><\/span><\/span><\/span><span class='evoet_c3 evoet_cx evcal_desc hide_eventtopdata '><span class='evoet_title evcal_desc2 evcal_event_title ' itemprop='name'>Galgenlieder<\/span><span class='event_location_attrs evodni'  data-location_address=\"Bergstra\u00dfe 2 \u2013 28832 Achim\" data-location_type=\"address\" data-location_name=\"KASCH\" data-location_url=\"https:\/\/www.hans-werner-meyer.de\/?event_location=kasch\" data-location_status=\"true\" data-locid=\"64\"><\/span><span class='evoet_cy evoet_subtitle evo_below_title' ><span class='evcal_event_subtitle ' >Achim (bei Bremen)<\/span><\/span><\/span><\/span><span class='evoet_data' style='display:none' data-d=\"{&quot;loc.n&quot;:&quot;KASCH&quot;,&quot;orgs&quot;:[],&quot;tags&quot;:[]}\" data-bgc=\"#4bb5d8\" data-bggrad=\"\" ><\/span><\/a><\/p><div class='event_description evcal_eventcard ' style=\"display:none\"><div class='evocard_row'><div id='event_ftimage' class='evocard_box ftimage' data-c='' \n\t\t\t\t\tstyle=''><div class='evocard_main_image_hold' data-t='Loading Image..'><div class='evocard_main_image evo_img_triglb evocd_img_def evobr15 evobgsc evobgpc evodfx evofx_jc_c evofx_ai_c evofz48 def' style='height:400px; background-image:url(https:\/\/www.hans-werner-meyer.de\/wp-content\/uploads\/2025\/07\/OB25_CDTD_2704_Fin02-1.jpg);' data-f=\"https:\/\/www.hans-werner-meyer.de\/wp-content\/uploads\/2025\/07\/OB25_CDTD_2704_Fin02-1.jpg\" data-h=\"1195\" data-w=\"2003\" data-ratio=\"0.59660509236146\" data-event_id=\"718\" data-ri=\"0\"  data-t='Loading Image..'><\/div><\/div><\/div><\/div><!-- row close --><div class='evocard_row'><div id='event_eventdetails' class='evocard_box eventdetails' data-c='' \n\t\t\t\t\tstyle=''><div class=\"evo_metarow_details evorow evcal_evdata_row evcal_event_details\">\n    <div class=\"event_excerpt\" style=\"display:none\"><h3 class=\"padb5 evo_h3\">Event Details<\/h3><p><\/p><\/div><span class='evcal_evdata_icons'><i class='fa fa-align-justify'><\/i><\/span>    <div class=\"evcal_evdata_cell \">\n        <div class=\"eventon_full_description\">\n            <h3 class=\"padb5 evo_h3\"><span class='evcal_evdata_icons'><i class='fa fa-align-justify'><\/i><\/span>Event Details<\/h3>\n            <div class=\"eventon_desc_in\" itemprop=\"description\">\n                <p><a href=\"https:\/\/www.hans-werner-meyer.de\/wp-content\/uploads\/2025\/10\/IMG_2526.jpeg\"><img loading=\"lazy\" decoding=\"async\" class=\"alignnone size-medium wp-image-575\" src=\"https:\/\/www.hans-werner-meyer.de\/wp-content\/uploads\/2025\/10\/IMG_2526-300x298.jpeg\" alt=\"\" width=\"300\" height=\"298\" srcset=\"https:\/\/www.hans-werner-meyer.de\/wp-content\/uploads\/2025\/10\/IMG_2526-300x298.jpeg 300w, https:\/\/www.hans-werner-meyer.de\/wp-content\/uploads\/2025\/10\/IMG_2526-1024x1016.jpeg 1024w, https:\/\/www.hans-werner-meyer.de\/wp-content\/uploads\/2025\/10\/IMG_2526-150x150.jpeg 150w, https:\/\/www.hans-werner-meyer.de\/wp-content\/uploads\/2025\/10\/IMG_2526-768x762.jpeg 768w, https:\/\/www.hans-werner-meyer.de\/wp-content\/uploads\/2025\/10\/IMG_2526-500x496.jpeg 500w, https:\/\/www.hans-werner-meyer.de\/wp-content\/uploads\/2025\/10\/IMG_2526-550x546.jpeg 550w, https:\/\/www.hans-werner-meyer.de\/wp-content\/uploads\/2025\/10\/IMG_2526-400x397.jpeg 400w, https:\/\/www.hans-werner-meyer.de\/wp-content\/uploads\/2025\/10\/IMG_2526-1200x1190.jpeg 1200w, https:\/\/www.hans-werner-meyer.de\/wp-content\/uploads\/2025\/10\/IMG_2526.jpeg 1257w\" sizes=\"auto, (max-width: 300px) 100vw, 300px\" \/><\/a><\/p>\n            <\/div>\n            <div class='clear'><\/div>        <\/div>\n    <\/div>\n<\/div><\/div><\/div><!-- row close --><div class='evocard_row bx2 bx'><div id='event_time' class='evocard_box time' data-c='' \n\t\t\t\t\tstyle=''><div class='evo_metarow_time evorow evcal_evdata_row evcal_evrow_sm '>\n\t\t<span class='evcal_evdata_icons'><i class='fa fa-clock'><\/i><\/span>\n\t\t<div class='evcal_evdata_cell'>\t\t\t\t\t\t\t\n\t\t\t<h3 class='evo_h3'><span class='evcal_evdata_icons'><i class='fa fa-clock'><\/i><\/span>Uhrzeit<\/h3><div><span class='evo_eventcard_time_t evogap5 evofxww'><span class=\"start\">Oktober 16, 2026<\/span> <span class=\"stime\">19:30<\/span><\/span><span class='evo_tz marr5'>(GMT+00:00)<\/span><\/div>\n\t\t<\/div>\n\t<\/div><\/div><div id='event_location' class='evocard_box location' data-c='' \n\t\t\t\t\tstyle=''><div class='evcal_evdata_row evo_metarow_time_location evorow '>\n\t\t\n\t\t\t<span class='evcal_evdata_icons'><i class='fa fa-map-marker'><\/i><\/span>\n\t\t\t<div class='evcal_evdata_cell' data-loc_tax_id='64'><h3 class='evo_h3 evodfx'><span class='evcal_evdata_icons'><i class='fa fa-map-marker'><\/i><\/span><a target=\"\" href=\"https:\/\/www.kasch-achim.de\/\">Veranstalter<\/a><\/h3><p class='evo_location_name'><a target=\"\" href=\"https:\/\/www.kasch-achim.de\/\">KASCH<\/a><\/p><p class='evo_location_address evodfxi evogap10'><a target=\"\" href=\"https:\/\/www.kasch-achim.de\/\">Bergstra\u00dfe 2 \u2013 28832 Achim<\/a><\/p><div class='padt10'><span class='evo_btn_arr evolb_trigger' data-lbvals=\"{&quot;lbdata&quot;:{&quot;class&quot;:&quot;evo_location_lb_64&quot;,&quot;additional_class&quot;:&quot;lb_max&quot;,&quot;title&quot;:&quot;KASCH&quot;},&quot;adata&quot;:{&quot;a&quot;:&quot;eventon_get_tax_card_content&quot;,&quot;end&quot;:&quot;client&quot;,&quot;data&quot;:{&quot;lang&quot;:&quot;L1&quot;,&quot;term_id&quot;:64,&quot;tax&quot;:&quot;event_location&quot;,&quot;load_lbcontent&quot;:true}},&quot;uid&quot;:&quot;eventon_get_tax_card_content&quot;}\" >Other Events<i class='fa fa-chevron-right' aria-hidden='true'><\/i><\/span><\/div><\/div>\n\t\t\n\t<\/div><\/div><\/div><!-- row close --><div class='evocard_row'><div id='event_addtocal' class='evocard_box addtocal' data-c='' \n\t\t\t\t\tstyle=''><div class='evo_metarow_ICS evorow evcal_evdata_row'>\n\t\t\t<span class='evcal_evdata_icons'><i class='fa fa-calendar-o'><\/i><\/span>\n\t\t\t<div class='evcal_evdata_cell'>\n\t\t\t\t<p><a href='https:\/\/www.hans-werner-meyer.de\/?export-events=single&event_id=718&repeat_interval=0&key=6b2826c17a' rel='nofollow' class='evo_ics_nCal' title='Add to your calendar'>Calendar<\/a><a href='https:\/\/www.google.com\/calendar\/event?action=TEMPLATE&text=Galgenlieder&dates=20261016T193000Z\/20261016T235900Z&ctz=UTC&details=Galgenlieder&location=KASCH%20Bergstra%C3%9Fe%202%20%E2%80%93%2028832%20Achim' target='_blank' rel='nofollow' class='evo_ics_gCal' title='Add to google calendar'>GoogleCal<\/a><\/p>\t\n\t\t\t<\/div>\n\t\t<\/div><\/div><\/div><!-- row close --><div class='evocard_row'><div id='event_getdirection' class='evocard_box getdirection' data-c='' \n\t\t\t\t\tstyle=''><div class='evo_metarow_getDr evorow evcal_evdata_row evcal_evrow_sm getdirections'>\n\t\t<form action='https:\/\/maps.google.com\/maps' method='get' target='_blank'>\n\t\t\t<input type='hidden' name='daddr' value=\"Bergstra\u00dfe 2 \u2013 28832 Achim\"\/> \n\t\t\t<div class='evo_get_direction_content evo_fx_dr_r evogap10'>\n\t\t\t\t<span class='evogetdir_header evodfx evofxdrr evofxaic evogap10'>\n\t\t\t\t\t<i class='mainicon fa fa-road evofz24i'><\/i> \n\t\t\t\t\t<h3 class='evo_h3 evopad0i' style='padding-bottom:5px;'>Route planen<\/h3>\n\t\t\t\t<\/span>\n\t\t\t\t<span class='evogetdir_field evodfx evofx_1_1 evow100p'>\t\n\t\t\t\t\t<label for='69f5be0ce6a81' class='evo_aria_ready sr-only'>Address - Galgenlieder []<\/label>\t\t\t\t\n\t\t\t\t\t<input id='69f5be0ce6a81' class='evo_aria_ready_match evoInput2 evobr10 evow100p evopad10 evoff_2 evofz14i evobrdB1 evoboxbb' type='text' name='saddr' placeholder='Geben Sie Ihre Adresse zur Routenplanung zur Veranstaltung ein' value='' style='' aria-label='Address - Galgenlieder []' \/>\n\t\t\t\t<\/span>\n\t\t\t\t<div class='evodfx evofxdrr evofxaic evogap10'>\n\t\t\t\t\t<i class='fa fa-location-dot'><\/i>\n\t\t\t\t\t<div class='evoposr evofx_1 evoh100p'><label for='69f5be0ce6a81' class='evo_aria_ready sr-only'>Destination Address - Galgenlieder []<\/label>\t\t\n\t\t\t\t\t\t<input id='69f5be0ce6a81' class='evo_aria_ready_match evoInput2 evobr10 evow100p evopad5-10 evoff_2 evofz14i evobrdB1 evoop5 evoboxbb evoh100p' type='text' style='' readonly value='Bergstra\u00dfe 2 \u2013 28832 Achim' aria-label='Destination Address - Galgenlieder []'\/><button class='evo_copy_address evobuttonA evocurp evohoop7 evoposa evopad5' style='right: 3px; top: 4px; background-color: #fff;' data-txt='Bergstra\u00dfe 2 \u2013 28832 Achim' data-t='Address copied to clipboard!'><i class='far fa-copy evofz16i' title='Copy Destination Address!'><\/i><\/button>\n\t\t\t\t\t<\/div>\n\t\t\t\t\t<button type='submit' class='evo_get_direction_button evcal_btn dfx evofxaic evocurp evohoop7' title='Click here to get directions' style='    padding: 10px 15px !important;'><i class='fa fa-chevron-right'><\/i> <\/button>\n\t\t\t\t<\/div>\n\t\t\t<\/div>\n\t\t<\/form>\n\t<\/div><\/div><\/div><!-- row close --><button class='evo_card_row_end evcal_close' title='Close'><\/button><\/div><div class='clear end'><\/div><\/div><div id=\"event_702_0\" class=\"eventon_list_event evo_eventtop scheduled  event clrW no_et event_702_0\" data-event_id=\"702\" data-ri=\"0r\" data-time=\"1792267200-1792281540\" data-colr=\"#4bb5d8\" itemscope itemtype='http:\/\/schema.org\/Event'><div class=\"evo_event_schema\" style=\"display:none\" ><a itemprop='url'  href='https:\/\/www.hans-werner-meyer.de\/?ajde_events=galgenlieder-5'><\/a><meta itemprop='image' content=\"https:\/\/www.hans-werner-meyer.de\/wp-content\/uploads\/2025\/07\/OB25_CDTD_2704_Fin02-1.jpg\" \/><meta itemprop='startDate' content=\"2026-10-17T20:00+0:00\" \/><meta itemprop='endDate' content=\"2026-10-17T23:59+0:00\" \/><meta itemprop='eventStatus' content=\"https:\/\/schema.org\/EventScheduled\" \/><meta itemprop='eventAttendanceMode'   itemscope itemtype=\"https:\/\/schema.org\/OfflineEventAttendanceMode\"\/><div style=\"display:none\" itemprop=\"location\" itemscope itemtype=\"http:\/\/schema.org\/Place\"><span itemprop=\"name\">P.aula L\u00fcbbecke<\/span><span itemprop=\"address\" itemscope itemtype=\"http:\/\/schema.org\/PostalAddress\"><item itemprop=\"streetAddress\">Niedertorstr. 42, 32312 L\u00fcbbecke<\/item><\/span><\/div><script type=\"application\/ld+json\">{\"@context\": \"http:\/\/schema.org\",\"@type\": \"Event\",\n\t\t\t\t\"@id\": \"event_702_0\",\n\t\t\t\t\"eventAttendanceMode\":\"https:\/\/schema.org\/OfflineEventAttendanceMode\",\n\t\t\t\t\"eventStatus\":\"https:\/\/schema.org\/EventScheduled\",\n\t\t\t\t\"name\": \"Galgenlieder\",\n\t\t\t\t\"url\": \"https:\/\/www.hans-werner-meyer.de\/?ajde_events=galgenlieder-5\",\n\t\t\t\t\"startDate\": \"2026-10-17T20:00+0:00\",\n\t\t\t\t\"endDate\": \"2026-10-17T23:59+0:00\",\n\t\t\t\t\"image\":\"https:\/\/www.hans-werner-meyer.de\/wp-content\/uploads\/2025\/07\/OB25_CDTD_2704_Fin02-1.jpg\", \n\t\t\t\t\"description\":\"<p><a href='https:\/\/www.hans-werner-meyer.de\/wp-content\/uploads\/2025\/10\/IMG_2526.jpeg'><img class='alignnone size-medium wp-image-575' src='https:\/\/www.hans-werner-meyer.de\/wp-content\/uploads\/2025\/10\/IMG_2526-300x298.jpeg' alt='' width='300' height='298' \/><\/a><\/p> \",\"location\":[{\"@type\":\"Place\",\"name\":\"P.aula L\u00fcbbecke\",\"address\":{\"@type\": \"PostalAddress\",\"streetAddress\":\"Niedertorstr. 42, 32312 L\u00fcbbecke\"}}]}<\/script><\/div>\r\n\t\t\t\t<p class=\"desc_trig_outter\" style=\"\"><a data-gmap_status=\"null\" data-exlk=\"0\" style=\"background-color: #4bb5d8;\" id=\"evc_1792267200702\" href=\"#\" class=\"desc_trig sin_val evcal_list_a\" data-ux_val=\"1\" data-ux_val_mob=\"-\"  ><span class='evoet_in'><span class='evoet_c2 evoet_cx '><span class='evoet_dayblock evcal_cblock ' data-bgcolor='#4bb5d8' data-smon='Oktober' data-syr='2026' data-bub=''><span class='evo_start  evofxdrc'><em class='date'>17<\/em><em class='month'>oct<\/em><em class='time'>20:00<\/em><\/span><\/span><\/span><span class='evoet_c3 evoet_cx evcal_desc hide_eventtopdata '><span class='evoet_title evcal_desc2 evcal_event_title ' itemprop='name'>Galgenlieder<\/span><span class='event_location_attrs evodni'  data-location_address=\"Niedertorstr. 42, 32312 L\u00fcbbecke\" data-location_type=\"address\" data-location_name=\"P.aula L\u00fcbbecke\" data-location_url=\"https:\/\/www.hans-werner-meyer.de\/?event_location=p-aula-luebbecke\" data-location_status=\"true\" data-locid=\"57\"><\/span><span class='evoet_cy evoet_subtitle evo_below_title' ><span class='evcal_event_subtitle ' >L\u00fcbbecke<\/span><\/span><\/span><\/span><span class='evoet_data' style='display:none' data-d=\"{&quot;loc.n&quot;:&quot;P.aula L\\u00fcbbecke&quot;,&quot;orgs&quot;:[],&quot;tags&quot;:[]}\" data-bgc=\"#4bb5d8\" data-bggrad=\"\" ><\/span><\/a><\/p><div class='event_description evcal_eventcard ' style=\"display:none\"><div class='evocard_row'><div id='event_ftimage' class='evocard_box ftimage' data-c='' \n\t\t\t\t\tstyle=''><div class='evocard_main_image_hold' data-t='Loading Image..'><div class='evocard_main_image evo_img_triglb evocd_img_def evobr15 evobgsc evobgpc evodfx evofx_jc_c evofx_ai_c evofz48 def' style='height:400px; background-image:url(https:\/\/www.hans-werner-meyer.de\/wp-content\/uploads\/2025\/07\/OB25_CDTD_2704_Fin02-1.jpg);' data-f=\"https:\/\/www.hans-werner-meyer.de\/wp-content\/uploads\/2025\/07\/OB25_CDTD_2704_Fin02-1.jpg\" data-h=\"1195\" data-w=\"2003\" data-ratio=\"0.59660509236146\" data-event_id=\"702\" data-ri=\"0\"  data-t='Loading Image..'><\/div><\/div><\/div><\/div><!-- row close --><div class='evocard_row'><div id='event_eventdetails' class='evocard_box eventdetails' data-c='' \n\t\t\t\t\tstyle=''><div class=\"evo_metarow_details evorow evcal_evdata_row evcal_event_details\">\n    <div class=\"event_excerpt\" style=\"display:none\"><h3 class=\"padb5 evo_h3\">Event Details<\/h3><p><\/p><\/div><span class='evcal_evdata_icons'><i class='fa fa-align-justify'><\/i><\/span>    <div class=\"evcal_evdata_cell \">\n        <div class=\"eventon_full_description\">\n            <h3 class=\"padb5 evo_h3\"><span class='evcal_evdata_icons'><i class='fa fa-align-justify'><\/i><\/span>Event Details<\/h3>\n            <div class=\"eventon_desc_in\" itemprop=\"description\">\n                <p><a href=\"https:\/\/www.hans-werner-meyer.de\/wp-content\/uploads\/2025\/10\/IMG_2526.jpeg\"><img loading=\"lazy\" decoding=\"async\" class=\"alignnone size-medium wp-image-575\" src=\"https:\/\/www.hans-werner-meyer.de\/wp-content\/uploads\/2025\/10\/IMG_2526-300x298.jpeg\" alt=\"\" width=\"300\" height=\"298\" srcset=\"https:\/\/www.hans-werner-meyer.de\/wp-content\/uploads\/2025\/10\/IMG_2526-300x298.jpeg 300w, https:\/\/www.hans-werner-meyer.de\/wp-content\/uploads\/2025\/10\/IMG_2526-1024x1016.jpeg 1024w, https:\/\/www.hans-werner-meyer.de\/wp-content\/uploads\/2025\/10\/IMG_2526-150x150.jpeg 150w, https:\/\/www.hans-werner-meyer.de\/wp-content\/uploads\/2025\/10\/IMG_2526-768x762.jpeg 768w, https:\/\/www.hans-werner-meyer.de\/wp-content\/uploads\/2025\/10\/IMG_2526-500x496.jpeg 500w, https:\/\/www.hans-werner-meyer.de\/wp-content\/uploads\/2025\/10\/IMG_2526-550x546.jpeg 550w, https:\/\/www.hans-werner-meyer.de\/wp-content\/uploads\/2025\/10\/IMG_2526-400x397.jpeg 400w, https:\/\/www.hans-werner-meyer.de\/wp-content\/uploads\/2025\/10\/IMG_2526-1200x1190.jpeg 1200w, https:\/\/www.hans-werner-meyer.de\/wp-content\/uploads\/2025\/10\/IMG_2526.jpeg 1257w\" sizes=\"auto, (max-width: 300px) 100vw, 300px\" \/><\/a><\/p>\n            <\/div>\n            <div class='clear'><\/div>        <\/div>\n    <\/div>\n<\/div><\/div><\/div><!-- row close --><div class='evocard_row bx2 bx'><div id='event_time' class='evocard_box time' data-c='' \n\t\t\t\t\tstyle=''><div class='evo_metarow_time evorow evcal_evdata_row evcal_evrow_sm '>\n\t\t<span class='evcal_evdata_icons'><i class='fa fa-clock'><\/i><\/span>\n\t\t<div class='evcal_evdata_cell'>\t\t\t\t\t\t\t\n\t\t\t<h3 class='evo_h3'><span class='evcal_evdata_icons'><i class='fa fa-clock'><\/i><\/span>Uhrzeit<\/h3><div><span class='evo_eventcard_time_t evogap5 evofxww'><span class=\"start\">Oktober 17, 2026<\/span> <span class=\"stime\">20:00<\/span><\/span><span class='evo_tz marr5'>(GMT+00:00)<\/span><\/div>\n\t\t<\/div>\n\t<\/div><\/div><div id='event_location' class='evocard_box location' data-c='' \n\t\t\t\t\tstyle=''><div class='evcal_evdata_row evo_metarow_time_location evorow '>\n\t\t\n\t\t\t<span class='evcal_evdata_icons'><i class='fa fa-map-marker'><\/i><\/span>\n\t\t\t<div class='evcal_evdata_cell' data-loc_tax_id='57'><h3 class='evo_h3 evodfx'><span class='evcal_evdata_icons'><i class='fa fa-map-marker'><\/i><\/span>Veranstalter<\/h3><p class='evo_location_name'>P.aula L\u00fcbbecke<\/p><p class='evo_location_address evodfxi evogap10'>Niedertorstr. 42, 32312 L\u00fcbbecke<\/p><div class='padt10'><span class='evo_btn_arr evolb_trigger' data-lbvals=\"{&quot;lbdata&quot;:{&quot;class&quot;:&quot;evo_location_lb_57&quot;,&quot;additional_class&quot;:&quot;lb_max&quot;,&quot;title&quot;:&quot;P.aula L\\u00fcbbecke&quot;},&quot;adata&quot;:{&quot;a&quot;:&quot;eventon_get_tax_card_content&quot;,&quot;end&quot;:&quot;client&quot;,&quot;data&quot;:{&quot;lang&quot;:&quot;L1&quot;,&quot;term_id&quot;:57,&quot;tax&quot;:&quot;event_location&quot;,&quot;load_lbcontent&quot;:true}},&quot;uid&quot;:&quot;eventon_get_tax_card_content&quot;}\" >Other Events<i class='fa fa-chevron-right' aria-hidden='true'><\/i><\/span><\/div><\/div>\n\t\t\n\t<\/div><\/div><\/div><!-- row close --><div class='evocard_row'><div id='event_addtocal' class='evocard_box addtocal' data-c='' \n\t\t\t\t\tstyle=''><div class='evo_metarow_ICS evorow evcal_evdata_row'>\n\t\t\t<span class='evcal_evdata_icons'><i class='fa fa-calendar-o'><\/i><\/span>\n\t\t\t<div class='evcal_evdata_cell'>\n\t\t\t\t<p><a href='https:\/\/www.hans-werner-meyer.de\/?export-events=single&event_id=702&repeat_interval=0&key=6b2826c17a' rel='nofollow' class='evo_ics_nCal' title='Add to your calendar'>Calendar<\/a><a href='https:\/\/www.google.com\/calendar\/event?action=TEMPLATE&text=Galgenlieder&dates=20261017T200000Z\/20261017T235900Z&ctz=UTC&details=Galgenlieder&location=P.aula%20L%C3%BCbbecke%20Niedertorstr.%2042%2C%2032312%20L%C3%BCbbecke' target='_blank' rel='nofollow' class='evo_ics_gCal' title='Add to google calendar'>GoogleCal<\/a><\/p>\t\n\t\t\t<\/div>\n\t\t<\/div><\/div><\/div><!-- row close --><div class='evocard_row'><div id='event_getdirection' class='evocard_box getdirection' data-c='' \n\t\t\t\t\tstyle=''><div class='evo_metarow_getDr evorow evcal_evdata_row evcal_evrow_sm getdirections'>\n\t\t<form action='https:\/\/maps.google.com\/maps' method='get' target='_blank'>\n\t\t\t<input type='hidden' name='daddr' value=\"Niedertorstr. 42, 32312 L\u00fcbbecke\"\/> \n\t\t\t<div class='evo_get_direction_content evo_fx_dr_r evogap10'>\n\t\t\t\t<span class='evogetdir_header evodfx evofxdrr evofxaic evogap10'>\n\t\t\t\t\t<i class='mainicon fa fa-road evofz24i'><\/i> \n\t\t\t\t\t<h3 class='evo_h3 evopad0i' style='padding-bottom:5px;'>Route planen<\/h3>\n\t\t\t\t<\/span>\n\t\t\t\t<span class='evogetdir_field evodfx evofx_1_1 evow100p'>\t\n\t\t\t\t\t<label for='69f5be0ce8662' class='evo_aria_ready sr-only'>Address - Galgenlieder []<\/label>\t\t\t\t\n\t\t\t\t\t<input id='69f5be0ce8662' class='evo_aria_ready_match evoInput2 evobr10 evow100p evopad10 evoff_2 evofz14i evobrdB1 evoboxbb' type='text' name='saddr' placeholder='Geben Sie Ihre Adresse zur Routenplanung zur Veranstaltung ein' value='' style='' aria-label='Address - Galgenlieder []' \/>\n\t\t\t\t<\/span>\n\t\t\t\t<div class='evodfx evofxdrr evofxaic evogap10'>\n\t\t\t\t\t<i class='fa fa-location-dot'><\/i>\n\t\t\t\t\t<div class='evoposr evofx_1 evoh100p'><label for='69f5be0ce8662' class='evo_aria_ready sr-only'>Destination Address - Galgenlieder []<\/label>\t\t\n\t\t\t\t\t\t<input id='69f5be0ce8662' class='evo_aria_ready_match evoInput2 evobr10 evow100p evopad5-10 evoff_2 evofz14i evobrdB1 evoop5 evoboxbb evoh100p' type='text' style='' readonly value='Niedertorstr. 42, 32312 L\u00fcbbecke' aria-label='Destination Address - Galgenlieder []'\/><button class='evo_copy_address evobuttonA evocurp evohoop7 evoposa evopad5' style='right: 3px; top: 4px; background-color: #fff;' data-txt='Niedertorstr. 42, 32312 L\u00fcbbecke' data-t='Address copied to clipboard!'><i class='far fa-copy evofz16i' title='Copy Destination Address!'><\/i><\/button>\n\t\t\t\t\t<\/div>\n\t\t\t\t\t<button type='submit' class='evo_get_direction_button evcal_btn dfx evofxaic evocurp evohoop7' title='Click here to get directions' style='    padding: 10px 15px !important;'><i class='fa fa-chevron-right'><\/i> <\/button>\n\t\t\t\t<\/div>\n\t\t\t<\/div>\n\t\t<\/form>\n\t<\/div><\/div><\/div><!-- row close --><button class='evo_card_row_end evcal_close' title='Close'><\/button><\/div><div class='clear end'><\/div><\/div><div id=\"event_584_0\" class=\"eventon_list_event evo_eventtop scheduled  event clrW no_et event_584_0\" data-event_id=\"584\" data-ri=\"0r\" data-time=\"1793476800-1793483100\" data-colr=\"#4bb5d8\" itemscope itemtype='http:\/\/schema.org\/Event'><div class=\"evo_event_schema\" style=\"display:none\" ><a itemprop='url'  href='https:\/\/www.hans-werner-meyer.de\/?ajde_events=galgenlieder-8'><\/a><meta itemprop='image' content=\"https:\/\/www.hans-werner-meyer.de\/wp-content\/uploads\/2025\/07\/OB25_CDTD_2704_Fin02-1.jpg\" \/><meta itemprop='startDate' content=\"2026-10-31T20:00+0:00\" \/><meta itemprop='endDate' content=\"2026-10-31T21:45+0:00\" \/><meta itemprop='eventStatus' content=\"https:\/\/schema.org\/EventScheduled\" \/><meta itemprop='eventAttendanceMode'   itemscope itemtype=\"https:\/\/schema.org\/OfflineEventAttendanceMode\"\/><div style=\"display:none\" itemprop=\"location\" itemscope itemtype=\"http:\/\/schema.org\/Place\"><span itemprop=\"name\">Stralsund \/ St. Jakob Kulturkirche<\/span><span itemprop=\"address\" itemscope itemtype=\"http:\/\/schema.org\/PostalAddress\"><item itemprop=\"streetAddress\">Jacobiturmstra\u00dfe 28, 18439 Stralsund<\/item><\/span><\/div><script type=\"application\/ld+json\">{\"@context\": \"http:\/\/schema.org\",\"@type\": \"Event\",\n\t\t\t\t\"@id\": \"event_584_0\",\n\t\t\t\t\"eventAttendanceMode\":\"https:\/\/schema.org\/OfflineEventAttendanceMode\",\n\t\t\t\t\"eventStatus\":\"https:\/\/schema.org\/EventScheduled\",\n\t\t\t\t\"name\": \"Galgenlieder\",\n\t\t\t\t\"url\": \"https:\/\/www.hans-werner-meyer.de\/?ajde_events=galgenlieder-8\",\n\t\t\t\t\"startDate\": \"2026-10-31T20:00+0:00\",\n\t\t\t\t\"endDate\": \"2026-10-31T21:45+0:00\",\n\t\t\t\t\"image\":\"https:\/\/www.hans-werner-meyer.de\/wp-content\/uploads\/2025\/07\/OB25_CDTD_2704_Fin02-1.jpg\", \n\t\t\t\t\"description\":\"<p><a href='https:\/\/www.hans-werner-meyer.de\/wp-content\/uploads\/2025\/10\/IMG_2526.jpeg'><img class='alignnone size-medium wp-image-575' src='https:\/\/www.hans-werner-meyer.de\/wp-content\/uploads\/2025\/10\/IMG_2526-300x298.jpeg' alt='' width='300' height='298' \/><\/a><\/p> \",\"location\":[{\"@type\":\"Place\",\"name\":\"Stralsund \/ St. Jakob Kulturkirche\",\"address\":{\"@type\": \"PostalAddress\",\"streetAddress\":\"Jacobiturmstra\u00dfe 28, 18439 Stralsund\"}}]}<\/script><\/div>\r\n\t\t\t\t<p class=\"desc_trig_outter\" style=\"\"><a data-gmap_status=\"null\" data-exlk=\"0\" style=\"background-color: #4bb5d8;\" id=\"evc_1793476800584\" href=\"#\" class=\"desc_trig sin_val evcal_list_a\" data-ux_val=\"1\" data-ux_val_mob=\"-\"  ><span class='evoet_in'><span class='evoet_c2 evoet_cx '><span class='evoet_dayblock evcal_cblock ' data-bgcolor='#4bb5d8' data-smon='Oktober' data-syr='2026' data-bub=''><span class='evo_start  evofxdrc'><em class='date'>31<\/em><em class='month'>oct<\/em><em class='time'>20:00<\/em><\/span><\/span><\/span><span class='evoet_c3 evoet_cx evcal_desc hide_eventtopdata '><span class='evoet_title evcal_desc2 evcal_event_title ' itemprop='name'>Galgenlieder<\/span><span class='event_location_attrs evodni'  data-location_address=\"Jacobiturmstra\u00dfe 28, 18439 Stralsund\" data-location_type=\"address\" data-location_name=\"Stralsund \/ St. Jakob Kulturkirche\" data-location_url=\"https:\/\/www.hans-werner-meyer.de\/?event_location=stralsund-st-jakob-kulturkirche\" data-location_status=\"true\" data-locid=\"39\"><\/span><span class='evoet_cy evoet_subtitle evo_below_title' ><span class='evcal_event_subtitle ' >Stralsund<\/span><\/span><\/span><\/span><span class='evoet_data' style='display:none' data-d=\"{&quot;loc.n&quot;:&quot;Stralsund \\\/ St. Jakob Kulturkirche&quot;,&quot;orgs&quot;:[],&quot;tags&quot;:[]}\" data-bgc=\"#4bb5d8\" data-bggrad=\"\" ><\/span><\/a><\/p><div class='event_description evcal_eventcard ' style=\"display:none\"><div class='evocard_row'><div id='event_ftimage' class='evocard_box ftimage' data-c='' \n\t\t\t\t\tstyle=''><div class='evocard_main_image_hold' data-t='Loading Image..'><div class='evocard_main_image evo_img_triglb evocd_img_def evobr15 evobgsc evobgpc evodfx evofx_jc_c evofx_ai_c evofz48 def' style='height:400px; background-image:url(https:\/\/www.hans-werner-meyer.de\/wp-content\/uploads\/2025\/07\/OB25_CDTD_2704_Fin02-1.jpg);' data-f=\"https:\/\/www.hans-werner-meyer.de\/wp-content\/uploads\/2025\/07\/OB25_CDTD_2704_Fin02-1.jpg\" data-h=\"1195\" data-w=\"2003\" data-ratio=\"0.59660509236146\" data-event_id=\"584\" data-ri=\"0\"  data-t='Loading Image..'><\/div><\/div><\/div><\/div><!-- row close --><div class='evocard_row'><div id='event_eventdetails' class='evocard_box eventdetails' data-c='' \n\t\t\t\t\tstyle=''><div class=\"evo_metarow_details evorow evcal_evdata_row evcal_event_details\">\n    <div class=\"event_excerpt\" style=\"display:none\"><h3 class=\"padb5 evo_h3\">Event Details<\/h3><p><\/p><\/div><span class='evcal_evdata_icons'><i class='fa fa-align-justify'><\/i><\/span>    <div class=\"evcal_evdata_cell \">\n        <div class=\"eventon_full_description\">\n            <h3 class=\"padb5 evo_h3\"><span class='evcal_evdata_icons'><i class='fa fa-align-justify'><\/i><\/span>Event Details<\/h3>\n            <div class=\"eventon_desc_in\" itemprop=\"description\">\n                <p><a href=\"https:\/\/www.hans-werner-meyer.de\/wp-content\/uploads\/2025\/10\/IMG_2526.jpeg\"><img loading=\"lazy\" decoding=\"async\" class=\"alignnone size-medium wp-image-575\" src=\"https:\/\/www.hans-werner-meyer.de\/wp-content\/uploads\/2025\/10\/IMG_2526-300x298.jpeg\" alt=\"\" width=\"300\" height=\"298\" srcset=\"https:\/\/www.hans-werner-meyer.de\/wp-content\/uploads\/2025\/10\/IMG_2526-300x298.jpeg 300w, https:\/\/www.hans-werner-meyer.de\/wp-content\/uploads\/2025\/10\/IMG_2526-1024x1016.jpeg 1024w, https:\/\/www.hans-werner-meyer.de\/wp-content\/uploads\/2025\/10\/IMG_2526-150x150.jpeg 150w, https:\/\/www.hans-werner-meyer.de\/wp-content\/uploads\/2025\/10\/IMG_2526-768x762.jpeg 768w, https:\/\/www.hans-werner-meyer.de\/wp-content\/uploads\/2025\/10\/IMG_2526-500x496.jpeg 500w, https:\/\/www.hans-werner-meyer.de\/wp-content\/uploads\/2025\/10\/IMG_2526-550x546.jpeg 550w, https:\/\/www.hans-werner-meyer.de\/wp-content\/uploads\/2025\/10\/IMG_2526-400x397.jpeg 400w, https:\/\/www.hans-werner-meyer.de\/wp-content\/uploads\/2025\/10\/IMG_2526-1200x1190.jpeg 1200w, https:\/\/www.hans-werner-meyer.de\/wp-content\/uploads\/2025\/10\/IMG_2526.jpeg 1257w\" sizes=\"auto, (max-width: 300px) 100vw, 300px\" \/><\/a><\/p>\n            <\/div>\n            <div class='clear'><\/div>        <\/div>\n    <\/div>\n<\/div><\/div><\/div><!-- row close --><div class='evocard_row bx2 bx'><div id='event_time' class='evocard_box time' data-c='' \n\t\t\t\t\tstyle=''><div class='evo_metarow_time evorow evcal_evdata_row evcal_evrow_sm '>\n\t\t<span class='evcal_evdata_icons'><i class='fa fa-clock'><\/i><\/span>\n\t\t<div class='evcal_evdata_cell'>\t\t\t\t\t\t\t\n\t\t\t<h3 class='evo_h3'><span class='evcal_evdata_icons'><i class='fa fa-clock'><\/i><\/span>Uhrzeit<\/h3><div><span class='evo_eventcard_time_t evogap5 evofxww'><span class=\"start\">Oktober 31, 2026<\/span> <span class=\"stime\">20:00<\/span><\/span><span class='evo_tz marr5'>(GMT+00:00)<\/span><\/div>\n\t\t<\/div>\n\t<\/div><\/div><div id='event_location' class='evocard_box location' data-c='' \n\t\t\t\t\tstyle=''><div class='evcal_evdata_row evo_metarow_time_location evorow '>\n\t\t\n\t\t\t<span class='evcal_evdata_icons'><i class='fa fa-map-marker'><\/i><\/span>\n\t\t\t<div class='evcal_evdata_cell' data-loc_tax_id='39'><h3 class='evo_h3 evodfx'><span class='evcal_evdata_icons'><i class='fa fa-map-marker'><\/i><\/span><a target=\"\" href=\"https:\/\/kdw-hst.de\/kultur-und-freizeit\/kulturkirche-st-jakobi\">Veranstalter<\/a><\/h3><p class='evo_location_name'><a target=\"\" href=\"https:\/\/kdw-hst.de\/kultur-und-freizeit\/kulturkirche-st-jakobi\">Stralsund \/ St. Jakob Kulturkirche<\/a><\/p><p class='evo_location_address evodfxi evogap10'><a target=\"\" href=\"https:\/\/kdw-hst.de\/kultur-und-freizeit\/kulturkirche-st-jakobi\">Jacobiturmstra\u00dfe 28, 18439 Stralsund<\/a><\/p><div class='padt10'><span class='evo_btn_arr evolb_trigger' data-lbvals=\"{&quot;lbdata&quot;:{&quot;class&quot;:&quot;evo_location_lb_39&quot;,&quot;additional_class&quot;:&quot;lb_max&quot;,&quot;title&quot;:&quot;Stralsund \\\/ St. Jakob Kulturkirche&quot;},&quot;adata&quot;:{&quot;a&quot;:&quot;eventon_get_tax_card_content&quot;,&quot;end&quot;:&quot;client&quot;,&quot;data&quot;:{&quot;lang&quot;:&quot;L1&quot;,&quot;term_id&quot;:39,&quot;tax&quot;:&quot;event_location&quot;,&quot;load_lbcontent&quot;:true}},&quot;uid&quot;:&quot;eventon_get_tax_card_content&quot;}\" >Other Events<i class='fa fa-chevron-right' aria-hidden='true'><\/i><\/span><\/div><\/div>\n\t\t\n\t<\/div><\/div><\/div><!-- row close --><div class='evocard_row'><div id='event_customfield1' class='evocard_box customfield1' data-c='' \n\t\t\t\t\tstyle=''><div class='evo_metarow_cusF1 evorow evcal_evdata_row evcal_evrow_sm '>\n\t\t\t<span class='evcal_evdata_icons'><i class='fa fa-ticket'><\/i><\/span>\n\t\t\t<div class='evcal_evdata_cell'>\t\t\t\t\t\t\t\n\t\t\t\t<h3 class='evo_h3'>Ticket kaufen<\/h3><div class='evo_custom_content evo_data_val evodfx evofx_dr_r evofx_ww evogap20'><div class='evo_custom_content_in'><a href='https:\/\/kdw-hst.reservix.de\/p\/reservix\/group\/520059' target=\"_blank\" class='evcal_btn evo_cusmeta_btn'>Tickets<\/a><\/div><\/div><\/div><\/div><\/div><\/div><!-- row close --><div class='evocard_row'><div id='event_addtocal' class='evocard_box addtocal' data-c='' \n\t\t\t\t\tstyle=''><div class='evo_metarow_ICS evorow evcal_evdata_row'>\n\t\t\t<span class='evcal_evdata_icons'><i class='fa fa-calendar-o'><\/i><\/span>\n\t\t\t<div class='evcal_evdata_cell'>\n\t\t\t\t<p><a href='https:\/\/www.hans-werner-meyer.de\/?export-events=single&event_id=584&repeat_interval=0&key=6b2826c17a' rel='nofollow' class='evo_ics_nCal' title='Add to your calendar'>Calendar<\/a><a href='https:\/\/www.google.com\/calendar\/event?action=TEMPLATE&text=Galgenlieder&dates=20261031T200000Z\/20261031T214500Z&ctz=UTC&details=Galgenlieder&location=Stralsund%20%2F%20St.%20Jakob%20Kulturkirche%20Jacobiturmstra%C3%9Fe%2028%2C%2018439%20Stralsund' target='_blank' rel='nofollow' class='evo_ics_gCal' title='Add to google calendar'>GoogleCal<\/a><\/p>\t\n\t\t\t<\/div>\n\t\t<\/div><\/div><\/div><!-- row close --><div class='evocard_row'><div id='event_getdirection' class='evocard_box getdirection' data-c='' \n\t\t\t\t\tstyle=''><div class='evo_metarow_getDr evorow evcal_evdata_row evcal_evrow_sm getdirections'>\n\t\t<form action='https:\/\/maps.google.com\/maps' method='get' target='_blank'>\n\t\t\t<input type='hidden' name='daddr' value=\"Jacobiturmstra\u00dfe 28, 18439 Stralsund\"\/> \n\t\t\t<div class='evo_get_direction_content evo_fx_dr_r evogap10'>\n\t\t\t\t<span class='evogetdir_header evodfx evofxdrr evofxaic evogap10'>\n\t\t\t\t\t<i class='mainicon fa fa-road evofz24i'><\/i> \n\t\t\t\t\t<h3 class='evo_h3 evopad0i' style='padding-bottom:5px;'>Route planen<\/h3>\n\t\t\t\t<\/span>\n\t\t\t\t<span class='evogetdir_field evodfx evofx_1_1 evow100p'>\t\n\t\t\t\t\t<label for='69f5be0cea77f' class='evo_aria_ready sr-only'>Address - Galgenlieder []<\/label>\t\t\t\t\n\t\t\t\t\t<input id='69f5be0cea77f' class='evo_aria_ready_match evoInput2 evobr10 evow100p evopad10 evoff_2 evofz14i evobrdB1 evoboxbb' type='text' name='saddr' placeholder='Geben Sie Ihre Adresse zur Routenplanung zur Veranstaltung ein' value='' style='' aria-label='Address - Galgenlieder []' \/>\n\t\t\t\t<\/span>\n\t\t\t\t<div class='evodfx evofxdrr evofxaic evogap10'>\n\t\t\t\t\t<i class='fa fa-location-dot'><\/i>\n\t\t\t\t\t<div class='evoposr evofx_1 evoh100p'><label for='69f5be0cea77f' class='evo_aria_ready sr-only'>Destination Address - Galgenlieder []<\/label>\t\t\n\t\t\t\t\t\t<input id='69f5be0cea77f' class='evo_aria_ready_match evoInput2 evobr10 evow100p evopad5-10 evoff_2 evofz14i evobrdB1 evoop5 evoboxbb evoh100p' type='text' style='' readonly value='Jacobiturmstra\u00dfe 28, 18439 Stralsund' aria-label='Destination Address - Galgenlieder []'\/><button class='evo_copy_address evobuttonA evocurp evohoop7 evoposa evopad5' style='right: 3px; top: 4px; background-color: #fff;' data-txt='Jacobiturmstra\u00dfe 28, 18439 Stralsund' data-t='Address copied to clipboard!'><i class='far fa-copy evofz16i' title='Copy Destination Address!'><\/i><\/button>\n\t\t\t\t\t<\/div>\n\t\t\t\t\t<button type='submit' class='evo_get_direction_button evcal_btn dfx evofxaic evocurp evohoop7' title='Click here to get directions' style='    padding: 10px 15px !important;'><i class='fa fa-chevron-right'><\/i> <\/button>\n\t\t\t\t<\/div>\n\t\t\t<\/div>\n\t\t<\/form>\n\t<\/div><\/div><\/div><!-- row close --><button class='evo_card_row_end evcal_close' title='Close'><\/button><\/div><div class='clear end'><\/div><\/div><\/div><div class='evcal_month_line' data-d='eml_11_2026' data-su='1793491200'><p>November 2026<\/p><\/div><div class='sep_month_events ' data-d='eml_11_2026' data-range='1793491200_1796083199'><div id=\"event_630_0\" class=\"eventon_list_event evo_eventtop scheduled  event clrW no_et event_630_0\" data-event_id=\"630\" data-ri=\"0r\" data-time=\"1793995200-1794009540\" data-colr=\"#4bb5d8\" itemscope itemtype='http:\/\/schema.org\/Event'><div class=\"evo_event_schema\" style=\"display:none\" ><a itemprop='url'  href='https:\/\/www.hans-werner-meyer.de\/?ajde_events=klangrazzia-15'><\/a><meta itemprop='image' content=\"https:\/\/www.hans-werner-meyer.de\/wp-content\/uploads\/2025\/07\/2024_06_07_Klangrazzia_0360.jpg\" \/><meta itemprop='startDate' content=\"2026-11-6T20:00+0:00\" \/><meta itemprop='endDate' content=\"2026-11-6T23:59+0:00\" \/><meta itemprop='eventStatus' content=\"https:\/\/schema.org\/EventScheduled\" \/><meta itemprop='eventAttendanceMode'   itemscope itemtype=\"https:\/\/schema.org\/OfflineEventAttendanceMode\"\/><script type=\"application\/ld+json\">{\"@context\": \"http:\/\/schema.org\",\"@type\": \"Event\",\n\t\t\t\t\"@id\": \"event_630_0\",\n\t\t\t\t\"eventAttendanceMode\":\"https:\/\/schema.org\/OfflineEventAttendanceMode\",\n\t\t\t\t\"eventStatus\":\"https:\/\/schema.org\/EventScheduled\",\n\t\t\t\t\"name\": \"Klangrazzia\",\n\t\t\t\t\"url\": \"https:\/\/www.hans-werner-meyer.de\/?ajde_events=klangrazzia-15\",\n\t\t\t\t\"startDate\": \"2026-11-6T20:00+0:00\",\n\t\t\t\t\"endDate\": \"2026-11-6T23:59+0:00\",\n\t\t\t\t\"image\":\"https:\/\/www.hans-werner-meyer.de\/wp-content\/uploads\/2025\/07\/2024_06_07_Klangrazzia_0360.jpg\", \n\t\t\t\t\"description\":\"<p><a href='https:\/\/www.hans-werner-meyer.de\/wp-content\/uploads\/2025\/10\/2024_06_07_Klangrazzia_0105-scaled.jpeg'><img class='size-medium wp-image-607' src='https:\/\/www.hans-werner-meyer.de\/wp-content\/uploads\/2025\/10\/2024_06_07_Klangrazzia_0105-300x206.jpeg' alt='' width='300' height='206' \/><\/a><\/p> <p><a href='http:\/\/klangrazzia.de'>Hier geht\u00b4s zur Klangrazzia-Homepage<\/a><\/p> \"}<\/script><\/div>\r\n\t\t\t\t<p class=\"desc_trig_outter\" style=\"\"><a data-gmap_status=\"null\" data-exlk=\"0\" style=\"background-color: #4bb5d8;\" id=\"evc_1793995200630\" href=\"#\" class=\"desc_trig sin_val evcal_list_a\" data-ux_val=\"1\" data-ux_val_mob=\"-\"  ><span class='evoet_in'><span class='evoet_c2 evoet_cx '><span class='evoet_dayblock evcal_cblock ' data-bgcolor='#4bb5d8' data-smon='November' data-syr='2026' data-bub=''><span class='evo_start  evofxdrc'><em class='date'>06<\/em><em class='month'>nov<\/em><em class='time'>20:00<\/em><\/span><\/span><\/span><span class='evoet_c3 evoet_cx evcal_desc hide_eventtopdata '><span class='evoet_title evcal_desc2 evcal_event_title ' itemprop='name'>Klangrazzia<\/span><span class='evoet_cy evoet_subtitle evo_below_title' ><span class='evcal_event_subtitle ' >Brunsb\u00fcttel<\/span><\/span><\/span><\/span><span class='evoet_data' style='display:none' data-d=\"{&quot;loc.n&quot;:&quot;&quot;,&quot;orgs&quot;:[],&quot;tags&quot;:[]}\" data-bgc=\"#4bb5d8\" data-bggrad=\"\" ><\/span><\/a><\/p><div class='event_description evcal_eventcard ' style=\"display:none\"><div class='evocard_row'><div id='event_ftimage' class='evocard_box ftimage' data-c='' \n\t\t\t\t\tstyle=''><div class='evocard_main_image_hold' data-t='Loading Image..'><div class='evocard_main_image evo_img_triglb evocd_img_def evobr15 evobgsc evobgpc evodfx evofx_jc_c evofx_ai_c evofz48 def' style='height:400px; background-image:url(https:\/\/www.hans-werner-meyer.de\/wp-content\/uploads\/2025\/07\/2024_06_07_Klangrazzia_0360.jpg);' data-f=\"https:\/\/www.hans-werner-meyer.de\/wp-content\/uploads\/2025\/07\/2024_06_07_Klangrazzia_0360.jpg\" data-h=\"741\" data-w=\"1770\" data-ratio=\"0.41864406779661\" data-event_id=\"630\" data-ri=\"0\"  data-t='Loading Image..'><\/div><\/div><\/div><\/div><!-- row close --><div class='evocard_row'><div id='event_eventdetails' class='evocard_box eventdetails' data-c='' \n\t\t\t\t\tstyle=''><div class=\"evo_metarow_details evorow evcal_evdata_row evcal_event_details\">\n    <div class=\"event_excerpt\" style=\"display:none\"><h3 class=\"padb5 evo_h3\">Event Details<\/h3><p>Hier geht\u00b4s zur Klangrazzia-Homepage<\/p><\/div><span class='evcal_evdata_icons'><i class='fa fa-align-justify'><\/i><\/span>    <div class=\"evcal_evdata_cell \">\n        <div class=\"eventon_full_description\">\n            <h3 class=\"padb5 evo_h3\"><span class='evcal_evdata_icons'><i class='fa fa-align-justify'><\/i><\/span>Event Details<\/h3>\n            <div class=\"eventon_desc_in\" itemprop=\"description\">\n                <p><a href=\"https:\/\/www.hans-werner-meyer.de\/wp-content\/uploads\/2025\/10\/2024_06_07_Klangrazzia_0105-scaled.jpeg\"><img loading=\"lazy\" decoding=\"async\" class=\"size-medium wp-image-607\" src=\"https:\/\/www.hans-werner-meyer.de\/wp-content\/uploads\/2025\/10\/2024_06_07_Klangrazzia_0105-300x206.jpeg\" alt=\"\" width=\"300\" height=\"206\" srcset=\"https:\/\/www.hans-werner-meyer.de\/wp-content\/uploads\/2025\/10\/2024_06_07_Klangrazzia_0105-300x206.jpeg 300w, https:\/\/www.hans-werner-meyer.de\/wp-content\/uploads\/2025\/10\/2024_06_07_Klangrazzia_0105-1024x702.jpeg 1024w, https:\/\/www.hans-werner-meyer.de\/wp-content\/uploads\/2025\/10\/2024_06_07_Klangrazzia_0105-768x526.jpeg 768w, https:\/\/www.hans-werner-meyer.de\/wp-content\/uploads\/2025\/10\/2024_06_07_Klangrazzia_0105-1536x1053.jpeg 1536w, https:\/\/www.hans-werner-meyer.de\/wp-content\/uploads\/2025\/10\/2024_06_07_Klangrazzia_0105-2048x1404.jpeg 2048w, https:\/\/www.hans-werner-meyer.de\/wp-content\/uploads\/2025\/10\/2024_06_07_Klangrazzia_0105-500x343.jpeg 500w, https:\/\/www.hans-werner-meyer.de\/wp-content\/uploads\/2025\/10\/2024_06_07_Klangrazzia_0105-550x377.jpeg 550w, https:\/\/www.hans-werner-meyer.de\/wp-content\/uploads\/2025\/10\/2024_06_07_Klangrazzia_0105-400x274.jpeg 400w, https:\/\/www.hans-werner-meyer.de\/wp-content\/uploads\/2025\/10\/2024_06_07_Klangrazzia_0105-1920x1316.jpeg 1920w, https:\/\/www.hans-werner-meyer.de\/wp-content\/uploads\/2025\/10\/2024_06_07_Klangrazzia_0105-2000x1371.jpeg 2000w, https:\/\/www.hans-werner-meyer.de\/wp-content\/uploads\/2025\/10\/2024_06_07_Klangrazzia_0105-1200x823.jpeg 1200w\" sizes=\"auto, (max-width: 300px) 100vw, 300px\" \/><\/a><\/p>\n<p><a href=\"http:\/\/klangrazzia.de\">Hier geht\u00b4s zur Klangrazzia-Homepage<\/a><\/p>\n            <\/div>\n            <div class='clear'><\/div>        <\/div>\n    <\/div>\n<\/div><\/div><\/div><!-- row close --><div class='evocard_row'><div id='event_time' class='evocard_box time' data-c='' \n\t\t\t\t\tstyle=''><div class='evo_metarow_time evorow evcal_evdata_row evcal_evrow_sm '>\n\t\t<span class='evcal_evdata_icons'><i class='fa fa-clock'><\/i><\/span>\n\t\t<div class='evcal_evdata_cell'>\t\t\t\t\t\t\t\n\t\t\t<h3 class='evo_h3'><span class='evcal_evdata_icons'><i class='fa fa-clock'><\/i><\/span>Uhrzeit<\/h3><div><span class='evo_eventcard_time_t evogap5 evofxww'><span class=\"start\">November 6, 2026<\/span> <span class=\"stime\">20:00<\/span><\/span><span class='evo_tz marr5'>(GMT+00:00)<\/span><\/div>\n\t\t<\/div>\n\t<\/div><\/div><\/div><!-- row close --><div class='evocard_row'><div id='event_addtocal' class='evocard_box addtocal' data-c='' \n\t\t\t\t\tstyle=''><div class='evo_metarow_ICS evorow evcal_evdata_row'>\n\t\t\t<span class='evcal_evdata_icons'><i class='fa fa-calendar-o'><\/i><\/span>\n\t\t\t<div class='evcal_evdata_cell'>\n\t\t\t\t<p><a href='https:\/\/www.hans-werner-meyer.de\/?export-events=single&event_id=630&repeat_interval=0&key=6b2826c17a' rel='nofollow' class='evo_ics_nCal' title='Add to your calendar'>Calendar<\/a><a href='https:\/\/www.google.com\/calendar\/event?action=TEMPLATE&text=Klangrazzia&dates=20261106T200000Z\/20261106T235900Z&ctz=UTC&details=Klangrazzia&location=' target='_blank' rel='nofollow' class='evo_ics_gCal' title='Add to google calendar'>GoogleCal<\/a><\/p>\t\n\t\t\t<\/div>\n\t\t<\/div><\/div><\/div><!-- row close --><button class='evo_card_row_end evcal_close' title='Close'><\/button><\/div><div class='clear end'><\/div><\/div><\/div><div class='evcal_month_line' data-d='eml_12_2026' data-su='1796083200'><p>Dezember 2026<\/p><\/div><div class='sep_month_events ' data-d='eml_12_2026' data-range='1796083200_1798761599'><div id=\"event_717_0\" class=\"eventon_list_event evo_eventtop scheduled  event clrW no_et event_717_0\" data-event_id=\"717\" data-ri=\"0r\" data-time=\"1797017400-1797033540\" data-colr=\"#4bb5d8\" itemscope itemtype='http:\/\/schema.org\/Event'><div class=\"evo_event_schema\" style=\"display:none\" ><a itemprop='url'  href='https:\/\/www.hans-werner-meyer.de\/?ajde_events=galgenlieder-23'><\/a><meta itemprop='image' content=\"https:\/\/www.hans-werner-meyer.de\/wp-content\/uploads\/2025\/07\/OB25_CDTD_2704_Fin02-1.jpg\" \/><meta itemprop='startDate' content=\"2026-12-11T19:30+0:00\" \/><meta itemprop='endDate' content=\"2026-12-11T23:59+0:00\" \/><meta itemprop='eventStatus' content=\"https:\/\/schema.org\/EventScheduled\" \/><meta itemprop='eventAttendanceMode'   itemscope itemtype=\"https:\/\/schema.org\/OfflineEventAttendanceMode\"\/><div style=\"display:none\" itemprop=\"location\" itemscope itemtype=\"http:\/\/schema.org\/Place\"><span itemprop=\"name\">Parchim Theater<\/span><span itemprop=\"address\" itemscope itemtype=\"http:\/\/schema.org\/PostalAddress\"><item itemprop=\"streetAddress\">Fischerdamm 2, 19370 Parchim<\/item><\/span><\/div><script type=\"application\/ld+json\">{\"@context\": \"http:\/\/schema.org\",\"@type\": \"Event\",\n\t\t\t\t\"@id\": \"event_717_0\",\n\t\t\t\t\"eventAttendanceMode\":\"https:\/\/schema.org\/OfflineEventAttendanceMode\",\n\t\t\t\t\"eventStatus\":\"https:\/\/schema.org\/EventScheduled\",\n\t\t\t\t\"name\": \"Galgenlieder\",\n\t\t\t\t\"url\": \"https:\/\/www.hans-werner-meyer.de\/?ajde_events=galgenlieder-23\",\n\t\t\t\t\"startDate\": \"2026-12-11T19:30+0:00\",\n\t\t\t\t\"endDate\": \"2026-12-11T23:59+0:00\",\n\t\t\t\t\"image\":\"https:\/\/www.hans-werner-meyer.de\/wp-content\/uploads\/2025\/07\/OB25_CDTD_2704_Fin02-1.jpg\", \n\t\t\t\t\"description\":\"<p><a href='https:\/\/www.hans-werner-meyer.de\/wp-content\/uploads\/2025\/10\/IMG_2526.jpeg'><img class='alignnone size-medium wp-image-575' src='https:\/\/www.hans-werner-meyer.de\/wp-content\/uploads\/2025\/10\/IMG_2526-300x298.jpeg' alt='' width='300' height='298' \/><\/a><\/p> \",\"location\":[{\"@type\":\"Place\",\"name\":\"Parchim Theater\",\"address\":{\"@type\": \"PostalAddress\",\"streetAddress\":\"Fischerdamm 2, 19370 Parchim\"}}]}<\/script><\/div>\r\n\t\t\t\t<p class=\"desc_trig_outter\" style=\"\"><a data-gmap_status=\"null\" data-exlk=\"0\" style=\"background-color: #4bb5d8;\" id=\"evc_1797017400717\" href=\"#\" class=\"desc_trig sin_val evcal_list_a\" data-ux_val=\"1\" data-ux_val_mob=\"-\"  ><span class='evoet_in'><span class='evoet_c2 evoet_cx '><span class='evoet_dayblock evcal_cblock ' data-bgcolor='#4bb5d8' data-smon='Dezember' data-syr='2026' data-bub=''><span class='evo_start  evofxdrc'><em class='date'>11<\/em><em class='month'>dec<\/em><em class='time'>19:30<\/em><\/span><\/span><\/span><span class='evoet_c3 evoet_cx evcal_desc hide_eventtopdata '><span class='evoet_title evcal_desc2 evcal_event_title ' itemprop='name'>Galgenlieder<\/span><span class='event_location_attrs evodni'  data-location_address=\"Fischerdamm 2, 19370 Parchim\" data-location_type=\"address\" data-location_name=\"Parchim Theater\" data-location_url=\"https:\/\/www.hans-werner-meyer.de\/?event_location=parchim-theater\" data-location_status=\"true\" data-locid=\"32\"><\/span><span class='evoet_cy evoet_subtitle evo_below_title' ><span class='evcal_event_subtitle ' >Parchim<\/span><\/span><\/span><\/span><span class='evoet_data' style='display:none' data-d=\"{&quot;loc.n&quot;:&quot;Parchim Theater&quot;,&quot;orgs&quot;:[],&quot;tags&quot;:[]}\" data-bgc=\"#4bb5d8\" data-bggrad=\"\" ><\/span><\/a><\/p><div class='event_description evcal_eventcard ' style=\"display:none\"><div class='evocard_row'><div id='event_ftimage' class='evocard_box ftimage' data-c='' \n\t\t\t\t\tstyle=''><div class='evocard_main_image_hold' data-t='Loading Image..'><div class='evocard_main_image evo_img_triglb evocd_img_def evobr15 evobgsc evobgpc evodfx evofx_jc_c evofx_ai_c evofz48 def' style='height:400px; background-image:url(https:\/\/www.hans-werner-meyer.de\/wp-content\/uploads\/2025\/07\/OB25_CDTD_2704_Fin02-1.jpg);' data-f=\"https:\/\/www.hans-werner-meyer.de\/wp-content\/uploads\/2025\/07\/OB25_CDTD_2704_Fin02-1.jpg\" data-h=\"1195\" data-w=\"2003\" data-ratio=\"0.59660509236146\" data-event_id=\"717\" data-ri=\"0\"  data-t='Loading Image..'><\/div><\/div><\/div><\/div><!-- row close --><div class='evocard_row'><div id='event_eventdetails' class='evocard_box eventdetails' data-c='' \n\t\t\t\t\tstyle=''><div class=\"evo_metarow_details evorow evcal_evdata_row evcal_event_details\">\n    <div class=\"event_excerpt\" style=\"display:none\"><h3 class=\"padb5 evo_h3\">Event Details<\/h3><p><\/p><\/div><span class='evcal_evdata_icons'><i class='fa fa-align-justify'><\/i><\/span>    <div class=\"evcal_evdata_cell \">\n        <div class=\"eventon_full_description\">\n            <h3 class=\"padb5 evo_h3\"><span class='evcal_evdata_icons'><i class='fa fa-align-justify'><\/i><\/span>Event Details<\/h3>\n            <div class=\"eventon_desc_in\" itemprop=\"description\">\n                <p><a href=\"https:\/\/www.hans-werner-meyer.de\/wp-content\/uploads\/2025\/10\/IMG_2526.jpeg\"><img loading=\"lazy\" decoding=\"async\" class=\"alignnone size-medium wp-image-575\" src=\"https:\/\/www.hans-werner-meyer.de\/wp-content\/uploads\/2025\/10\/IMG_2526-300x298.jpeg\" alt=\"\" width=\"300\" height=\"298\" srcset=\"https:\/\/www.hans-werner-meyer.de\/wp-content\/uploads\/2025\/10\/IMG_2526-300x298.jpeg 300w, https:\/\/www.hans-werner-meyer.de\/wp-content\/uploads\/2025\/10\/IMG_2526-1024x1016.jpeg 1024w, https:\/\/www.hans-werner-meyer.de\/wp-content\/uploads\/2025\/10\/IMG_2526-150x150.jpeg 150w, https:\/\/www.hans-werner-meyer.de\/wp-content\/uploads\/2025\/10\/IMG_2526-768x762.jpeg 768w, https:\/\/www.hans-werner-meyer.de\/wp-content\/uploads\/2025\/10\/IMG_2526-500x496.jpeg 500w, https:\/\/www.hans-werner-meyer.de\/wp-content\/uploads\/2025\/10\/IMG_2526-550x546.jpeg 550w, https:\/\/www.hans-werner-meyer.de\/wp-content\/uploads\/2025\/10\/IMG_2526-400x397.jpeg 400w, https:\/\/www.hans-werner-meyer.de\/wp-content\/uploads\/2025\/10\/IMG_2526-1200x1190.jpeg 1200w, https:\/\/www.hans-werner-meyer.de\/wp-content\/uploads\/2025\/10\/IMG_2526.jpeg 1257w\" sizes=\"auto, (max-width: 300px) 100vw, 300px\" \/><\/a><\/p>\n            <\/div>\n            <div class='clear'><\/div>        <\/div>\n    <\/div>\n<\/div><\/div><\/div><!-- row close --><div class='evocard_row bx2 bx'><div id='event_time' class='evocard_box time' data-c='' \n\t\t\t\t\tstyle=''><div class='evo_metarow_time evorow evcal_evdata_row evcal_evrow_sm '>\n\t\t<span class='evcal_evdata_icons'><i class='fa fa-clock'><\/i><\/span>\n\t\t<div class='evcal_evdata_cell'>\t\t\t\t\t\t\t\n\t\t\t<h3 class='evo_h3'><span class='evcal_evdata_icons'><i class='fa fa-clock'><\/i><\/span>Uhrzeit<\/h3><div><span class='evo_eventcard_time_t evogap5 evofxww'><span class=\"start\">Dezember 11, 2026<\/span> <span class=\"stime\">19:30<\/span><\/span><span class='evo_tz marr5'>(GMT+00:00)<\/span><\/div>\n\t\t<\/div>\n\t<\/div><\/div><div id='event_location' class='evocard_box location' data-c='' \n\t\t\t\t\tstyle=''><div class='evcal_evdata_row evo_metarow_time_location evorow '>\n\t\t\n\t\t\t<span class='evcal_evdata_icons'><i class='fa fa-map-marker'><\/i><\/span>\n\t\t\t<div class='evcal_evdata_cell' data-loc_tax_id='32'><h3 class='evo_h3 evodfx'><span class='evcal_evdata_icons'><i class='fa fa-map-marker'><\/i><\/span>Veranstalter<\/h3><p class='evo_location_name'>Parchim Theater<\/p><p class='evo_location_address evodfxi evogap10'>Fischerdamm 2, 19370 Parchim<\/p><div class='padt10'><span class='evo_btn_arr evolb_trigger' data-lbvals=\"{&quot;lbdata&quot;:{&quot;class&quot;:&quot;evo_location_lb_32&quot;,&quot;additional_class&quot;:&quot;lb_max&quot;,&quot;title&quot;:&quot;Parchim Theater&quot;},&quot;adata&quot;:{&quot;a&quot;:&quot;eventon_get_tax_card_content&quot;,&quot;end&quot;:&quot;client&quot;,&quot;data&quot;:{&quot;lang&quot;:&quot;L1&quot;,&quot;term_id&quot;:32,&quot;tax&quot;:&quot;event_location&quot;,&quot;load_lbcontent&quot;:true}},&quot;uid&quot;:&quot;eventon_get_tax_card_content&quot;}\" >Other Events<i class='fa fa-chevron-right' aria-hidden='true'><\/i><\/span><\/div><\/div>\n\t\t\n\t<\/div><\/div><\/div><!-- row close --><div class='evocard_row'><div id='event_addtocal' class='evocard_box addtocal' data-c='' \n\t\t\t\t\tstyle=''><div class='evo_metarow_ICS evorow evcal_evdata_row'>\n\t\t\t<span class='evcal_evdata_icons'><i class='fa fa-calendar-o'><\/i><\/span>\n\t\t\t<div class='evcal_evdata_cell'>\n\t\t\t\t<p><a href='https:\/\/www.hans-werner-meyer.de\/?export-events=single&event_id=717&repeat_interval=0&key=6b2826c17a' rel='nofollow' class='evo_ics_nCal' title='Add to your calendar'>Calendar<\/a><a href='https:\/\/www.google.com\/calendar\/event?action=TEMPLATE&text=Galgenlieder&dates=20261211T193000Z\/20261211T235900Z&ctz=UTC&details=Galgenlieder&location=Parchim%20Theater%20Fischerdamm%202%2C%2019370%20Parchim' target='_blank' rel='nofollow' class='evo_ics_gCal' title='Add to google calendar'>GoogleCal<\/a><\/p>\t\n\t\t\t<\/div>\n\t\t<\/div><\/div><\/div><!-- row close --><div class='evocard_row'><div id='event_getdirection' class='evocard_box getdirection' data-c='' \n\t\t\t\t\tstyle=''><div class='evo_metarow_getDr evorow evcal_evdata_row evcal_evrow_sm getdirections'>\n\t\t<form action='https:\/\/maps.google.com\/maps' method='get' target='_blank'>\n\t\t\t<input type='hidden' name='daddr' value=\"Fischerdamm 2, 19370 Parchim\"\/> \n\t\t\t<div class='evo_get_direction_content evo_fx_dr_r evogap10'>\n\t\t\t\t<span class='evogetdir_header evodfx evofxdrr evofxaic evogap10'>\n\t\t\t\t\t<i class='mainicon fa fa-road evofz24i'><\/i> \n\t\t\t\t\t<h3 class='evo_h3 evopad0i' style='padding-bottom:5px;'>Route planen<\/h3>\n\t\t\t\t<\/span>\n\t\t\t\t<span class='evogetdir_field evodfx evofx_1_1 evow100p'>\t\n\t\t\t\t\t<label for='69f5be0cee004' class='evo_aria_ready sr-only'>Address - Galgenlieder []<\/label>\t\t\t\t\n\t\t\t\t\t<input id='69f5be0cee004' class='evo_aria_ready_match evoInput2 evobr10 evow100p evopad10 evoff_2 evofz14i evobrdB1 evoboxbb' type='text' name='saddr' placeholder='Geben Sie Ihre Adresse zur Routenplanung zur Veranstaltung ein' value='' style='' aria-label='Address - Galgenlieder []' \/>\n\t\t\t\t<\/span>\n\t\t\t\t<div class='evodfx evofxdrr evofxaic evogap10'>\n\t\t\t\t\t<i class='fa fa-location-dot'><\/i>\n\t\t\t\t\t<div class='evoposr evofx_1 evoh100p'><label for='69f5be0cee004' class='evo_aria_ready sr-only'>Destination Address - Galgenlieder []<\/label>\t\t\n\t\t\t\t\t\t<input id='69f5be0cee004' class='evo_aria_ready_match evoInput2 evobr10 evow100p evopad5-10 evoff_2 evofz14i evobrdB1 evoop5 evoboxbb evoh100p' type='text' style='' readonly value='Fischerdamm 2, 19370 Parchim' aria-label='Destination Address - Galgenlieder []'\/><button class='evo_copy_address evobuttonA evocurp evohoop7 evoposa evopad5' style='right: 3px; top: 4px; background-color: #fff;' data-txt='Fischerdamm 2, 19370 Parchim' data-t='Address copied to clipboard!'><i class='far fa-copy evofz16i' title='Copy Destination Address!'><\/i><\/button>\n\t\t\t\t\t<\/div>\n\t\t\t\t\t<button type='submit' class='evo_get_direction_button evcal_btn dfx evofxaic evocurp evohoop7' title='Click here to get directions' style='    padding: 10px 15px !important;'><i class='fa fa-chevron-right'><\/i> <\/button>\n\t\t\t\t<\/div>\n\t\t\t<\/div>\n\t\t<\/form>\n\t<\/div><\/div><\/div><!-- row close --><button class='evo_card_row_end evcal_close' title='Close'><\/button><\/div><div class='clear end'><\/div><\/div><div id=\"event_716_0\" class=\"eventon_list_event evo_eventtop scheduled  event clrW no_et event_716_0\" data-event_id=\"716\" data-ri=\"0r\" data-time=\"1797103800-1797119940\" data-colr=\"#4bb5d8\" itemscope itemtype='http:\/\/schema.org\/Event'><div class=\"evo_event_schema\" style=\"display:none\" ><a itemprop='url'  href='https:\/\/www.hans-werner-meyer.de\/?ajde_events=galgenlieder-22'><\/a><meta itemprop='image' content=\"https:\/\/www.hans-werner-meyer.de\/wp-content\/uploads\/2025\/07\/OB25_CDTD_2704_Fin02-1.jpg\" \/><meta itemprop='startDate' content=\"2026-12-12T19:30+0:00\" \/><meta itemprop='endDate' content=\"2026-12-12T23:59+0:00\" \/><meta itemprop='eventStatus' content=\"https:\/\/schema.org\/EventScheduled\" \/><meta itemprop='eventAttendanceMode'   itemscope itemtype=\"https:\/\/schema.org\/OfflineEventAttendanceMode\"\/><div style=\"display:none\" itemprop=\"location\" itemscope itemtype=\"http:\/\/schema.org\/Place\"><span itemprop=\"name\">Theater Magdeburg (Opernhaus B\u00fchne)<\/span><span itemprop=\"address\" itemscope itemtype=\"http:\/\/schema.org\/PostalAddress\"><item itemprop=\"streetAddress\">Universit\u00e4tsplatz ,9 39104 Magdeburg<\/item><\/span><\/div><script type=\"application\/ld+json\">{\"@context\": \"http:\/\/schema.org\",\"@type\": \"Event\",\n\t\t\t\t\"@id\": \"event_716_0\",\n\t\t\t\t\"eventAttendanceMode\":\"https:\/\/schema.org\/OfflineEventAttendanceMode\",\n\t\t\t\t\"eventStatus\":\"https:\/\/schema.org\/EventScheduled\",\n\t\t\t\t\"name\": \"Galgenlieder\",\n\t\t\t\t\"url\": \"https:\/\/www.hans-werner-meyer.de\/?ajde_events=galgenlieder-22\",\n\t\t\t\t\"startDate\": \"2026-12-12T19:30+0:00\",\n\t\t\t\t\"endDate\": \"2026-12-12T23:59+0:00\",\n\t\t\t\t\"image\":\"https:\/\/www.hans-werner-meyer.de\/wp-content\/uploads\/2025\/07\/OB25_CDTD_2704_Fin02-1.jpg\", \n\t\t\t\t\"description\":\"<p><a href='https:\/\/www.hans-werner-meyer.de\/wp-content\/uploads\/2025\/10\/IMG_2526.jpeg'><img class='alignnone size-medium wp-image-575' src='https:\/\/www.hans-werner-meyer.de\/wp-content\/uploads\/2025\/10\/IMG_2526-300x298.jpeg' alt='' width='300' height='298' \/><\/a><\/p> \",\"location\":[{\"@type\":\"Place\",\"name\":\"Theater Magdeburg (Opernhaus B\u00fchne)\",\"address\":{\"@type\": \"PostalAddress\",\"streetAddress\":\"Universit\u00e4tsplatz ,9 39104 Magdeburg\"}}]}<\/script><\/div>\r\n\t\t\t\t<p class=\"desc_trig_outter\" style=\"\"><a data-gmap_status=\"null\" data-exlk=\"0\" style=\"background-color: #4bb5d8;\" id=\"evc_1797103800716\" href=\"#\" class=\"desc_trig sin_val evcal_list_a\" data-ux_val=\"1\" data-ux_val_mob=\"-\"  ><span class='evoet_in'><span class='evoet_c2 evoet_cx '><span class='evoet_dayblock evcal_cblock ' data-bgcolor='#4bb5d8' data-smon='Dezember' data-syr='2026' data-bub=''><span class='evo_start  evofxdrc'><em class='date'>12<\/em><em class='month'>dec<\/em><em class='time'>19:30<\/em><\/span><\/span><\/span><span class='evoet_c3 evoet_cx evcal_desc hide_eventtopdata '><span class='evoet_title evcal_desc2 evcal_event_title ' itemprop='name'>Galgenlieder<\/span><span class='event_location_attrs evodni'  data-location_address=\"Universit\u00e4tsplatz ,9 39104 Magdeburg\" data-location_type=\"address\" data-location_name=\"Theater Magdeburg (Opernhaus B\u00fchne)\" data-location_url=\"https:\/\/www.hans-werner-meyer.de\/?event_location=theater-magdeburg-opernhaus-buehne\" data-location_status=\"true\" data-locid=\"63\"><\/span><span class='evoet_cy evoet_subtitle evo_below_title' ><span class='evcal_event_subtitle ' >Magdeburg<\/span><\/span><\/span><\/span><span class='evoet_data' style='display:none' data-d=\"{&quot;loc.n&quot;:&quot;Theater Magdeburg (Opernhaus B\\u00fchne)&quot;,&quot;orgs&quot;:[],&quot;tags&quot;:[]}\" data-bgc=\"#4bb5d8\" data-bggrad=\"\" ><\/span><\/a><\/p><div class='event_description evcal_eventcard ' style=\"display:none\"><div class='evocard_row'><div id='event_ftimage' class='evocard_box ftimage' data-c='' \n\t\t\t\t\tstyle=''><div class='evocard_main_image_hold' data-t='Loading Image..'><div class='evocard_main_image evo_img_triglb evocd_img_def evobr15 evobgsc evobgpc evodfx evofx_jc_c evofx_ai_c evofz48 def' style='height:400px; background-image:url(https:\/\/www.hans-werner-meyer.de\/wp-content\/uploads\/2025\/07\/OB25_CDTD_2704_Fin02-1.jpg);' data-f=\"https:\/\/www.hans-werner-meyer.de\/wp-content\/uploads\/2025\/07\/OB25_CDTD_2704_Fin02-1.jpg\" data-h=\"1195\" data-w=\"2003\" data-ratio=\"0.59660509236146\" data-event_id=\"716\" data-ri=\"0\"  data-t='Loading Image..'><\/div><\/div><\/div><\/div><!-- row close --><div class='evocard_row'><div id='event_eventdetails' class='evocard_box eventdetails' data-c='' \n\t\t\t\t\tstyle=''><div class=\"evo_metarow_details evorow evcal_evdata_row evcal_event_details\">\n    <div class=\"event_excerpt\" style=\"display:none\"><h3 class=\"padb5 evo_h3\">Event Details<\/h3><p><\/p><\/div><span class='evcal_evdata_icons'><i class='fa fa-align-justify'><\/i><\/span>    <div class=\"evcal_evdata_cell \">\n        <div class=\"eventon_full_description\">\n            <h3 class=\"padb5 evo_h3\"><span class='evcal_evdata_icons'><i class='fa fa-align-justify'><\/i><\/span>Event Details<\/h3>\n            <div class=\"eventon_desc_in\" itemprop=\"description\">\n                <p><a href=\"https:\/\/www.hans-werner-meyer.de\/wp-content\/uploads\/2025\/10\/IMG_2526.jpeg\"><img loading=\"lazy\" decoding=\"async\" class=\"alignnone size-medium wp-image-575\" src=\"https:\/\/www.hans-werner-meyer.de\/wp-content\/uploads\/2025\/10\/IMG_2526-300x298.jpeg\" alt=\"\" width=\"300\" height=\"298\" srcset=\"https:\/\/www.hans-werner-meyer.de\/wp-content\/uploads\/2025\/10\/IMG_2526-300x298.jpeg 300w, https:\/\/www.hans-werner-meyer.de\/wp-content\/uploads\/2025\/10\/IMG_2526-1024x1016.jpeg 1024w, https:\/\/www.hans-werner-meyer.de\/wp-content\/uploads\/2025\/10\/IMG_2526-150x150.jpeg 150w, https:\/\/www.hans-werner-meyer.de\/wp-content\/uploads\/2025\/10\/IMG_2526-768x762.jpeg 768w, https:\/\/www.hans-werner-meyer.de\/wp-content\/uploads\/2025\/10\/IMG_2526-500x496.jpeg 500w, https:\/\/www.hans-werner-meyer.de\/wp-content\/uploads\/2025\/10\/IMG_2526-550x546.jpeg 550w, https:\/\/www.hans-werner-meyer.de\/wp-content\/uploads\/2025\/10\/IMG_2526-400x397.jpeg 400w, https:\/\/www.hans-werner-meyer.de\/wp-content\/uploads\/2025\/10\/IMG_2526-1200x1190.jpeg 1200w, https:\/\/www.hans-werner-meyer.de\/wp-content\/uploads\/2025\/10\/IMG_2526.jpeg 1257w\" sizes=\"auto, (max-width: 300px) 100vw, 300px\" \/><\/a><\/p>\n            <\/div>\n            <div class='clear'><\/div>        <\/div>\n    <\/div>\n<\/div><\/div><\/div><!-- row close --><div class='evocard_row bx2 bx'><div id='event_time' class='evocard_box time' data-c='' \n\t\t\t\t\tstyle=''><div class='evo_metarow_time evorow evcal_evdata_row evcal_evrow_sm '>\n\t\t<span class='evcal_evdata_icons'><i class='fa fa-clock'><\/i><\/span>\n\t\t<div class='evcal_evdata_cell'>\t\t\t\t\t\t\t\n\t\t\t<h3 class='evo_h3'><span class='evcal_evdata_icons'><i class='fa fa-clock'><\/i><\/span>Uhrzeit<\/h3><div><span class='evo_eventcard_time_t evogap5 evofxww'><span class=\"start\">Dezember 12, 2026<\/span> <span class=\"stime\">19:30<\/span><\/span><span class='evo_tz marr5'>(GMT+00:00)<\/span><\/div>\n\t\t<\/div>\n\t<\/div><\/div><div id='event_location' class='evocard_box location' data-c='' \n\t\t\t\t\tstyle=''><div class='evcal_evdata_row evo_metarow_time_location evorow '>\n\t\t\n\t\t\t<span class='evcal_evdata_icons'><i class='fa fa-map-marker'><\/i><\/span>\n\t\t\t<div class='evcal_evdata_cell' data-loc_tax_id='63'><h3 class='evo_h3 evodfx'><span class='evcal_evdata_icons'><i class='fa fa-map-marker'><\/i><\/span><a target=\"\" href=\"https:\/\/www.theater-magdeburg.de\/spielplan\/spielplan\/\">Veranstalter<\/a><\/h3><p class='evo_location_name'><a target=\"\" href=\"https:\/\/www.theater-magdeburg.de\/spielplan\/spielplan\/\">Theater Magdeburg (Opernhaus B\u00fchne)<\/a><\/p><p class='evo_location_address evodfxi evogap10'><a target=\"\" href=\"https:\/\/www.theater-magdeburg.de\/spielplan\/spielplan\/\">Universit\u00e4tsplatz ,9 39104 Magdeburg<\/a><\/p><div class='padt10'><span class='evo_btn_arr evolb_trigger' data-lbvals=\"{&quot;lbdata&quot;:{&quot;class&quot;:&quot;evo_location_lb_63&quot;,&quot;additional_class&quot;:&quot;lb_max&quot;,&quot;title&quot;:&quot;Theater Magdeburg (Opernhaus B\\u00fchne)&quot;},&quot;adata&quot;:{&quot;a&quot;:&quot;eventon_get_tax_card_content&quot;,&quot;end&quot;:&quot;client&quot;,&quot;data&quot;:{&quot;lang&quot;:&quot;L1&quot;,&quot;term_id&quot;:63,&quot;tax&quot;:&quot;event_location&quot;,&quot;load_lbcontent&quot;:true}},&quot;uid&quot;:&quot;eventon_get_tax_card_content&quot;}\" >Other Events<i class='fa fa-chevron-right' aria-hidden='true'><\/i><\/span><\/div><\/div>\n\t\t\n\t<\/div><\/div><\/div><!-- row close --><div class='evocard_row'><div id='event_addtocal' class='evocard_box addtocal' data-c='' \n\t\t\t\t\tstyle=''><div class='evo_metarow_ICS evorow evcal_evdata_row'>\n\t\t\t<span class='evcal_evdata_icons'><i class='fa fa-calendar-o'><\/i><\/span>\n\t\t\t<div class='evcal_evdata_cell'>\n\t\t\t\t<p><a href='https:\/\/www.hans-werner-meyer.de\/?export-events=single&event_id=716&repeat_interval=0&key=6b2826c17a' rel='nofollow' class='evo_ics_nCal' title='Add to your calendar'>Calendar<\/a><a href='https:\/\/www.google.com\/calendar\/event?action=TEMPLATE&text=Galgenlieder&dates=20261212T193000Z\/20261212T235900Z&ctz=UTC&details=Galgenlieder&location=Theater%20Magdeburg%20%28Opernhaus%20B%C3%BChne%29%20Universit%C3%A4tsplatz%20%2C9%2039104%20Magdeburg' target='_blank' rel='nofollow' class='evo_ics_gCal' title='Add to google calendar'>GoogleCal<\/a><\/p>\t\n\t\t\t<\/div>\n\t\t<\/div><\/div><\/div><!-- row close --><div class='evocard_row'><div id='event_getdirection' class='evocard_box getdirection' data-c='' \n\t\t\t\t\tstyle=''><div class='evo_metarow_getDr evorow evcal_evdata_row evcal_evrow_sm getdirections'>\n\t\t<form action='https:\/\/maps.google.com\/maps' method='get' target='_blank'>\n\t\t\t<input type='hidden' name='daddr' value=\"Universit\u00e4tsplatz ,9 39104 Magdeburg\"\/> \n\t\t\t<div class='evo_get_direction_content evo_fx_dr_r evogap10'>\n\t\t\t\t<span class='evogetdir_header evodfx evofxdrr evofxaic evogap10'>\n\t\t\t\t\t<i class='mainicon fa fa-road evofz24i'><\/i> \n\t\t\t\t\t<h3 class='evo_h3 evopad0i' style='padding-bottom:5px;'>Route planen<\/h3>\n\t\t\t\t<\/span>\n\t\t\t\t<span class='evogetdir_field evodfx evofx_1_1 evow100p'>\t\n\t\t\t\t\t<label for='69f5be0cefa37' class='evo_aria_ready sr-only'>Address - Galgenlieder []<\/label>\t\t\t\t\n\t\t\t\t\t<input id='69f5be0cefa37' class='evo_aria_ready_match evoInput2 evobr10 evow100p evopad10 evoff_2 evofz14i evobrdB1 evoboxbb' type='text' name='saddr' placeholder='Geben Sie Ihre Adresse zur Routenplanung zur Veranstaltung ein' value='' style='' aria-label='Address - Galgenlieder []' \/>\n\t\t\t\t<\/span>\n\t\t\t\t<div class='evodfx evofxdrr evofxaic evogap10'>\n\t\t\t\t\t<i class='fa fa-location-dot'><\/i>\n\t\t\t\t\t<div class='evoposr evofx_1 evoh100p'><label for='69f5be0cefa37' class='evo_aria_ready sr-only'>Destination Address - Galgenlieder []<\/label>\t\t\n\t\t\t\t\t\t<input id='69f5be0cefa37' class='evo_aria_ready_match evoInput2 evobr10 evow100p evopad5-10 evoff_2 evofz14i evobrdB1 evoop5 evoboxbb evoh100p' type='text' style='' readonly value='Universit\u00e4tsplatz ,9 39104 Magdeburg' aria-label='Destination Address - Galgenlieder []'\/><button class='evo_copy_address evobuttonA evocurp evohoop7 evoposa evopad5' style='right: 3px; top: 4px; background-color: #fff;' data-txt='Universit\u00e4tsplatz ,9 39104 Magdeburg' data-t='Address copied to clipboard!'><i class='far fa-copy evofz16i' title='Copy Destination Address!'><\/i><\/button>\n\t\t\t\t\t<\/div>\n\t\t\t\t\t<button type='submit' class='evo_get_direction_button evcal_btn dfx evofxaic evocurp evohoop7' title='Click here to get directions' style='    padding: 10px 15px !important;'><i class='fa fa-chevron-right'><\/i> <\/button>\n\t\t\t\t<\/div>\n\t\t\t<\/div>\n\t\t<\/form>\n\t<\/div><\/div><\/div><!-- row close --><button class='evo_card_row_end evcal_close' title='Close'><\/button><\/div><div class='clear end'><\/div><\/div><\/div><div class='evcal_month_line' data-d='eml_1_2027' data-su='1798761600'><p>Januar 2027<\/p><\/div><div class='sep_month_events ' data-d='eml_1_2027' data-range='1798761600_1801439999'><div id=\"event_628_0\" class=\"eventon_list_event evo_eventtop scheduled  event clrW no_et event_628_0\" data-event_id=\"628\" data-ri=\"0r\" data-time=\"1801423800-1801439940\" data-colr=\"#4bb5d8\" itemscope itemtype='http:\/\/schema.org\/Event'><div class=\"evo_event_schema\" style=\"display:none\" ><a itemprop='url'  href='https:\/\/www.hans-werner-meyer.de\/?ajde_events=klangrazzia-16'><\/a><meta itemprop='image' content=\"https:\/\/www.hans-werner-meyer.de\/wp-content\/uploads\/2025\/07\/2024_06_07_Klangrazzia_0360.jpg\" \/><meta itemprop='startDate' content=\"2027-1-31T19:30+0:00\" \/><meta itemprop='endDate' content=\"2027-1-31T23:59+0:00\" \/><meta itemprop='eventStatus' content=\"https:\/\/schema.org\/EventScheduled\" \/><meta itemprop='eventAttendanceMode'   itemscope itemtype=\"https:\/\/schema.org\/OfflineEventAttendanceMode\"\/><script type=\"application\/ld+json\">{\"@context\": \"http:\/\/schema.org\",\"@type\": \"Event\",\n\t\t\t\t\"@id\": \"event_628_0\",\n\t\t\t\t\"eventAttendanceMode\":\"https:\/\/schema.org\/OfflineEventAttendanceMode\",\n\t\t\t\t\"eventStatus\":\"https:\/\/schema.org\/EventScheduled\",\n\t\t\t\t\"name\": \"Klangrazzia\",\n\t\t\t\t\"url\": \"https:\/\/www.hans-werner-meyer.de\/?ajde_events=klangrazzia-16\",\n\t\t\t\t\"startDate\": \"2027-1-31T19:30+0:00\",\n\t\t\t\t\"endDate\": \"2027-1-31T23:59+0:00\",\n\t\t\t\t\"image\":\"https:\/\/www.hans-werner-meyer.de\/wp-content\/uploads\/2025\/07\/2024_06_07_Klangrazzia_0360.jpg\", \n\t\t\t\t\"description\":\"<figure id='attachment_607' aria-describedby='caption-attachment-607' style='width: 300px' class='wp-caption alignnone'><a href='https:\/\/www.hans-werner-meyer.de\/wp-content\/uploads\/2025\/10\/2024_06_07_Klangrazzia_0105-scaled.jpeg'><img class='size-medium wp-image-607' src='https:\/\/www.hans-werner-meyer.de\/wp-content\/uploads\/2025\/10\/2024_06_07_Klangrazzia_0105-300x206.jpeg' alt='' width='300' height='206' \/><\/a><figcaption id='caption-attachment-607' class='wp-caption-text'><a href='http:\/\/klangrazzia.de'>Hier geht\u00b4s zur Klangrazzia-Homepage<\/a><\/figcaption><\/figure> \"}<\/script><\/div>\r\n\t\t\t\t<p class=\"desc_trig_outter\" style=\"\"><a data-gmap_status=\"null\" data-exlk=\"0\" style=\"background-color: #4bb5d8;\" id=\"evc_1801423800628\" href=\"#\" class=\"desc_trig sin_val evcal_list_a\" data-ux_val=\"1\" data-ux_val_mob=\"-\"  ><span class='evoet_in'><span class='evoet_c2 evoet_cx '><span class='evoet_dayblock evcal_cblock ' data-bgcolor='#4bb5d8' data-smon='Januar' data-syr='2027' data-bub=''><span class='evo_start  evofxdrc'><em class='date'>31<\/em><em class='month'>jan<\/em><em class='time'>19:30<\/em><\/span><\/span><\/span><span class='evoet_c3 evoet_cx evcal_desc hide_eventtopdata '><span class='evoet_title evcal_desc2 evcal_event_title ' itemprop='name'>Klangrazzia<\/span><span class='evoet_cy evoet_subtitle evo_below_title' ><span class='evcal_event_subtitle ' >G\u00fctersloh<\/span><\/span><\/span><\/span><span class='evoet_data' style='display:none' data-d=\"{&quot;loc.n&quot;:&quot;&quot;,&quot;orgs&quot;:[],&quot;tags&quot;:[]}\" data-bgc=\"#4bb5d8\" data-bggrad=\"\" ><\/span><\/a><\/p><div class='event_description evcal_eventcard ' style=\"display:none\"><div class='evocard_row'><div id='event_ftimage' class='evocard_box ftimage' data-c='' \n\t\t\t\t\tstyle=''><div class='evocard_main_image_hold' data-t='Loading Image..'><div class='evocard_main_image evo_img_triglb evocd_img_def evobr15 evobgsc evobgpc evodfx evofx_jc_c evofx_ai_c evofz48 def' style='height:400px; background-image:url(https:\/\/www.hans-werner-meyer.de\/wp-content\/uploads\/2025\/07\/2024_06_07_Klangrazzia_0360.jpg);' data-f=\"https:\/\/www.hans-werner-meyer.de\/wp-content\/uploads\/2025\/07\/2024_06_07_Klangrazzia_0360.jpg\" data-h=\"741\" data-w=\"1770\" data-ratio=\"0.41864406779661\" data-event_id=\"628\" data-ri=\"0\"  data-t='Loading Image..'><\/div><\/div><\/div><\/div><!-- row close --><div class='evocard_row'><div id='event_eventdetails' class='evocard_box eventdetails' data-c='' \n\t\t\t\t\tstyle=''><div class=\"evo_metarow_details evorow evcal_evdata_row evcal_event_details\">\n    <div class=\"event_excerpt\" style=\"display:none\"><h3 class=\"padb5 evo_h3\">Event Details<\/h3><p>Hier geht\u00b4s zur Klangrazzia-Homepage<\/p><\/div><span class='evcal_evdata_icons'><i class='fa fa-align-justify'><\/i><\/span>    <div class=\"evcal_evdata_cell \">\n        <div class=\"eventon_full_description\">\n            <h3 class=\"padb5 evo_h3\"><span class='evcal_evdata_icons'><i class='fa fa-align-justify'><\/i><\/span>Event Details<\/h3>\n            <div class=\"eventon_desc_in\" itemprop=\"description\">\n                <figure id=\"attachment_607\" aria-describedby=\"caption-attachment-607\" style=\"width: 300px\" class=\"wp-caption alignnone\"><a href=\"https:\/\/www.hans-werner-meyer.de\/wp-content\/uploads\/2025\/10\/2024_06_07_Klangrazzia_0105-scaled.jpeg\"><img loading=\"lazy\" decoding=\"async\" class=\"size-medium wp-image-607\" src=\"https:\/\/www.hans-werner-meyer.de\/wp-content\/uploads\/2025\/10\/2024_06_07_Klangrazzia_0105-300x206.jpeg\" alt=\"\" width=\"300\" height=\"206\" srcset=\"https:\/\/www.hans-werner-meyer.de\/wp-content\/uploads\/2025\/10\/2024_06_07_Klangrazzia_0105-300x206.jpeg 300w, https:\/\/www.hans-werner-meyer.de\/wp-content\/uploads\/2025\/10\/2024_06_07_Klangrazzia_0105-1024x702.jpeg 1024w, https:\/\/www.hans-werner-meyer.de\/wp-content\/uploads\/2025\/10\/2024_06_07_Klangrazzia_0105-768x526.jpeg 768w, https:\/\/www.hans-werner-meyer.de\/wp-content\/uploads\/2025\/10\/2024_06_07_Klangrazzia_0105-1536x1053.jpeg 1536w, https:\/\/www.hans-werner-meyer.de\/wp-content\/uploads\/2025\/10\/2024_06_07_Klangrazzia_0105-2048x1404.jpeg 2048w, https:\/\/www.hans-werner-meyer.de\/wp-content\/uploads\/2025\/10\/2024_06_07_Klangrazzia_0105-500x343.jpeg 500w, https:\/\/www.hans-werner-meyer.de\/wp-content\/uploads\/2025\/10\/2024_06_07_Klangrazzia_0105-550x377.jpeg 550w, https:\/\/www.hans-werner-meyer.de\/wp-content\/uploads\/2025\/10\/2024_06_07_Klangrazzia_0105-400x274.jpeg 400w, https:\/\/www.hans-werner-meyer.de\/wp-content\/uploads\/2025\/10\/2024_06_07_Klangrazzia_0105-1920x1316.jpeg 1920w, https:\/\/www.hans-werner-meyer.de\/wp-content\/uploads\/2025\/10\/2024_06_07_Klangrazzia_0105-2000x1371.jpeg 2000w, https:\/\/www.hans-werner-meyer.de\/wp-content\/uploads\/2025\/10\/2024_06_07_Klangrazzia_0105-1200x823.jpeg 1200w\" sizes=\"auto, (max-width: 300px) 100vw, 300px\" \/><\/a><figcaption id=\"caption-attachment-607\" class=\"wp-caption-text\"><a href=\"http:\/\/klangrazzia.de\">Hier geht\u00b4s zur Klangrazzia-Homepage<\/a><\/figcaption><\/figure>\n            <\/div>\n            <div class='clear'><\/div>        <\/div>\n    <\/div>\n<\/div><\/div><\/div><!-- row close --><div class='evocard_row'><div id='event_time' class='evocard_box time' data-c='' \n\t\t\t\t\tstyle=''><div class='evo_metarow_time evorow evcal_evdata_row evcal_evrow_sm '>\n\t\t<span class='evcal_evdata_icons'><i class='fa fa-clock'><\/i><\/span>\n\t\t<div class='evcal_evdata_cell'>\t\t\t\t\t\t\t\n\t\t\t<h3 class='evo_h3'><span class='evcal_evdata_icons'><i class='fa fa-clock'><\/i><\/span>Uhrzeit<\/h3><div><span class='evo_eventcard_time_t evogap5 evofxww'><span class=\"start\">Januar 31, 2027<\/span> <span class=\"stime\">19:30<\/span><\/span><span class='evo_tz marr5'>(GMT+00:00)<\/span><\/div>\n\t\t<\/div>\n\t<\/div><\/div><\/div><!-- row close --><div class='evocard_row'><div id='event_addtocal' class='evocard_box addtocal' data-c='' \n\t\t\t\t\tstyle=''><div class='evo_metarow_ICS evorow evcal_evdata_row'>\n\t\t\t<span class='evcal_evdata_icons'><i class='fa fa-calendar-o'><\/i><\/span>\n\t\t\t<div class='evcal_evdata_cell'>\n\t\t\t\t<p><a href='https:\/\/www.hans-werner-meyer.de\/?export-events=single&event_id=628&repeat_interval=0&key=6b2826c17a' rel='nofollow' class='evo_ics_nCal' title='Add to your calendar'>Calendar<\/a><a href='https:\/\/www.google.com\/calendar\/event?action=TEMPLATE&text=Klangrazzia&dates=20270131T193000Z\/20270131T235900Z&ctz=UTC&details=Klangrazzia&location=' target='_blank' rel='nofollow' class='evo_ics_gCal' title='Add to google calendar'>GoogleCal<\/a><\/p>\t\n\t\t\t<\/div>\n\t\t<\/div><\/div><\/div><!-- row close --><button class='evo_card_row_end evcal_close' title='Close'><\/button><\/div><div class='clear end'><\/div><\/div><\/div><div class='evcal_month_line' data-d='eml_2_2027' data-su='1801440000'><p>Februar 2027<\/p><\/div><div class='sep_month_events ' data-d='eml_2_2027' data-range='1801440000_1803859199'><div id=\"event_633_0\" class=\"eventon_list_event evo_eventtop scheduled  event clrW no_et event_633_0\" data-event_id=\"633\" data-ri=\"0r\" data-time=\"1802633400-1802649540\" data-colr=\"#4bb5d8\" itemscope itemtype='http:\/\/schema.org\/Event'><div class=\"evo_event_schema\" style=\"display:none\" ><a itemprop='url'  href='https:\/\/www.hans-werner-meyer.de\/?ajde_events=klangrazzia-17'><\/a><meta itemprop='image' content=\"https:\/\/www.hans-werner-meyer.de\/wp-content\/uploads\/2025\/07\/2024_06_07_Klangrazzia_0360.jpg\" \/><meta itemprop='startDate' content=\"2027-2-14T19:30+0:00\" \/><meta itemprop='endDate' content=\"2027-2-14T23:59+0:00\" \/><meta itemprop='eventStatus' content=\"https:\/\/schema.org\/EventScheduled\" \/><meta itemprop='eventAttendanceMode'   itemscope itemtype=\"https:\/\/schema.org\/OfflineEventAttendanceMode\"\/><script type=\"application\/ld+json\">{\"@context\": \"http:\/\/schema.org\",\"@type\": \"Event\",\n\t\t\t\t\"@id\": \"event_633_0\",\n\t\t\t\t\"eventAttendanceMode\":\"https:\/\/schema.org\/OfflineEventAttendanceMode\",\n\t\t\t\t\"eventStatus\":\"https:\/\/schema.org\/EventScheduled\",\n\t\t\t\t\"name\": \"Klangrazzia\",\n\t\t\t\t\"url\": \"https:\/\/www.hans-werner-meyer.de\/?ajde_events=klangrazzia-17\",\n\t\t\t\t\"startDate\": \"2027-2-14T19:30+0:00\",\n\t\t\t\t\"endDate\": \"2027-2-14T23:59+0:00\",\n\t\t\t\t\"image\":\"https:\/\/www.hans-werner-meyer.de\/wp-content\/uploads\/2025\/07\/2024_06_07_Klangrazzia_0360.jpg\", \n\t\t\t\t\"description\":\"<figure id='attachment_607' aria-describedby='caption-attachment-607' style='width: 300px' class='wp-caption alignnone'><a href='https:\/\/www.hans-werner-meyer.de\/wp-content\/uploads\/2025\/10\/2024_06_07_Klangrazzia_0105-scaled.jpeg'><img class='size-medium wp-image-607' src='https:\/\/www.hans-werner-meyer.de\/wp-content\/uploads\/2025\/10\/2024_06_07_Klangrazzia_0105-300x206.jpeg' alt='' width='300' height='206' \/><\/a><figcaption id='caption-attachment-607' class='wp-caption-text'><a href='http:\/\/klangrazzia.de'>Hier geht\u00b4s zur Klangrazzia-Homepage<\/a><\/figcaption><\/figure> \"}<\/script><\/div>\r\n\t\t\t\t<p class=\"desc_trig_outter\" style=\"\"><a data-gmap_status=\"null\" data-exlk=\"0\" style=\"background-color: #4bb5d8;\" id=\"evc_1802633400633\" href=\"#\" class=\"desc_trig sin_val evcal_list_a\" data-ux_val=\"1\" data-ux_val_mob=\"-\"  ><span class='evoet_in'><span class='evoet_c2 evoet_cx '><span class='evoet_dayblock evcal_cblock ' data-bgcolor='#4bb5d8' data-smon='Februar' data-syr='2027' data-bub=''><span class='evo_start  evofxdrc'><em class='date'>14<\/em><em class='month'>feb<\/em><em class='time'>19:30<\/em><\/span><\/span><\/span><span class='evoet_c3 evoet_cx evcal_desc hide_eventtopdata '><span class='evoet_title evcal_desc2 evcal_event_title ' itemprop='name'>Klangrazzia<\/span><span class='evoet_cy evoet_subtitle evo_below_title' ><span class='evcal_event_subtitle ' >Pulheim<\/span><\/span><\/span><\/span><span class='evoet_data' style='display:none' data-d=\"{&quot;loc.n&quot;:&quot;&quot;,&quot;orgs&quot;:[],&quot;tags&quot;:[]}\" data-bgc=\"#4bb5d8\" data-bggrad=\"\" ><\/span><\/a><\/p><div class='event_description evcal_eventcard ' style=\"display:none\"><div class='evocard_row'><div id='event_ftimage' class='evocard_box ftimage' data-c='' \n\t\t\t\t\tstyle=''><div class='evocard_main_image_hold' data-t='Loading Image..'><div class='evocard_main_image evo_img_triglb evocd_img_def evobr15 evobgsc evobgpc evodfx evofx_jc_c evofx_ai_c evofz48 def' style='height:400px; background-image:url(https:\/\/www.hans-werner-meyer.de\/wp-content\/uploads\/2025\/07\/2024_06_07_Klangrazzia_0360.jpg);' data-f=\"https:\/\/www.hans-werner-meyer.de\/wp-content\/uploads\/2025\/07\/2024_06_07_Klangrazzia_0360.jpg\" data-h=\"741\" data-w=\"1770\" data-ratio=\"0.41864406779661\" data-event_id=\"633\" data-ri=\"0\"  data-t='Loading Image..'><\/div><\/div><\/div><\/div><!-- row close --><div class='evocard_row'><div id='event_eventdetails' class='evocard_box eventdetails' data-c='' \n\t\t\t\t\tstyle=''><div class=\"evo_metarow_details evorow evcal_evdata_row evcal_event_details\">\n    <div class=\"event_excerpt\" style=\"display:none\"><h3 class=\"padb5 evo_h3\">Event Details<\/h3><p>Hier geht\u00b4s zur Klangrazzia-Homepage<\/p><\/div><span class='evcal_evdata_icons'><i class='fa fa-align-justify'><\/i><\/span>    <div class=\"evcal_evdata_cell \">\n        <div class=\"eventon_full_description\">\n            <h3 class=\"padb5 evo_h3\"><span class='evcal_evdata_icons'><i class='fa fa-align-justify'><\/i><\/span>Event Details<\/h3>\n            <div class=\"eventon_desc_in\" itemprop=\"description\">\n                <figure id=\"attachment_607\" aria-describedby=\"caption-attachment-607\" style=\"width: 300px\" class=\"wp-caption alignnone\"><a href=\"https:\/\/www.hans-werner-meyer.de\/wp-content\/uploads\/2025\/10\/2024_06_07_Klangrazzia_0105-scaled.jpeg\"><img loading=\"lazy\" decoding=\"async\" class=\"size-medium wp-image-607\" src=\"https:\/\/www.hans-werner-meyer.de\/wp-content\/uploads\/2025\/10\/2024_06_07_Klangrazzia_0105-300x206.jpeg\" alt=\"\" width=\"300\" height=\"206\" srcset=\"https:\/\/www.hans-werner-meyer.de\/wp-content\/uploads\/2025\/10\/2024_06_07_Klangrazzia_0105-300x206.jpeg 300w, https:\/\/www.hans-werner-meyer.de\/wp-content\/uploads\/2025\/10\/2024_06_07_Klangrazzia_0105-1024x702.jpeg 1024w, https:\/\/www.hans-werner-meyer.de\/wp-content\/uploads\/2025\/10\/2024_06_07_Klangrazzia_0105-768x526.jpeg 768w, https:\/\/www.hans-werner-meyer.de\/wp-content\/uploads\/2025\/10\/2024_06_07_Klangrazzia_0105-1536x1053.jpeg 1536w, https:\/\/www.hans-werner-meyer.de\/wp-content\/uploads\/2025\/10\/2024_06_07_Klangrazzia_0105-2048x1404.jpeg 2048w, https:\/\/www.hans-werner-meyer.de\/wp-content\/uploads\/2025\/10\/2024_06_07_Klangrazzia_0105-500x343.jpeg 500w, https:\/\/www.hans-werner-meyer.de\/wp-content\/uploads\/2025\/10\/2024_06_07_Klangrazzia_0105-550x377.jpeg 550w, https:\/\/www.hans-werner-meyer.de\/wp-content\/uploads\/2025\/10\/2024_06_07_Klangrazzia_0105-400x274.jpeg 400w, https:\/\/www.hans-werner-meyer.de\/wp-content\/uploads\/2025\/10\/2024_06_07_Klangrazzia_0105-1920x1316.jpeg 1920w, https:\/\/www.hans-werner-meyer.de\/wp-content\/uploads\/2025\/10\/2024_06_07_Klangrazzia_0105-2000x1371.jpeg 2000w, https:\/\/www.hans-werner-meyer.de\/wp-content\/uploads\/2025\/10\/2024_06_07_Klangrazzia_0105-1200x823.jpeg 1200w\" sizes=\"auto, (max-width: 300px) 100vw, 300px\" \/><\/a><figcaption id=\"caption-attachment-607\" class=\"wp-caption-text\"><a href=\"http:\/\/klangrazzia.de\">Hier geht\u00b4s zur Klangrazzia-Homepage<\/a><\/figcaption><\/figure>\n            <\/div>\n            <div class='clear'><\/div>        <\/div>\n    <\/div>\n<\/div><\/div><\/div><!-- row close --><div class='evocard_row'><div id='event_time' class='evocard_box time' data-c='' \n\t\t\t\t\tstyle=''><div class='evo_metarow_time evorow evcal_evdata_row evcal_evrow_sm '>\n\t\t<span class='evcal_evdata_icons'><i class='fa fa-clock'><\/i><\/span>\n\t\t<div class='evcal_evdata_cell'>\t\t\t\t\t\t\t\n\t\t\t<h3 class='evo_h3'><span class='evcal_evdata_icons'><i class='fa fa-clock'><\/i><\/span>Uhrzeit<\/h3><div><span class='evo_eventcard_time_t evogap5 evofxww'><span class=\"start\">Februar 14, 2027<\/span> <span class=\"stime\">19:30<\/span><\/span><span class='evo_tz marr5'>(GMT+00:00)<\/span><\/div>\n\t\t<\/div>\n\t<\/div><\/div><\/div><!-- row close --><div class='evocard_row'><div id='event_addtocal' class='evocard_box addtocal' data-c='' \n\t\t\t\t\tstyle=''><div class='evo_metarow_ICS evorow evcal_evdata_row'>\n\t\t\t<span class='evcal_evdata_icons'><i class='fa fa-calendar-o'><\/i><\/span>\n\t\t\t<div class='evcal_evdata_cell'>\n\t\t\t\t<p><a href='https:\/\/www.hans-werner-meyer.de\/?export-events=single&event_id=633&repeat_interval=0&key=6b2826c17a' rel='nofollow' class='evo_ics_nCal' title='Add to your calendar'>Calendar<\/a><a href='https:\/\/www.google.com\/calendar\/event?action=TEMPLATE&text=Klangrazzia&dates=20270214T193000Z\/20270214T235900Z&ctz=UTC&details=Klangrazzia&location=' target='_blank' rel='nofollow' class='evo_ics_gCal' title='Add to google calendar'>GoogleCal<\/a><\/p>\t\n\t\t\t<\/div>\n\t\t<\/div><\/div><\/div><!-- row close --><button class='evo_card_row_end evcal_close' title='Close'><\/button><\/div><div class='clear end'><\/div><\/div><\/div><div class='evcal_month_line' data-d='eml_3_2027' data-su='1803859200'><p>M\u00e4rz 2027<\/p><\/div><div class='sep_month_events ' data-d='eml_3_2027' data-range='1803859200_1806533999'><div id=\"event_634_0\" class=\"eventon_list_event evo_eventtop scheduled  event clrW no_et event_634_0\" data-event_id=\"634\" data-ri=\"0r\" data-time=\"1805400000-1805414340\" data-colr=\"#4bb5d8\" itemscope itemtype='http:\/\/schema.org\/Event'><div class=\"evo_event_schema\" style=\"display:none\" ><a itemprop='url'  href='https:\/\/www.hans-werner-meyer.de\/?ajde_events=klangrazzia-18'><\/a><meta itemprop='image' content=\"https:\/\/www.hans-werner-meyer.de\/wp-content\/uploads\/2025\/07\/2024_06_07_Klangrazzia_0360.jpg\" \/><meta itemprop='startDate' content=\"2027-3-18T20:00+0:00\" \/><meta itemprop='endDate' content=\"2027-3-18T23:59+0:00\" \/><meta itemprop='eventStatus' content=\"https:\/\/schema.org\/EventScheduled\" \/><meta itemprop='eventAttendanceMode'   itemscope itemtype=\"https:\/\/schema.org\/OfflineEventAttendanceMode\"\/><script type=\"application\/ld+json\">{\"@context\": \"http:\/\/schema.org\",\"@type\": \"Event\",\n\t\t\t\t\"@id\": \"event_634_0\",\n\t\t\t\t\"eventAttendanceMode\":\"https:\/\/schema.org\/OfflineEventAttendanceMode\",\n\t\t\t\t\"eventStatus\":\"https:\/\/schema.org\/EventScheduled\",\n\t\t\t\t\"name\": \"Klangrazzia\",\n\t\t\t\t\"url\": \"https:\/\/www.hans-werner-meyer.de\/?ajde_events=klangrazzia-18\",\n\t\t\t\t\"startDate\": \"2027-3-18T20:00+0:00\",\n\t\t\t\t\"endDate\": \"2027-3-18T23:59+0:00\",\n\t\t\t\t\"image\":\"https:\/\/www.hans-werner-meyer.de\/wp-content\/uploads\/2025\/07\/2024_06_07_Klangrazzia_0360.jpg\", \n\t\t\t\t\"description\":\"<figure id='attachment_607' aria-describedby='caption-attachment-607' style='width: 300px' class='wp-caption alignnone'><a href='https:\/\/www.hans-werner-meyer.de\/wp-content\/uploads\/2025\/10\/2024_06_07_Klangrazzia_0105-scaled.jpeg'><img class='size-medium wp-image-607' src='https:\/\/www.hans-werner-meyer.de\/wp-content\/uploads\/2025\/10\/2024_06_07_Klangrazzia_0105-300x206.jpeg' alt='' width='300' height='206' \/><\/a><figcaption id='caption-attachment-607' class='wp-caption-text'><a href='http:\/\/klangrazzia.de'>Hier geht\u00b4s zur Klangrazzia-Homepage<\/a><\/figcaption><\/figure> <p><!--more--><\/p> \"}<\/script><\/div>\r\n\t\t\t\t<p class=\"desc_trig_outter\" style=\"\"><a data-gmap_status=\"null\" data-exlk=\"0\" style=\"background-color: #4bb5d8;\" id=\"evc_1805400000634\" href=\"#\" class=\"desc_trig sin_val evcal_list_a\" data-ux_val=\"1\" data-ux_val_mob=\"-\"  ><span class='evoet_in'><span class='evoet_c2 evoet_cx '><span class='evoet_dayblock evcal_cblock ' data-bgcolor='#4bb5d8' data-smon='M\u00e4rz' data-syr='2027' data-bub=''><span class='evo_start  evofxdrc'><em class='date'>18<\/em><em class='month'>mar<\/em><em class='time'>20:00<\/em><\/span><\/span><\/span><span class='evoet_c3 evoet_cx evcal_desc hide_eventtopdata '><span class='evoet_title evcal_desc2 evcal_event_title ' itemprop='name'>Klangrazzia<\/span><span class='evoet_cy evoet_subtitle evo_below_title' ><span class='evcal_event_subtitle ' >Rheinberg<\/span><\/span><\/span><\/span><span class='evoet_data' style='display:none' data-d=\"{&quot;loc.n&quot;:&quot;&quot;,&quot;orgs&quot;:[],&quot;tags&quot;:[]}\" data-bgc=\"#4bb5d8\" data-bggrad=\"\" ><\/span><\/a><\/p><div class='event_description evcal_eventcard ' style=\"display:none\"><div class='evocard_row'><div id='event_ftimage' class='evocard_box ftimage' data-c='' \n\t\t\t\t\tstyle=''><div class='evocard_main_image_hold' data-t='Loading Image..'><div class='evocard_main_image evo_img_triglb evocd_img_def evobr15 evobgsc evobgpc evodfx evofx_jc_c evofx_ai_c evofz48 def' style='height:400px; background-image:url(https:\/\/www.hans-werner-meyer.de\/wp-content\/uploads\/2025\/07\/2024_06_07_Klangrazzia_0360.jpg);' data-f=\"https:\/\/www.hans-werner-meyer.de\/wp-content\/uploads\/2025\/07\/2024_06_07_Klangrazzia_0360.jpg\" data-h=\"741\" data-w=\"1770\" data-ratio=\"0.41864406779661\" data-event_id=\"634\" data-ri=\"0\"  data-t='Loading Image..'><\/div><\/div><\/div><\/div><!-- row close --><div class='evocard_row'><div id='event_eventdetails' class='evocard_box eventdetails' data-c='' \n\t\t\t\t\tstyle=''><div class=\"evo_metarow_details evorow evcal_evdata_row evcal_event_details\">\n    <div class=\"event_excerpt\" style=\"display:none\"><h3 class=\"padb5 evo_h3\">Event Details<\/h3><p>Hier geht\u00b4s zur Klangrazzia-Homepage<\/p><\/div><span class='evcal_evdata_icons'><i class='fa fa-align-justify'><\/i><\/span>    <div class=\"evcal_evdata_cell \">\n        <div class=\"eventon_full_description\">\n            <h3 class=\"padb5 evo_h3\"><span class='evcal_evdata_icons'><i class='fa fa-align-justify'><\/i><\/span>Event Details<\/h3>\n            <div class=\"eventon_desc_in\" itemprop=\"description\">\n                <figure id=\"attachment_607\" aria-describedby=\"caption-attachment-607\" style=\"width: 300px\" class=\"wp-caption alignnone\"><a href=\"https:\/\/www.hans-werner-meyer.de\/wp-content\/uploads\/2025\/10\/2024_06_07_Klangrazzia_0105-scaled.jpeg\"><img loading=\"lazy\" decoding=\"async\" class=\"size-medium wp-image-607\" src=\"https:\/\/www.hans-werner-meyer.de\/wp-content\/uploads\/2025\/10\/2024_06_07_Klangrazzia_0105-300x206.jpeg\" alt=\"\" width=\"300\" height=\"206\" srcset=\"https:\/\/www.hans-werner-meyer.de\/wp-content\/uploads\/2025\/10\/2024_06_07_Klangrazzia_0105-300x206.jpeg 300w, https:\/\/www.hans-werner-meyer.de\/wp-content\/uploads\/2025\/10\/2024_06_07_Klangrazzia_0105-1024x702.jpeg 1024w, https:\/\/www.hans-werner-meyer.de\/wp-content\/uploads\/2025\/10\/2024_06_07_Klangrazzia_0105-768x526.jpeg 768w, https:\/\/www.hans-werner-meyer.de\/wp-content\/uploads\/2025\/10\/2024_06_07_Klangrazzia_0105-1536x1053.jpeg 1536w, https:\/\/www.hans-werner-meyer.de\/wp-content\/uploads\/2025\/10\/2024_06_07_Klangrazzia_0105-2048x1404.jpeg 2048w, https:\/\/www.hans-werner-meyer.de\/wp-content\/uploads\/2025\/10\/2024_06_07_Klangrazzia_0105-500x343.jpeg 500w, https:\/\/www.hans-werner-meyer.de\/wp-content\/uploads\/2025\/10\/2024_06_07_Klangrazzia_0105-550x377.jpeg 550w, https:\/\/www.hans-werner-meyer.de\/wp-content\/uploads\/2025\/10\/2024_06_07_Klangrazzia_0105-400x274.jpeg 400w, https:\/\/www.hans-werner-meyer.de\/wp-content\/uploads\/2025\/10\/2024_06_07_Klangrazzia_0105-1920x1316.jpeg 1920w, https:\/\/www.hans-werner-meyer.de\/wp-content\/uploads\/2025\/10\/2024_06_07_Klangrazzia_0105-2000x1371.jpeg 2000w, https:\/\/www.hans-werner-meyer.de\/wp-content\/uploads\/2025\/10\/2024_06_07_Klangrazzia_0105-1200x823.jpeg 1200w\" sizes=\"auto, (max-width: 300px) 100vw, 300px\" \/><\/a><figcaption id=\"caption-attachment-607\" class=\"wp-caption-text\"><a href=\"http:\/\/klangrazzia.de\">Hier geht\u00b4s zur Klangrazzia-Homepage<\/a><\/figcaption><\/figure>\n<p><!--more--><\/p>\n            <\/div>\n            <div class='clear'><\/div>        <\/div>\n    <\/div>\n<\/div><\/div><\/div><!-- row close --><div class='evocard_row'><div id='event_time' class='evocard_box time' data-c='' \n\t\t\t\t\tstyle=''><div class='evo_metarow_time evorow evcal_evdata_row evcal_evrow_sm '>\n\t\t<span class='evcal_evdata_icons'><i class='fa fa-clock'><\/i><\/span>\n\t\t<div class='evcal_evdata_cell'>\t\t\t\t\t\t\t\n\t\t\t<h3 class='evo_h3'><span class='evcal_evdata_icons'><i class='fa fa-clock'><\/i><\/span>Uhrzeit<\/h3><div><span class='evo_eventcard_time_t evogap5 evofxww'><span class=\"start\">M\u00e4rz 18, 2027<\/span> <span class=\"stime\">20:00<\/span><\/span><span class='evo_tz marr5'>(GMT+00:00)<\/span><\/div>\n\t\t<\/div>\n\t<\/div><\/div><\/div><!-- row close --><div class='evocard_row'><div id='event_addtocal' class='evocard_box addtocal' data-c='' \n\t\t\t\t\tstyle=''><div class='evo_metarow_ICS evorow evcal_evdata_row'>\n\t\t\t<span class='evcal_evdata_icons'><i class='fa fa-calendar-o'><\/i><\/span>\n\t\t\t<div class='evcal_evdata_cell'>\n\t\t\t\t<p><a href='https:\/\/www.hans-werner-meyer.de\/?export-events=single&event_id=634&repeat_interval=0&key=6b2826c17a' rel='nofollow' class='evo_ics_nCal' title='Add to your calendar'>Calendar<\/a><a href='https:\/\/www.google.com\/calendar\/event?action=TEMPLATE&text=Klangrazzia&dates=20270318T200000Z\/20270318T235900Z&ctz=UTC&details=Klangrazzia&location=' target='_blank' rel='nofollow' class='evo_ics_gCal' title='Add to google calendar'>GoogleCal<\/a><\/p>\t\n\t\t\t<\/div>\n\t\t<\/div><\/div><\/div><!-- row close --><button class='evo_card_row_end evcal_close' title='Close'><\/button><\/div><div class='clear end'><\/div><\/div><div id=\"event_637_0\" class=\"eventon_list_event evo_eventtop scheduled  event clrW no_et event_637_0\" data-event_id=\"637\" data-ri=\"0r\" data-time=\"1805572800-1805587140\" data-colr=\"#4bb5d8\" itemscope itemtype='http:\/\/schema.org\/Event'><div class=\"evo_event_schema\" style=\"display:none\" ><a itemprop='url'  href='https:\/\/www.hans-werner-meyer.de\/?ajde_events=klangrazzia-19'><\/a><meta itemprop='image' content=\"https:\/\/www.hans-werner-meyer.de\/wp-content\/uploads\/2025\/07\/2024_06_07_Klangrazzia_0360.jpg\" \/><meta itemprop='startDate' content=\"2027-3-20T20:00+0:00\" \/><meta itemprop='endDate' content=\"2027-3-20T23:59+0:00\" \/><meta itemprop='eventStatus' content=\"https:\/\/schema.org\/EventScheduled\" \/><meta itemprop='eventAttendanceMode'   itemscope itemtype=\"https:\/\/schema.org\/OfflineEventAttendanceMode\"\/><script type=\"application\/ld+json\">{\"@context\": \"http:\/\/schema.org\",\"@type\": \"Event\",\n\t\t\t\t\"@id\": \"event_637_0\",\n\t\t\t\t\"eventAttendanceMode\":\"https:\/\/schema.org\/OfflineEventAttendanceMode\",\n\t\t\t\t\"eventStatus\":\"https:\/\/schema.org\/EventScheduled\",\n\t\t\t\t\"name\": \"Klangrazzia\",\n\t\t\t\t\"url\": \"https:\/\/www.hans-werner-meyer.de\/?ajde_events=klangrazzia-19\",\n\t\t\t\t\"startDate\": \"2027-3-20T20:00+0:00\",\n\t\t\t\t\"endDate\": \"2027-3-20T23:59+0:00\",\n\t\t\t\t\"image\":\"https:\/\/www.hans-werner-meyer.de\/wp-content\/uploads\/2025\/07\/2024_06_07_Klangrazzia_0360.jpg\", \n\t\t\t\t\"description\":\"<figure id='attachment_607' aria-describedby='caption-attachment-607' style='width: 300px' class='wp-caption alignnone'><a href='https:\/\/www.hans-werner-meyer.de\/wp-content\/uploads\/2025\/10\/2024_06_07_Klangrazzia_0105-scaled.jpeg'><img class='size-medium wp-image-607' src='https:\/\/www.hans-werner-meyer.de\/wp-content\/uploads\/2025\/10\/2024_06_07_Klangrazzia_0105-300x206.jpeg' alt='' width='300' height='206' \/><\/a><figcaption id='caption-attachment-607' class='wp-caption-text'><a href='http:\/\/klangrazzia.de'>http:\/\/klangrazzia.de<\/a>Hier geht\u00b4s zur Klangrazzia-Homepage<\/figcaption><\/figure> \"}<\/script><\/div>\r\n\t\t\t\t<p class=\"desc_trig_outter\" style=\"\"><a data-gmap_status=\"null\" data-exlk=\"0\" style=\"background-color: #4bb5d8;\" id=\"evc_1805572800637\" href=\"#\" class=\"desc_trig sin_val evcal_list_a\" data-ux_val=\"1\" data-ux_val_mob=\"-\"  ><span class='evoet_in'><span class='evoet_c2 evoet_cx '><span class='evoet_dayblock evcal_cblock ' data-bgcolor='#4bb5d8' data-smon='M\u00e4rz' data-syr='2027' data-bub=''><span class='evo_start  evofxdrc'><em class='date'>20<\/em><em class='month'>mar<\/em><em class='time'>20:00<\/em><\/span><\/span><\/span><span class='evoet_c3 evoet_cx evcal_desc hide_eventtopdata '><span class='evoet_title evcal_desc2 evcal_event_title ' itemprop='name'>Klangrazzia<\/span><span class='evoet_cy evoet_subtitle evo_below_title' ><span class='evcal_event_subtitle ' >St. Ingbert<\/span><\/span><\/span><\/span><span class='evoet_data' style='display:none' data-d=\"{&quot;loc.n&quot;:&quot;&quot;,&quot;orgs&quot;:[],&quot;tags&quot;:[]}\" data-bgc=\"#4bb5d8\" data-bggrad=\"\" ><\/span><\/a><\/p><div class='event_description evcal_eventcard ' style=\"display:none\"><div class='evocard_row'><div id='event_ftimage' class='evocard_box ftimage' data-c='' \n\t\t\t\t\tstyle=''><div class='evocard_main_image_hold' data-t='Loading Image..'><div class='evocard_main_image evo_img_triglb evocd_img_def evobr15 evobgsc evobgpc evodfx evofx_jc_c evofx_ai_c evofz48 def' style='height:400px; background-image:url(https:\/\/www.hans-werner-meyer.de\/wp-content\/uploads\/2025\/07\/2024_06_07_Klangrazzia_0360.jpg);' data-f=\"https:\/\/www.hans-werner-meyer.de\/wp-content\/uploads\/2025\/07\/2024_06_07_Klangrazzia_0360.jpg\" data-h=\"741\" data-w=\"1770\" data-ratio=\"0.41864406779661\" data-event_id=\"637\" data-ri=\"0\"  data-t='Loading Image..'><\/div><\/div><\/div><\/div><!-- row close --><div class='evocard_row'><div id='event_eventdetails' class='evocard_box eventdetails' data-c='' \n\t\t\t\t\tstyle=''><div class=\"evo_metarow_details evorow evcal_evdata_row evcal_event_details\">\n    <div class=\"event_excerpt\" style=\"display:none\"><h3 class=\"padb5 evo_h3\">Event Details<\/h3><p>http:\/\/klangrazzia.deHier geht\u00b4s zur Klangrazzia-Homepage<\/p><\/div><span class='evcal_evdata_icons'><i class='fa fa-align-justify'><\/i><\/span>    <div class=\"evcal_evdata_cell \">\n        <div class=\"eventon_full_description\">\n            <h3 class=\"padb5 evo_h3\"><span class='evcal_evdata_icons'><i class='fa fa-align-justify'><\/i><\/span>Event Details<\/h3>\n            <div class=\"eventon_desc_in\" itemprop=\"description\">\n                <figure id=\"attachment_607\" aria-describedby=\"caption-attachment-607\" style=\"width: 300px\" class=\"wp-caption alignnone\"><a href=\"https:\/\/www.hans-werner-meyer.de\/wp-content\/uploads\/2025\/10\/2024_06_07_Klangrazzia_0105-scaled.jpeg\"><img loading=\"lazy\" decoding=\"async\" class=\"size-medium wp-image-607\" src=\"https:\/\/www.hans-werner-meyer.de\/wp-content\/uploads\/2025\/10\/2024_06_07_Klangrazzia_0105-300x206.jpeg\" alt=\"\" width=\"300\" height=\"206\" srcset=\"https:\/\/www.hans-werner-meyer.de\/wp-content\/uploads\/2025\/10\/2024_06_07_Klangrazzia_0105-300x206.jpeg 300w, https:\/\/www.hans-werner-meyer.de\/wp-content\/uploads\/2025\/10\/2024_06_07_Klangrazzia_0105-1024x702.jpeg 1024w, https:\/\/www.hans-werner-meyer.de\/wp-content\/uploads\/2025\/10\/2024_06_07_Klangrazzia_0105-768x526.jpeg 768w, https:\/\/www.hans-werner-meyer.de\/wp-content\/uploads\/2025\/10\/2024_06_07_Klangrazzia_0105-1536x1053.jpeg 1536w, https:\/\/www.hans-werner-meyer.de\/wp-content\/uploads\/2025\/10\/2024_06_07_Klangrazzia_0105-2048x1404.jpeg 2048w, https:\/\/www.hans-werner-meyer.de\/wp-content\/uploads\/2025\/10\/2024_06_07_Klangrazzia_0105-500x343.jpeg 500w, https:\/\/www.hans-werner-meyer.de\/wp-content\/uploads\/2025\/10\/2024_06_07_Klangrazzia_0105-550x377.jpeg 550w, https:\/\/www.hans-werner-meyer.de\/wp-content\/uploads\/2025\/10\/2024_06_07_Klangrazzia_0105-400x274.jpeg 400w, https:\/\/www.hans-werner-meyer.de\/wp-content\/uploads\/2025\/10\/2024_06_07_Klangrazzia_0105-1920x1316.jpeg 1920w, https:\/\/www.hans-werner-meyer.de\/wp-content\/uploads\/2025\/10\/2024_06_07_Klangrazzia_0105-2000x1371.jpeg 2000w, https:\/\/www.hans-werner-meyer.de\/wp-content\/uploads\/2025\/10\/2024_06_07_Klangrazzia_0105-1200x823.jpeg 1200w\" sizes=\"auto, (max-width: 300px) 100vw, 300px\" \/><\/a><figcaption id=\"caption-attachment-607\" class=\"wp-caption-text\"><a href=\"http:\/\/klangrazzia.de\">http:\/\/klangrazzia.de<\/a>Hier geht\u00b4s zur Klangrazzia-Homepage<\/figcaption><\/figure>\n            <\/div>\n            <div class='clear'><\/div>        <\/div>\n    <\/div>\n<\/div><\/div><\/div><!-- row close --><div class='evocard_row'><div id='event_time' class='evocard_box time' data-c='' \n\t\t\t\t\tstyle=''><div class='evo_metarow_time evorow evcal_evdata_row evcal_evrow_sm '>\n\t\t<span class='evcal_evdata_icons'><i class='fa fa-clock'><\/i><\/span>\n\t\t<div class='evcal_evdata_cell'>\t\t\t\t\t\t\t\n\t\t\t<h3 class='evo_h3'><span class='evcal_evdata_icons'><i class='fa fa-clock'><\/i><\/span>Uhrzeit<\/h3><div><span class='evo_eventcard_time_t evogap5 evofxww'><span class=\"start\">M\u00e4rz 20, 2027<\/span> <span class=\"stime\">20:00<\/span><\/span><span class='evo_tz marr5'>(GMT+00:00)<\/span><\/div>\n\t\t<\/div>\n\t<\/div><\/div><\/div><!-- row close --><div class='evocard_row'><div id='event_addtocal' class='evocard_box addtocal' data-c='' \n\t\t\t\t\tstyle=''><div class='evo_metarow_ICS evorow evcal_evdata_row'>\n\t\t\t<span class='evcal_evdata_icons'><i class='fa fa-calendar-o'><\/i><\/span>\n\t\t\t<div class='evcal_evdata_cell'>\n\t\t\t\t<p><a href='https:\/\/www.hans-werner-meyer.de\/?export-events=single&event_id=637&repeat_interval=0&key=6b2826c17a' rel='nofollow' class='evo_ics_nCal' title='Add to your calendar'>Calendar<\/a><a href='https:\/\/www.google.com\/calendar\/event?action=TEMPLATE&text=Klangrazzia&dates=20270320T200000Z\/20270320T235900Z&ctz=UTC&details=Klangrazzia&location=' target='_blank' rel='nofollow' class='evo_ics_gCal' title='Add to google calendar'>GoogleCal<\/a><\/p>\t\n\t\t\t<\/div>\n\t\t<\/div><\/div><\/div><!-- row close --><button class='evo_card_row_end evcal_close' title='Close'><\/button><\/div><div class='clear end'><\/div><\/div><\/div><div class='evcal_month_line' data-d='eml_4_2027' data-su='1806534000'><p>April 2027<\/p><\/div><div class='sep_month_events ' data-d='eml_4_2027' data-range='1806534000_1809125999'><div id=\"event_638_0\" class=\"eventon_list_event evo_eventtop scheduled  event clrW no_et event_638_0\" data-event_id=\"638\" data-ri=\"0r\" data-time=\"1806696000-1806710340\" data-colr=\"#4bb5d8\" itemscope itemtype='http:\/\/schema.org\/Event'><div class=\"evo_event_schema\" style=\"display:none\" ><a itemprop='url'  href='https:\/\/www.hans-werner-meyer.de\/?ajde_events=klangrazzia-20'><\/a><meta itemprop='image' content=\"https:\/\/www.hans-werner-meyer.de\/wp-content\/uploads\/2025\/07\/2024_06_07_Klangrazzia_0360.jpg\" \/><meta itemprop='startDate' content=\"2027-4-2T20:00+0:00\" \/><meta itemprop='endDate' content=\"2027-4-2T23:59+0:00\" \/><meta itemprop='eventStatus' content=\"https:\/\/schema.org\/EventScheduled\" \/><meta itemprop='eventAttendanceMode'   itemscope itemtype=\"https:\/\/schema.org\/OfflineEventAttendanceMode\"\/><script type=\"application\/ld+json\">{\"@context\": \"http:\/\/schema.org\",\"@type\": \"Event\",\n\t\t\t\t\"@id\": \"event_638_0\",\n\t\t\t\t\"eventAttendanceMode\":\"https:\/\/schema.org\/OfflineEventAttendanceMode\",\n\t\t\t\t\"eventStatus\":\"https:\/\/schema.org\/EventScheduled\",\n\t\t\t\t\"name\": \"Klangrazzia\",\n\t\t\t\t\"url\": \"https:\/\/www.hans-werner-meyer.de\/?ajde_events=klangrazzia-20\",\n\t\t\t\t\"startDate\": \"2027-4-2T20:00+0:00\",\n\t\t\t\t\"endDate\": \"2027-4-2T23:59+0:00\",\n\t\t\t\t\"image\":\"https:\/\/www.hans-werner-meyer.de\/wp-content\/uploads\/2025\/07\/2024_06_07_Klangrazzia_0360.jpg\", \n\t\t\t\t\"description\":\"<figure id='attachment_607' aria-describedby='caption-attachment-607' style='width: 300px' class='wp-caption alignnone'><a href='https:\/\/www.hans-werner-meyer.de\/wp-content\/uploads\/2025\/10\/2024_06_07_Klangrazzia_0105-scaled.jpeg'><img class='size-medium wp-image-607' src='https:\/\/www.hans-werner-meyer.de\/wp-content\/uploads\/2025\/10\/2024_06_07_Klangrazzia_0105-300x206.jpeg' alt='' width='300' height='206' \/><\/a><figcaption id='caption-attachment-607' class='wp-caption-text'><a href='http:\/\/klangrazzia.de'>Hier geht\u00b4s zur Klangrazzia-Homepage<\/a><\/figcaption><\/figure> \"}<\/script><\/div>\r\n\t\t\t\t<p class=\"desc_trig_outter\" style=\"\"><a data-gmap_status=\"null\" data-exlk=\"0\" style=\"background-color: #4bb5d8;\" id=\"evc_1806696000638\" href=\"#\" class=\"desc_trig sin_val evcal_list_a\" data-ux_val=\"1\" data-ux_val_mob=\"-\"  ><span class='evoet_in'><span class='evoet_c2 evoet_cx '><span class='evoet_dayblock evcal_cblock ' data-bgcolor='#4bb5d8' data-smon='April' data-syr='2027' data-bub=''><span class='evo_start  evofxdrc'><em class='date'>02<\/em><em class='month'>apr<\/em><em class='time'>20:00<\/em><\/span><\/span><\/span><span class='evoet_c3 evoet_cx evcal_desc hide_eventtopdata '><span class='evoet_title evcal_desc2 evcal_event_title ' itemprop='name'>Klangrazzia<\/span><span class='evoet_cy evoet_subtitle evo_below_title' ><span class='evcal_event_subtitle ' >Diepholz<\/span><\/span><\/span><\/span><span class='evoet_data' style='display:none' data-d=\"{&quot;loc.n&quot;:&quot;&quot;,&quot;orgs&quot;:[],&quot;tags&quot;:[]}\" data-bgc=\"#4bb5d8\" data-bggrad=\"\" ><\/span><\/a><\/p><div class='event_description evcal_eventcard ' style=\"display:none\"><div class='evocard_row'><div id='event_ftimage' class='evocard_box ftimage' data-c='' \n\t\t\t\t\tstyle=''><div class='evocard_main_image_hold' data-t='Loading Image..'><div class='evocard_main_image evo_img_triglb evocd_img_def evobr15 evobgsc evobgpc evodfx evofx_jc_c evofx_ai_c evofz48 def' style='height:400px; background-image:url(https:\/\/www.hans-werner-meyer.de\/wp-content\/uploads\/2025\/07\/2024_06_07_Klangrazzia_0360.jpg);' data-f=\"https:\/\/www.hans-werner-meyer.de\/wp-content\/uploads\/2025\/07\/2024_06_07_Klangrazzia_0360.jpg\" data-h=\"741\" data-w=\"1770\" data-ratio=\"0.41864406779661\" data-event_id=\"638\" data-ri=\"0\"  data-t='Loading Image..'><\/div><\/div><\/div><\/div><!-- row close --><div class='evocard_row'><div id='event_eventdetails' class='evocard_box eventdetails' data-c='' \n\t\t\t\t\tstyle=''><div class=\"evo_metarow_details evorow evcal_evdata_row evcal_event_details\">\n    <div class=\"event_excerpt\" style=\"display:none\"><h3 class=\"padb5 evo_h3\">Event Details<\/h3><p>Hier geht\u00b4s zur Klangrazzia-Homepage<\/p><\/div><span class='evcal_evdata_icons'><i class='fa fa-align-justify'><\/i><\/span>    <div class=\"evcal_evdata_cell \">\n        <div class=\"eventon_full_description\">\n            <h3 class=\"padb5 evo_h3\"><span class='evcal_evdata_icons'><i class='fa fa-align-justify'><\/i><\/span>Event Details<\/h3>\n            <div class=\"eventon_desc_in\" itemprop=\"description\">\n                <figure id=\"attachment_607\" aria-describedby=\"caption-attachment-607\" style=\"width: 300px\" class=\"wp-caption alignnone\"><a href=\"https:\/\/www.hans-werner-meyer.de\/wp-content\/uploads\/2025\/10\/2024_06_07_Klangrazzia_0105-scaled.jpeg\"><img loading=\"lazy\" decoding=\"async\" class=\"size-medium wp-image-607\" src=\"https:\/\/www.hans-werner-meyer.de\/wp-content\/uploads\/2025\/10\/2024_06_07_Klangrazzia_0105-300x206.jpeg\" alt=\"\" width=\"300\" height=\"206\" srcset=\"https:\/\/www.hans-werner-meyer.de\/wp-content\/uploads\/2025\/10\/2024_06_07_Klangrazzia_0105-300x206.jpeg 300w, https:\/\/www.hans-werner-meyer.de\/wp-content\/uploads\/2025\/10\/2024_06_07_Klangrazzia_0105-1024x702.jpeg 1024w, https:\/\/www.hans-werner-meyer.de\/wp-content\/uploads\/2025\/10\/2024_06_07_Klangrazzia_0105-768x526.jpeg 768w, https:\/\/www.hans-werner-meyer.de\/wp-content\/uploads\/2025\/10\/2024_06_07_Klangrazzia_0105-1536x1053.jpeg 1536w, https:\/\/www.hans-werner-meyer.de\/wp-content\/uploads\/2025\/10\/2024_06_07_Klangrazzia_0105-2048x1404.jpeg 2048w, https:\/\/www.hans-werner-meyer.de\/wp-content\/uploads\/2025\/10\/2024_06_07_Klangrazzia_0105-500x343.jpeg 500w, https:\/\/www.hans-werner-meyer.de\/wp-content\/uploads\/2025\/10\/2024_06_07_Klangrazzia_0105-550x377.jpeg 550w, https:\/\/www.hans-werner-meyer.de\/wp-content\/uploads\/2025\/10\/2024_06_07_Klangrazzia_0105-400x274.jpeg 400w, https:\/\/www.hans-werner-meyer.de\/wp-content\/uploads\/2025\/10\/2024_06_07_Klangrazzia_0105-1920x1316.jpeg 1920w, https:\/\/www.hans-werner-meyer.de\/wp-content\/uploads\/2025\/10\/2024_06_07_Klangrazzia_0105-2000x1371.jpeg 2000w, https:\/\/www.hans-werner-meyer.de\/wp-content\/uploads\/2025\/10\/2024_06_07_Klangrazzia_0105-1200x823.jpeg 1200w\" sizes=\"auto, (max-width: 300px) 100vw, 300px\" \/><\/a><figcaption id=\"caption-attachment-607\" class=\"wp-caption-text\"><a href=\"http:\/\/klangrazzia.de\">Hier geht\u00b4s zur Klangrazzia-Homepage<\/a><\/figcaption><\/figure>\n            <\/div>\n            <div class='clear'><\/div>        <\/div>\n    <\/div>\n<\/div><\/div><\/div><!-- row close --><div class='evocard_row'><div id='event_time' class='evocard_box time' data-c='' \n\t\t\t\t\tstyle=''><div class='evo_metarow_time evorow evcal_evdata_row evcal_evrow_sm '>\n\t\t<span class='evcal_evdata_icons'><i class='fa fa-clock'><\/i><\/span>\n\t\t<div class='evcal_evdata_cell'>\t\t\t\t\t\t\t\n\t\t\t<h3 class='evo_h3'><span class='evcal_evdata_icons'><i class='fa fa-clock'><\/i><\/span>Uhrzeit<\/h3><div><span class='evo_eventcard_time_t evogap5 evofxww'><span class=\"start\">April 2, 2027<\/span> <span class=\"stime\">20:00<\/span><\/span><span class='evo_tz marr5'>(GMT+00:00)<\/span><\/div>\n\t\t<\/div>\n\t<\/div><\/div><\/div><!-- row close --><div class='evocard_row'><div id='event_addtocal' class='evocard_box addtocal' data-c='' \n\t\t\t\t\tstyle=''><div class='evo_metarow_ICS evorow evcal_evdata_row'>\n\t\t\t<span class='evcal_evdata_icons'><i class='fa fa-calendar-o'><\/i><\/span>\n\t\t\t<div class='evcal_evdata_cell'>\n\t\t\t\t<p><a href='https:\/\/www.hans-werner-meyer.de\/?export-events=single&event_id=638&repeat_interval=0&key=6b2826c17a' rel='nofollow' class='evo_ics_nCal' title='Add to your calendar'>Calendar<\/a><a href='https:\/\/www.google.com\/calendar\/event?action=TEMPLATE&text=Klangrazzia&dates=20270402T200000Z\/20270402T235900Z&ctz=UTC&details=Klangrazzia&location=' target='_blank' rel='nofollow' class='evo_ics_gCal' title='Add to google calendar'>GoogleCal<\/a><\/p>\t\n\t\t\t<\/div>\n\t\t<\/div><\/div><\/div><!-- row close --><button class='evo_card_row_end evcal_close' title='Close'><\/button><\/div><div class='clear end'><\/div><\/div><\/div>\t\t\t<\/div>\r\n\t\t\t<\/div><!-- evo_events_list_box -->\t\r\n\t\t\t<div class='clear'><\/div>\r\n\t\t\t\t\t \t<div id='evcal_footer' class='evo_bottom' style='display:none'>\r\n\t\t \t\t<div class='evo_cal_data' data-sc=\"{&quot;accord&quot;:&quot;yes&quot;,&quot;bottom_nav&quot;:&quot;no&quot;,&quot;cal_id&quot;:&quot;&quot;,&quot;cal_init_nonajax&quot;:&quot;no&quot;,&quot;calendar_type&quot;:&quot;list&quot;,&quot;ep_fields&quot;:&quot;&quot;,&quot;etc_override&quot;:&quot;no&quot;,&quot;evc_open&quot;:&quot;no&quot;,&quot;event_count&quot;:0,&quot;event_location&quot;:&quot;all&quot;,&quot;event_order&quot;:&quot;ASC&quot;,&quot;event_organizer&quot;:&quot;all&quot;,&quot;event_parts&quot;:&quot;no&quot;,&quot;event_past_future&quot;:&quot;all&quot;,&quot;event_status&quot;:&quot;all&quot;,&quot;event_tag&quot;:&quot;all&quot;,&quot;event_type&quot;:&quot;all&quot;,&quot;event_type_2&quot;:&quot;all&quot;,&quot;event_virtual&quot;:&quot;all&quot;,&quot;eventtop_date_style&quot;:0,&quot;eventtop_style&quot;:&quot;2&quot;,&quot;exp_jumper&quot;:&quot;no&quot;,&quot;exp_so&quot;:&quot;yes&quot;,&quot;filter_relationship&quot;:&quot;AND&quot;,&quot;filter_show_set_only&quot;:&quot;no&quot;,&quot;filter_style&quot;:&quot;default&quot;,&quot;filter_type&quot;:&quot;default&quot;,&quot;filters&quot;:&quot;yes&quot;,&quot;fixed_month&quot;:&quot;5&quot;,&quot;fixed_year&quot;:&quot;2026&quot;,&quot;focus_end_date_range&quot;:&quot;1840748399&quot;,&quot;focus_start_date_range&quot;:&quot;1777590000&quot;,&quot;ft_event_priority&quot;:&quot;no&quot;,&quot;hide_arrows&quot;:&quot;no&quot;,&quot;hide_cancels&quot;:&quot;no&quot;,&quot;hide_empty_months&quot;:&quot;yes&quot;,&quot;hide_end_time&quot;:&quot;no&quot;,&quot;hide_et_dn&quot;:&quot;no&quot;,&quot;hide_et_extra&quot;:&quot;no&quot;,&quot;hide_et_tags&quot;:&quot;no&quot;,&quot;hide_et_tl&quot;:&quot;no&quot;,&quot;hide_ft&quot;:&quot;no&quot;,&quot;hide_ft_img&quot;:&quot;no&quot;,&quot;hide_month_headers&quot;:&quot;no&quot;,&quot;hide_mult_occur&quot;:&quot;no&quot;,&quot;hide_past&quot;:&quot;no&quot;,&quot;hide_past_by&quot;:&quot;ee&quot;,&quot;hide_so&quot;:&quot;no&quot;,&quot;ics&quot;:&quot;no&quot;,&quot;jumper&quot;:&quot;no&quot;,&quot;jumper_count&quot;:5,&quot;jumper_offset&quot;:&quot;0&quot;,&quot;lang&quot;:&quot;L1&quot;,&quot;layout_changer&quot;:&quot;no&quot;,&quot;livenow_bar&quot;:&quot;yes&quot;,&quot;mapformat&quot;:&quot;roadmap&quot;,&quot;mapiconurl&quot;:&quot;&quot;,&quot;maps_load&quot;:&quot;yes&quot;,&quot;mapscroll&quot;:&quot;true&quot;,&quot;mapzoom&quot;:&quot;18&quot;,&quot;members_only&quot;:&quot;no&quot;,&quot;ml_priority&quot;:&quot;no&quot;,&quot;ml_toend&quot;:&quot;no&quot;,&quot;month_incre&quot;:0,&quot;number_of_months&quot;:&quot;24&quot;,&quot;only_ft&quot;:&quot;no&quot;,&quot;pec&quot;:&quot;&quot;,&quot;s&quot;:&quot;&quot;,&quot;search&quot;:&quot;&quot;,&quot;search_all&quot;:&quot;no&quot;,&quot;sep_month&quot;:&quot;yes&quot;,&quot;show_et_ft_img&quot;:&quot;no&quot;,&quot;show_limit&quot;:&quot;no&quot;,&quot;show_limit_ajax&quot;:&quot;no&quot;,&quot;show_limit_paged&quot;:1,&quot;show_limit_redir&quot;:&quot;&quot;,&quot;show_repeats&quot;:&quot;no&quot;,&quot;show_search&quot;:&quot;no&quot;,&quot;show_upcoming&quot;:&quot;1&quot;,&quot;show_year&quot;:&quot;yes&quot;,&quot;social_share&quot;:&quot;no&quot;,&quot;sort_by&quot;:&quot;sort_date&quot;,&quot;tile_bg&quot;:0,&quot;tile_bg_size&quot;:&quot;full&quot;,&quot;tile_count&quot;:2,&quot;tile_height&quot;:0,&quot;tile_style&quot;:0,&quot;tiles&quot;:&quot;no&quot;,&quot;ux_val&quot;:&quot;0&quot;,&quot;view_switcher&quot;:&quot;no&quot;,&quot;wpml_l1&quot;:&quot;&quot;,&quot;wpml_l2&quot;:&quot;&quot;,&quot;wpml_l3&quot;:&quot;&quot;,&quot;x_ids&quot;:&quot;&quot;,&quot;yl_priority&quot;:&quot;no&quot;,&quot;yl_toend&quot;:&quot;no&quot;,&quot;fixed_day&quot;:&quot;2&quot;,&quot;_cver&quot;:&quot;5.0.8&quot;}\" data-filter_data=\"[]\" data-nav_data=\"{&quot;month_title&quot;:&quot;&lt;p id=&#039;evcal_cur&#039; class=&#039;evo_month_title padr10&#039;&gt; Mai, 2026&lt;\\\/p&gt;&quot;,&quot;arrows&quot;:&quot;&lt;p class=&#039;evo_arrows&#039;&gt;\\r\\n\\t\\t\\t\\t\\t&lt;button id=&#039;evcal_prev&#039; class=&#039;evcal_arrows evcal_btn_prev evodfx evofx_jc_c evofx_ai_c&#039; aria-label=&#039;Previous Month&#039;&gt;&lt;i class=&#039;fa fa-chevron-left&#039; aria-hidden=&#039;true&#039;&gt;&lt;\\\/i&gt;&lt;\\\/button&gt;\\r\\n\\t\\t\\t\\t\\t&lt;button id=&#039;evcal_next&#039; class=&#039;evcal_arrows evo_arrow_next evcal_btn_next evodfx evofx_jc_c evofx_ai_c&#039; aria-label=&#039;Next Month&#039;&gt;&lt;i class=&#039;fa fa-chevron-right&#039; aria-hidden=&#039;true&#039;&gt;&lt;\\\/i&gt;&lt;\\\/button&gt;\\r\\n\\t\\t\\t\\t\\t&lt;\\\/p&gt;&quot;}\" data-od=\"{&quot;lang_no_events&quot;:&quot;No Events&quot;,&quot;cal_tz_offset&quot;:60,&quot;cal_tz&quot;:&quot;Europe\\\/London&quot;}\" ><\/div>\r\n\t\t \t\t<div class='evo_cal_events' data-events=\"\"><\/div>\r\n\t\t \t<\/div>\r\n\t\t\t\t\r\n\t\t\t\r\n\t\t\t\t\t\t<\/div><!-- EventON End -->\r\n\t\t\t[\/vc_column_text][\/vc_column_inner][\/vc_row_inner][\/vc_column][\/vc_row][vc_row equal_height=&#8220;&#8220; font_color=&#8220;light&#8220; background_type=&#8220;image&#8220; background_img=&#8220;112&#8243; background_effect=&#8220;parallax&#8220; background_img_lazyload=&#8220;1&#8243; shift_y=&#8220;0&#8243; z_index=&#8220;0&#8243;][vc_column][vc_column_text]<\/p>\n<h1 style=\"text-align: left;\">&#8222;Mittlerweile passt er ganz gut zu sich selbst. Hat sich angefreundet mit seinen Schw\u00e4chen, aber auch mit seinen Talenten.&#8220;<\/h1>\n<p><cite title=\"Stern\">Stern 23.03.2003 (Ildik\u00f3 von K\u00fcrthy) <\/cite>[\/vc_column_text][vc_button title=&#8220;Weitere Pressestimmen&#8220; color=&#8220;greyblue&#8220; align=&#8220;left&#8220; hover_effect=&#8220;opacity&#8220; font_weight=&#8220;700&#8243; link=&#8220;url:https%3A%2F%2Fdie-agenten.de%2Fprofile%2Fhans-werner-meyer%2F||target:%20_blank|&#8220;][\/vc_column][\/vc_row][vc_row equal_height=&#8220;&#8220; shift_y=&#8220;0&#8243; z_index=&#8220;0&#8243; row_name=&#8220;GALERIE&#8220; css=&#8220;.vc_custom_1593438904805{padding-top: 80px !important;padding-bottom: 30px !important;}&#8220;][vc_column][vc_column_text]<\/p>\n<h1>GALERIE<\/h1>\n<p>[\/vc_column_text][wvc_image_device_slider img_size=&#8220;full&#8220; slideshow_speed=&#8220;6000&#8243; images=&#8220;649,68,660,67,69,70,659,66&#8243; css=&#8220;.vc_custom_1773943856794{margin-bottom: 0px !important;border-bottom-width: 0px !important;padding-bottom: 0px !important;}&#8220; height=&#8220;auto&#8220;][vc_empty_space][\/vc_column][\/vc_row][vc_row equal_height=&#8220;&#8220; font_color=&#8220;light&#8220; background_type=&#8220;image&#8220; background_img=&#8220;112&#8243; background_img_lazyload=&#8220;1&#8243; shift_y=&#8220;0&#8243; z_index=&#8220;0&#8243; row_name=&#8220;HOERPROBEN&#8220;][vc_column][vc_column_text]<\/p>\n<h1>H\u00d6RPROBEN<\/h1>\n<p>[\/vc_column_text][vc_wp_text]<iframe loading=\"lazy\" src=\"https:\/\/w.soundcloud.com\/player\/?url=https%3A\/\/api.soundcloud.com\/tracks\/851652628&amp;color=%23272525&amp;auto_play=false&amp;hide_related=false&amp;show_comments=true&amp;show_user=true&amp;show_reposts=false&amp;show_teaser=true\" width=\"100%\" height=\"166\" frameborder=\"no\" scrolling=\"no\"><\/iframe><\/p>\n<div style=\"font-size: 10px; color: #cccccc; line-break: anywhere; word-break: normal; overflow: hidden; white-space: nowrap; text-overflow: ellipsis; font-family: Interstate,Lucida Grande,Lucida Sans Unicode,Lucida Sans,Garuda,Verdana,Tahoma,sans-serif; font-weight: 100;\"><\/div>\n<p>[\/vc_wp_text][vc_wp_text]<iframe loading=\"lazy\" src=\"https:\/\/w.soundcloud.com\/player\/?url=https%3A\/\/api.soundcloud.com\/tracks\/898151050&amp;color=%230e0e0e&amp;auto_play=false&amp;hide_related=false&amp;show_comments=true&amp;show_user=true&amp;show_reposts=false&amp;show_teaser=true\" width=\"100%\" height=\"166\" frameborder=\"no\" scrolling=\"no\"><\/iframe><\/p>\n<div style=\"font-size: 10px; color: #cccccc; line-break: anywhere; word-break: normal; overflow: hidden; white-space: nowrap; text-overflow: ellipsis; font-family: Interstate,Lucida Grande,Lucida Sans Unicode,Lucida Sans,Garuda,Verdana,Tahoma,sans-serif; font-weight: 100;\"><a style=\"color: #cccccc; text-decoration: none;\" title=\"HWMUploads\" href=\"https:\/\/soundcloud.com\/hwmuploads\" target=\"_blank\" rel=\"noopener noreferrer\">HWMUploads<\/a> \u00b7 <a style=\"color: #cccccc; text-decoration: none;\" title=\"Tief eingeschneit. Der zweite Fall f\u00fcr Gamache\" href=\"https:\/\/soundcloud.com\/hwmuploads\/tief-eingeschneit-der-zweite-fall-fur-gamache\" target=\"_blank\" rel=\"noopener noreferrer\">Tief eingeschneit. Der zweite Fall f\u00fcr Gamache<\/a><\/div>\n<p>[\/vc_wp_text][vc_wp_text]<iframe loading=\"lazy\" src=\"https:\/\/w.soundcloud.com\/player\/?url=https%3A\/\/api.soundcloud.com\/tracks\/851649718&amp;color=%23272525&amp;auto_play=false&amp;hide_related=false&amp;show_comments=true&amp;show_user=true&amp;show_reposts=false&amp;show_teaser=true\" width=\"100%\" height=\"166\" frameborder=\"no\" scrolling=\"no\"><\/iframe><\/p>\n<div style=\"font-size: 10px; color: #cccccc; line-break: anywhere; word-break: normal; overflow: hidden; white-space: nowrap; text-overflow: ellipsis; font-family: Interstate,Lucida Grande,Lucida Sans Unicode,Lucida Sans,Garuda,Verdana,Tahoma,sans-serif; font-weight: 100;\"><\/div>\n<p>[\/vc_wp_text][vc_wp_text]<iframe loading=\"lazy\" src=\"https:\/\/w.soundcloud.com\/player\/?url=https%3A\/\/api.soundcloud.com\/tracks\/851650765&amp;color=%23272525&amp;auto_play=false&amp;hide_related=false&amp;show_comments=true&amp;show_user=true&amp;show_reposts=false&amp;show_teaser=true\" width=\"100%\" height=\"166\" frameborder=\"no\" scrolling=\"no\"><\/iframe><\/p>\n<div style=\"font-size: 10px; color: #cccccc; line-break: anywhere; word-break: normal; overflow: hidden; white-space: nowrap; text-overflow: ellipsis; font-family: Interstate,Lucida Grande,Lucida Sans Unicode,Lucida Sans,Garuda,Verdana,Tahoma,sans-serif; font-weight: 100;\"><\/div>\n<p>[\/vc_wp_text][vc_wp_text]<iframe loading=\"lazy\" src=\"https:\/\/w.soundcloud.com\/player\/?url=https%3A\/\/api.soundcloud.com\/tracks\/898149928&amp;color=%23101010&amp;auto_play=false&amp;hide_related=false&amp;show_comments=true&amp;show_user=true&amp;show_reposts=false&amp;show_teaser=true\" width=\"100%\" height=\"166\" frameborder=\"no\" scrolling=\"no\"><\/iframe><\/p>\n<div style=\"font-size: 10px; color: #cccccc; line-break: anywhere; word-break: normal; overflow: hidden; white-space: nowrap; text-overflow: ellipsis; font-family: Interstate,Lucida Grande,Lucida Sans Unicode,Lucida Sans,Garuda,Verdana,Tahoma,sans-serif; font-weight: 100;\"><\/div>\n<p>[\/vc_wp_text][vc_wp_text]<iframe loading=\"lazy\" src=\"https:\/\/w.soundcloud.com\/player\/?url=https%3A\/\/api.soundcloud.com\/tracks\/992689396&amp;color=%23000000&amp;auto_play=false&amp;hide_related=false&amp;show_comments=true&amp;show_user=true&amp;show_reposts=false&amp;show_teaser=true\" width=\"100%\" height=\"166\" frameborder=\"no\" scrolling=\"no\"><\/iframe><\/p>\n<div style=\"font-size: 10px; color: #cccccc; line-break: anywhere; word-break: normal; overflow: hidden; white-space: nowrap; text-overflow: ellipsis; font-family: Interstate,Lucida Grande,Lucida Sans Unicode,Lucida Sans,Garuda,Verdana,Tahoma,sans-serif; font-weight: 100;\"><a style=\"color: #cccccc; text-decoration: none;\" title=\"HWMUploads\" href=\"https:\/\/soundcloud.com\/hwmuploads\" target=\"_blank\" rel=\"noopener\">HWMUploads<\/a> \u00b7 <a style=\"color: #cccccc; text-decoration: none;\" title=\"Heimliche F\u00e4hrten. Der sechste Fall f\u00fcr Gamache\" href=\"https:\/\/soundcloud.com\/hwmuploads\/heimliche-fahrten-der-sechste-fall-fur-gamache\" target=\"_blank\" rel=\"noopener\">Heimliche F\u00e4hrten. Der sechste Fall f\u00fcr Gamache<\/a><\/div>\n<p>[\/vc_wp_text][vc_wp_text]<iframe loading=\"lazy\" src=\"https:\/\/w.soundcloud.com\/player\/?url=https%3A\/\/api.soundcloud.com\/tracks\/1004828701&amp;color=%23000000&amp;auto_play=false&amp;hide_related=false&amp;show_comments=true&amp;show_user=true&amp;show_reposts=false&amp;show_teaser=true\" width=\"100%\" height=\"166\" frameborder=\"no\" scrolling=\"no\"><\/iframe><\/p>\n<div style=\"font-size: 10px; color: #cccccc; line-break: anywhere; word-break: normal; overflow: hidden; white-space: nowrap; text-overflow: ellipsis; font-family: Interstate,Lucida Grande,Lucida Sans Unicode,Lucida Sans,Garuda,Verdana,Tahoma,sans-serif; font-weight: 100;\"><a style=\"color: #cccccc; text-decoration: none;\" title=\"HWMUploads\" href=\"https:\/\/soundcloud.com\/hwmuploads\" target=\"_blank\" rel=\"noopener\">HWMUploads<\/a> \u00b7 <a style=\"color: #cccccc; text-decoration: none;\" title=\"Bei Sonnenaufgang - Der siebte Fall f\u00fcr Gamache\" href=\"https:\/\/soundcloud.com\/hwmuploads\/bei-sonnenaufgang-der-siebte-fall-fur-gamache\" target=\"_blank\" rel=\"noopener\">Bei Sonnenaufgang &#8211; Der siebte Fall f\u00fcr Gamache<\/a><\/div>\n<p>[\/vc_wp_text][vc_wp_text]<iframe loading=\"lazy\" src=\"https:\/\/w.soundcloud.com\/player\/?url=https%3A\/\/api.soundcloud.com\/tracks\/1161941449&amp;color=%23000000&amp;auto_play=false&amp;hide_related=false&amp;show_comments=true&amp;show_user=true&amp;show_reposts=false&amp;show_teaser=true\" width=\"100%\" height=\"166\" frameborder=\"no\" scrolling=\"no\"><\/iframe><\/p>\n<div style=\"font-size: 10px; color: #cccccc; line-break: anywhere; word-break: normal; overflow: hidden; white-space: nowrap; text-overflow: ellipsis; font-family: Interstate,Lucida Grande,Lucida Sans Unicode,Lucida Sans,Garuda,Verdana,Tahoma,sans-serif; font-weight: 100;\"><a style=\"color: #cccccc; text-decoration: none;\" title=\"HWMUploads\" href=\"https:\/\/soundcloud.com\/hwmuploads\" target=\"_blank\" rel=\"noopener\">HWMUploads<\/a> \u00b7 <a style=\"color: #cccccc; text-decoration: none;\" title=\"Unter dem Ahorn. Der achte Fall f\u00fcr Gamache\" href=\"https:\/\/soundcloud.com\/hwmuploads\/unter-dem-ahorn-der-achte-fall-fur-gamache\" target=\"_blank\" rel=\"noopener\">Unter dem Ahorn. Der achte Fall f\u00fcr Gamache<\/a><\/div>\n<p>[\/vc_wp_text][vc_wp_text]<iframe loading=\"lazy\" src=\"https:\/\/w.soundcloud.com\/player\/?url=https%3A\/\/api.soundcloud.com\/tracks\/1161945364&amp;color=%23000000&amp;auto_play=false&amp;hide_related=false&amp;show_comments=true&amp;show_user=true&amp;show_reposts=false&amp;show_teaser=true\" width=\"100%\" height=\"166\" frameborder=\"no\" scrolling=\"no\"><\/iframe><\/p>\n<div style=\"font-size: 10px; color: #cccccc; line-break: anywhere; word-break: normal; overflow: hidden; white-space: nowrap; text-overflow: ellipsis; font-family: Interstate,Lucida Grande,Lucida Sans Unicode,Lucida Sans,Garuda,Verdana,Tahoma,sans-serif; font-weight: 100;\"><a style=\"color: #cccccc; text-decoration: none;\" title=\"HWMUploads\" href=\"https:\/\/soundcloud.com\/hwmuploads\" target=\"_blank\" rel=\"noopener\">HWMUploads<\/a> \u00b7 <a style=\"color: #cccccc; text-decoration: none;\" title=\"Der vermisste Weihnachtsgast. Der neunte Fall f\u00fcr Gamache\" href=\"https:\/\/soundcloud.com\/hwmuploads\/der-vermisste-weihnachtsgast-der-neunte-fall-fur-gamache\" target=\"_blank\" rel=\"noopener\">Der vermisste Weihnachtsgast. Der neunte Fall f\u00fcr Gamache<\/a><\/div>\n<p>[\/vc_wp_text][vc_wp_text]<iframe loading=\"lazy\" src=\"https:\/\/w.soundcloud.com\/player\/?url=https%3A\/\/api.soundcloud.com\/tracks\/1161945901&amp;color=%23000000&amp;auto_play=false&amp;hide_related=false&amp;show_comments=true&amp;show_user=true&amp;show_reposts=false&amp;show_teaser=true\" width=\"100%\" height=\"166\" frameborder=\"no\" scrolling=\"no\"><\/iframe><\/p>\n<div style=\"font-size: 10px; color: #cccccc; line-break: anywhere; word-break: normal; overflow: hidden; white-space: nowrap; text-overflow: ellipsis; font-family: Interstate,Lucida Grande,Lucida Sans Unicode,Lucida Sans,Garuda,Verdana,Tahoma,sans-serif; font-weight: 100;\"><a style=\"color: #cccccc; text-decoration: none;\" title=\"HWMUploads\" href=\"https:\/\/soundcloud.com\/hwmuploads\" target=\"_blank\" rel=\"noopener\">HWMUploads<\/a> \u00b7 <a style=\"color: #cccccc; text-decoration: none;\" title=\"Wo die Spuren aufh\u00f6ren. Der zehnte Fall f\u00fcr Gamache\" href=\"https:\/\/soundcloud.com\/hwmuploads\/wo-die-spuren-aufhoren-der-zehnte-fall-fur-gamache\" target=\"_blank\" rel=\"noopener\">Wo die Spuren aufh\u00f6ren. Der zehnte Fall f\u00fcr Gamache<\/a><\/div>\n<p>[\/vc_wp_text][vc_wp_text]<iframe loading=\"lazy\" src=\"https:\/\/w.soundcloud.com\/player\/?url=https%3A\/\/api.soundcloud.com\/tracks\/1214453014&amp;color=%23000000&amp;auto_play=false&amp;hide_related=false&amp;show_comments=true&amp;show_user=true&amp;show_reposts=false&amp;show_teaser=true\" width=\"100%\" height=\"166\" frameborder=\"no\" scrolling=\"no\"><\/iframe><\/p>\n<div style=\"font-size: 10px; color: #cccccc; line-break: anywhere; word-break: normal; overflow: hidden; white-space: nowrap; text-overflow: ellipsis; font-family: Interstate,Lucida Grande,Lucida Sans Unicode,Lucida Sans,Garuda,Verdana,Tahoma,sans-serif; font-weight: 100;\"><a style=\"color: #cccccc; text-decoration: none;\" title=\"HWMUploads\" href=\"https:\/\/soundcloud.com\/hwmuploads\" target=\"_blank\" rel=\"noopener\">HWMUploads<\/a> \u00b7 <a style=\"color: #cccccc; text-decoration: none;\" title=\"Totes Laub. Der elfte Fall f\u00fcr Gamache\" href=\"https:\/\/soundcloud.com\/hwmuploads\/totes-laub-der-elfte-fall-fur-gamache\" target=\"_blank\" rel=\"noopener\">Totes Laub. Der elfte Fall f\u00fcr Gamache<\/a><\/div>\n<p>[\/vc_wp_text][vc_wp_text]<iframe loading=\"lazy\" src=\"https:\/\/w.soundcloud.com\/player\/?url=https%3A\/\/api.soundcloud.com\/tracks\/1343635687&amp;color=%23000000&amp;auto_play=false&amp;hide_related=false&amp;show_comments=true&amp;show_user=true&amp;show_reposts=false&amp;show_teaser=true\" width=\"100%\" height=\"166\" frameborder=\"no\" scrolling=\"no\"><\/iframe><\/p>\n<div style=\"font-size: 10px; color: #cccccc; line-break: anywhere; word-break: normal; overflow: hidden; white-space: nowrap; text-overflow: ellipsis; font-family: Interstate,Lucida Grande,Lucida Sans Unicode,Lucida Sans,Garuda,Verdana,Tahoma,sans-serif; font-weight: 100;\"><a style=\"color: #cccccc; text-decoration: none;\" title=\"HWMUploads\" href=\"https:\/\/soundcloud.com\/hwmuploads\" target=\"_blank\" rel=\"noopener\">HWMUploads<\/a> \u00b7 <a style=\"color: #cccccc; text-decoration: none;\" title=\"Auf keiner Landkarte. Der zw\u00f6lfte Fall Gamache\" href=\"https:\/\/soundcloud.com\/hwmuploads\/auf-keiner-landkarte-der-zwolfte-fall-gamache\" target=\"_blank\" rel=\"noopener\">Auf keiner Landkarte. Der zw\u00f6lfte Fall Gamache<\/a><\/div>\n<p>[\/vc_wp_text][vc_wp_text]<iframe loading=\"lazy\" src=\"https:\/\/w.soundcloud.com\/player\/?url=https%3A\/\/api.soundcloud.com\/tracks\/1388953435&amp;color=%23000000&amp;auto_play=false&amp;hide_related=false&amp;show_comments=true&amp;show_user=true&amp;show_reposts=false&amp;show_teaser=true\" width=\"100%\" height=\"166\" frameborder=\"no\" scrolling=\"no\"><\/iframe><\/p>\n<div style=\"font-size: 10px; color: #cccccc; line-break: anywhere; word-break: normal; overflow: hidden; white-space: nowrap; text-overflow: ellipsis; font-family: Interstate,Lucida Grande,Lucida Sans Unicode,Lucida Sans,Garuda,Verdana,Tahoma,sans-serif; font-weight: 100;\"><a style=\"color: #cccccc; text-decoration: none;\" title=\"HWMUploads\" href=\"https:\/\/soundcloud.com\/hwmuploads\" target=\"_blank\" rel=\"noopener\">HWMUploads<\/a> \u00b7 <a style=\"color: #cccccc; text-decoration: none;\" title=\"Hinter den drei Kiefern. Der dreizehnte Fall Gamache\" href=\"https:\/\/soundcloud.com\/hwmuploads\/9783742425690a\" target=\"_blank\" rel=\"noopener\">Hinter den drei Kiefern. Der dreizehnte Fall Gamache<\/a><\/div>\n<p>[\/vc_wp_text][vc_wp_text]<iframe loading=\"lazy\" src=\"https:\/\/w.soundcloud.com\/player\/?url=https%3A\/\/api.soundcloud.com\/tracks\/1635623358&amp;color=%23010101&amp;auto_play=false&amp;hide_related=false&amp;show_comments=true&amp;show_user=true&amp;show_reposts=false&amp;show_teaser=true\" width=\"100%\" height=\"166\" frameborder=\"no\" scrolling=\"no\"><\/iframe><\/p>\n<div style=\"font-size: 10px; color: #cccccc; line-break: anywhere; word-break: normal; overflow: hidden; white-space: nowrap; text-overflow: ellipsis; font-family: Interstate,Lucida Grande,Lucida Sans Unicode,Lucida Sans,Garuda,Verdana,Tahoma,sans-serif; font-weight: 100;\"><a style=\"color: #cccccc; text-decoration: none;\" title=\"HWMUploads\" href=\"https:\/\/soundcloud.com\/hwmuploads\" target=\"_blank\" rel=\"noopener\">HWMUploads<\/a> \u00b7 <a style=\"color: #cccccc; text-decoration: none;\" title=\"Auf einem einsamen Weg. Der 14. Fall f\u00fcr Gamache\" href=\"https:\/\/soundcloud.com\/hwmuploads\/auf-einem-einsamen-weg-der-14-fall-fur-gamache\" target=\"_blank\" rel=\"noopener\">Auf einem einsamen Weg. Der 14. Fall f\u00fcr Gamache<\/a><\/div>\n<p>[\/vc_wp_text][vc_wp_text]<iframe loading=\"lazy\" src=\"https:\/\/w.soundcloud.com\/player\/?url=https%3A\/\/api.soundcloud.com\/tracks\/1635627168&amp;color=%23010101&amp;auto_play=false&amp;hide_related=false&amp;show_comments=true&amp;show_user=true&amp;show_reposts=false&amp;show_teaser=true\" width=\"100%\" height=\"166\" frameborder=\"no\" scrolling=\"no\"><\/iframe><\/p>\n<div style=\"font-size: 10px; color: #cccccc; line-break: anywhere; word-break: normal; overflow: hidden; white-space: nowrap; text-overflow: ellipsis; font-family: Interstate,Lucida Grande,Lucida Sans Unicode,Lucida Sans,Garuda,Verdana,Tahoma,sans-serif; font-weight: 100;\"><a style=\"color: #cccccc; text-decoration: none;\" title=\"HWMUploads\" href=\"https:\/\/soundcloud.com\/hwmuploads\" target=\"_blank\" rel=\"noopener\">HWMUploads<\/a> \u00b7 <a style=\"color: #cccccc; text-decoration: none;\" title=\"Wildes Wasser. Der 15. Fall f\u00fcr Gamache\" href=\"https:\/\/soundcloud.com\/hwmuploads\/wildes-wasser-der-15-fall-fur-gamache\" target=\"_blank\" rel=\"noopener\">Wildes Wasser. Der 15. Fall f\u00fcr Gamache<\/a><\/div>\n<p>[\/vc_wp_text][vc_wp_text]<iframe loading=\"lazy\" src=\"https:\/\/w.soundcloud.com\/player\/?url=https%3A\/\/api.soundcloud.com\/tracks\/1635628320&amp;color=%23010101&amp;auto_play=false&amp;hide_related=false&amp;show_comments=true&amp;show_user=true&amp;show_reposts=false&amp;show_teaser=true\" width=\"100%\" height=\"166\" frameborder=\"no\" scrolling=\"no\"><\/iframe><\/p>\n<div style=\"font-size: 10px; color: #cccccc; line-break: anywhere; word-break: normal; overflow: hidden; white-space: nowrap; text-overflow: ellipsis; font-family: Interstate,Lucida Grande,Lucida Sans Unicode,Lucida Sans,Garuda,Verdana,Tahoma,sans-serif; font-weight: 100;\"><a style=\"color: #cccccc; text-decoration: none;\" title=\"HWMUploads\" href=\"https:\/\/soundcloud.com\/hwmuploads\" target=\"_blank\" rel=\"noopener\">HWMUploads<\/a> \u00b7 <a style=\"color: #cccccc; text-decoration: none;\" title=\"Die Reise nach Paris. Der 16. Fall f\u00fcr Gamache\" href=\"https:\/\/soundcloud.com\/hwmuploads\/die-reise-nach-paris-der-16-fall-fur-gamache\" target=\"_blank\" rel=\"noopener\">Die Reise nach Paris. Der 16. Fall f\u00fcr Gamache<\/a><\/div>\n<p>[\/vc_wp_text][vc_wp_text]<iframe loading=\"lazy\" src=\"https:\/\/w.soundcloud.com\/player\/?url=https%3A\/\/api.soundcloud.com\/tracks\/1635629223&amp;color=%23010101&amp;auto_play=false&amp;hide_related=false&amp;show_comments=true&amp;show_user=true&amp;show_reposts=false&amp;show_teaser=true\" width=\"100%\" height=\"166\" frameborder=\"no\" scrolling=\"no\"><\/iframe><\/p>\n<div style=\"font-size: 10px; color: #cccccc; line-break: anywhere; word-break: normal; overflow: hidden; white-space: nowrap; text-overflow: ellipsis; font-family: Interstate,Lucida Grande,Lucida Sans Unicode,Lucida Sans,Garuda,Verdana,Tahoma,sans-serif; font-weight: 100;\"><a style=\"color: #cccccc; text-decoration: none;\" title=\"HWMUploads\" href=\"https:\/\/soundcloud.com\/hwmuploads\" target=\"_blank\" rel=\"noopener\">HWMUploads<\/a> \u00b7 <a style=\"color: #cccccc; text-decoration: none;\" title=\"Unruhe im Dorf. Der 17. Fall f\u00fcr Gamache\" href=\"https:\/\/soundcloud.com\/hwmuploads\/001_penny_unruhe_im_dorf_cd01\" target=\"_blank\" rel=\"noopener\">Unruhe im Dorf. Der 17. Fall f\u00fcr Gamache<\/a><\/div>\n<p>[\/vc_wp_text][vc_wp_text]<iframe loading=\"lazy\" src=\"https:\/\/w.soundcloud.com\/player\/?url=https%3A\/\/api.soundcloud.com\/tracks\/530832720&amp;color=%23272525&amp;auto_play=false&amp;hide_related=false&amp;show_comments=true&amp;show_user=true&amp;show_reposts=false&amp;show_teaser=true\" width=\"100%\" height=\"166\" frameborder=\"no\" scrolling=\"no\"><\/iframe><\/p>\n<div style=\"font-size: 10px; color: #cccccc; line-break: anywhere; word-break: normal; overflow: hidden; white-space: nowrap; text-overflow: ellipsis; font-family: Interstate,Lucida Grande,Lucida Sans Unicode,Lucida Sans,Garuda,Verdana,Tahoma,sans-serif; font-weight: 100;\"><\/div>\n<p>[\/vc_wp_text][vc_wp_text]<iframe loading=\"lazy\" src=\"https:\/\/w.soundcloud.com\/player\/?url=https%3A\/\/api.soundcloud.com\/tracks\/356777996&amp;color=%23272525&amp;auto_play=false&amp;hide_related=false&amp;show_comments=true&amp;show_user=true&amp;show_reposts=false&amp;show_teaser=true\" width=\"100%\" height=\"166\" frameborder=\"no\" scrolling=\"no\"><\/iframe><\/p>\n<div style=\"font-size: 10px; color: #cccccc; line-break: anywhere; word-break: normal; overflow: hidden; white-space: nowrap; text-overflow: ellipsis; font-family: Interstate,Lucida Grande,Lucida Sans Unicode,Lucida Sans,Garuda,Verdana,Tahoma,sans-serif; font-weight: 100;\"><\/div>\n<p>[\/vc_wp_text][vc_wp_text]<iframe loading=\"lazy\" src=\"https:\/\/w.soundcloud.com\/player\/?url=https%3A\/\/api.soundcloud.com\/tracks\/280946874&amp;color=%23272525&amp;auto_play=false&amp;hide_related=false&amp;show_comments=true&amp;show_user=true&amp;show_reposts=false&amp;show_teaser=true\" width=\"100%\" height=\"166\" frameborder=\"no\" scrolling=\"no\"><\/iframe><\/p>\n<div style=\"font-size: 10px; color: #cccccc; line-break: anywhere; word-break: normal; overflow: hidden; white-space: nowrap; text-overflow: ellipsis; font-family: Interstate,Lucida Grande,Lucida Sans Unicode,Lucida Sans,Garuda,Verdana,Tahoma,sans-serif; font-weight: 100;\"><\/div>\n<p>[\/vc_wp_text][vc_wp_text]<iframe loading=\"lazy\" src=\"https:\/\/w.soundcloud.com\/player\/?url=https%3A\/\/api.soundcloud.com\/tracks\/199105320&amp;color=%23272525&amp;auto_play=false&amp;hide_related=false&amp;show_comments=true&amp;show_user=true&amp;show_reposts=false&amp;show_teaser=true\" width=\"100%\" height=\"166\" frameborder=\"no\" scrolling=\"no\"><\/iframe><\/p>\n<div style=\"font-size: 10px; color: #cccccc; line-break: anywhere; word-break: normal; overflow: hidden; white-space: nowrap; text-overflow: ellipsis; font-family: Interstate,Lucida Grande,Lucida Sans Unicode,Lucida Sans,Garuda,Verdana,Tahoma,sans-serif; font-weight: 100;\"><\/div>\n<p>[\/vc_wp_text][vc_wp_text]<iframe loading=\"lazy\" src=\"https:\/\/w.soundcloud.com\/player\/?url=https%3A\/\/api.soundcloud.com\/tracks\/197133435&amp;color=%23272525&amp;auto_play=false&amp;hide_related=false&amp;show_comments=true&amp;show_user=true&amp;show_reposts=false&amp;show_teaser=true\" width=\"100%\" height=\"166\" frameborder=\"no\" scrolling=\"no\"><\/iframe><\/p>\n<div style=\"font-size: 10px; color: #cccccc; line-break: anywhere; word-break: normal; overflow: hidden; white-space: nowrap; text-overflow: ellipsis; font-family: Interstate,Lucida Grande,Lucida Sans Unicode,Lucida Sans,Garuda,Verdana,Tahoma,sans-serif; font-weight: 100;\"><\/div>\n<p>[\/vc_wp_text][vc_wp_text]<iframe loading=\"lazy\" src=\"https:\/\/w.soundcloud.com\/player\/?url=https%3A\/\/api.soundcloud.com\/tracks\/197181899&amp;color=%23272525&amp;auto_play=false&amp;hide_related=false&amp;show_comments=true&amp;show_user=true&amp;show_reposts=false&amp;show_teaser=true\" width=\"100%\" height=\"166\" frameborder=\"no\" scrolling=\"no\"><\/iframe><\/p>\n<div style=\"font-size: 10px; color: #cccccc; line-break: anywhere; word-break: normal; overflow: hidden; white-space: nowrap; text-overflow: ellipsis; font-family: Interstate,Lucida Grande,Lucida Sans Unicode,Lucida Sans,Garuda,Verdana,Tahoma,sans-serif; font-weight: 100;\"><\/div>\n<p>[\/vc_wp_text][\/vc_column][\/vc_row][vc_row equal_height=&#8220;&#8220; shift_y=&#8220;0&#8243; z_index=&#8220;0&#8243; row_name=&#8220;Showreel&#8220;][vc_column width=&#8220;1\/2&#8243;][vc_empty_space height=&#8220;50px&#8220;][vc_column_text css=&#8220;.vc_custom_1593603537484{padding-bottom: 0px !important;}&#8220;]<\/p>\n<h1>SHOWREEL<\/h1>\n<p>[\/vc_column_text][vc_column_text css=&#8220;.vc_custom_1593603480884{padding-top: 0px !important;}&#8220;]<\/p>\n<p style=\"text-align: left;\">Hier geht es zum Showreel. Viel Spa\u00df dabei!<\/p>\n<p>[\/vc_column_text][vc_button title=&#8220;SHOWREEL \u00d6FFNEN&#8220; color=&#8220;darkgrey&#8220; align=&#8220;left&#8220; font_weight=&#8220;700&#8243; link=&#8220;url:https%3A%2F%2Fdie-agenten.de%2Fprofile%2Fhans-werner-meyer%2F||target:%20_blank|&#8220;][vc_empty_space height=&#8220;50px&#8220;][vc_column_text css=&#8220;.vc_custom_1593603563464{padding-bottom: 0px !important;}&#8220;]<\/p>\n<h1>DIE AGENTEN<\/h1>\n<p>[\/vc_column_text][vc_column_text css=&#8220;.vc_custom_1593603490918{padding-top: 0px !important;}&#8220;]<\/p>\n<p style=\"text-align: left;\">Kontakt zur Agentur \/ Autogrammw\u00fcnsche<\/p>\n<p>[\/vc_column_text][vc_button title=&#8220;KONTAKT AGENTUR&#8220; color=&#8220;darkgrey&#8220; align=&#8220;left&#8220; font_weight=&#8220;700&#8243; link=&#8220;url:https%3A%2F%2Fdie-agenten.de%2Fcontact%2F||target:%20_blank|&#8220;][\/vc_column][vc_column width=&#8220;1\/2&#8243;][vc_single_image image=&#8220;650&#8243; img_size=&#8220;large&#8220; full_width=&#8220;&#8220; opacity=&#8220;100&#8243;][\/vc_column][\/vc_row][vc_row full_height=&#8220;yes&#8220; equal_height=&#8220;&#8220; font_color=&#8220;light&#8220; background_type=&#8220;image&#8220; background_img=&#8220;607&#8243; background_img_lazyload=&#8220;1&#8243; shift_y=&#8220;0&#8243; z_index=&#8220;0&#8243; row_name=&#8220;MUSIK&#8220;][vc_column][vc_column_text]<\/p>\n<h1>DIE KLANGRAZZIA<\/h1>\n<p>[\/vc_column_text][vc_column_text]<\/p>\n<p style=\"text-align: left;\">Mit seiner A-Capella Gruppe \u201eMeier und die Geier\u201c und seinem Bruder, dem Kabarettisten Chin Meyer tourt Hans-Werner Meyer mit dem Programm \u201eDie Klangrazzia\u201c.<\/p>\n<p>[\/vc_column_text][vc_button title=&#8220;ZUR HOMEPAGE&#8220; color=&#8220;lightergrey&#8220; align=&#8220;left&#8220; font_weight=&#8220;700&#8243; link=&#8220;url:http%3A%2F%2Fwww.meier-geier.de%2F||target:%20_blank|&#8220;][\/vc_column][\/vc_row]<\/p>\n<\/div>","protected":false},"excerpt":{"rendered":"<p>[vc_row equal_height=&#8220;&#8220; shift_y=&#8220;0&#8243; z_index=&#8220;0&#8243; css=&#8220;.vc_custom_1593366582066{margin-top: 0px !important;padding-top: 0px !important;}&#8220;][vc_column shift_x=&#8220;0&#8243; shift_y=&#8220;0&#8243; z_index=&#8220;0&#8243;][\/vc_column][\/vc_row][vc_row equal_height=&#8220;&#8220; shift_y=&#8220;0&#8243; z_index=&#8220;0&#8243; row_name=&#8220;News&#8220; css=&#8220;.vc_custom_1593439092212{padding-top: 0px !important;padding-bottom: 30px !important;}&#8220;][vc_column][vc_column_text] NEWS [\/vc_column_text][wvc_post_index el_id=&#8220;index-93363&#8243; post_display=&#8220;grid_classic&#8220; post_module=&#8220;carousel&#8220; post_display_elements=&#8220;show_thumbnail,show_text,show_category&#8220; pagination=&#8220;load_more&#8220; item_animation=&#8220;fade-up&#8220; orderby=&#8220;&#8220; order=&#8220;&#8220;][\/vc_column][\/vc_row][vc_row equal_height=&#8220;&#8220; font_color=&#8220;light&#8220; background_type=&#8220;image&#8220; background_img=&#8220;647&#8243; background_img_lazyload=&#8220;1&#8243; shift_y=&#8220;0&#8243; z_index=&#8220;0&#8243; row_name=&#8220;BIOGRAPHIE&#8220;][vc_column][vc_column_text] BIOGRAPHIE Hans-Werner Meyer Schauspieler Der geb\u00fcrtige Hamburger beginnt seine Schauspielkarriere am Residenztheter in M\u00fcnchen und wechselt&#8230;<\/p>\n<p><a rel=\"bookmark\" class=\"kayo-button-simple wvc-button wvc-button-size-xs\" href=\"https:\/\/www.hans-werner-meyer.de\/?ajde_events=macbeth-8\"><span>Continue reading<\/span><\/a><\/p>\n","protected":false},"author":1,"featured_media":0,"parent":0,"menu_order":0,"comment_status":"closed","ping_status":"open","template":"","meta":{"footnotes":""},"class_list":{"0":"post-2","1":"page","2":"type-page","3":"status-publish","4":"hentry","5":"entry","6":"clearfix","7":"entry-grid","8":"entry-columns-default","9":"entry-ajde_events-module-layout-standard","10":"thumbnail-color-tone-dark","11":"entry-ajde_events","13":"entry-ajde_events-grid"},"_links":{"self":[{"href":"https:\/\/www.hans-werner-meyer.de\/index.php?rest_route=\/wp\/v2\/pages\/2","targetHints":{"allow":["GET"]}}],"collection":[{"href":"https:\/\/www.hans-werner-meyer.de\/index.php?rest_route=\/wp\/v2\/pages"}],"about":[{"href":"https:\/\/www.hans-werner-meyer.de\/index.php?rest_route=\/wp\/v2\/types\/page"}],"author":[{"embeddable":true,"href":"https:\/\/www.hans-werner-meyer.de\/index.php?rest_route=\/wp\/v2\/users\/1"}],"replies":[{"embeddable":true,"href":"https:\/\/www.hans-werner-meyer.de\/index.php?rest_route=%2Fwp%2Fv2%2Fcomments&post=2"}],"version-history":[{"count":128,"href":"https:\/\/www.hans-werner-meyer.de\/index.php?rest_route=\/wp\/v2\/pages\/2\/revisions"}],"predecessor-version":[{"id":665,"href":"https:\/\/www.hans-werner-meyer.de\/index.php?rest_route=\/wp\/v2\/pages\/2\/revisions\/665"}],"wp:attachment":[{"href":"https:\/\/www.hans-werner-meyer.de\/index.php?rest_route=%2Fwp%2Fv2%2Fmedia&parent=2"}],"curies":[{"name":"wp","href":"https:\/\/api.w.org\/{rel}","templated":true}]}}